{"id":34891,"date":"2021-02-16T14:32:33","date_gmt":"2021-02-16T13:32:33","guid":{"rendered":"https:\/\/www.rafraichisseur-air.fr\/aluguer-de-aparelhos-de-ar-condicionado-profissionais-flexibilidade-segundo-a-foxair\/"},"modified":"2024-07-08T15:50:13","modified_gmt":"2024-07-08T14:50:13","slug":"aluguer-de-aparelhos-de-ar-condicionado-profissionais-flexibilidade-segundo-a-foxair","status":"publish","type":"page","link":"https:\/\/www.rafraichisseur-air.fr\/pt-pt\/aluguer-de-aparelhos-de-ar-condicionado-profissionais-flexibilidade-segundo-a-foxair\/","title":{"rendered":"Aluguer de aparelhos de ar condicionado profissionais: Flexibilidade segundo a FoxAir"},"content":{"rendered":"\t\t<div data-elementor-type=\"wp-page\" data-elementor-id=\"34891\" class=\"elementor elementor-34891 elementor-14992\">\n\t\t\t\t\t\t<section class=\"elementor-section elementor-top-section elementor-element elementor-element-5a61311 elementor-section-full_width elementor-section-height-default elementor-section-height-default parallax_section_no qodef_elementor_container_no\" data-id=\"5a61311\" data-element_type=\"section\" data-settings=\"{&quot;background_background&quot;:&quot;classic&quot;,&quot;shape_divider_bottom&quot;:&quot;opacity-tilt&quot;}\">\n\t\t\t\t\t\t\t<div class=\"elementor-background-overlay\"><\/div>\n\t\t\t\t\t\t<div class=\"elementor-shape elementor-shape-bottom\" data-negative=\"false\">\n\t\t\t<svg xmlns=\"http:\/\/www.w3.org\/2000\/svg\" viewBox=\"0 0 2600 131.1\" preserveAspectRatio=\"none\">\n\t<path class=\"elementor-shape-fill\" d=\"M0 0L2600 0 2600 69.1 0 0z\"\/>\n\t<path class=\"elementor-shape-fill\" style=\"opacity:0.5\" d=\"M0 0L2600 0 2600 69.1 0 69.1z\"\/>\n\t<path class=\"elementor-shape-fill\" style=\"opacity:0.25\" d=\"M2600 0L0 0 0 130.1 2600 69.1z\"\/>\n<\/svg>\t\t<\/div>\n\t\t\t\t\t<div class=\"elementor-container elementor-column-gap-default\">\n\t\t\t\t\t<div class=\"elementor-column elementor-col-100 elementor-top-column elementor-element elementor-element-1941b4e\" data-id=\"1941b4e\" data-element_type=\"column\">\n\t\t\t<div class=\"elementor-widget-wrap elementor-element-populated\">\n\t\t\t\t\t\t<section class=\"elementor-section elementor-inner-section elementor-element elementor-element-2d52b736 qodef_elementor_container_inner elementor-section-boxed elementor-section-height-default elementor-section-height-default parallax_section_no\" data-id=\"2d52b736\" data-element_type=\"section\">\n\t\t\t\t\t\t<div class=\"elementor-container elementor-column-gap-default\">\n\t\t\t\t\t<div class=\"elementor-column elementor-col-100 elementor-inner-column elementor-element elementor-element-fc891b\" data-id=\"fc891b\" data-element_type=\"column\">\n\t\t\t<div class=\"elementor-widget-wrap elementor-element-populated\">\n\t\t\t\t\t\t<div class=\"elementor-element elementor-element-b5760e9 elementor-invisible elementor-widget elementor-widget-heading\" data-id=\"b5760e9\" data-element_type=\"widget\" data-settings=\"{&quot;_animation&quot;:&quot;slideInLeft&quot;}\" data-widget_type=\"heading.default\">\n\t\t\t\t<div class=\"elementor-widget-container\">\n\t\t\t<h1 class=\"elementor-heading-title elementor-size-default\">Aluguer de aparelhos de ar condicionado profissionais :\n<br>Flexibilidade de acordo com a FoxAir<\/h1>\t\t<\/div>\n\t\t\t\t<\/div>\n\t\t\t\t<div class=\"elementor-element elementor-element-b26bbd elementor-widget elementor-widget-spacer\" data-id=\"b26bbd\" data-element_type=\"widget\" data-widget_type=\"spacer.default\">\n\t\t\t\t<div class=\"elementor-widget-container\">\n\t\t\t\t\t<div class=\"elementor-spacer\">\n\t\t\t<div class=\"elementor-spacer-inner\"><\/div>\n\t\t<\/div>\n\t\t\t\t<\/div>\n\t\t\t\t<\/div>\n\t\t\t\t\t<\/div>\n\t\t<\/div>\n\t\t\t\t\t<\/div>\n\t\t<\/section>\n\t\t\t\t\t<\/div>\n\t\t<\/div>\n\t\t\t\t\t<\/div>\n\t\t<\/section>\n\t\t\t\t<section class=\"elementor-section elementor-top-section elementor-element elementor-element-392a7b4b elementor-section-full_width elementor-section-height-default elementor-section-height-default parallax_section_no qodef_elementor_container_no\" data-id=\"392a7b4b\" data-element_type=\"section\" data-settings=\"{&quot;background_background&quot;:&quot;classic&quot;,&quot;shape_divider_top&quot;:&quot;tilt&quot;}\">\n\t\t\t\t\t<div class=\"elementor-shape elementor-shape-top\" data-negative=\"false\">\n\t\t\t<svg xmlns=\"http:\/\/www.w3.org\/2000\/svg\" viewBox=\"0 0 1000 100\" preserveAspectRatio=\"none\">\n\t<path class=\"elementor-shape-fill\" d=\"M0,6V0h1000v100L0,6z\"\/>\n<\/svg>\t\t<\/div>\n\t\t\t\t\t<div class=\"elementor-container elementor-column-gap-default\">\n\t\t\t\t\t<div class=\"elementor-column elementor-col-100 elementor-top-column elementor-element elementor-element-38887cab\" data-id=\"38887cab\" data-element_type=\"column\">\n\t\t\t<div class=\"elementor-widget-wrap elementor-element-populated\">\n\t\t\t\t\t\t<section class=\"elementor-section elementor-inner-section elementor-element elementor-element-32f13e64 qodef_elementor_container_inner elementor-section-boxed elementor-section-height-default elementor-section-height-default parallax_section_no\" data-id=\"32f13e64\" data-element_type=\"section\">\n\t\t\t\t\t\t<div class=\"elementor-container elementor-column-gap-default\">\n\t\t\t\t\t<div class=\"elementor-column elementor-col-100 elementor-inner-column elementor-element elementor-element-6428642f\" data-id=\"6428642f\" data-element_type=\"column\" data-settings=\"{&quot;animation&quot;:&quot;none&quot;}\">\n\t\t\t<div class=\"elementor-widget-wrap elementor-element-populated\">\n\t\t\t\t\t\t<div class=\"elementor-element elementor-element-fffe9b6 elementor-widget elementor-widget-text-editor\" data-id=\"fffe9b6\" data-element_type=\"widget\" data-widget_type=\"text-editor.default\">\n\t\t\t\t<div class=\"elementor-widget-container\">\n\t\t\t\t\t\t\t<p>A FoxAir fornece aos profissionais refrigeradores de ar adiab\u00e1ticos industriais. O <strong>aluguer profissional de aparelhos de ar condicionado<\/strong> \u00e9 um servi\u00e7o oferecido pela nossa empresa durante todo o ano.<\/p>\n\t\t\t\t\t\t<\/div>\n\t\t\t\t<\/div>\n\t\t\t\t\t<\/div>\n\t\t<\/div>\n\t\t\t\t\t<\/div>\n\t\t<\/section>\n\t\t\t\t\t<\/div>\n\t\t<\/div>\n\t\t\t\t\t<\/div>\n\t\t<\/section>\n\t\t\t\t<section style=\"background-image: url(https:\/\/www.rafraichisseur-air.fr\/wp-content\/uploads\/2021\/02\/background-foxair-3.jpg); min-height: 0px\" class=\"qodef-parallax-section-holder qodef-parallax-section-holder-touch-disabled elementor-section elementor-top-section elementor-element elementor-element-4898a972 parallax_section_holder elementor-section-boxed elementor-section-height-default elementor-section-height-default qodef_elementor_container_no\" data-qodef-parallax-speed=\"0\" data-id=\"4898a972\" data-element_type=\"section\" data-settings=\"{&quot;background_background&quot;:&quot;classic&quot;,&quot;shape_divider_bottom&quot;:&quot;tilt&quot;,&quot;shape_divider_top&quot;:&quot;tilt&quot;,&quot;qode_parallax_image&quot;:{&quot;url&quot;:&quot;https:\\\/\\\/www.rafraichisseur-air.fr\\\/wp-content\\\/uploads\\\/2021\\\/02\\\/background-foxair-3.jpg&quot;,&quot;id&quot;:17062,&quot;size&quot;:&quot;&quot;}}\">\n\t\t\t\t\t<div class=\"elementor-shape elementor-shape-top\" data-negative=\"false\">\n\t\t\t<svg xmlns=\"http:\/\/www.w3.org\/2000\/svg\" viewBox=\"0 0 1000 100\" preserveAspectRatio=\"none\">\n\t<path class=\"elementor-shape-fill\" d=\"M0,6V0h1000v100L0,6z\"\/>\n<\/svg>\t\t<\/div>\n\t\t\t\t<div class=\"elementor-shape elementor-shape-bottom\" data-negative=\"false\">\n\t\t\t<svg xmlns=\"http:\/\/www.w3.org\/2000\/svg\" viewBox=\"0 0 1000 100\" preserveAspectRatio=\"none\">\n\t<path class=\"elementor-shape-fill\" d=\"M0,6V0h1000v100L0,6z\"\/>\n<\/svg>\t\t<\/div>\n\t\t\t\t\t<div class=\"elementor-container elementor-column-gap-default\">\n\t\t\t\t\t<div class=\"elementor-column elementor-col-50 elementor-top-column elementor-element elementor-element-3c13961e\" data-id=\"3c13961e\" data-element_type=\"column\">\n\t\t\t<div class=\"elementor-widget-wrap elementor-element-populated\">\n\t\t\t\t\t\t<section class=\"elementor-section elementor-inner-section elementor-element elementor-element-33d9f6d7 elementor-section-content-top qodef_elementor_container_inner elementor-section-boxed elementor-section-height-default elementor-section-height-default parallax_section_no\" data-id=\"33d9f6d7\" data-element_type=\"section\">\n\t\t\t\t\t\t<div class=\"elementor-container elementor-column-gap-default\">\n\t\t\t\t\t<div class=\"elementor-column elementor-col-100 elementor-inner-column elementor-element elementor-element-79ba207d\" data-id=\"79ba207d\" data-element_type=\"column\">\n\t\t\t<div class=\"elementor-widget-wrap\">\n\t\t\t\t\t\t\t<\/div>\n\t\t<\/div>\n\t\t\t\t\t<\/div>\n\t\t<\/section>\n\t\t\t\t\t<\/div>\n\t\t<\/div>\n\t\t\t\t<div class=\"elementor-column elementor-col-50 elementor-top-column elementor-element elementor-element-84842f5\" data-id=\"84842f5\" data-element_type=\"column\">\n\t\t\t<div class=\"elementor-widget-wrap elementor-element-populated\">\n\t\t\t\t\t\t<section class=\"elementor-section elementor-inner-section elementor-element elementor-element-1200a81c elementor-section-content-top qodef_elementor_container_inner elementor-section-boxed elementor-section-height-default elementor-section-height-default parallax_section_no\" data-id=\"1200a81c\" data-element_type=\"section\">\n\t\t\t\t\t\t<div class=\"elementor-container elementor-column-gap-default\">\n\t\t\t\t\t<div class=\"elementor-column elementor-col-100 elementor-inner-column elementor-element elementor-element-64abbece\" data-id=\"64abbece\" data-element_type=\"column\">\n\t\t\t<div class=\"elementor-widget-wrap elementor-element-populated\">\n\t\t\t\t\t\t<div class=\"elementor-element elementor-element-59c24cda elementor-widget elementor-widget-text-editor\" data-id=\"59c24cda\" data-element_type=\"widget\" id=\"devis\" data-widget_type=\"text-editor.default\">\n\t\t\t\t<div class=\"elementor-widget-container\">\n\t\t\t\t\t\t\t<p>Solicita um or\u00e7amento r\u00e1pido<\/p>\n\t\t\t\t\t\t<\/div>\n\t\t\t\t<\/div>\n\t\t\t\t<div class=\"elementor-element elementor-element-3432daf0 elementor-align-center elementor-widget elementor-widget-button\" data-id=\"3432daf0\" data-element_type=\"widget\" data-widget_type=\"button.default\">\n\t\t\t\t<div class=\"elementor-widget-container\">\n\t\t\t\t\t<div class=\"elementor-button-wrapper\">\n\t\t\t<a class=\"elementor-button elementor-button-link elementor-size-sm elementor-animation-pop\" href=\"tel:+33478844000\">\n\t\t\t\t\t\t<span class=\"elementor-button-content-wrapper\">\n\t\t\t\t\t\t\t\t\t<span class=\"elementor-button-text\"><i class=\"menu_icon icon-phone fa\"><\/i>  +33 4 78 84 40 00<\/span>\n\t\t\t\t\t<\/span>\n\t\t\t\t\t<\/a>\n\t\t<\/div>\n\t\t\t\t<\/div>\n\t\t\t\t<\/div>\n\t\t\t\t<div class=\"elementor-element elementor-element-786f0877 elementor-widget elementor-widget-text-editor\" data-id=\"786f0877\" data-element_type=\"widget\" data-widget_type=\"text-editor.default\">\n\t\t\t\t<div class=\"elementor-widget-container\">\n\t\t\t\t\t\t\t<p>Formul\u00e1rio de or\u00e7amento<\/p>\n\t\t\t\t\t\t<\/div>\n\t\t\t\t<\/div>\n\t\t\t\t<div class=\"elementor-element elementor-element-655b79b6 elementor-widget elementor-widget-text-editor\" data-id=\"655b79b6\" data-element_type=\"widget\" data-widget_type=\"text-editor.default\">\n\t\t\t\t<div class=\"elementor-widget-container\">\n\t\t\t\t\t\t\t<p>\n<div class=\"wpcf7 no-js\" id=\"wpcf7-f35847-o1\" lang=\"pt-PT\" dir=\"ltr\">\n<div class=\"screen-reader-response\"><p role=\"status\" aria-live=\"polite\" aria-atomic=\"true\"><\/p> <ul><\/ul><\/div>\n<form action=\"\/pt-pt\/wp-json\/wp\/v2\/pages\/34891#wpcf7-f35847-o1\" method=\"post\" class=\"wpcf7-form init\" aria-label=\"Formul\u00e1rio de contacto\" novalidate=\"novalidate\" data-status=\"init\">\n<div style=\"display: none;\">\n<input type=\"hidden\" name=\"_wpcf7\" value=\"35847\" \/>\n<input type=\"hidden\" name=\"_wpcf7_version\" value=\"5.9.6\" \/>\n<input type=\"hidden\" name=\"_wpcf7_locale\" value=\"pt_PT\" \/>\n<input type=\"hidden\" name=\"_wpcf7_unit_tag\" value=\"wpcf7-f35847-o1\" \/>\n<input type=\"hidden\" name=\"_wpcf7_container_post\" value=\"0\" \/>\n<input type=\"hidden\" name=\"_wpcf7_posted_data_hash\" value=\"\" \/>\n<input type=\"hidden\" name=\"_wpcf7_recaptcha_response\" value=\"\" \/>\n<\/div>\n<p><span class=\"wpcf7-form-control-wrap\" data-name=\"Empresa\"><input size=\"40\" maxlength=\"80\" class=\"wpcf7-form-control wpcf7-text wpcf7-validates-as-required\" aria-required=\"true\" aria-invalid=\"false\" value=\"Empresa *\" type=\"text\" name=\"Empresa\" \/><\/span>\n<\/p>\n<p><span class=\"wpcf7-form-control-wrap\" data-name=\"Nome\"><input size=\"40\" maxlength=\"80\" class=\"wpcf7-form-control wpcf7-text wpcf7-validates-as-required\" aria-required=\"true\" aria-invalid=\"false\" placeholder=\"Nome *\" value=\"\" type=\"text\" name=\"Nome\" \/><\/span>\n<\/p>\n<p><span class=\"wpcf7-form-control-wrap\" data-name=\"Telefone\"><input size=\"40\" maxlength=\"80\" class=\"wpcf7-form-control wpcf7-text wpcf7-validates-as-required\" aria-required=\"true\" aria-invalid=\"false\" value=\"Telefone *\" type=\"text\" name=\"Telefone\" \/><\/span>\n<\/p>\n<p><span class=\"wpcf7-form-control-wrap\" data-name=\"Email\"><input size=\"40\" maxlength=\"80\" class=\"wpcf7-form-control wpcf7-email wpcf7-validates-as-required wpcf7-text wpcf7-validates-as-email\" aria-required=\"true\" aria-invalid=\"false\" value=\"E-mail *\" type=\"email\" name=\"Email\" \/><\/span>\n<\/p>\n<p><span class=\"wpcf7-form-control-wrap\" data-name=\"Mensagem\"><textarea cols=\"40\" rows=\"10\" maxlength=\"400\" class=\"wpcf7-form-control wpcf7-textarea\" aria-invalid=\"false\" placeholder=\"Mensagem\" name=\"Mensagem\"><\/textarea><\/span>\n<\/p>\n<p><span class=\"wpcf7-form-control-wrap\" data-name=\"acceptance-808\"><span class=\"wpcf7-form-control wpcf7-acceptance\"><span class=\"wpcf7-list-item\"><label><input type=\"checkbox\" name=\"acceptance-808\" value=\"1\" aria-invalid=\"false\" \/><span class=\"wpcf7-list-item-label\">Ao enviar este formul\u00e1rio, concordo que as informa\u00e7\u00f5es nele introduzidas possam ser utilizadas, exploradas ou processadas para permitir que eu seja novamente contactado ou no \u00e2mbito da rela\u00e7\u00e3o comercial decorrente deste pedido.<\/span><\/label><\/span><\/span><\/span>\n<\/p>\n<p><input class=\"wpcf7-form-control wpcf7-submit has-spinner\" type=\"submit\" value=\"Envia\" \/>\n<\/p><p style=\"display: none !important;\" class=\"akismet-fields-container\" data-prefix=\"_wpcf7_ak_\"><label>&#916;<textarea name=\"_wpcf7_ak_hp_textarea\" cols=\"45\" rows=\"8\" maxlength=\"100\"><\/textarea><\/label><input type=\"hidden\" id=\"ak_js_1\" name=\"_wpcf7_ak_js\" value=\"227\"\/><script>document.getElementById( \"ak_js_1\" ).setAttribute( \"value\", ( new Date() ).getTime() );<\/script><\/p><div class=\"wpcf7-response-output\" aria-hidden=\"true\"><\/div>\n<\/form>\n<\/div>\n<\/p>\n\t\t\t\t\t\t<\/div>\n\t\t\t\t<\/div>\n\t\t\t\t\t<\/div>\n\t\t<\/div>\n\t\t\t\t\t<\/div>\n\t\t<\/section>\n\t\t\t\t\t<\/div>\n\t\t<\/div>\n\t\t\t\t\t<\/div>\n\t\t<\/section>\n\t\t\t\t<section class=\"elementor-section elementor-top-section elementor-element elementor-element-48cdb7f1 elementor-section-full_width elementor-section-height-default elementor-section-height-default parallax_section_no qodef_elementor_container_no\" data-id=\"48cdb7f1\" data-element_type=\"section\" data-settings=\"{&quot;background_background&quot;:&quot;classic&quot;}\">\n\t\t\t\t\t\t<div class=\"elementor-container elementor-column-gap-default\">\n\t\t\t\t\t<div class=\"elementor-column elementor-col-100 elementor-top-column elementor-element elementor-element-ed42335\" data-id=\"ed42335\" data-element_type=\"column\">\n\t\t\t<div class=\"elementor-widget-wrap elementor-element-populated\">\n\t\t\t\t\t\t<section class=\"elementor-section elementor-inner-section elementor-element elementor-element-af78002 elementor-section-content-top qodef_elementor_container_inner elementor-section-boxed elementor-section-height-default elementor-section-height-default parallax_section_no\" data-id=\"af78002\" data-element_type=\"section\">\n\t\t\t\t\t\t<div class=\"elementor-container elementor-column-gap-default\">\n\t\t\t\t\t<div class=\"elementor-column elementor-col-50 elementor-inner-column elementor-element elementor-element-1a91dfa4\" data-id=\"1a91dfa4\" data-element_type=\"column\" data-settings=\"{&quot;background_background&quot;:&quot;classic&quot;}\">\n\t\t\t<div class=\"elementor-widget-wrap elementor-element-populated\">\n\t\t\t\t\t\t<div class=\"elementor-element elementor-element-56433e46 elementor-widget elementor-widget-image\" data-id=\"56433e46\" data-element_type=\"widget\" data-widget_type=\"image.default\">\n\t\t\t\t<div class=\"elementor-widget-container\">\n\t\t\t\t\t\t\t\t\t\t\t\t\t<img decoding=\"async\" src=\"https:\/\/www.rafraichisseur-air.fr\/wp-content\/uploads\/elementor\/thumbs\/ventilateur-industriel-foxair-p4om281ac1n8oemb22s5k7yqzrj8mfm339vpe46ppc.jpg\" title=\"rafraichisseur-industriel-foxair\" alt=\"rafraichisseur-industriel-foxair\" loading=\"lazy\" \/>\t\t\t\t\t\t\t\t\t\t\t\t\t<\/div>\n\t\t\t\t<\/div>\n\t\t\t\t\t<\/div>\n\t\t<\/div>\n\t\t\t\t<div class=\"elementor-column elementor-col-50 elementor-inner-column elementor-element elementor-element-6167e315\" data-id=\"6167e315\" data-element_type=\"column\">\n\t\t\t<div class=\"elementor-widget-wrap elementor-element-populated\">\n\t\t\t\t\t\t<div class=\"elementor-element elementor-element-776747ec elementor-widget elementor-widget-text-editor\" data-id=\"776747ec\" data-element_type=\"widget\" data-widget_type=\"text-editor.default\">\n\t\t\t\t<div class=\"elementor-widget-container\">\n\t\t\t\t\t\t\t<h2>Aluguer de um aparelho de ar condicionado para uso profissional\n<\/h2>\t\t\t\t\t\t<\/div>\n\t\t\t\t<\/div>\n\t\t\t\t<div class=\"elementor-element elementor-element-37a7d9d elementor-widget elementor-widget-spacer\" data-id=\"37a7d9d\" data-element_type=\"widget\" data-widget_type=\"spacer.default\">\n\t\t\t\t<div class=\"elementor-widget-container\">\n\t\t\t\t\t<div class=\"elementor-spacer\">\n\t\t\t<div class=\"elementor-spacer-inner\"><\/div>\n\t\t<\/div>\n\t\t\t\t<\/div>\n\t\t\t\t<\/div>\n\t\t\t\t<div class=\"elementor-element elementor-element-63db15 elementor-widget elementor-widget-text-editor\" data-id=\"63db15\" data-element_type=\"widget\" data-widget_type=\"text-editor.default\">\n\t\t\t\t<div class=\"elementor-widget-container\">\n\t\t\t\t\t\t\t<p>Os alugueres sazonais podem ser planeados para 2 a 6 meses por ano. Equipa as tuas instala\u00e7\u00f5es industriais, o teu estabelecimento p\u00fablico ou privado para um evento espec\u00edfico ou de forma pontual, semanal ou mensal! Esta solu\u00e7\u00e3o \u00e9 ideal para testar <a href=\"https:\/\/www.rafraichisseur-air.fr\/pt-pt\/gama\/\">as unidades adiab\u00e1ticas FoxAir<\/a> antes de as comprares e ver o seu desempenho num ambiente fechado.<\/p>\n<p><strong>Alugar um refrigerador de ar industrial<\/strong> tamb\u00e9m te permite poupar custos de armazenamento.<\/p>\n\t\t\t\t\t\t<\/div>\n\t\t\t\t<\/div>\n\t\t\t\t\t<\/div>\n\t\t<\/div>\n\t\t\t\t\t<\/div>\n\t\t<\/section>\n\t\t\t\t\t<\/div>\n\t\t<\/div>\n\t\t\t\t\t<\/div>\n\t\t<\/section>\n\t\t\t\t<section class=\"elementor-section elementor-top-section elementor-element elementor-element-63189341 elementor-section-full_width elementor-section-height-default elementor-section-height-default parallax_section_no qodef_elementor_container_no\" data-id=\"63189341\" data-element_type=\"section\" data-settings=\"{&quot;background_background&quot;:&quot;classic&quot;,&quot;shape_divider_top&quot;:&quot;tilt&quot;}\">\n\t\t\t\t\t<div class=\"elementor-shape elementor-shape-top\" data-negative=\"false\">\n\t\t\t<svg xmlns=\"http:\/\/www.w3.org\/2000\/svg\" viewBox=\"0 0 1000 100\" preserveAspectRatio=\"none\">\n\t<path class=\"elementor-shape-fill\" d=\"M0,6V0h1000v100L0,6z\"\/>\n<\/svg>\t\t<\/div>\n\t\t\t\t\t<div class=\"elementor-container elementor-column-gap-default\">\n\t\t\t\t\t<div class=\"elementor-column elementor-col-100 elementor-top-column elementor-element elementor-element-4a98c91f\" data-id=\"4a98c91f\" data-element_type=\"column\">\n\t\t\t<div class=\"elementor-widget-wrap elementor-element-populated\">\n\t\t\t\t\t\t<section class=\"elementor-section elementor-inner-section elementor-element elementor-element-3d4dab7f elementor-section-content-top qodef_elementor_container_inner elementor-section-boxed elementor-section-height-default elementor-section-height-default parallax_section_no\" data-id=\"3d4dab7f\" data-element_type=\"section\">\n\t\t\t\t\t\t<div class=\"elementor-container elementor-column-gap-default\">\n\t\t\t\t\t<div class=\"elementor-column elementor-col-50 elementor-inner-column elementor-element elementor-element-33d47818\" data-id=\"33d47818\" data-element_type=\"column\">\n\t\t\t<div class=\"elementor-widget-wrap elementor-element-populated\">\n\t\t\t\t\t\t<div class=\"elementor-element elementor-element-3bd71b02 elementor-widget elementor-widget-text-editor\" data-id=\"3bd71b02\" data-element_type=\"widget\" data-widget_type=\"text-editor.default\">\n\t\t\t\t<div class=\"elementor-widget-container\">\n\t\t\t\t\t\t\t<h2>A nossa oferta de leasing para empresas e ind\u00fastria\n<\/h2>\t\t\t\t\t\t<\/div>\n\t\t\t\t<\/div>\n\t\t\t\t<div class=\"elementor-element elementor-element-6f55afcd elementor-widget elementor-widget-spacer\" data-id=\"6f55afcd\" data-element_type=\"widget\" data-widget_type=\"spacer.default\">\n\t\t\t\t<div class=\"elementor-widget-container\">\n\t\t\t\t\t<div class=\"elementor-spacer\">\n\t\t\t<div class=\"elementor-spacer-inner\"><\/div>\n\t\t<\/div>\n\t\t\t\t<\/div>\n\t\t\t\t<\/div>\n\t\t\t\t<div class=\"elementor-element elementor-element-7442e09 elementor-widget elementor-widget-text-editor\" data-id=\"7442e09\" data-element_type=\"widget\" data-widget_type=\"text-editor.default\">\n\t\t\t\t<div class=\"elementor-widget-container\">\n\t\t\t\t\t\t\t<p>Se estiveres totalmente satisfeito com o teu <strong>aluguer profissional de ambientadores<\/strong>, podes pensar em comprar o equipamento. Para te ajudar a tirar partido desta tecnologia inovadora e, se necess\u00e1rio, investir, a FoxAir tamb\u00e9m oferece uma solu\u00e7\u00e3o de aluguer.<\/p>\n<p>Esta solu\u00e7\u00e3o personalizada aplica-se \u00e0 utiliza\u00e7\u00e3o tempor\u00e1ria ou \u00e0 compra definitiva do equipamento: o pagamento \u00e9 efectuado em pequenas presta\u00e7\u00f5es mensais, sob reserva de aceita\u00e7\u00e3o pelo parceiro financeiro da FoxAir: a Grenke. As vantagens fiscais da\u00ed resultantes s\u00e3o consider\u00e1veis.<\/p>\n\t\t\t\t\t\t<\/div>\n\t\t\t\t<\/div>\n\t\t\t\t\t<\/div>\n\t\t<\/div>\n\t\t\t\t<div class=\"elementor-column elementor-col-50 elementor-inner-column elementor-element elementor-element-b7b48a3\" data-id=\"b7b48a3\" data-element_type=\"column\" data-settings=\"{&quot;background_background&quot;:&quot;classic&quot;}\">\n\t\t\t<div class=\"elementor-widget-wrap elementor-element-populated\">\n\t\t\t\t\t\t<div class=\"elementor-element elementor-element-31605bee elementor-widget elementor-widget-image\" data-id=\"31605bee\" data-element_type=\"widget\" data-widget_type=\"image.default\">\n\t\t\t\t<div class=\"elementor-widget-container\">\n\t\t\t\t\t\t\t\t\t\t\t\t\t<img decoding=\"async\" src=\"https:\/\/www.rafraichisseur-air.fr\/wp-content\/uploads\/elementor\/thumbs\/image5-p4om265oe34yslo7ut0s4aajhtrk8nuvl498peoz2g.jpg\" title=\"image5\" alt=\"image5\" loading=\"lazy\" \/>\t\t\t\t\t\t\t\t\t\t\t\t\t<\/div>\n\t\t\t\t<\/div>\n\t\t\t\t\t<\/div>\n\t\t<\/div>\n\t\t\t\t\t<\/div>\n\t\t<\/section>\n\t\t\t\t\t<\/div>\n\t\t<\/div>\n\t\t\t\t\t<\/div>\n\t\t<\/section>\n\t\t\t\t<section class=\"elementor-section elementor-top-section elementor-element elementor-element-ffc3636 elementor-section-full_width elementor-section-height-default elementor-section-height-default parallax_section_no qodef_elementor_container_no\" data-id=\"ffc3636\" data-element_type=\"section\" data-settings=\"{&quot;background_background&quot;:&quot;classic&quot;,&quot;shape_divider_top&quot;:&quot;tilt&quot;}\">\n\t\t\t\t\t<div class=\"elementor-shape elementor-shape-top\" data-negative=\"false\">\n\t\t\t<svg xmlns=\"http:\/\/www.w3.org\/2000\/svg\" viewBox=\"0 0 1000 100\" preserveAspectRatio=\"none\">\n\t<path class=\"elementor-shape-fill\" d=\"M0,6V0h1000v100L0,6z\"\/>\n<\/svg>\t\t<\/div>\n\t\t\t\t\t<div class=\"elementor-container elementor-column-gap-default\">\n\t\t\t\t\t<div class=\"elementor-column elementor-col-100 elementor-top-column elementor-element elementor-element-c92145a\" data-id=\"c92145a\" data-element_type=\"column\">\n\t\t\t<div class=\"elementor-widget-wrap elementor-element-populated\">\n\t\t\t\t\t\t<section class=\"elementor-section elementor-inner-section elementor-element elementor-element-04700a6 elementor-section-content-top qodef_elementor_container_inner elementor-section-boxed elementor-section-height-default elementor-section-height-default parallax_section_no\" data-id=\"04700a6\" data-element_type=\"section\">\n\t\t\t\t\t\t<div class=\"elementor-container elementor-column-gap-default\">\n\t\t\t\t\t<div class=\"elementor-column elementor-col-50 elementor-inner-column elementor-element elementor-element-9e8d84a\" data-id=\"9e8d84a\" data-element_type=\"column\" data-settings=\"{&quot;background_background&quot;:&quot;classic&quot;}\">\n\t\t\t<div class=\"elementor-widget-wrap elementor-element-populated\">\n\t\t\t\t\t\t<div class=\"elementor-element elementor-element-765a0fd elementor-widget elementor-widget-image\" data-id=\"765a0fd\" data-element_type=\"widget\" data-widget_type=\"image.default\">\n\t\t\t\t<div class=\"elementor-widget-container\">\n\t\t\t\t\t\t\t\t\t\t\t\t\t<img decoding=\"async\" src=\"https:\/\/www.rafraichisseur-air.fr\/wp-content\/uploads\/elementor\/thumbs\/rafraichir-entrepot-1-p4om41u3a0i1mj3naj537w23awpmamj9q7tdeqdunk.jpg\" title=\"rafraichir-entrepot\" alt=\"rafraichir-entrepot\" loading=\"lazy\" \/>\t\t\t\t\t\t\t\t\t\t\t\t\t<\/div>\n\t\t\t\t<\/div>\n\t\t\t\t\t<\/div>\n\t\t<\/div>\n\t\t\t\t<div class=\"elementor-column elementor-col-50 elementor-inner-column elementor-element elementor-element-459e9d5\" data-id=\"459e9d5\" data-element_type=\"column\">\n\t\t\t<div class=\"elementor-widget-wrap elementor-element-populated\">\n\t\t\t\t\t\t<div class=\"elementor-element elementor-element-49b4eaf elementor-widget elementor-widget-text-editor\" data-id=\"49b4eaf\" data-element_type=\"widget\" data-widget_type=\"text-editor.default\">\n\t\t\t\t<div class=\"elementor-widget-container\">\n\t\t\t\t\t\t\t<h2>Garantias FoxAir para aluguer e leasing<\/h2>\n\t\t\t\t\t\t<\/div>\n\t\t\t\t<\/div>\n\t\t\t\t<div class=\"elementor-element elementor-element-b803c56 elementor-widget elementor-widget-spacer\" data-id=\"b803c56\" data-element_type=\"widget\" data-widget_type=\"spacer.default\">\n\t\t\t\t<div class=\"elementor-widget-container\">\n\t\t\t\t\t<div class=\"elementor-spacer\">\n\t\t\t<div class=\"elementor-spacer-inner\"><\/div>\n\t\t<\/div>\n\t\t\t\t<\/div>\n\t\t\t\t<\/div>\n\t\t\t\t<div class=\"elementor-element elementor-element-921660c elementor-widget elementor-widget-text-editor\" data-id=\"921660c\" data-element_type=\"widget\" data-widget_type=\"text-editor.default\">\n\t\t\t\t<div class=\"elementor-widget-container\">\n\t\t\t\t\t\t\t<p><strong>Contratar um refrigerador de ar industrial<\/strong> \u00e9 uma forma fi\u00e1vel de proteger as suas m\u00e1quinas em caso de vaga de calor ou de tempo muito quente. O arrefecimento do ar promove um ambiente saud\u00e1vel nas instala\u00e7\u00f5es, com uma melhor qualidade do ar: a produtividade aumenta e os seus empregados j\u00e1 n\u00e3o sofrem de desconforto relacionado com o calor.<\/p>\n<p>Concebida para todas as configura\u00e7\u00f5es, mesmo as mais at\u00edpicas, uma unidade adiab\u00e1tica cobre, por si s\u00f3, de 90 a 360 m\u00b2, e v\u00e1rios modelos podem ser combinados no mesmo espa\u00e7o, se necess\u00e1rio.<\/p>\n\t\t\t\t\t\t<\/div>\n\t\t\t\t<\/div>\n\t\t\t\t\t<\/div>\n\t\t<\/div>\n\t\t\t\t\t<\/div>\n\t\t<\/section>\n\t\t\t\t\t<\/div>\n\t\t<\/div>\n\t\t\t\t\t<\/div>\n\t\t<\/section>\n\t\t\t\t<section style=\"background-image: url(https:\/\/www.rafraichisseur-air.fr\/wp-content\/uploads\/2021\/02\/background-foxair-3.jpg); min-height: 0px\" class=\"qodef-parallax-section-holder qodef-parallax-section-holder-touch-disabled elementor-section elementor-top-section elementor-element elementor-element-cd4402d elementor-section-full_width parallax_section_holder ctabackground elementor-section-height-default elementor-section-height-default qodef_elementor_container_no\" data-qodef-parallax-speed=\"0\" data-id=\"cd4402d\" data-element_type=\"section\" data-settings=\"{&quot;background_background&quot;:&quot;classic&quot;,&quot;shape_divider_top&quot;:&quot;tilt&quot;,&quot;qode_parallax_image&quot;:{&quot;url&quot;:&quot;https:\\\/\\\/www.rafraichisseur-air.fr\\\/wp-content\\\/uploads\\\/2021\\\/02\\\/background-foxair-3.jpg&quot;,&quot;id&quot;:17062,&quot;size&quot;:&quot;&quot;}}\">\n\t\t\t\t\t<div class=\"elementor-shape elementor-shape-top\" data-negative=\"false\">\n\t\t\t<svg xmlns=\"http:\/\/www.w3.org\/2000\/svg\" viewBox=\"0 0 1000 100\" preserveAspectRatio=\"none\">\n\t<path class=\"elementor-shape-fill\" d=\"M0,6V0h1000v100L0,6z\"\/>\n<\/svg>\t\t<\/div>\n\t\t\t\t\t<div class=\"elementor-container elementor-column-gap-default\">\n\t\t\t\t\t<div class=\"elementor-column elementor-col-100 elementor-top-column elementor-element elementor-element-4d13e214\" data-id=\"4d13e214\" data-element_type=\"column\">\n\t\t\t<div class=\"elementor-widget-wrap elementor-element-populated\">\n\t\t\t\t\t\t<section class=\"elementor-section elementor-inner-section elementor-element elementor-element-49af874f elementor-section-content-top qodef_elementor_container_inner elementor-section-boxed elementor-section-height-default elementor-section-height-default parallax_section_no\" data-id=\"49af874f\" data-element_type=\"section\">\n\t\t\t\t\t\t<div class=\"elementor-container elementor-column-gap-wider\">\n\t\t\t\t\t<div class=\"elementor-column elementor-col-50 elementor-inner-column elementor-element elementor-element-7f4a8c12\" data-id=\"7f4a8c12\" data-element_type=\"column\">\n\t\t\t<div class=\"elementor-widget-wrap\">\n\t\t\t\t\t\t\t<\/div>\n\t\t<\/div>\n\t\t\t\t<div class=\"elementor-column elementor-col-50 elementor-inner-column elementor-element elementor-element-1525b216\" data-id=\"1525b216\" data-element_type=\"column\">\n\t\t\t<div class=\"elementor-widget-wrap elementor-element-populated\">\n\t\t\t\t\t\t<div class=\"elementor-element elementor-element-d22df7c elementor-widget elementor-widget-text-editor\" data-id=\"d22df7c\" data-element_type=\"widget\" data-widget_type=\"text-editor.default\">\n\t\t\t\t<div class=\"elementor-widget-container\">\n\t\t\t\t\t\t\t<p>Muitas empresas j\u00e1 depositaram a sua confian\u00e7a em n\u00f3s &#8211; porque n\u00e3o o farias tu?<\/p>\n\t\t\t\t\t\t<\/div>\n\t\t\t\t<\/div>\n\t\t\t\t<div class=\"elementor-element elementor-element-17ea4f5d elementor-widget elementor-widget-text-editor\" data-id=\"17ea4f5d\" data-element_type=\"widget\" data-widget_type=\"text-editor.default\">\n\t\t\t\t<div class=\"elementor-widget-container\">\n\t\t\t\t\t\t\t<p>Contacta-nos<\/p>\n\t\t\t\t\t\t<\/div>\n\t\t\t\t<\/div>\n\t\t\t\t<div class=\"elementor-element elementor-element-9f0c650 elementor-align-center elementor-widget elementor-widget-button\" data-id=\"9f0c650\" data-element_type=\"widget\" data-widget_type=\"button.default\">\n\t\t\t\t<div class=\"elementor-widget-container\">\n\t\t\t\t\t<div class=\"elementor-button-wrapper\">\n\t\t\t<a class=\"elementor-button elementor-button-link elementor-size-sm elementor-animation-pop\" href=\"tel:+33478844000\">\n\t\t\t\t\t\t<span class=\"elementor-button-content-wrapper\">\n\t\t\t\t\t\t\t\t\t<span class=\"elementor-button-text\"><i class=\"menu_icon icon-phone fa\"><\/i>  +33 4 78 84 40 00<\/span>\n\t\t\t\t\t<\/span>\n\t\t\t\t\t<\/a>\n\t\t<\/div>\n\t\t\t\t<\/div>\n\t\t\t\t<\/div>\n\t\t\t\t<div class=\"elementor-element elementor-element-16051e7 elementor-align-center elementor-widget elementor-widget-button\" data-id=\"16051e7\" data-element_type=\"widget\" data-widget_type=\"button.default\">\n\t\t\t\t<div class=\"elementor-widget-container\">\n\t\t\t\t\t<div class=\"elementor-button-wrapper\">\n\t\t\t<a class=\"elementor-button elementor-button-link elementor-size-sm elementor-animation-pop\" href=\"#devis\">\n\t\t\t\t\t\t<span class=\"elementor-button-content-wrapper\">\n\t\t\t\t\t\t\t\t\t<span class=\"elementor-button-text\">Solicita um or\u00e7amento<\/span>\n\t\t\t\t\t<\/span>\n\t\t\t\t\t<\/a>\n\t\t<\/div>\n\t\t\t\t<\/div>\n\t\t\t\t<\/div>\n\t\t\t\t<div class=\"elementor-element elementor-element-388499aa elementor-widget elementor-widget-spacer\" data-id=\"388499aa\" data-element_type=\"widget\" data-widget_type=\"spacer.default\">\n\t\t\t\t<div class=\"elementor-widget-container\">\n\t\t\t\t\t<div class=\"elementor-spacer\">\n\t\t\t<div class=\"elementor-spacer-inner\"><\/div>\n\t\t<\/div>\n\t\t\t\t<\/div>\n\t\t\t\t<\/div>\n\t\t\t\t\t<\/div>\n\t\t<\/div>\n\t\t\t\t\t<\/div>\n\t\t<\/section>\n\t\t\t\t\t<\/div>\n\t\t<\/div>\n\t\t\t\t\t<\/div>\n\t\t<\/section>\n\t\t\t\t<\/div>\n\t\t","protected":false},"excerpt":{"rendered":"<p>Aluguer de aparelhos de ar condicionado profissionais : Flexibilidade de acordo com a FoxAir A FoxAir fornece aos profissionais refrigeradores de&#8230;<\/p>\n","protected":false},"author":1,"featured_media":0,"parent":0,"menu_order":0,"comment_status":"closed","ping_status":"closed","template":"full-width.php","meta":{"footnotes":""},"yoast_head":"<!-- This site is optimized with the Yoast SEO plugin v23.0 - https:\/\/yoast.com\/wordpress\/plugins\/seo\/ -->\n<title>Aluguer profissional de ar condicionado: um servi\u00e7o \u00e0 medida<\/title>\n<meta name=\"description\" content=\"Opta por contratar um profissional de ar condicionado para satisfazer as suas necessidades de refrigera\u00e7\u00e3o durante os meses mais quentes do ano. A Foxair aluga aparelhos de ar condicionado industriais de alta qualidade, ecol\u00f3gicos e econ\u00f3micos.\" \/>\n<meta name=\"robots\" content=\"index, follow, max-snippet:-1, max-image-preview:large, max-video-preview:-1\" \/>\n<link rel=\"canonical\" href=\"https:\/\/www.rafraichisseur-air.fr\/pt-pt\/aluguer-de-aparelhos-de-ar-condicionado-profissionais-flexibilidade-segundo-a-foxair\/\" \/>\n<meta property=\"og:locale\" content=\"pt_PT\" \/>\n<meta property=\"og:type\" content=\"article\" \/>\n<meta property=\"og:title\" content=\"Aluguer profissional de ar condicionado: um servi\u00e7o \u00e0 medida\" \/>\n<meta property=\"og:description\" content=\"Opta por contratar um profissional de ar condicionado para satisfazer as suas necessidades de refrigera\u00e7\u00e3o durante os meses mais quentes do ano. A Foxair aluga aparelhos de ar condicionado industriais de alta qualidade, ecol\u00f3gicos e econ\u00f3micos.\" \/>\n<meta property=\"og:url\" content=\"https:\/\/www.rafraichisseur-air.fr\/pt-pt\/aluguer-de-aparelhos-de-ar-condicionado-profissionais-flexibilidade-segundo-a-foxair\/\" \/>\n<meta property=\"og:site_name\" content=\"Foxair\" \/>\n<meta property=\"article:publisher\" content=\"https:\/\/www.facebook.com\/foxair.france\" \/>\n<meta property=\"article:modified_time\" content=\"2024-07-08T14:50:13+00:00\" \/>\n<meta property=\"og:image\" content=\"https:\/\/www.rafraichisseur-air.fr\/wp-content\/uploads\/elementor\/thumbs\/ventilateur-industriel-foxair-p4om281ac1n8oemb22s5k7yqzrj8mfm339vpe46ppc.jpg\" \/>\n<meta name=\"twitter:card\" content=\"summary_large_image\" \/>\n<meta name=\"twitter:label1\" content=\"Tempo estimado de leitura\" \/>\n\t<meta name=\"twitter:data1\" content=\"2 minutos\" \/>\n<script type=\"application\/ld+json\" class=\"yoast-schema-graph\">{\"@context\":\"https:\/\/schema.org\",\"@graph\":[{\"@type\":\"WebPage\",\"@id\":\"https:\/\/www.rafraichisseur-air.fr\/pt-pt\/aluguer-de-aparelhos-de-ar-condicionado-profissionais-flexibilidade-segundo-a-foxair\/\",\"url\":\"https:\/\/www.rafraichisseur-air.fr\/pt-pt\/aluguer-de-aparelhos-de-ar-condicionado-profissionais-flexibilidade-segundo-a-foxair\/\",\"name\":\"Aluguer profissional de ar condicionado: um servi\u00e7o \u00e0 medida\",\"isPartOf\":{\"@id\":\"https:\/\/www.rafraichisseur-air.fr\/pt-pt\/#website\"},\"primaryImageOfPage\":{\"@id\":\"https:\/\/www.rafraichisseur-air.fr\/pt-pt\/aluguer-de-aparelhos-de-ar-condicionado-profissionais-flexibilidade-segundo-a-foxair\/#primaryimage\"},\"image\":{\"@id\":\"https:\/\/www.rafraichisseur-air.fr\/pt-pt\/aluguer-de-aparelhos-de-ar-condicionado-profissionais-flexibilidade-segundo-a-foxair\/#primaryimage\"},\"thumbnailUrl\":\"https:\/\/www.rafraichisseur-air.fr\/wp-content\/uploads\/elementor\/thumbs\/ventilateur-industriel-foxair-p4om281ac1n8oemb22s5k7yqzrj8mfm339vpe46ppc.jpg\",\"datePublished\":\"2021-02-16T13:32:33+00:00\",\"dateModified\":\"2024-07-08T14:50:13+00:00\",\"description\":\"Opta por contratar um profissional de ar condicionado para satisfazer as suas necessidades de refrigera\u00e7\u00e3o durante os meses mais quentes do ano. A Foxair aluga aparelhos de ar condicionado industriais de alta qualidade, ecol\u00f3gicos e econ\u00f3micos.\",\"inLanguage\":\"pt-PT\",\"potentialAction\":[{\"@type\":\"ReadAction\",\"target\":[\"https:\/\/www.rafraichisseur-air.fr\/pt-pt\/aluguer-de-aparelhos-de-ar-condicionado-profissionais-flexibilidade-segundo-a-foxair\/\"]}]},{\"@type\":\"ImageObject\",\"inLanguage\":\"pt-PT\",\"@id\":\"https:\/\/www.rafraichisseur-air.fr\/pt-pt\/aluguer-de-aparelhos-de-ar-condicionado-profissionais-flexibilidade-segundo-a-foxair\/#primaryimage\",\"url\":\"https:\/\/www.rafraichisseur-air.fr\/wp-content\/uploads\/elementor\/thumbs\/ventilateur-industriel-foxair-p4om281ac1n8oemb22s5k7yqzrj8mfm339vpe46ppc.jpg\",\"contentUrl\":\"https:\/\/www.rafraichisseur-air.fr\/wp-content\/uploads\/elementor\/thumbs\/ventilateur-industriel-foxair-p4om281ac1n8oemb22s5k7yqzrj8mfm339vpe46ppc.jpg\"},{\"@type\":\"WebSite\",\"@id\":\"https:\/\/www.rafraichisseur-air.fr\/pt-pt\/#website\",\"url\":\"https:\/\/www.rafraichisseur-air.fr\/pt-pt\/\",\"name\":\"Foxair\",\"description\":\"Rafra\u00eechisseur d&#039;air par \u00e9vaporation\",\"potentialAction\":[{\"@type\":\"SearchAction\",\"target\":{\"@type\":\"EntryPoint\",\"urlTemplate\":\"https:\/\/www.rafraichisseur-air.fr\/pt-pt\/?s={search_term_string}\"},\"query-input\":\"required name=search_term_string\"}],\"inLanguage\":\"pt-PT\"}]}<\/script>\n<!-- \/ Yoast SEO plugin. -->","yoast_head_json":{"title":"Aluguer profissional de ar condicionado: um servi\u00e7o \u00e0 medida","description":"Opta por contratar um profissional de ar condicionado para satisfazer as suas necessidades de refrigera\u00e7\u00e3o durante os meses mais quentes do ano. A Foxair aluga aparelhos de ar condicionado industriais de alta qualidade, ecol\u00f3gicos e econ\u00f3micos.","robots":{"index":"index","follow":"follow","max-snippet":"max-snippet:-1","max-image-preview":"max-image-preview:large","max-video-preview":"max-video-preview:-1"},"canonical":"https:\/\/www.rafraichisseur-air.fr\/pt-pt\/aluguer-de-aparelhos-de-ar-condicionado-profissionais-flexibilidade-segundo-a-foxair\/","og_locale":"pt_PT","og_type":"article","og_title":"Aluguer profissional de ar condicionado: um servi\u00e7o \u00e0 medida","og_description":"Opta por contratar um profissional de ar condicionado para satisfazer as suas necessidades de refrigera\u00e7\u00e3o durante os meses mais quentes do ano. A Foxair aluga aparelhos de ar condicionado industriais de alta qualidade, ecol\u00f3gicos e econ\u00f3micos.","og_url":"https:\/\/www.rafraichisseur-air.fr\/pt-pt\/aluguer-de-aparelhos-de-ar-condicionado-profissionais-flexibilidade-segundo-a-foxair\/","og_site_name":"Foxair","article_publisher":"https:\/\/www.facebook.com\/foxair.france","article_modified_time":"2024-07-08T14:50:13+00:00","og_image":[{"url":"https:\/\/www.rafraichisseur-air.fr\/wp-content\/uploads\/elementor\/thumbs\/ventilateur-industriel-foxair-p4om281ac1n8oemb22s5k7yqzrj8mfm339vpe46ppc.jpg"}],"twitter_card":"summary_large_image","twitter_misc":{"Tempo estimado de leitura":"2 minutos"},"schema":{"@context":"https:\/\/schema.org","@graph":[{"@type":"WebPage","@id":"https:\/\/www.rafraichisseur-air.fr\/pt-pt\/aluguer-de-aparelhos-de-ar-condicionado-profissionais-flexibilidade-segundo-a-foxair\/","url":"https:\/\/www.rafraichisseur-air.fr\/pt-pt\/aluguer-de-aparelhos-de-ar-condicionado-profissionais-flexibilidade-segundo-a-foxair\/","name":"Aluguer profissional de ar condicionado: um servi\u00e7o \u00e0 medida","isPartOf":{"@id":"https:\/\/www.rafraichisseur-air.fr\/pt-pt\/#website"},"primaryImageOfPage":{"@id":"https:\/\/www.rafraichisseur-air.fr\/pt-pt\/aluguer-de-aparelhos-de-ar-condicionado-profissionais-flexibilidade-segundo-a-foxair\/#primaryimage"},"image":{"@id":"https:\/\/www.rafraichisseur-air.fr\/pt-pt\/aluguer-de-aparelhos-de-ar-condicionado-profissionais-flexibilidade-segundo-a-foxair\/#primaryimage"},"thumbnailUrl":"https:\/\/www.rafraichisseur-air.fr\/wp-content\/uploads\/elementor\/thumbs\/ventilateur-industriel-foxair-p4om281ac1n8oemb22s5k7yqzrj8mfm339vpe46ppc.jpg","datePublished":"2021-02-16T13:32:33+00:00","dateModified":"2024-07-08T14:50:13+00:00","description":"Opta por contratar um profissional de ar condicionado para satisfazer as suas necessidades de refrigera\u00e7\u00e3o durante os meses mais quentes do ano. A Foxair aluga aparelhos de ar condicionado industriais de alta qualidade, ecol\u00f3gicos e econ\u00f3micos.","inLanguage":"pt-PT","potentialAction":[{"@type":"ReadAction","target":["https:\/\/www.rafraichisseur-air.fr\/pt-pt\/aluguer-de-aparelhos-de-ar-condicionado-profissionais-flexibilidade-segundo-a-foxair\/"]}]},{"@type":"ImageObject","inLanguage":"pt-PT","@id":"https:\/\/www.rafraichisseur-air.fr\/pt-pt\/aluguer-de-aparelhos-de-ar-condicionado-profissionais-flexibilidade-segundo-a-foxair\/#primaryimage","url":"https:\/\/www.rafraichisseur-air.fr\/wp-content\/uploads\/elementor\/thumbs\/ventilateur-industriel-foxair-p4om281ac1n8oemb22s5k7yqzrj8mfm339vpe46ppc.jpg","contentUrl":"https:\/\/www.rafraichisseur-air.fr\/wp-content\/uploads\/elementor\/thumbs\/ventilateur-industriel-foxair-p4om281ac1n8oemb22s5k7yqzrj8mfm339vpe46ppc.jpg"},{"@type":"WebSite","@id":"https:\/\/www.rafraichisseur-air.fr\/pt-pt\/#website","url":"https:\/\/www.rafraichisseur-air.fr\/pt-pt\/","name":"Foxair","description":"Rafra\u00eechisseur d&#039;air par \u00e9vaporation","potentialAction":[{"@type":"SearchAction","target":{"@type":"EntryPoint","urlTemplate":"https:\/\/www.rafraichisseur-air.fr\/pt-pt\/?s={search_term_string}"},"query-input":"required name=search_term_string"}],"inLanguage":"pt-PT"}]}},"_links":{"self":[{"href":"https:\/\/www.rafraichisseur-air.fr\/pt-pt\/wp-json\/wp\/v2\/pages\/34891"}],"collection":[{"href":"https:\/\/www.rafraichisseur-air.fr\/pt-pt\/wp-json\/wp\/v2\/pages"}],"about":[{"href":"https:\/\/www.rafraichisseur-air.fr\/pt-pt\/wp-json\/wp\/v2\/types\/page"}],"author":[{"embeddable":true,"href":"https:\/\/www.rafraichisseur-air.fr\/pt-pt\/wp-json\/wp\/v2\/users\/1"}],"replies":[{"embeddable":true,"href":"https:\/\/www.rafraichisseur-air.fr\/pt-pt\/wp-json\/wp\/v2\/comments?post=34891"}],"version-history":[{"count":0,"href":"https:\/\/www.rafraichisseur-air.fr\/pt-pt\/wp-json\/wp\/v2\/pages\/34891\/revisions"}],"wp:attachment":[{"href":"https:\/\/www.rafraichisseur-air.fr\/pt-pt\/wp-json\/wp\/v2\/media?parent=34891"}],"curies":[{"name":"wp","href":"https:\/\/api.w.org\/{rel}","templated":true}]}}