{"id":34620,"date":"2024-01-24T18:54:08","date_gmt":"2024-01-24T17:54:08","guid":{"rendered":"https:\/\/www.rafraichisseur-air.fr\/aluguer-temporario-de-ar-condicionado\/"},"modified":"2024-07-08T15:48:11","modified_gmt":"2024-07-08T14:48:11","slug":"aluguer-temporario-de-ar-condicionado","status":"publish","type":"page","link":"https:\/\/www.rafraichisseur-air.fr\/pt-pt\/aluguer-temporario-de-ar-condicionado\/","title":{"rendered":"Aluguer tempor\u00e1rio de ar condicionado"},"content":{"rendered":"\t\t<div data-elementor-type=\"wp-page\" data-elementor-id=\"34620\" class=\"elementor elementor-34620 elementor-29052\">\n\t\t\t\t\t\t<section class=\"elementor-section elementor-top-section elementor-element elementor-element-5212bd7 elementor-section-full_width elementor-section-height-default elementor-section-height-default parallax_section_no qodef_elementor_container_no\" data-id=\"5212bd7\" data-element_type=\"section\" data-settings=\"{&quot;background_background&quot;:&quot;classic&quot;,&quot;shape_divider_bottom&quot;:&quot;opacity-tilt&quot;}\">\n\t\t\t\t\t\t\t<div class=\"elementor-background-overlay\"><\/div>\n\t\t\t\t\t\t<div class=\"elementor-shape elementor-shape-bottom\" data-negative=\"false\">\n\t\t\t<svg xmlns=\"http:\/\/www.w3.org\/2000\/svg\" viewBox=\"0 0 2600 131.1\" preserveAspectRatio=\"none\">\n\t<path class=\"elementor-shape-fill\" d=\"M0 0L2600 0 2600 69.1 0 0z\"\/>\n\t<path class=\"elementor-shape-fill\" style=\"opacity:0.5\" d=\"M0 0L2600 0 2600 69.1 0 69.1z\"\/>\n\t<path class=\"elementor-shape-fill\" style=\"opacity:0.25\" d=\"M2600 0L0 0 0 130.1 2600 69.1z\"\/>\n<\/svg>\t\t<\/div>\n\t\t\t\t\t<div class=\"elementor-container elementor-column-gap-default\">\n\t\t\t\t\t<div class=\"elementor-column elementor-col-100 elementor-top-column elementor-element elementor-element-2c17834f\" data-id=\"2c17834f\" data-element_type=\"column\">\n\t\t\t<div class=\"elementor-widget-wrap elementor-element-populated\">\n\t\t\t\t\t\t<section class=\"elementor-section elementor-inner-section elementor-element elementor-element-49bb7994 qodef_elementor_container_inner elementor-section-boxed elementor-section-height-default elementor-section-height-default parallax_section_no\" data-id=\"49bb7994\" data-element_type=\"section\">\n\t\t\t\t\t\t<div class=\"elementor-container elementor-column-gap-default\">\n\t\t\t\t\t<div class=\"elementor-column elementor-col-100 elementor-inner-column elementor-element elementor-element-5861dc7f\" data-id=\"5861dc7f\" data-element_type=\"column\">\n\t\t\t<div class=\"elementor-widget-wrap elementor-element-populated\">\n\t\t\t\t\t\t<div class=\"elementor-element elementor-element-57713469 elementor-invisible elementor-widget elementor-widget-heading\" data-id=\"57713469\" data-element_type=\"widget\" data-settings=\"{&quot;_animation&quot;:&quot;slideInLeft&quot;}\" data-widget_type=\"heading.default\">\n\t\t\t\t<div class=\"elementor-widget-container\">\n\t\t\t<h1 class=\"elementor-heading-title elementor-size-default\">Aluguer tempor\u00e1rio de ar condicionado: uma solu\u00e7\u00e3o flex\u00edvel e econ\u00f3mica para os profissionais<\/h1>\t\t<\/div>\n\t\t\t\t<\/div>\n\t\t\t\t<div class=\"elementor-element elementor-element-42913c71 elementor-widget elementor-widget-spacer\" data-id=\"42913c71\" data-element_type=\"widget\" data-widget_type=\"spacer.default\">\n\t\t\t\t<div class=\"elementor-widget-container\">\n\t\t\t\t\t<div class=\"elementor-spacer\">\n\t\t\t<div class=\"elementor-spacer-inner\"><\/div>\n\t\t<\/div>\n\t\t\t\t<\/div>\n\t\t\t\t<\/div>\n\t\t\t\t\t<\/div>\n\t\t<\/div>\n\t\t\t\t\t<\/div>\n\t\t<\/section>\n\t\t\t\t\t<\/div>\n\t\t<\/div>\n\t\t\t\t\t<\/div>\n\t\t<\/section>\n\t\t\t\t<section class=\"elementor-section elementor-top-section elementor-element elementor-element-ea5220b elementor-section-full_width elementor-section-height-default elementor-section-height-default parallax_section_no qodef_elementor_container_no\" data-id=\"ea5220b\" data-element_type=\"section\" data-settings=\"{&quot;background_background&quot;:&quot;classic&quot;,&quot;shape_divider_top&quot;:&quot;tilt&quot;}\">\n\t\t\t\t\t<div class=\"elementor-shape elementor-shape-top\" data-negative=\"false\">\n\t\t\t<svg xmlns=\"http:\/\/www.w3.org\/2000\/svg\" viewBox=\"0 0 1000 100\" preserveAspectRatio=\"none\">\n\t<path class=\"elementor-shape-fill\" d=\"M0,6V0h1000v100L0,6z\"\/>\n<\/svg>\t\t<\/div>\n\t\t\t\t\t<div class=\"elementor-container elementor-column-gap-default\">\n\t\t\t\t\t<div class=\"elementor-column elementor-col-100 elementor-top-column elementor-element elementor-element-7969ce49\" data-id=\"7969ce49\" data-element_type=\"column\">\n\t\t\t<div class=\"elementor-widget-wrap elementor-element-populated\">\n\t\t\t\t\t\t<section class=\"elementor-section elementor-inner-section elementor-element elementor-element-5d50f41b qodef_elementor_container_inner elementor-section-boxed elementor-section-height-default elementor-section-height-default parallax_section_no\" data-id=\"5d50f41b\" data-element_type=\"section\">\n\t\t\t\t\t\t<div class=\"elementor-container elementor-column-gap-default\">\n\t\t\t\t\t<div class=\"elementor-column elementor-col-100 elementor-inner-column elementor-element elementor-element-517cc1d\" data-id=\"517cc1d\" data-element_type=\"column\" data-settings=\"{&quot;animation&quot;:&quot;none&quot;}\">\n\t\t\t<div class=\"elementor-widget-wrap elementor-element-populated\">\n\t\t\t\t\t\t<div class=\"elementor-element elementor-element-611c29ee elementor-widget elementor-widget-text-editor\" data-id=\"611c29ee\" data-element_type=\"widget\" data-widget_type=\"text-editor.default\">\n\t\t\t\t<div class=\"elementor-widget-container\">\n\t\t\t\t\t\t\t<p style=\"text-align: center;\">O conforto t\u00e9rmico \u00e9 essencial para um ambiente de trabalho ou de armazenamento saud\u00e1vel, quer para o bem-estar dos empregados e utilizadores, quer para a seguran\u00e7a das instala\u00e7\u00f5es e a utiliza\u00e7\u00e3o a longo prazo do equipamento. \u00c9 a\u00ed que entra o <strong>aluguer tempor\u00e1rio de ar condicionado<\/strong> da <a href=\"https:\/\/www.rafraichisseur-air.fr\/pt-pt\/\">FoxAir<\/a>. Especialistas em arrefecimento adiab\u00e1tico do ar, oferecemos solu\u00e7\u00f5es de ar condicionado industrial adaptadas \u00e0s suas necessidades espec\u00edficas, seja num ambiente industrial ou de <a href=\"https:\/\/www.rafraichisseur-air.fr\/pt-pt\/aluguer-de-ar-condicionado-para-eventos\/\">eventos<\/a>.<\/p>\n<p style=\"text-align: center;\">Os nossos refrigeradores de ar industriais m\u00f3veis oferecem uma efici\u00eancia not\u00e1vel para grandes espa\u00e7os com configura\u00e7\u00f5es at\u00edpicas para os quais as solu\u00e7\u00f5es de ar condicionado tradicionais nem sempre s\u00e3o adequadas. A nossa oferta n\u00e3o s\u00f3 te d\u00e1 a vantagem de um equipamento de alta qualidade, mas tamb\u00e9m de uma instala\u00e7\u00e3o e configura\u00e7\u00e3o personalizadas.<\/p>\n\t\t\t\t\t\t<\/div>\n\t\t\t\t<\/div>\n\t\t\t\t\t<\/div>\n\t\t<\/div>\n\t\t\t\t\t<\/div>\n\t\t<\/section>\n\t\t\t\t\t<\/div>\n\t\t<\/div>\n\t\t\t\t\t<\/div>\n\t\t<\/section>\n\t\t\t\t<section style=\"background-image: url(https:\/\/www.rafraichisseur-air.fr\/wp-content\/uploads\/2021\/02\/background-foxair-3.jpg); min-height: 0px\" class=\"qodef-parallax-section-holder qodef-parallax-section-holder-touch-disabled elementor-section elementor-top-section elementor-element elementor-element-524ed871 parallax_section_holder elementor-section-boxed elementor-section-height-default elementor-section-height-default qodef_elementor_container_no\" data-qodef-parallax-speed=\"0\" data-id=\"524ed871\" data-element_type=\"section\" data-settings=\"{&quot;background_background&quot;:&quot;classic&quot;,&quot;shape_divider_bottom&quot;:&quot;tilt&quot;,&quot;shape_divider_top&quot;:&quot;tilt&quot;,&quot;qode_parallax_image&quot;:{&quot;url&quot;:&quot;https:\\\/\\\/www.rafraichisseur-air.fr\\\/wp-content\\\/uploads\\\/2021\\\/02\\\/background-foxair-3.jpg&quot;,&quot;id&quot;:17062,&quot;size&quot;:&quot;&quot;}}\">\n\t\t\t\t\t<div class=\"elementor-shape elementor-shape-top\" data-negative=\"false\">\n\t\t\t<svg xmlns=\"http:\/\/www.w3.org\/2000\/svg\" viewBox=\"0 0 1000 100\" preserveAspectRatio=\"none\">\n\t<path class=\"elementor-shape-fill\" d=\"M0,6V0h1000v100L0,6z\"\/>\n<\/svg>\t\t<\/div>\n\t\t\t\t<div class=\"elementor-shape elementor-shape-bottom\" data-negative=\"false\">\n\t\t\t<svg xmlns=\"http:\/\/www.w3.org\/2000\/svg\" viewBox=\"0 0 1000 100\" preserveAspectRatio=\"none\">\n\t<path class=\"elementor-shape-fill\" d=\"M0,6V0h1000v100L0,6z\"\/>\n<\/svg>\t\t<\/div>\n\t\t\t\t\t<div class=\"elementor-container elementor-column-gap-default\">\n\t\t\t\t\t<div class=\"elementor-column elementor-col-50 elementor-top-column elementor-element elementor-element-2269f20a\" data-id=\"2269f20a\" data-element_type=\"column\">\n\t\t\t<div class=\"elementor-widget-wrap elementor-element-populated\">\n\t\t\t\t\t\t<section class=\"elementor-section elementor-inner-section elementor-element elementor-element-3fd3b01 elementor-section-content-top qodef_elementor_container_inner elementor-section-boxed elementor-section-height-default elementor-section-height-default parallax_section_no\" data-id=\"3fd3b01\" data-element_type=\"section\">\n\t\t\t\t\t\t<div class=\"elementor-container elementor-column-gap-default\">\n\t\t\t\t\t<div class=\"elementor-column elementor-col-100 elementor-inner-column elementor-element elementor-element-4e19d094\" data-id=\"4e19d094\" data-element_type=\"column\">\n\t\t\t<div class=\"elementor-widget-wrap\">\n\t\t\t\t\t\t\t<\/div>\n\t\t<\/div>\n\t\t\t\t\t<\/div>\n\t\t<\/section>\n\t\t\t\t\t<\/div>\n\t\t<\/div>\n\t\t\t\t<div class=\"elementor-column elementor-col-50 elementor-top-column elementor-element elementor-element-73cc0856\" data-id=\"73cc0856\" data-element_type=\"column\">\n\t\t\t<div class=\"elementor-widget-wrap elementor-element-populated\">\n\t\t\t\t\t\t<section class=\"elementor-section elementor-inner-section elementor-element elementor-element-1b84231b elementor-section-content-top qodef_elementor_container_inner elementor-section-boxed elementor-section-height-default elementor-section-height-default parallax_section_no\" data-id=\"1b84231b\" data-element_type=\"section\">\n\t\t\t\t\t\t<div class=\"elementor-container elementor-column-gap-default\">\n\t\t\t\t\t<div class=\"elementor-column elementor-col-100 elementor-inner-column elementor-element elementor-element-386e45df\" data-id=\"386e45df\" data-element_type=\"column\">\n\t\t\t<div class=\"elementor-widget-wrap elementor-element-populated\">\n\t\t\t\t\t\t<div class=\"elementor-element elementor-element-4341139b elementor-widget elementor-widget-text-editor\" data-id=\"4341139b\" data-element_type=\"widget\" id=\"devis\" data-widget_type=\"text-editor.default\">\n\t\t\t\t<div class=\"elementor-widget-container\">\n\t\t\t\t\t\t\t<p>Solicita um or\u00e7amento r\u00e1pido<\/p>\n\t\t\t\t\t\t<\/div>\n\t\t\t\t<\/div>\n\t\t\t\t<div class=\"elementor-element elementor-element-2eed92e2 elementor-align-center elementor-widget elementor-widget-button\" data-id=\"2eed92e2\" data-element_type=\"widget\" data-widget_type=\"button.default\">\n\t\t\t\t<div class=\"elementor-widget-container\">\n\t\t\t\t\t<div class=\"elementor-button-wrapper\">\n\t\t\t<a class=\"elementor-button elementor-button-link elementor-size-sm elementor-animation-pop\" href=\"tel:+33478844000\">\n\t\t\t\t\t\t<span class=\"elementor-button-content-wrapper\">\n\t\t\t\t\t\t\t\t\t<span class=\"elementor-button-text\"><i class=\"menu_icon icon-phone fa\"><\/i>  +33 4 78 84 40 00<\/span>\n\t\t\t\t\t<\/span>\n\t\t\t\t\t<\/a>\n\t\t<\/div>\n\t\t\t\t<\/div>\n\t\t\t\t<\/div>\n\t\t\t\t<div class=\"elementor-element elementor-element-39e9178f elementor-widget elementor-widget-text-editor\" data-id=\"39e9178f\" data-element_type=\"widget\" data-widget_type=\"text-editor.default\">\n\t\t\t\t<div class=\"elementor-widget-container\">\n\t\t\t\t\t\t\t<p>Formul\u00e1rio de or\u00e7amento<\/p>\n\t\t\t\t\t\t<\/div>\n\t\t\t\t<\/div>\n\t\t\t\t<div class=\"elementor-element elementor-element-7980cb3c elementor-widget elementor-widget-text-editor\" data-id=\"7980cb3c\" data-element_type=\"widget\" data-widget_type=\"text-editor.default\">\n\t\t\t\t<div class=\"elementor-widget-container\">\n\t\t\t\t\t\t\t<p>\n<div class=\"wpcf7 no-js\" id=\"wpcf7-f35847-o1\" lang=\"pt-PT\" dir=\"ltr\">\n<div class=\"screen-reader-response\"><p role=\"status\" aria-live=\"polite\" aria-atomic=\"true\"><\/p> <ul><\/ul><\/div>\n<form action=\"\/pt-pt\/wp-json\/wp\/v2\/pages\/34620#wpcf7-f35847-o1\" method=\"post\" class=\"wpcf7-form init\" aria-label=\"Formul\u00e1rio de contacto\" novalidate=\"novalidate\" data-status=\"init\">\n<div style=\"display: none;\">\n<input type=\"hidden\" name=\"_wpcf7\" value=\"35847\" \/>\n<input type=\"hidden\" name=\"_wpcf7_version\" value=\"5.9.6\" \/>\n<input type=\"hidden\" name=\"_wpcf7_locale\" value=\"pt_PT\" \/>\n<input type=\"hidden\" name=\"_wpcf7_unit_tag\" value=\"wpcf7-f35847-o1\" \/>\n<input type=\"hidden\" name=\"_wpcf7_container_post\" value=\"0\" \/>\n<input type=\"hidden\" name=\"_wpcf7_posted_data_hash\" value=\"\" \/>\n<input type=\"hidden\" name=\"_wpcf7_recaptcha_response\" value=\"\" \/>\n<\/div>\n<p><span class=\"wpcf7-form-control-wrap\" data-name=\"Empresa\"><input size=\"40\" maxlength=\"80\" class=\"wpcf7-form-control wpcf7-text wpcf7-validates-as-required\" aria-required=\"true\" aria-invalid=\"false\" value=\"Empresa *\" type=\"text\" name=\"Empresa\" \/><\/span>\n<\/p>\n<p><span class=\"wpcf7-form-control-wrap\" data-name=\"Nome\"><input size=\"40\" maxlength=\"80\" class=\"wpcf7-form-control wpcf7-text wpcf7-validates-as-required\" aria-required=\"true\" aria-invalid=\"false\" placeholder=\"Nome *\" value=\"\" type=\"text\" name=\"Nome\" \/><\/span>\n<\/p>\n<p><span class=\"wpcf7-form-control-wrap\" data-name=\"Telefone\"><input size=\"40\" maxlength=\"80\" class=\"wpcf7-form-control wpcf7-text wpcf7-validates-as-required\" aria-required=\"true\" aria-invalid=\"false\" value=\"Telefone *\" type=\"text\" name=\"Telefone\" \/><\/span>\n<\/p>\n<p><span class=\"wpcf7-form-control-wrap\" data-name=\"Email\"><input size=\"40\" maxlength=\"80\" class=\"wpcf7-form-control wpcf7-email wpcf7-validates-as-required wpcf7-text wpcf7-validates-as-email\" aria-required=\"true\" aria-invalid=\"false\" value=\"E-mail *\" type=\"email\" name=\"Email\" \/><\/span>\n<\/p>\n<p><span class=\"wpcf7-form-control-wrap\" data-name=\"Mensagem\"><textarea cols=\"40\" rows=\"10\" maxlength=\"400\" class=\"wpcf7-form-control wpcf7-textarea\" aria-invalid=\"false\" placeholder=\"Mensagem\" name=\"Mensagem\"><\/textarea><\/span>\n<\/p>\n<p><span class=\"wpcf7-form-control-wrap\" data-name=\"acceptance-808\"><span class=\"wpcf7-form-control wpcf7-acceptance\"><span class=\"wpcf7-list-item\"><label><input type=\"checkbox\" name=\"acceptance-808\" value=\"1\" aria-invalid=\"false\" \/><span class=\"wpcf7-list-item-label\">Ao enviar este formul\u00e1rio, concordo que as informa\u00e7\u00f5es nele introduzidas possam ser utilizadas, exploradas ou processadas para permitir que eu seja novamente contactado ou no \u00e2mbito da rela\u00e7\u00e3o comercial decorrente deste pedido.<\/span><\/label><\/span><\/span><\/span>\n<\/p>\n<p><input class=\"wpcf7-form-control wpcf7-submit has-spinner\" type=\"submit\" value=\"Envia\" \/>\n<\/p><p style=\"display: none !important;\" class=\"akismet-fields-container\" data-prefix=\"_wpcf7_ak_\"><label>&#916;<textarea name=\"_wpcf7_ak_hp_textarea\" cols=\"45\" rows=\"8\" maxlength=\"100\"><\/textarea><\/label><input type=\"hidden\" id=\"ak_js_1\" name=\"_wpcf7_ak_js\" value=\"88\"\/><script>document.getElementById( \"ak_js_1\" ).setAttribute( \"value\", ( new Date() ).getTime() );<\/script><\/p><div class=\"wpcf7-response-output\" aria-hidden=\"true\"><\/div>\n<\/form>\n<\/div>\n<\/p>\n\t\t\t\t\t\t<\/div>\n\t\t\t\t<\/div>\n\t\t\t\t\t<\/div>\n\t\t<\/div>\n\t\t\t\t\t<\/div>\n\t\t<\/section>\n\t\t\t\t\t<\/div>\n\t\t<\/div>\n\t\t\t\t\t<\/div>\n\t\t<\/section>\n\t\t\t\t<section class=\"elementor-section elementor-top-section elementor-element elementor-element-1d9e4740 elementor-section-full_width elementor-section-height-default elementor-section-height-default parallax_section_no qodef_elementor_container_no\" data-id=\"1d9e4740\" data-element_type=\"section\" data-settings=\"{&quot;background_background&quot;:&quot;classic&quot;}\">\n\t\t\t\t\t\t<div class=\"elementor-container elementor-column-gap-default\">\n\t\t\t\t\t<div class=\"elementor-column elementor-col-100 elementor-top-column elementor-element elementor-element-539f0495\" data-id=\"539f0495\" data-element_type=\"column\">\n\t\t\t<div class=\"elementor-widget-wrap elementor-element-populated\">\n\t\t\t\t\t\t<section class=\"elementor-section elementor-inner-section elementor-element elementor-element-6adeaa5f elementor-section-content-top qodef_elementor_container_inner elementor-section-boxed elementor-section-height-default elementor-section-height-default parallax_section_no\" data-id=\"6adeaa5f\" data-element_type=\"section\">\n\t\t\t\t\t\t<div class=\"elementor-container elementor-column-gap-default\">\n\t\t\t\t\t<div class=\"elementor-column elementor-col-50 elementor-inner-column elementor-element elementor-element-7a40b396\" data-id=\"7a40b396\" data-element_type=\"column\" data-settings=\"{&quot;background_background&quot;:&quot;classic&quot;}\">\n\t\t\t<div class=\"elementor-widget-wrap elementor-element-populated\">\n\t\t\t\t\t\t<div class=\"elementor-element elementor-element-70deb4d5 elementor-widget elementor-widget-image\" data-id=\"70deb4d5\" data-element_type=\"widget\" data-widget_type=\"image.default\">\n\t\t\t\t<div class=\"elementor-widget-container\">\n\t\t\t\t\t\t\t\t\t\t\t\t\t\t<a href=\"https:\/\/www.rafraichisseur-air.fr\/wp-content\/uploads\/2015\/05\/application-foxair-entrepot2.jpg\" data-elementor-open-lightbox=\"yes\" data-elementor-lightbox-title=\"Climatisation Mobile FoxAir dans un entrep\u00f4t industriel\" data-e-action-hash=\"#elementor-action%3Aaction%3Dlightbox%26settings%3DeyJpZCI6MzMzODAsInVybCI6Imh0dHBzOlwvXC93d3cucmFmcmFpY2hpc3NldXItYWlyLmZyXC93cC1jb250ZW50XC91cGxvYWRzXC8yMDE1XC8wNVwvYXBwbGljYXRpb24tZm94YWlyLWVudHJlcG90Mi5qcGcifQ%3D%3D\">\n\t\t\t\t\t\t\t<img decoding=\"async\" src=\"https:\/\/www.rafraichisseur-air.fr\/wp-content\/uploads\/elementor\/thumbs\/application-foxair-entrepot2-p4olv3fdq4oypgh2fhemspea8rbv6pi9l9v5jxrdyo.jpg\" title=\"Climatisation Mobile FoxAir dans un entrep\u00f4t industriel\" alt=\"Climatisation Mobile FoxAir dans un entrep\u00f4t industriel\" loading=\"lazy\" \/>\t\t\t\t\t\t\t\t<\/a>\n\t\t\t\t\t\t\t\t\t\t\t\t\t<\/div>\n\t\t\t\t<\/div>\n\t\t\t\t\t<\/div>\n\t\t<\/div>\n\t\t\t\t<div class=\"elementor-column elementor-col-50 elementor-inner-column elementor-element elementor-element-275435cb\" data-id=\"275435cb\" data-element_type=\"column\">\n\t\t\t<div class=\"elementor-widget-wrap elementor-element-populated\">\n\t\t\t\t\t\t<div class=\"elementor-element elementor-element-6c014a03 elementor-widget elementor-widget-text-editor\" data-id=\"6c014a03\" data-element_type=\"widget\" data-widget_type=\"text-editor.default\">\n\t\t\t\t<div class=\"elementor-widget-container\">\n\t\t\t\t\t\t\t<h2>As vantagens de contratar refrigeradores de ar industriais<\/h2>\n\t\t\t\t\t\t<\/div>\n\t\t\t\t<\/div>\n\t\t\t\t<div class=\"elementor-element elementor-element-5dce7fbe elementor-widget elementor-widget-spacer\" data-id=\"5dce7fbe\" data-element_type=\"widget\" data-widget_type=\"spacer.default\">\n\t\t\t\t<div class=\"elementor-widget-container\">\n\t\t\t\t\t<div class=\"elementor-spacer\">\n\t\t\t<div class=\"elementor-spacer-inner\"><\/div>\n\t\t<\/div>\n\t\t\t\t<\/div>\n\t\t\t\t<\/div>\n\t\t\t\t<div class=\"elementor-element elementor-element-425d7ddd elementor-widget elementor-widget-text-editor\" data-id=\"425d7ddd\" data-element_type=\"widget\" data-widget_type=\"text-editor.default\">\n\t\t\t\t<div class=\"elementor-widget-container\">\n\t\t\t\t\t\t\t<p><strong>O aluguer de refrigeradores de ar industriais<\/strong> oferece uma s\u00e9rie de vantagens aos profissionais. Em primeiro lugar, esta solu\u00e7\u00e3o oferece uma flexibilidade inigual\u00e1vel, uma vez que se adapta precisamente \u00e0 dura\u00e7\u00e3o de utiliza\u00e7\u00e3o de que necessita, com um pre\u00e7o adaptado em conformidade. Isto poupa-te dinheiro porque n\u00e3o precisas de armazenamento permanente.<\/p> \n\n\t\t\t\t\t\t<\/div>\n\t\t\t\t<\/div>\n\t\t\t\t\t<\/div>\n\t\t<\/div>\n\t\t\t\t\t<\/div>\n\t\t<\/section>\n\t\t\t\t\t<\/div>\n\t\t<\/div>\n\t\t\t\t\t<\/div>\n\t\t<\/section>\n\t\t\t\t<section class=\"elementor-section elementor-top-section elementor-element elementor-element-6ef1c9bc elementor-section-full_width elementor-section-height-default elementor-section-height-default parallax_section_no qodef_elementor_container_no\" data-id=\"6ef1c9bc\" data-element_type=\"section\" data-settings=\"{&quot;background_background&quot;:&quot;classic&quot;,&quot;shape_divider_top&quot;:&quot;tilt&quot;}\">\n\t\t\t\t\t<div class=\"elementor-shape elementor-shape-top\" data-negative=\"false\">\n\t\t\t<svg xmlns=\"http:\/\/www.w3.org\/2000\/svg\" viewBox=\"0 0 1000 100\" preserveAspectRatio=\"none\">\n\t<path class=\"elementor-shape-fill\" d=\"M0,6V0h1000v100L0,6z\"\/>\n<\/svg>\t\t<\/div>\n\t\t\t\t\t<div class=\"elementor-container elementor-column-gap-default\">\n\t\t\t\t\t<div class=\"elementor-column elementor-col-100 elementor-top-column elementor-element elementor-element-7e5dd406\" data-id=\"7e5dd406\" data-element_type=\"column\">\n\t\t\t<div class=\"elementor-widget-wrap elementor-element-populated\">\n\t\t\t\t\t\t<section class=\"elementor-section elementor-inner-section elementor-element elementor-element-636d6af2 elementor-section-content-top qodef_elementor_container_inner elementor-section-boxed elementor-section-height-default elementor-section-height-default parallax_section_no\" data-id=\"636d6af2\" data-element_type=\"section\">\n\t\t\t\t\t\t<div class=\"elementor-container elementor-column-gap-default\">\n\t\t\t\t\t<div class=\"elementor-column elementor-col-50 elementor-inner-column elementor-element elementor-element-13c1cb95\" data-id=\"13c1cb95\" data-element_type=\"column\">\n\t\t\t<div class=\"elementor-widget-wrap elementor-element-populated\">\n\t\t\t\t\t\t<div class=\"elementor-element elementor-element-7f2b7b67 elementor-widget elementor-widget-text-editor\" data-id=\"7f2b7b67\" data-element_type=\"widget\" data-widget_type=\"text-editor.default\">\n\t\t\t\t<div class=\"elementor-widget-container\">\n\t\t\t\t\t\t\t<h2>Refrigeradores de ar para todos os espa\u00e7os<\/h2>\n\t\t\t\t\t\t<\/div>\n\t\t\t\t<\/div>\n\t\t\t\t<div class=\"elementor-element elementor-element-25e164d7 elementor-widget elementor-widget-spacer\" data-id=\"25e164d7\" data-element_type=\"widget\" data-widget_type=\"spacer.default\">\n\t\t\t\t<div class=\"elementor-widget-container\">\n\t\t\t\t\t<div class=\"elementor-spacer\">\n\t\t\t<div class=\"elementor-spacer-inner\"><\/div>\n\t\t<\/div>\n\t\t\t\t<\/div>\n\t\t\t\t<\/div>\n\t\t\t\t<div class=\"elementor-element elementor-element-4600ea1e elementor-widget elementor-widget-text-editor\" data-id=\"4600ea1e\" data-element_type=\"widget\" data-widget_type=\"text-editor.default\">\n\t\t\t\t<div class=\"elementor-widget-container\">\n\t\t\t\t\t\t\t<p>Na FoxAir, entendemos que cada espa\u00e7o \u00e9 \u00fanico. \u00c9 por isso que a nossa equipa de especialistas estuda meticulosamente a configura\u00e7\u00e3o do local, com base em planos ou visitando diretamente o local, se necess\u00e1rio, para garantir que as unidades de ar condicionado s\u00e3o instaladas da melhor forma.<\/p>\n<p>Seleccionamos os modelos mais adequados da nossa <a href=\"https:\/\/www.rafraichisseur-air.fr\/pt-pt\/gama\/\">gama<\/a> em fun\u00e7\u00e3o das zonas a cobrir. O nosso objetivo \u00e9 fornecer-lhe uma <strong>solu\u00e7\u00e3o de climatiza\u00e7\u00e3o tempor\u00e1ria<\/strong> que responda perfeitamente \u00e0s suas necessidades.<\/p>\n<p><strong>Os<\/strong> nossos <strong>refrigeradores de ar adiab\u00e1ticos<\/strong> s\u00e3o capazes de tratar de 100 a 500m\u00b2 de espa\u00e7o cada, dependendo da configura\u00e7\u00e3o das instala\u00e7\u00f5es.<\/p>\n\t\t\t\t\t\t<\/div>\n\t\t\t\t<\/div>\n\t\t\t\t\t<\/div>\n\t\t<\/div>\n\t\t\t\t<div class=\"elementor-column elementor-col-50 elementor-inner-column elementor-element elementor-element-6b074811\" data-id=\"6b074811\" data-element_type=\"column\" data-settings=\"{&quot;background_background&quot;:&quot;classic&quot;}\">\n\t\t\t<div class=\"elementor-widget-wrap elementor-element-populated\">\n\t\t\t\t\t\t<div class=\"elementor-element elementor-element-388ec291 elementor-widget elementor-widget-image\" data-id=\"388ec291\" data-element_type=\"widget\" data-widget_type=\"image.default\">\n\t\t\t\t<div class=\"elementor-widget-container\">\n\t\t\t\t\t\t\t\t\t\t\t\t\t<img fetchpriority=\"high\" decoding=\"async\" width=\"1200\" height=\"900\" src=\"https:\/\/www.rafraichisseur-air.fr\/wp-content\/uploads\/2018\/04\/image3.jpg\" class=\"attachment-full size-full wp-image-34177\" alt=\"\" srcset=\"https:\/\/www.rafraichisseur-air.fr\/wp-content\/uploads\/2018\/04\/image3.jpg 1200w, https:\/\/www.rafraichisseur-air.fr\/wp-content\/uploads\/2018\/04\/image3-300x225.jpg 300w, https:\/\/www.rafraichisseur-air.fr\/wp-content\/uploads\/2018\/04\/image3-768x576.jpg 768w, https:\/\/www.rafraichisseur-air.fr\/wp-content\/uploads\/2018\/04\/image3-1024x768.jpg 1024w, https:\/\/www.rafraichisseur-air.fr\/wp-content\/uploads\/2018\/04\/image3-200x150.jpg 200w, https:\/\/www.rafraichisseur-air.fr\/wp-content\/uploads\/2018\/04\/image3-400x300.jpg 400w, https:\/\/www.rafraichisseur-air.fr\/wp-content\/uploads\/2018\/04\/image3-600x450.jpg 600w, https:\/\/www.rafraichisseur-air.fr\/wp-content\/uploads\/2018\/04\/image3-800x600.jpg 800w\" sizes=\"(max-width: 1200px) 100vw, 1200px\" \/>\t\t\t\t\t\t\t\t\t\t\t\t\t<\/div>\n\t\t\t\t<\/div>\n\t\t\t\t\t<\/div>\n\t\t<\/div>\n\t\t\t\t\t<\/div>\n\t\t<\/section>\n\t\t\t\t<section class=\"elementor-section elementor-inner-section elementor-element elementor-element-b333a12 elementor-section-content-top qodef_elementor_container_inner elementor-section-boxed elementor-section-height-default elementor-section-height-default parallax_section_no\" data-id=\"b333a12\" data-element_type=\"section\">\n\t\t\t\t\t\t<div class=\"elementor-container elementor-column-gap-default\">\n\t\t\t\t\t<div class=\"elementor-column elementor-col-50 elementor-inner-column elementor-element elementor-element-e8caead\" data-id=\"e8caead\" data-element_type=\"column\" data-settings=\"{&quot;background_background&quot;:&quot;classic&quot;}\">\n\t\t\t<div class=\"elementor-widget-wrap elementor-element-populated\">\n\t\t\t\t\t\t<div class=\"elementor-element elementor-element-f2a6b75 elementor-widget elementor-widget-image\" data-id=\"f2a6b75\" data-element_type=\"widget\" data-widget_type=\"image.default\">\n\t\t\t\t<div class=\"elementor-widget-container\">\n\t\t\t\t\t\t\t\t\t\t\t\t\t\t<a href=\"https:\/\/www.rafraichisseur-air.fr\/wp-content\/uploads\/2023\/06\/foxair-slide2.png\" data-elementor-open-lightbox=\"yes\" data-elementor-lightbox-title=\"foxair-slide2\" data-e-action-hash=\"#elementor-action%3Aaction%3Dlightbox%26settings%3DeyJpZCI6Mjc0OTcsInVybCI6Imh0dHBzOlwvXC93d3cucmFmcmFpY2hpc3NldXItYWlyLmZyXC93cC1jb250ZW50XC91cGxvYWRzXC8yMDIzXC8wNlwvZm94YWlyLXNsaWRlMi5wbmcifQ%3D%3D\">\n\t\t\t\t\t\t\t<img decoding=\"async\" width=\"1200\" height=\"1685\" src=\"https:\/\/www.rafraichisseur-air.fr\/wp-content\/uploads\/2023\/06\/foxair-slide2.png\" class=\"attachment-full size-full wp-image-27497\" alt=\"\" srcset=\"https:\/\/www.rafraichisseur-air.fr\/wp-content\/uploads\/2023\/06\/foxair-slide2.png 1200w, https:\/\/www.rafraichisseur-air.fr\/wp-content\/uploads\/2023\/06\/foxair-slide2-214x300.png 214w, https:\/\/www.rafraichisseur-air.fr\/wp-content\/uploads\/2023\/06\/foxair-slide2-729x1024.png 729w, https:\/\/www.rafraichisseur-air.fr\/wp-content\/uploads\/2023\/06\/foxair-slide2-768x1078.png 768w, https:\/\/www.rafraichisseur-air.fr\/wp-content\/uploads\/2023\/06\/foxair-slide2-1094x1536.png 1094w\" sizes=\"(max-width: 1200px) 100vw, 1200px\" \/>\t\t\t\t\t\t\t\t<\/a>\n\t\t\t\t\t\t\t\t\t\t\t\t\t<\/div>\n\t\t\t\t<\/div>\n\t\t\t\t\t<\/div>\n\t\t<\/div>\n\t\t\t\t<div class=\"elementor-column elementor-col-50 elementor-inner-column elementor-element elementor-element-5d431e8\" data-id=\"5d431e8\" data-element_type=\"column\">\n\t\t\t<div class=\"elementor-widget-wrap elementor-element-populated\">\n\t\t\t\t\t\t<div class=\"elementor-element elementor-element-37f2c15 elementor-widget elementor-widget-spacer\" data-id=\"37f2c15\" data-element_type=\"widget\" data-widget_type=\"spacer.default\">\n\t\t\t\t<div class=\"elementor-widget-container\">\n\t\t\t\t\t<div class=\"elementor-spacer\">\n\t\t\t<div class=\"elementor-spacer-inner\"><\/div>\n\t\t<\/div>\n\t\t\t\t<\/div>\n\t\t\t\t<\/div>\n\t\t\t\t<div class=\"elementor-element elementor-element-f98d361 elementor-widget elementor-widget-text-editor\" data-id=\"f98d361\" data-element_type=\"widget\" data-widget_type=\"text-editor.default\">\n\t\t\t\t<div class=\"elementor-widget-container\">\n\t\t\t\t\t\t\t\n<p>Funcionam atrav\u00e9s da passagem de ar quente e seco por um filtro h\u00famido, reduzindo a temperatura de uma forma natural e amiga do ambiente. Estes dispositivos s\u00e3o particularmente adequados para ambientes onde o calor e a secura podem afetar o funcionamento do equipamento el\u00e9trico. O aumento da humidade evita a acumula\u00e7\u00e3o de eletricidade est\u00e1tica, que pode provocar inc\u00eandios. A maioria dos nossos modelos est\u00e1 dispon\u00edvel na vers\u00e3o EC para uma poupan\u00e7a de energia ainda maior e um ambiente de ru\u00eddo reduzido.<\/p> \n\n<blockquote>Est\u00e1s a considerar uma <strong>solu\u00e7\u00e3o tempor\u00e1ria de ar condicionado<\/strong> para o teu pr\u00f3ximo evento ou necessidades sazonais? Contacta-nos para discutir o teu projeto e obter um or\u00e7amento personalizado.<\/blockquote>\n\t\t\t\t\t\t<\/div>\n\t\t\t\t<\/div>\n\t\t\t\t\t<\/div>\n\t\t<\/div>\n\t\t\t\t\t<\/div>\n\t\t<\/section>\n\t\t\t\t\t<\/div>\n\t\t<\/div>\n\t\t\t\t\t<\/div>\n\t\t<\/section>\n\t\t\t\t<section style=\"background-image: url(https:\/\/www.rafraichisseur-air.fr\/wp-content\/uploads\/2021\/02\/background-foxair-3.jpg); min-height: 0px\" class=\"qodef-parallax-section-holder qodef-parallax-section-holder-touch-disabled elementor-section elementor-top-section elementor-element elementor-element-76a60ab8 elementor-section-full_width parallax_section_holder ctabackground elementor-section-height-default elementor-section-height-default qodef_elementor_container_no\" data-qodef-parallax-speed=\"0\" data-id=\"76a60ab8\" data-element_type=\"section\" data-settings=\"{&quot;background_background&quot;:&quot;classic&quot;,&quot;shape_divider_top&quot;:&quot;tilt&quot;,&quot;qode_parallax_image&quot;:{&quot;url&quot;:&quot;https:\\\/\\\/www.rafraichisseur-air.fr\\\/wp-content\\\/uploads\\\/2021\\\/02\\\/background-foxair-3.jpg&quot;,&quot;id&quot;:17062,&quot;size&quot;:&quot;&quot;}}\">\n\t\t\t\t\t<div class=\"elementor-shape elementor-shape-top\" data-negative=\"false\">\n\t\t\t<svg xmlns=\"http:\/\/www.w3.org\/2000\/svg\" viewBox=\"0 0 1000 100\" preserveAspectRatio=\"none\">\n\t<path class=\"elementor-shape-fill\" d=\"M0,6V0h1000v100L0,6z\"\/>\n<\/svg>\t\t<\/div>\n\t\t\t\t\t<div class=\"elementor-container elementor-column-gap-default\">\n\t\t\t\t\t<div class=\"elementor-column elementor-col-100 elementor-top-column elementor-element elementor-element-29de62a0\" data-id=\"29de62a0\" data-element_type=\"column\">\n\t\t\t<div class=\"elementor-widget-wrap elementor-element-populated\">\n\t\t\t\t\t\t<section class=\"elementor-section elementor-inner-section elementor-element elementor-element-26c4bd58 elementor-section-content-top qodef_elementor_container_inner elementor-section-boxed elementor-section-height-default elementor-section-height-default parallax_section_no\" data-id=\"26c4bd58\" data-element_type=\"section\">\n\t\t\t\t\t\t<div class=\"elementor-container elementor-column-gap-wider\">\n\t\t\t\t\t<div class=\"elementor-column elementor-col-50 elementor-inner-column elementor-element elementor-element-534f78e5\" data-id=\"534f78e5\" data-element_type=\"column\">\n\t\t\t<div class=\"elementor-widget-wrap\">\n\t\t\t\t\t\t\t<\/div>\n\t\t<\/div>\n\t\t\t\t<div class=\"elementor-column elementor-col-50 elementor-inner-column elementor-element elementor-element-6deff1fb\" data-id=\"6deff1fb\" data-element_type=\"column\">\n\t\t\t<div class=\"elementor-widget-wrap elementor-element-populated\">\n\t\t\t\t\t\t<div class=\"elementor-element elementor-element-59db062 elementor-widget elementor-widget-text-editor\" data-id=\"59db062\" data-element_type=\"widget\" data-widget_type=\"text-editor.default\">\n\t\t\t\t<div class=\"elementor-widget-container\">\n\t\t\t\t\t\t\t<p>Tens alguma pergunta?<br \/>Precisas de mais explica\u00e7\u00f5es?<\/p>\n\t\t\t\t\t\t<\/div>\n\t\t\t\t<\/div>\n\t\t\t\t<div class=\"elementor-element elementor-element-3261d99c elementor-widget elementor-widget-text-editor\" data-id=\"3261d99c\" data-element_type=\"widget\" data-widget_type=\"text-editor.default\">\n\t\t\t\t<div class=\"elementor-widget-container\">\n\t\t\t\t\t\t\t<p>Contacta-nos hoje para saberes mais! Teremos todo o prazer em responder a todas as tuas perguntas e em ajudar-te no teu projeto.<\/p>\n\t\t\t\t\t\t<\/div>\n\t\t\t\t<\/div>\n\t\t\t\t<div class=\"elementor-element elementor-element-60d86d57 elementor-align-center elementor-widget elementor-widget-button\" data-id=\"60d86d57\" data-element_type=\"widget\" data-widget_type=\"button.default\">\n\t\t\t\t<div class=\"elementor-widget-container\">\n\t\t\t\t\t<div class=\"elementor-button-wrapper\">\n\t\t\t<a class=\"elementor-button elementor-button-link elementor-size-sm elementor-animation-pop\" href=\"tel:+33478844000\">\n\t\t\t\t\t\t<span class=\"elementor-button-content-wrapper\">\n\t\t\t\t\t\t\t\t\t<span class=\"elementor-button-text\"><i class=\"menu_icon icon-phone fa\"><\/i>  +33 4 78 84 40 00<\/span>\n\t\t\t\t\t<\/span>\n\t\t\t\t\t<\/a>\n\t\t<\/div>\n\t\t\t\t<\/div>\n\t\t\t\t<\/div>\n\t\t\t\t<div class=\"elementor-element elementor-element-6a56f0b1 elementor-align-center elementor-widget elementor-widget-button\" data-id=\"6a56f0b1\" data-element_type=\"widget\" data-widget_type=\"button.default\">\n\t\t\t\t<div class=\"elementor-widget-container\">\n\t\t\t\t\t<div class=\"elementor-button-wrapper\">\n\t\t\t<a class=\"elementor-button elementor-button-link elementor-size-sm elementor-animation-pop\" href=\"#devis\">\n\t\t\t\t\t\t<span class=\"elementor-button-content-wrapper\">\n\t\t\t\t\t\t\t\t\t<span class=\"elementor-button-text\">Solicita um or\u00e7amento<\/span>\n\t\t\t\t\t<\/span>\n\t\t\t\t\t<\/a>\n\t\t<\/div>\n\t\t\t\t<\/div>\n\t\t\t\t<\/div>\n\t\t\t\t<div class=\"elementor-element elementor-element-9d14246 elementor-widget elementor-widget-spacer\" data-id=\"9d14246\" data-element_type=\"widget\" data-widget_type=\"spacer.default\">\n\t\t\t\t<div class=\"elementor-widget-container\">\n\t\t\t\t\t<div class=\"elementor-spacer\">\n\t\t\t<div class=\"elementor-spacer-inner\"><\/div>\n\t\t<\/div>\n\t\t\t\t<\/div>\n\t\t\t\t<\/div>\n\t\t\t\t\t<\/div>\n\t\t<\/div>\n\t\t\t\t\t<\/div>\n\t\t<\/section>\n\t\t\t\t\t<\/div>\n\t\t<\/div>\n\t\t\t\t\t<\/div>\n\t\t<\/section>\n\t\t\t\t<\/div>\n\t\t","protected":false},"excerpt":{"rendered":"<p>Aluguer tempor\u00e1rio de ar condicionado: uma solu\u00e7\u00e3o flex\u00edvel e econ\u00f3mica para os profissionais O conforto t\u00e9rmico \u00e9 essencial para um ambiente&#8230;<\/p>\n","protected":false},"author":1,"featured_media":0,"parent":0,"menu_order":0,"comment_status":"closed","ping_status":"closed","template":"full-width.php","meta":{"footnotes":""},"yoast_head":"<!-- This site is optimized with the Yoast SEO plugin v23.0 - https:\/\/yoast.com\/wordpress\/plugins\/seo\/ -->\n<title>Aluguer tempor\u00e1rio de ar condicionado: Descobre a oferta da FoxAir<\/title>\n<meta name=\"description\" content=\"Descobre mais sobre o servi\u00e7o de aluguer tempor\u00e1rio de ar condicionado da FoxAir para profissionais. A nossa gama de ambientadores adiab\u00e1ticos oferece-te uma grande flexibilidade de utiliza\u00e7\u00e3o, quer se trate de um evento, de necessidades pontuais ou de necessidades sazonais.\" \/>\n<meta name=\"robots\" content=\"index, follow, max-snippet:-1, max-image-preview:large, max-video-preview:-1\" \/>\n<link rel=\"canonical\" href=\"https:\/\/www.rafraichisseur-air.fr\/pt-pt\/aluguer-temporario-de-ar-condicionado\/\" \/>\n<meta property=\"og:locale\" content=\"pt_PT\" \/>\n<meta property=\"og:type\" content=\"article\" \/>\n<meta property=\"og:title\" content=\"Aluguer tempor\u00e1rio de ar condicionado: Descobre a oferta da FoxAir\" \/>\n<meta property=\"og:description\" content=\"Descobre mais sobre o servi\u00e7o de aluguer tempor\u00e1rio de ar condicionado da FoxAir para profissionais. A nossa gama de ambientadores adiab\u00e1ticos oferece-te uma grande flexibilidade de utiliza\u00e7\u00e3o, quer se trate de um evento, de necessidades pontuais ou de necessidades sazonais.\" \/>\n<meta property=\"og:url\" content=\"https:\/\/www.rafraichisseur-air.fr\/pt-pt\/aluguer-temporario-de-ar-condicionado\/\" \/>\n<meta property=\"og:site_name\" content=\"Foxair\" \/>\n<meta property=\"article:publisher\" content=\"https:\/\/www.facebook.com\/foxair.france\" \/>\n<meta property=\"article:modified_time\" content=\"2024-07-08T14:48:11+00:00\" \/>\n<meta property=\"og:image\" content=\"https:\/\/www.rafraichisseur-air.fr\/wp-content\/uploads\/elementor\/thumbs\/application-foxair-entrepot2-p4olv3fdq4oypgh2fhemspea8rbv6pi9l9v5jxrdyo.jpg\" \/>\n<meta name=\"twitter:card\" content=\"summary_large_image\" \/>\n<meta name=\"twitter:label1\" content=\"Tempo estimado de leitura\" \/>\n\t<meta name=\"twitter:data1\" content=\"3 minutos\" \/>\n<script type=\"application\/ld+json\" class=\"yoast-schema-graph\">{\"@context\":\"https:\/\/schema.org\",\"@graph\":[{\"@type\":\"WebPage\",\"@id\":\"https:\/\/www.rafraichisseur-air.fr\/pt-pt\/aluguer-temporario-de-ar-condicionado\/\",\"url\":\"https:\/\/www.rafraichisseur-air.fr\/pt-pt\/aluguer-temporario-de-ar-condicionado\/\",\"name\":\"Aluguer tempor\u00e1rio de ar condicionado: Descobre a oferta da FoxAir\",\"isPartOf\":{\"@id\":\"https:\/\/www.rafraichisseur-air.fr\/pt-pt\/#website\"},\"primaryImageOfPage\":{\"@id\":\"https:\/\/www.rafraichisseur-air.fr\/pt-pt\/aluguer-temporario-de-ar-condicionado\/#primaryimage\"},\"image\":{\"@id\":\"https:\/\/www.rafraichisseur-air.fr\/pt-pt\/aluguer-temporario-de-ar-condicionado\/#primaryimage\"},\"thumbnailUrl\":\"https:\/\/www.rafraichisseur-air.fr\/wp-content\/uploads\/elementor\/thumbs\/application-foxair-entrepot2-p4olv3fdq4oypgh2fhemspea8rbv6pi9l9v5jxrdyo.jpg\",\"datePublished\":\"2024-01-24T17:54:08+00:00\",\"dateModified\":\"2024-07-08T14:48:11+00:00\",\"description\":\"Descobre mais sobre o servi\u00e7o de aluguer tempor\u00e1rio de ar condicionado da FoxAir para profissionais. A nossa gama de ambientadores adiab\u00e1ticos oferece-te uma grande flexibilidade de utiliza\u00e7\u00e3o, quer se trate de um evento, de necessidades pontuais ou de necessidades sazonais.\",\"inLanguage\":\"pt-PT\",\"potentialAction\":[{\"@type\":\"ReadAction\",\"target\":[\"https:\/\/www.rafraichisseur-air.fr\/pt-pt\/aluguer-temporario-de-ar-condicionado\/\"]}]},{\"@type\":\"ImageObject\",\"inLanguage\":\"pt-PT\",\"@id\":\"https:\/\/www.rafraichisseur-air.fr\/pt-pt\/aluguer-temporario-de-ar-condicionado\/#primaryimage\",\"url\":\"https:\/\/www.rafraichisseur-air.fr\/wp-content\/uploads\/elementor\/thumbs\/application-foxair-entrepot2-p4olv3fdq4oypgh2fhemspea8rbv6pi9l9v5jxrdyo.jpg\",\"contentUrl\":\"https:\/\/www.rafraichisseur-air.fr\/wp-content\/uploads\/elementor\/thumbs\/application-foxair-entrepot2-p4olv3fdq4oypgh2fhemspea8rbv6pi9l9v5jxrdyo.jpg\"},{\"@type\":\"WebSite\",\"@id\":\"https:\/\/www.rafraichisseur-air.fr\/pt-pt\/#website\",\"url\":\"https:\/\/www.rafraichisseur-air.fr\/pt-pt\/\",\"name\":\"Foxair\",\"description\":\"Rafra\u00eechisseur d&#039;air par \u00e9vaporation\",\"potentialAction\":[{\"@type\":\"SearchAction\",\"target\":{\"@type\":\"EntryPoint\",\"urlTemplate\":\"https:\/\/www.rafraichisseur-air.fr\/pt-pt\/?s={search_term_string}\"},\"query-input\":\"required name=search_term_string\"}],\"inLanguage\":\"pt-PT\"}]}<\/script>\n<!-- \/ Yoast SEO plugin. -->","yoast_head_json":{"title":"Aluguer tempor\u00e1rio de ar condicionado: Descobre a oferta da FoxAir","description":"Descobre mais sobre o servi\u00e7o de aluguer tempor\u00e1rio de ar condicionado da FoxAir para profissionais. A nossa gama de ambientadores adiab\u00e1ticos oferece-te uma grande flexibilidade de utiliza\u00e7\u00e3o, quer se trate de um evento, de necessidades pontuais ou de necessidades sazonais.","robots":{"index":"index","follow":"follow","max-snippet":"max-snippet:-1","max-image-preview":"max-image-preview:large","max-video-preview":"max-video-preview:-1"},"canonical":"https:\/\/www.rafraichisseur-air.fr\/pt-pt\/aluguer-temporario-de-ar-condicionado\/","og_locale":"pt_PT","og_type":"article","og_title":"Aluguer tempor\u00e1rio de ar condicionado: Descobre a oferta da FoxAir","og_description":"Descobre mais sobre o servi\u00e7o de aluguer tempor\u00e1rio de ar condicionado da FoxAir para profissionais. A nossa gama de ambientadores adiab\u00e1ticos oferece-te uma grande flexibilidade de utiliza\u00e7\u00e3o, quer se trate de um evento, de necessidades pontuais ou de necessidades sazonais.","og_url":"https:\/\/www.rafraichisseur-air.fr\/pt-pt\/aluguer-temporario-de-ar-condicionado\/","og_site_name":"Foxair","article_publisher":"https:\/\/www.facebook.com\/foxair.france","article_modified_time":"2024-07-08T14:48:11+00:00","og_image":[{"url":"https:\/\/www.rafraichisseur-air.fr\/wp-content\/uploads\/elementor\/thumbs\/application-foxair-entrepot2-p4olv3fdq4oypgh2fhemspea8rbv6pi9l9v5jxrdyo.jpg"}],"twitter_card":"summary_large_image","twitter_misc":{"Tempo estimado de leitura":"3 minutos"},"schema":{"@context":"https:\/\/schema.org","@graph":[{"@type":"WebPage","@id":"https:\/\/www.rafraichisseur-air.fr\/pt-pt\/aluguer-temporario-de-ar-condicionado\/","url":"https:\/\/www.rafraichisseur-air.fr\/pt-pt\/aluguer-temporario-de-ar-condicionado\/","name":"Aluguer tempor\u00e1rio de ar condicionado: Descobre a oferta da FoxAir","isPartOf":{"@id":"https:\/\/www.rafraichisseur-air.fr\/pt-pt\/#website"},"primaryImageOfPage":{"@id":"https:\/\/www.rafraichisseur-air.fr\/pt-pt\/aluguer-temporario-de-ar-condicionado\/#primaryimage"},"image":{"@id":"https:\/\/www.rafraichisseur-air.fr\/pt-pt\/aluguer-temporario-de-ar-condicionado\/#primaryimage"},"thumbnailUrl":"https:\/\/www.rafraichisseur-air.fr\/wp-content\/uploads\/elementor\/thumbs\/application-foxair-entrepot2-p4olv3fdq4oypgh2fhemspea8rbv6pi9l9v5jxrdyo.jpg","datePublished":"2024-01-24T17:54:08+00:00","dateModified":"2024-07-08T14:48:11+00:00","description":"Descobre mais sobre o servi\u00e7o de aluguer tempor\u00e1rio de ar condicionado da FoxAir para profissionais. A nossa gama de ambientadores adiab\u00e1ticos oferece-te uma grande flexibilidade de utiliza\u00e7\u00e3o, quer se trate de um evento, de necessidades pontuais ou de necessidades sazonais.","inLanguage":"pt-PT","potentialAction":[{"@type":"ReadAction","target":["https:\/\/www.rafraichisseur-air.fr\/pt-pt\/aluguer-temporario-de-ar-condicionado\/"]}]},{"@type":"ImageObject","inLanguage":"pt-PT","@id":"https:\/\/www.rafraichisseur-air.fr\/pt-pt\/aluguer-temporario-de-ar-condicionado\/#primaryimage","url":"https:\/\/www.rafraichisseur-air.fr\/wp-content\/uploads\/elementor\/thumbs\/application-foxair-entrepot2-p4olv3fdq4oypgh2fhemspea8rbv6pi9l9v5jxrdyo.jpg","contentUrl":"https:\/\/www.rafraichisseur-air.fr\/wp-content\/uploads\/elementor\/thumbs\/application-foxair-entrepot2-p4olv3fdq4oypgh2fhemspea8rbv6pi9l9v5jxrdyo.jpg"},{"@type":"WebSite","@id":"https:\/\/www.rafraichisseur-air.fr\/pt-pt\/#website","url":"https:\/\/www.rafraichisseur-air.fr\/pt-pt\/","name":"Foxair","description":"Rafra\u00eechisseur d&#039;air par \u00e9vaporation","potentialAction":[{"@type":"SearchAction","target":{"@type":"EntryPoint","urlTemplate":"https:\/\/www.rafraichisseur-air.fr\/pt-pt\/?s={search_term_string}"},"query-input":"required name=search_term_string"}],"inLanguage":"pt-PT"}]}},"_links":{"self":[{"href":"https:\/\/www.rafraichisseur-air.fr\/pt-pt\/wp-json\/wp\/v2\/pages\/34620"}],"collection":[{"href":"https:\/\/www.rafraichisseur-air.fr\/pt-pt\/wp-json\/wp\/v2\/pages"}],"about":[{"href":"https:\/\/www.rafraichisseur-air.fr\/pt-pt\/wp-json\/wp\/v2\/types\/page"}],"author":[{"embeddable":true,"href":"https:\/\/www.rafraichisseur-air.fr\/pt-pt\/wp-json\/wp\/v2\/users\/1"}],"replies":[{"embeddable":true,"href":"https:\/\/www.rafraichisseur-air.fr\/pt-pt\/wp-json\/wp\/v2\/comments?post=34620"}],"version-history":[{"count":0,"href":"https:\/\/www.rafraichisseur-air.fr\/pt-pt\/wp-json\/wp\/v2\/pages\/34620\/revisions"}],"wp:attachment":[{"href":"https:\/\/www.rafraichisseur-air.fr\/pt-pt\/wp-json\/wp\/v2\/media?parent=34620"}],"curies":[{"name":"wp","href":"https:\/\/api.w.org\/{rel}","templated":true}]}}