{"id":33226,"date":"2017-07-05T10:11:44","date_gmt":"2017-07-05T09:11:44","guid":{"rendered":"https:\/\/www.rafraichisseur-air.fr\/ar-condicionado-movel-industrial\/"},"modified":"2024-07-08T15:37:48","modified_gmt":"2024-07-08T14:37:48","slug":"ar-condicionado-movel-industrial","status":"publish","type":"page","link":"https:\/\/www.rafraichisseur-air.fr\/pt-pt\/ar-condicionado-movel-industrial\/","title":{"rendered":"Ar condicionado m\u00f3vel industrial"},"content":{"rendered":"\t\t<div data-elementor-type=\"wp-page\" data-elementor-id=\"33226\" class=\"elementor elementor-33226 elementor-12594\">\n\t\t\t\t\t\t<section class=\"elementor-section elementor-top-section elementor-element elementor-element-1b93c125 elementor-section-full_width elementor-section-height-default elementor-section-height-default parallax_section_no qodef_elementor_container_no\" data-id=\"1b93c125\" data-element_type=\"section\" data-settings=\"{&quot;background_background&quot;:&quot;classic&quot;,&quot;shape_divider_bottom&quot;:&quot;opacity-tilt&quot;}\">\n\t\t\t\t\t\t\t<div class=\"elementor-background-overlay\"><\/div>\n\t\t\t\t\t\t<div class=\"elementor-shape elementor-shape-bottom\" data-negative=\"false\">\n\t\t\t<svg xmlns=\"http:\/\/www.w3.org\/2000\/svg\" viewBox=\"0 0 2600 131.1\" preserveAspectRatio=\"none\">\n\t<path class=\"elementor-shape-fill\" d=\"M0 0L2600 0 2600 69.1 0 0z\"\/>\n\t<path class=\"elementor-shape-fill\" style=\"opacity:0.5\" d=\"M0 0L2600 0 2600 69.1 0 69.1z\"\/>\n\t<path class=\"elementor-shape-fill\" style=\"opacity:0.25\" d=\"M2600 0L0 0 0 130.1 2600 69.1z\"\/>\n<\/svg>\t\t<\/div>\n\t\t\t\t\t<div class=\"elementor-container elementor-column-gap-default\">\n\t\t\t\t\t<div class=\"elementor-column elementor-col-100 elementor-top-column elementor-element elementor-element-13cd7c32\" data-id=\"13cd7c32\" data-element_type=\"column\">\n\t\t\t<div class=\"elementor-widget-wrap elementor-element-populated\">\n\t\t\t\t\t\t<section class=\"elementor-section elementor-inner-section elementor-element elementor-element-2fb86fa4 qodef_elementor_container_inner elementor-section-boxed elementor-section-height-default elementor-section-height-default parallax_section_no\" data-id=\"2fb86fa4\" data-element_type=\"section\">\n\t\t\t\t\t\t<div class=\"elementor-container elementor-column-gap-default\">\n\t\t\t\t\t<div class=\"elementor-column elementor-col-100 elementor-inner-column elementor-element elementor-element-1a66f44e\" data-id=\"1a66f44e\" data-element_type=\"column\">\n\t\t\t<div class=\"elementor-widget-wrap elementor-element-populated\">\n\t\t\t\t\t\t<div class=\"elementor-element elementor-element-5047f8f4 elementor-invisible elementor-widget elementor-widget-heading\" data-id=\"5047f8f4\" data-element_type=\"widget\" data-settings=\"{&quot;_animation&quot;:&quot;slideInLeft&quot;}\" data-widget_type=\"heading.default\">\n\t\t\t\t<div class=\"elementor-widget-container\">\n\t\t\t<h1 class=\"elementor-heading-title elementor-size-default\">Aparelho de ar condicionado m\u00f3vel industrial :  <br>arrefece as tuas superf\u00edcies\n\n<\/h1>\t\t<\/div>\n\t\t\t\t<\/div>\n\t\t\t\t<div class=\"elementor-element elementor-element-60fb8dc3 elementor-widget elementor-widget-spacer\" data-id=\"60fb8dc3\" data-element_type=\"widget\" data-widget_type=\"spacer.default\">\n\t\t\t\t<div class=\"elementor-widget-container\">\n\t\t\t\t\t<div class=\"elementor-spacer\">\n\t\t\t<div class=\"elementor-spacer-inner\"><\/div>\n\t\t<\/div>\n\t\t\t\t<\/div>\n\t\t\t\t<\/div>\n\t\t\t\t\t<\/div>\n\t\t<\/div>\n\t\t\t\t\t<\/div>\n\t\t<\/section>\n\t\t\t\t\t<\/div>\n\t\t<\/div>\n\t\t\t\t\t<\/div>\n\t\t<\/section>\n\t\t\t\t<section class=\"elementor-section elementor-top-section elementor-element elementor-element-8fbbcc0 elementor-section-full_width elementor-section-height-default elementor-section-height-default parallax_section_no qodef_elementor_container_no\" data-id=\"8fbbcc0\" data-element_type=\"section\" data-settings=\"{&quot;background_background&quot;:&quot;classic&quot;}\">\n\t\t\t\t\t\t<div class=\"elementor-container elementor-column-gap-default\">\n\t\t\t\t\t<div class=\"elementor-column elementor-col-100 elementor-top-column elementor-element elementor-element-33fae88f\" data-id=\"33fae88f\" data-element_type=\"column\">\n\t\t\t<div class=\"elementor-widget-wrap elementor-element-populated\">\n\t\t\t\t\t\t<section class=\"elementor-section elementor-inner-section elementor-element elementor-element-5c7911a elementor-section-content-top qodef_elementor_container_inner elementor-section-boxed elementor-section-height-default elementor-section-height-default parallax_section_no\" data-id=\"5c7911a\" data-element_type=\"section\">\n\t\t\t\t\t\t<div class=\"elementor-container elementor-column-gap-default\">\n\t\t\t\t\t<div class=\"elementor-column elementor-col-50 elementor-inner-column elementor-element elementor-element-438ea867\" data-id=\"438ea867\" data-element_type=\"column\">\n\t\t\t<div class=\"elementor-widget-wrap elementor-element-populated\">\n\t\t\t\t\t\t<div class=\"elementor-element elementor-element-58ab2df elementor-widget elementor-widget-text-editor\" data-id=\"58ab2df\" data-element_type=\"widget\" data-widget_type=\"text-editor.default\">\n\t\t\t\t<div class=\"elementor-widget-container\">\n\t\t\t\t\t\t\t<h2>Tens problemas com o calor nas tuas instala\u00e7\u00f5es? Considera a solu\u00e7\u00e3o de um aparelho de ar condicionado m\u00f3vel industrial!<\/h2>\n\t\t\t\t\t\t<\/div>\n\t\t\t\t<\/div>\n\t\t\t\t<div class=\"elementor-element elementor-element-c4b5675 elementor-widget elementor-widget-spacer\" data-id=\"c4b5675\" data-element_type=\"widget\" data-widget_type=\"spacer.default\">\n\t\t\t\t<div class=\"elementor-widget-container\">\n\t\t\t\t\t<div class=\"elementor-spacer\">\n\t\t\t<div class=\"elementor-spacer-inner\"><\/div>\n\t\t<\/div>\n\t\t\t\t<\/div>\n\t\t\t\t<\/div>\n\t\t\t\t<div class=\"elementor-element elementor-element-7f0fb4f0 elementor-widget elementor-widget-text-editor\" data-id=\"7f0fb4f0\" data-element_type=\"widget\" data-widget_type=\"text-editor.default\">\n\t\t\t\t<div class=\"elementor-widget-container\">\n\t\t\t\t\t\t\t<p>Tens problemas com o calor excessivo em certas partes da tua rece\u00e7\u00e3o e \u00e1reas de produ\u00e7\u00e3o? Sabes que isso prejudica inevitavelmente a qualidade do trabalho dos teus empregados e, inevitavelmente, a sua produtividade. Tamb\u00e9m sabes que isso incomoda os teus clientes. Eles ser\u00e3o menos receptivos \u00e0s tuas propostas numa sala sobreaquecida.<\/p>\n<p>O que talvez n\u00e3o saibas \u00e9 que o aumento das temperaturas pode causar grandes cat\u00e1strofes. \u00c9 mais prov\u00e1vel que um inc\u00eandio comece com tempo quente, mas n\u00e3o \u00e9 s\u00f3 isso. Uma temperatura elevada tamb\u00e9m reduz o n\u00edvel de humidade do ar e aumenta a concentra\u00e7\u00e3o de eletricidade est\u00e1tica em certos materiais, o que tamb\u00e9m representa um perigo. Al\u00e9m disso, aumenta o risco de falha do hardware.<\/p>\n\t\t\t\t\t\t<\/div>\n\t\t\t\t<\/div>\n\t\t\t\t\t<\/div>\n\t\t<\/div>\n\t\t\t\t<div class=\"elementor-column elementor-col-50 elementor-inner-column elementor-element elementor-element-57acb5b3\" data-id=\"57acb5b3\" data-element_type=\"column\" data-settings=\"{&quot;background_background&quot;:&quot;classic&quot;}\">\n\t\t\t<div class=\"elementor-widget-wrap elementor-element-populated\">\n\t\t\t\t\t\t<div class=\"elementor-element elementor-element-5542d886 elementor-widget elementor-widget-image\" data-id=\"5542d886\" data-element_type=\"widget\" data-widget_type=\"image.default\">\n\t\t\t\t<div class=\"elementor-widget-container\">\n\t\t\t\t\t\t\t\t\t\t\t\t\t<img decoding=\"async\" src=\"https:\/\/www.rafraichisseur-air.fr\/wp-content\/uploads\/elementor\/thumbs\/local-entrepot-p4om3zycgmvqohjhftyewyigt5g13huqhcbq7ak50w.jpg\" title=\"local-entrepot\" alt=\"local-entrepot\" loading=\"lazy\" \/>\t\t\t\t\t\t\t\t\t\t\t\t\t<\/div>\n\t\t\t\t<\/div>\n\t\t\t\t\t<\/div>\n\t\t<\/div>\n\t\t\t\t\t<\/div>\n\t\t<\/section>\n\t\t\t\t\t<\/div>\n\t\t<\/div>\n\t\t\t\t\t<\/div>\n\t\t<\/section>\n\t\t\t\t<section class=\"elementor-section elementor-top-section elementor-element elementor-element-503aea8 elementor-section-full_width elementor-section-height-default elementor-section-height-default parallax_section_no qodef_elementor_container_no\" data-id=\"503aea8\" data-element_type=\"section\" data-settings=\"{&quot;background_background&quot;:&quot;classic&quot;,&quot;shape_divider_top&quot;:&quot;tilt&quot;}\">\n\t\t\t\t\t<div class=\"elementor-shape elementor-shape-top\" data-negative=\"false\">\n\t\t\t<svg xmlns=\"http:\/\/www.w3.org\/2000\/svg\" viewBox=\"0 0 1000 100\" preserveAspectRatio=\"none\">\n\t<path class=\"elementor-shape-fill\" d=\"M0,6V0h1000v100L0,6z\"\/>\n<\/svg>\t\t<\/div>\n\t\t\t\t\t<div class=\"elementor-container elementor-column-gap-default\">\n\t\t\t\t\t<div class=\"elementor-column elementor-col-100 elementor-top-column elementor-element elementor-element-1d88a78\" data-id=\"1d88a78\" data-element_type=\"column\">\n\t\t\t<div class=\"elementor-widget-wrap elementor-element-populated\">\n\t\t\t\t\t\t<section class=\"elementor-section elementor-inner-section elementor-element elementor-element-59c2322 elementor-section-content-top qodef_elementor_container_inner elementor-section-boxed elementor-section-height-default elementor-section-height-default parallax_section_no\" data-id=\"59c2322\" data-element_type=\"section\">\n\t\t\t\t\t\t<div class=\"elementor-container elementor-column-gap-default\">\n\t\t\t\t\t<div class=\"elementor-column elementor-col-50 elementor-inner-column elementor-element elementor-element-3862fef\" data-id=\"3862fef\" data-element_type=\"column\" data-settings=\"{&quot;background_background&quot;:&quot;classic&quot;}\">\n\t\t\t<div class=\"elementor-widget-wrap elementor-element-populated\">\n\t\t\t\t\t\t<div class=\"elementor-element elementor-element-1a6db0f elementor-widget elementor-widget-image\" data-id=\"1a6db0f\" data-element_type=\"widget\" data-widget_type=\"image.default\">\n\t\t\t\t<div class=\"elementor-widget-container\">\n\t\t\t\t\t\t\t\t\t\t\t\t\t<img decoding=\"async\" src=\"https:\/\/www.rafraichisseur-air.fr\/wp-content\/uploads\/elementor\/thumbs\/foxair-pndfrance4-p4oluvwmzlmsz5yjkjywnsa8u6li39fvlxjxla4acw.jpg\" title=\"FOXAIR : le rafra\u00eechissement naturel en entreprise\" alt=\"FOXAIR : le rafra\u00eechissement naturel en entreprise\" loading=\"lazy\" \/>\t\t\t\t\t\t\t\t\t\t\t\t\t<\/div>\n\t\t\t\t<\/div>\n\t\t\t\t\t<\/div>\n\t\t<\/div>\n\t\t\t\t<div class=\"elementor-column elementor-col-50 elementor-inner-column elementor-element elementor-element-b9932f3\" data-id=\"b9932f3\" data-element_type=\"column\">\n\t\t\t<div class=\"elementor-widget-wrap elementor-element-populated\">\n\t\t\t\t\t\t<div class=\"elementor-element elementor-element-0c2fd35 elementor-widget elementor-widget-text-editor\" data-id=\"0c2fd35\" data-element_type=\"widget\" data-widget_type=\"text-editor.default\">\n\t\t\t\t<div class=\"elementor-widget-container\">\n\t\t\t\t\t\t\t<h2>Ar condicionado industrial m\u00f3vel: a solu\u00e7\u00e3o FOXAIR<\/h2>\n\t\t\t\t\t\t<\/div>\n\t\t\t\t<\/div>\n\t\t\t\t<div class=\"elementor-element elementor-element-d90bdcd elementor-widget elementor-widget-spacer\" data-id=\"d90bdcd\" data-element_type=\"widget\" data-widget_type=\"spacer.default\">\n\t\t\t\t<div class=\"elementor-widget-container\">\n\t\t\t\t\t<div class=\"elementor-spacer\">\n\t\t\t<div class=\"elementor-spacer-inner\"><\/div>\n\t\t<\/div>\n\t\t\t\t<\/div>\n\t\t\t\t<\/div>\n\t\t\t\t<div class=\"elementor-element elementor-element-4f2e713 elementor-widget elementor-widget-text-editor\" data-id=\"4f2e713\" data-element_type=\"widget\" data-widget_type=\"text-editor.default\">\n\t\t\t\t<div class=\"elementor-widget-container\">\n\t\t\t\t\t\t\t<p>No entanto, nem sempre \u00e9 f\u00e1cil adaptar o teu ar condicionado. Em primeiro lugar, pode ser muito caro. Em segundo lugar, esta adapta\u00e7\u00e3o nem sempre \u00e9 tecnicamente poss\u00edvel. A FOXAIR oferece-te outra solu\u00e7\u00e3o: a <a title=\"Deves optar por um refrigerador de ar ou por um ar condicionado? L\u00ea este artigo\" href=\"https:\/\/www.rafraichisseur-air.fr\/pt-pt\/refrigerador-de-ar-ou-ar-condicionado\/\">climatiza\u00e7\u00e3o m\u00f3vel<\/a>. Podemos fornecer-te um <a href=\"https:\/\/www.rafraichisseur-air.fr\/pt-pt\/\"><br \/>\n  <strong>ambientador<\/strong><br \/>\n<\/a>.<\/p>\n<p>F\u00e1cil de transportar de um lugar para outro, este dispositivo ajuda a arrefecer todas as tuas superf\u00edcies expostas ao calor. Funciona com base num princ\u00edpio <a href=\"https:\/\/www.rafraichisseur-air.fr\/pt-pt\/o-ar-condicionado-adiabatico-movel-e-facil-de-instalar-e-de-deslocar\/\">adiab\u00e1tico<\/a>: o ar quente do ambiente \u00e9 captado e posto em contacto com uma superf\u00edcie h\u00famida, sendo depois devolvido \u00e0 tua divis\u00e3o mais fresca. A temperatura est\u00e1 a descer. Repara que o princ\u00edpio de arrefecimento \u00e9 semelhante ao proporcionado pela&#8230; natureza. Na orla de uma massa de \u00e1gua (mar, lago, etc.), observa-se o mesmo fen\u00f3meno, que ajuda a arrefecer o ar circundante.<\/p>\n<p>Isto torna-o completamente amigo do ambiente. Al\u00e9m disso, \u00e9 muito simples de utilizar, pois s\u00f3 precisas de uma tomada el\u00e9ctrica para p\u00f4r em funcionamento este <a href=\"https:\/\/www.rafraichisseur-air.fr\/pt-pt\/ventiladores-industriais-a-solucao-para-grandes-volumes\/\">ventilador industrial<\/a>. Nem sequer precisas de uma fonte de \u00e1gua, pois o refrigerador de ar tem uma reserva. Descobre as <a href=\"https:\/\/www.rafraichisseur-air.fr\/applications-rafraichisseur-air-mobile\/\"><br \/>\n  <strong>aplica\u00e7\u00f5es para o nosso arrefecedor de ar m\u00f3vel<\/strong><br \/>\n<\/a>.<\/p>\n\t\t\t\t\t\t<\/div>\n\t\t\t\t<\/div>\n\t\t\t\t\t<\/div>\n\t\t<\/div>\n\t\t\t\t\t<\/div>\n\t\t<\/section>\n\t\t\t\t\t<\/div>\n\t\t<\/div>\n\t\t\t\t\t<\/div>\n\t\t<\/section>\n\t\t\t\t<section style=\"background-image: url(https:\/\/www.rafraichisseur-air.fr\/wp-content\/uploads\/2021\/02\/background-foxair-3.jpg); min-height: 0px\" class=\"qodef-parallax-section-holder qodef-parallax-section-holder-touch-disabled elementor-section elementor-top-section elementor-element elementor-element-44eaeee2 elementor-section-full_width parallax_section_holder ctabackground elementor-section-height-default elementor-section-height-default qodef_elementor_container_no\" data-qodef-parallax-speed=\"0\" data-id=\"44eaeee2\" data-element_type=\"section\" data-settings=\"{&quot;background_background&quot;:&quot;classic&quot;,&quot;shape_divider_top&quot;:&quot;tilt&quot;,&quot;qode_parallax_image&quot;:{&quot;url&quot;:&quot;https:\\\/\\\/www.rafraichisseur-air.fr\\\/wp-content\\\/uploads\\\/2021\\\/02\\\/background-foxair-3.jpg&quot;,&quot;id&quot;:17062,&quot;size&quot;:&quot;&quot;},&quot;shape_divider_bottom&quot;:&quot;tilt&quot;}\">\n\t\t\t\t\t<div class=\"elementor-shape elementor-shape-top\" data-negative=\"false\">\n\t\t\t<svg xmlns=\"http:\/\/www.w3.org\/2000\/svg\" viewBox=\"0 0 1000 100\" preserveAspectRatio=\"none\">\n\t<path class=\"elementor-shape-fill\" d=\"M0,6V0h1000v100L0,6z\"\/>\n<\/svg>\t\t<\/div>\n\t\t\t\t<div class=\"elementor-shape elementor-shape-bottom\" data-negative=\"false\">\n\t\t\t<svg xmlns=\"http:\/\/www.w3.org\/2000\/svg\" viewBox=\"0 0 1000 100\" preserveAspectRatio=\"none\">\n\t<path class=\"elementor-shape-fill\" d=\"M0,6V0h1000v100L0,6z\"\/>\n<\/svg>\t\t<\/div>\n\t\t\t\t\t<div class=\"elementor-container elementor-column-gap-default\">\n\t\t\t\t\t<div class=\"elementor-column elementor-col-100 elementor-top-column elementor-element elementor-element-7f5d4f33\" data-id=\"7f5d4f33\" data-element_type=\"column\">\n\t\t\t<div class=\"elementor-widget-wrap elementor-element-populated\">\n\t\t\t\t\t\t<section class=\"elementor-section elementor-inner-section elementor-element elementor-element-2fdb6da0 elementor-section-content-top qodef_elementor_container_inner elementor-section-boxed elementor-section-height-default elementor-section-height-default parallax_section_no\" data-id=\"2fdb6da0\" data-element_type=\"section\">\n\t\t\t\t\t\t<div class=\"elementor-container elementor-column-gap-wider\">\n\t\t\t\t\t<div class=\"elementor-column elementor-col-50 elementor-inner-column elementor-element elementor-element-72ef1c5c\" data-id=\"72ef1c5c\" data-element_type=\"column\">\n\t\t\t<div class=\"elementor-widget-wrap\">\n\t\t\t\t\t\t\t<\/div>\n\t\t<\/div>\n\t\t\t\t<div class=\"elementor-column elementor-col-50 elementor-inner-column elementor-element elementor-element-1181a639\" data-id=\"1181a639\" data-element_type=\"column\">\n\t\t\t<div class=\"elementor-widget-wrap elementor-element-populated\">\n\t\t\t\t\t\t<div class=\"elementor-element elementor-element-4960faa elementor-widget elementor-widget-text-editor\" data-id=\"4960faa\" data-element_type=\"widget\" data-widget_type=\"text-editor.default\">\n\t\t\t\t<div class=\"elementor-widget-container\">\n\t\t\t\t\t\t\tEst\u00e1s interessado em comprar ou arrendar?\n\t\t\t\t\t\t<\/div>\n\t\t\t\t<\/div>\n\t\t\t\t<div class=\"elementor-element elementor-element-71535ab8 elementor-widget elementor-widget-text-editor\" data-id=\"71535ab8\" data-element_type=\"widget\" data-widget_type=\"text-editor.default\">\n\t\t\t\t<div class=\"elementor-widget-container\">\n\t\t\t\t\t\t\t<p>Se tiveres alguma d\u00favida, n\u00e3o hesites em contactar-nos.<\/p>\n\t\t\t\t\t\t<\/div>\n\t\t\t\t<\/div>\n\t\t\t\t<div class=\"elementor-element elementor-element-6e8d81e3 elementor-align-center elementor-widget elementor-widget-button\" data-id=\"6e8d81e3\" data-element_type=\"widget\" data-widget_type=\"button.default\">\n\t\t\t\t<div class=\"elementor-widget-container\">\n\t\t\t\t\t<div class=\"elementor-button-wrapper\">\n\t\t\t<a class=\"elementor-button elementor-button-link elementor-size-sm elementor-animation-pop\" href=\"tel:+33478844000\">\n\t\t\t\t\t\t<span class=\"elementor-button-content-wrapper\">\n\t\t\t\t\t\t\t\t\t<span class=\"elementor-button-text\"><i class=\"menu_icon icon-phone fa\"><\/i>  +33 4 78 84 40 00<\/span>\n\t\t\t\t\t<\/span>\n\t\t\t\t\t<\/a>\n\t\t<\/div>\n\t\t\t\t<\/div>\n\t\t\t\t<\/div>\n\t\t\t\t<div class=\"elementor-element elementor-element-4dcf9ebb elementor-align-center elementor-widget elementor-widget-button\" data-id=\"4dcf9ebb\" data-element_type=\"widget\" data-widget_type=\"button.default\">\n\t\t\t\t<div class=\"elementor-widget-container\">\n\t\t\t\t\t<div class=\"elementor-button-wrapper\">\n\t\t\t<a class=\"elementor-button elementor-button-link elementor-size-sm elementor-animation-pop\" href=\"https:\/\/www.rafraichisseur-air.fr\/contact-rafraichisseur-air\/\">\n\t\t\t\t\t\t<span class=\"elementor-button-content-wrapper\">\n\t\t\t\t\t\t\t\t\t<span class=\"elementor-button-text\">Solicita um or\u00e7amento<\/span>\n\t\t\t\t\t<\/span>\n\t\t\t\t\t<\/a>\n\t\t<\/div>\n\t\t\t\t<\/div>\n\t\t\t\t<\/div>\n\t\t\t\t<div class=\"elementor-element elementor-element-49850aec elementor-widget elementor-widget-spacer\" data-id=\"49850aec\" data-element_type=\"widget\" data-widget_type=\"spacer.default\">\n\t\t\t\t<div class=\"elementor-widget-container\">\n\t\t\t\t\t<div class=\"elementor-spacer\">\n\t\t\t<div class=\"elementor-spacer-inner\"><\/div>\n\t\t<\/div>\n\t\t\t\t<\/div>\n\t\t\t\t<\/div>\n\t\t\t\t\t<\/div>\n\t\t<\/div>\n\t\t\t\t\t<\/div>\n\t\t<\/section>\n\t\t\t\t\t<\/div>\n\t\t<\/div>\n\t\t\t\t\t<\/div>\n\t\t<\/section>\n\t\t\t\t<section class=\"elementor-section elementor-top-section elementor-element elementor-element-332de7e elementor-section-full_width elementor-section-height-default elementor-section-height-default parallax_section_no qodef_elementor_container_no\" data-id=\"332de7e\" data-element_type=\"section\" data-settings=\"{&quot;background_background&quot;:&quot;classic&quot;}\">\n\t\t\t\t\t\t<div class=\"elementor-container elementor-column-gap-default\">\n\t\t\t\t\t<div class=\"elementor-column elementor-col-100 elementor-top-column elementor-element elementor-element-11e5c89\" data-id=\"11e5c89\" data-element_type=\"column\">\n\t\t\t<div class=\"elementor-widget-wrap elementor-element-populated\">\n\t\t\t\t\t\t<section class=\"elementor-section elementor-inner-section elementor-element elementor-element-cd123bd elementor-section-content-top qodef_elementor_container_inner elementor-section-boxed elementor-section-height-default elementor-section-height-default parallax_section_no\" data-id=\"cd123bd\" data-element_type=\"section\">\n\t\t\t\t\t\t<div class=\"elementor-container elementor-column-gap-default\">\n\t\t\t\t\t<div class=\"elementor-column elementor-col-50 elementor-inner-column elementor-element elementor-element-3d3bb3c\" data-id=\"3d3bb3c\" data-element_type=\"column\">\n\t\t\t<div class=\"elementor-widget-wrap elementor-element-populated\">\n\t\t\t\t\t\t<div class=\"elementor-element elementor-element-f71c80f elementor-widget elementor-widget-text-editor\" data-id=\"f71c80f\" data-element_type=\"widget\" data-widget_type=\"text-editor.default\">\n\t\t\t\t<div class=\"elementor-widget-container\">\n\t\t\t\t\t\t\t<h2>Compra um aparelho de ar condicionado m\u00f3vel de baixo custo&#8230; ou aluga um<\/h2>\n\t\t\t\t\t\t<\/div>\n\t\t\t\t<\/div>\n\t\t\t\t<div class=\"elementor-element elementor-element-661412b elementor-widget elementor-widget-spacer\" data-id=\"661412b\" data-element_type=\"widget\" data-widget_type=\"spacer.default\">\n\t\t\t\t<div class=\"elementor-widget-container\">\n\t\t\t\t\t<div class=\"elementor-spacer\">\n\t\t\t<div class=\"elementor-spacer-inner\"><\/div>\n\t\t<\/div>\n\t\t\t\t<\/div>\n\t\t\t\t<\/div>\n\t\t\t\t<div class=\"elementor-element elementor-element-bff7ac9 elementor-widget elementor-widget-text-editor\" data-id=\"bff7ac9\" data-element_type=\"widget\" data-widget_type=\"text-editor.default\">\n\t\t\t\t<div class=\"elementor-widget-container\">\n\t\t\t\t\t\t\t<p>A FOXAIR disp\u00f5e de uma gama de <strong>refrigeradores de ar<\/strong>. Em fun\u00e7\u00e3o da tua superf\u00edcie e da temperatura, podemos aconselhar-te sobre o aparelho a utilizar. A solu\u00e7\u00e3o FOXAIR oferece v\u00e1rias vantagens:<\/p>\n<ul>\n<li>\u00c9 <strong>econ\u00f3mico<\/strong>: \u00e9 muito mais barato investir num refrigerador de ar do que reinstalar parte do teu sistema de ar condicionado.<\/li>\n<li>\u00c9 <strong>amigo do ambiente<\/strong>: o aparelho funciona segundo um princ\u00edpio muito simples de bioclimata\u00e7\u00e3o.<\/li>\n<li>\u00c9 <strong>pr\u00e1tico<\/strong>: o aparelho pode ser ligado e desligado de acordo com as tuas necessidades e hor\u00e1rios. Podes desloc\u00e1-lo de uma zona para outra em fun\u00e7\u00e3o dos picos de calor, da utiliza\u00e7\u00e3o de m\u00e1quinas de produ\u00e7\u00e3o ou do n\u00famero de pessoas nas tuas instala\u00e7\u00f5es.<\/li>\n<\/ul>\n<p>A FOXAIR tamb\u00e9m oferece o seu equipamento para aluguer. Podes <a href=\"https:\/\/www.rafraichisseur-air.fr\/location-de-rafraichisseur-d-air-solution-foxair\/\"><br \/>\n  <strong>alugar um refrigerador de ar<\/strong><br \/>\n<\/a> por um per\u00edodo determinado (15 dias a um m\u00eas) antes de decidires compr\u00e1-lo. Tamb\u00e9m podes visitar <a href=\"https:\/\/www.rafraichisseur-air.fr\/decouvrir-climatiseurs-mobiles-showroom\/\">o nosso showroom<\/a> na regi\u00e3o de Lyon.<\/p>\n\t\t\t\t\t\t<\/div>\n\t\t\t\t<\/div>\n\t\t\t\t\t<\/div>\n\t\t<\/div>\n\t\t\t\t<div class=\"elementor-column elementor-col-50 elementor-inner-column elementor-element elementor-element-d2699ca\" data-id=\"d2699ca\" data-element_type=\"column\" data-settings=\"{&quot;background_background&quot;:&quot;classic&quot;}\">\n\t\t\t<div class=\"elementor-widget-wrap elementor-element-populated\">\n\t\t\t\t\t\t<div class=\"elementor-element elementor-element-7eb75a2 elementor-widget elementor-widget-image\" data-id=\"7eb75a2\" data-element_type=\"widget\" data-widget_type=\"image.default\">\n\t\t\t\t<div class=\"elementor-widget-container\">\n\t\t\t\t\t\t\t\t\t\t\t\t\t<img decoding=\"async\" src=\"https:\/\/www.rafraichisseur-air.fr\/wp-content\/uploads\/elementor\/thumbs\/showroom-foxair-p4olw0bp5h5um3noui3mvg626tu6nawqsquw7p6vek.jpg\" title=\"Climatiseur Mobile FoxAir dans notre nouveau Showroom\" alt=\"Climatiseur Mobile FoxAir dans notre nouveau Showroom\" loading=\"lazy\" \/>\t\t\t\t\t\t\t\t\t\t\t\t\t<\/div>\n\t\t\t\t<\/div>\n\t\t\t\t\t<\/div>\n\t\t<\/div>\n\t\t\t\t\t<\/div>\n\t\t<\/section>\n\t\t\t\t\t<\/div>\n\t\t<\/div>\n\t\t\t\t\t<\/div>\n\t\t<\/section>\n\t\t\t\t<section class=\"elementor-section elementor-top-section elementor-element elementor-element-497f43da elementor-section-full_width elementor-section-height-default elementor-section-height-default parallax_section_no qodef_elementor_container_no\" data-id=\"497f43da\" data-element_type=\"section\" data-settings=\"{&quot;background_background&quot;:&quot;classic&quot;,&quot;shape_divider_top&quot;:&quot;tilt&quot;}\">\n\t\t\t\t\t<div class=\"elementor-shape elementor-shape-top\" data-negative=\"false\">\n\t\t\t<svg xmlns=\"http:\/\/www.w3.org\/2000\/svg\" viewBox=\"0 0 1000 100\" preserveAspectRatio=\"none\">\n\t<path class=\"elementor-shape-fill\" d=\"M0,6V0h1000v100L0,6z\"\/>\n<\/svg>\t\t<\/div>\n\t\t\t\t\t<div class=\"elementor-container elementor-column-gap-default\">\n\t\t\t\t\t<div class=\"elementor-column elementor-col-100 elementor-top-column elementor-element elementor-element-62c96cce\" data-id=\"62c96cce\" data-element_type=\"column\">\n\t\t\t<div class=\"elementor-widget-wrap elementor-element-populated\">\n\t\t\t\t\t\t<section class=\"elementor-section elementor-inner-section elementor-element elementor-element-241dfb77 elementor-section-content-top qodef_elementor_container_inner elementor-section-boxed elementor-section-height-default elementor-section-height-default parallax_section_no\" data-id=\"241dfb77\" data-element_type=\"section\">\n\t\t\t\t\t\t<div class=\"elementor-container elementor-column-gap-default\">\n\t\t\t\t\t<div class=\"elementor-column elementor-col-50 elementor-inner-column elementor-element elementor-element-7eaf1136\" data-id=\"7eaf1136\" data-element_type=\"column\" data-settings=\"{&quot;background_background&quot;:&quot;classic&quot;}\">\n\t\t\t<div class=\"elementor-widget-wrap elementor-element-populated\">\n\t\t\t\t\t\t<div class=\"elementor-element elementor-element-1a2a8ffb elementor-widget elementor-widget-image\" data-id=\"1a2a8ffb\" data-element_type=\"widget\" data-widget_type=\"image.default\">\n\t\t\t\t<div class=\"elementor-widget-container\">\n\t\t\t\t\t\t\t\t\t\t\t\t\t<img decoding=\"async\" src=\"https:\/\/www.rafraichisseur-air.fr\/wp-content\/uploads\/elementor\/thumbs\/leasing-p4om20iktdcy3ix89zj509v28okawus8e8ntjwhv34.jpg\" title=\"leasing\" alt=\"leasing\" loading=\"lazy\" \/>\t\t\t\t\t\t\t\t\t\t\t\t\t<\/div>\n\t\t\t\t<\/div>\n\t\t\t\t\t<\/div>\n\t\t<\/div>\n\t\t\t\t<div class=\"elementor-column elementor-col-50 elementor-inner-column elementor-element elementor-element-5fbefc33\" data-id=\"5fbefc33\" data-element_type=\"column\">\n\t\t\t<div class=\"elementor-widget-wrap elementor-element-populated\">\n\t\t\t\t\t\t<div class=\"elementor-element elementor-element-7abb664a elementor-widget elementor-widget-text-editor\" data-id=\"7abb664a\" data-element_type=\"widget\" data-widget_type=\"text-editor.default\">\n\t\t\t\t<div class=\"elementor-widget-container\">\n\t\t\t\t\t\t\t<h2>A nossa <a href=\"https:\/\/www.rafraichisseur-air.fr\/gamme-refroidisseur-d-air\/\">gama de refrigeradores de ar<\/a><\/h2>\n\t\t\t\t\t\t<\/div>\n\t\t\t\t<\/div>\n\t\t\t\t<div class=\"elementor-element elementor-element-3af2973c elementor-widget elementor-widget-spacer\" data-id=\"3af2973c\" data-element_type=\"widget\" data-widget_type=\"spacer.default\">\n\t\t\t\t<div class=\"elementor-widget-container\">\n\t\t\t\t\t<div class=\"elementor-spacer\">\n\t\t\t<div class=\"elementor-spacer-inner\"><\/div>\n\t\t<\/div>\n\t\t\t\t<\/div>\n\t\t\t\t<\/div>\n\t\t\t\t<div class=\"elementor-element elementor-element-3ed8a078 elementor-widget elementor-widget-text-editor\" data-id=\"3ed8a078\" data-element_type=\"widget\" data-widget_type=\"text-editor.default\">\n\t\t\t\t<div class=\"elementor-widget-container\">\n\t\t\t\t\t\t\t<p>Podes encontrar detalhes do nosso equipamento no nosso site. Estes variam entre a <strong>geleira FOXAIR 18<\/strong> e o <strong>modelo 48<\/strong>. Para mais informa\u00e7\u00f5es :<\/p>\n<ul>\n<li>O primeiro tem uma ventoinha de 45 cm com motor de 300 watts. Pode arrefecer uma \u00e1rea de aproximadamente 90 metros quadrados.<\/li>\n<li>O segundo tem uma ventoinha de 124 cm com motor de 1100 watts. Pode arrefecer uma \u00e1rea de aproximadamente 370 metros quadrados.<\/li>\n<\/ul>\n\t\t\t\t\t\t<\/div>\n\t\t\t\t<\/div>\n\t\t\t\t\t<\/div>\n\t\t<\/div>\n\t\t\t\t\t<\/div>\n\t\t<\/section>\n\t\t\t\t\t<\/div>\n\t\t<\/div>\n\t\t\t\t\t<\/div>\n\t\t<\/section>\n\t\t\t\t<\/div>\n\t\t","protected":false},"excerpt":{"rendered":"<p>Aparelho de ar condicionado m\u00f3vel industrial : arrefece as tuas superf\u00edcies Tens problemas com o calor nas tuas instala\u00e7\u00f5es? Considera a&#8230;<\/p>\n","protected":false},"author":1,"featured_media":0,"parent":0,"menu_order":0,"comment_status":"closed","ping_status":"closed","template":"full-width.php","meta":{"footnotes":""},"yoast_head":"<!-- This site is optimized with the Yoast SEO plugin v23.0 - https:\/\/yoast.com\/wordpress\/plugins\/seo\/ -->\n<title>Ar condicionado m\u00f3vel industrial: arrefece as tuas superf\u00edcies<\/title>\n<meta name=\"description\" content=\"A FOXAIR disp\u00f5e de uma gama de refrigeradores de ar. Em fun\u00e7\u00e3o da tua superf\u00edcie e da temperatura, podemos aconselhar-te sobre o aparelho a utilizar.\" \/>\n<meta name=\"robots\" content=\"index, follow, max-snippet:-1, max-image-preview:large, max-video-preview:-1\" \/>\n<link rel=\"canonical\" href=\"https:\/\/www.rafraichisseur-air.fr\/pt-pt\/ar-condicionado-movel-industrial\/\" \/>\n<meta property=\"og:locale\" content=\"pt_PT\" \/>\n<meta property=\"og:type\" content=\"article\" \/>\n<meta property=\"og:title\" content=\"Ar condicionado m\u00f3vel industrial: arrefece as tuas superf\u00edcies\" \/>\n<meta property=\"og:description\" content=\"A FOXAIR disp\u00f5e de uma gama de refrigeradores de ar. Em fun\u00e7\u00e3o da tua superf\u00edcie e da temperatura, podemos aconselhar-te sobre o aparelho a utilizar.\" \/>\n<meta property=\"og:url\" content=\"https:\/\/www.rafraichisseur-air.fr\/pt-pt\/ar-condicionado-movel-industrial\/\" \/>\n<meta property=\"og:site_name\" content=\"Foxair\" \/>\n<meta property=\"article:publisher\" content=\"https:\/\/www.facebook.com\/foxair.france\" \/>\n<meta property=\"article:modified_time\" content=\"2024-07-08T14:37:48+00:00\" \/>\n<meta property=\"og:image\" content=\"https:\/\/www.rafraichisseur-air.fr\/wp-content\/uploads\/elementor\/thumbs\/local-entrepot-p4om3zycgmvqohjhftyewyigt5g13huqhcbq7ak50w.jpg\" \/>\n<meta name=\"twitter:card\" content=\"summary_large_image\" \/>\n<meta name=\"twitter:label1\" content=\"Tempo estimado de leitura\" \/>\n\t<meta name=\"twitter:data1\" content=\"3 minutos\" \/>\n<script type=\"application\/ld+json\" class=\"yoast-schema-graph\">{\"@context\":\"https:\/\/schema.org\",\"@graph\":[{\"@type\":\"WebPage\",\"@id\":\"https:\/\/www.rafraichisseur-air.fr\/pt-pt\/ar-condicionado-movel-industrial\/\",\"url\":\"https:\/\/www.rafraichisseur-air.fr\/pt-pt\/ar-condicionado-movel-industrial\/\",\"name\":\"Ar condicionado m\u00f3vel industrial: arrefece as tuas superf\u00edcies\",\"isPartOf\":{\"@id\":\"https:\/\/www.rafraichisseur-air.fr\/pt-pt\/#website\"},\"primaryImageOfPage\":{\"@id\":\"https:\/\/www.rafraichisseur-air.fr\/pt-pt\/ar-condicionado-movel-industrial\/#primaryimage\"},\"image\":{\"@id\":\"https:\/\/www.rafraichisseur-air.fr\/pt-pt\/ar-condicionado-movel-industrial\/#primaryimage\"},\"thumbnailUrl\":\"https:\/\/www.rafraichisseur-air.fr\/wp-content\/uploads\/elementor\/thumbs\/local-entrepot-p4om3zycgmvqohjhftyewyigt5g13huqhcbq7ak50w.jpg\",\"datePublished\":\"2017-07-05T09:11:44+00:00\",\"dateModified\":\"2024-07-08T14:37:48+00:00\",\"description\":\"A FOXAIR disp\u00f5e de uma gama de refrigeradores de ar. Em fun\u00e7\u00e3o da tua superf\u00edcie e da temperatura, podemos aconselhar-te sobre o aparelho a utilizar.\",\"inLanguage\":\"pt-PT\",\"potentialAction\":[{\"@type\":\"ReadAction\",\"target\":[\"https:\/\/www.rafraichisseur-air.fr\/pt-pt\/ar-condicionado-movel-industrial\/\"]}]},{\"@type\":\"ImageObject\",\"inLanguage\":\"pt-PT\",\"@id\":\"https:\/\/www.rafraichisseur-air.fr\/pt-pt\/ar-condicionado-movel-industrial\/#primaryimage\",\"url\":\"https:\/\/www.rafraichisseur-air.fr\/wp-content\/uploads\/elementor\/thumbs\/local-entrepot-p4om3zycgmvqohjhftyewyigt5g13huqhcbq7ak50w.jpg\",\"contentUrl\":\"https:\/\/www.rafraichisseur-air.fr\/wp-content\/uploads\/elementor\/thumbs\/local-entrepot-p4om3zycgmvqohjhftyewyigt5g13huqhcbq7ak50w.jpg\"},{\"@type\":\"WebSite\",\"@id\":\"https:\/\/www.rafraichisseur-air.fr\/pt-pt\/#website\",\"url\":\"https:\/\/www.rafraichisseur-air.fr\/pt-pt\/\",\"name\":\"Foxair\",\"description\":\"Rafra\u00eechisseur d&#039;air par \u00e9vaporation\",\"potentialAction\":[{\"@type\":\"SearchAction\",\"target\":{\"@type\":\"EntryPoint\",\"urlTemplate\":\"https:\/\/www.rafraichisseur-air.fr\/pt-pt\/?s={search_term_string}\"},\"query-input\":\"required name=search_term_string\"}],\"inLanguage\":\"pt-PT\"}]}<\/script>\n<!-- \/ Yoast SEO plugin. -->","yoast_head_json":{"title":"Ar condicionado m\u00f3vel industrial: arrefece as tuas superf\u00edcies","description":"A FOXAIR disp\u00f5e de uma gama de refrigeradores de ar. Em fun\u00e7\u00e3o da tua superf\u00edcie e da temperatura, podemos aconselhar-te sobre o aparelho a utilizar.","robots":{"index":"index","follow":"follow","max-snippet":"max-snippet:-1","max-image-preview":"max-image-preview:large","max-video-preview":"max-video-preview:-1"},"canonical":"https:\/\/www.rafraichisseur-air.fr\/pt-pt\/ar-condicionado-movel-industrial\/","og_locale":"pt_PT","og_type":"article","og_title":"Ar condicionado m\u00f3vel industrial: arrefece as tuas superf\u00edcies","og_description":"A FOXAIR disp\u00f5e de uma gama de refrigeradores de ar. Em fun\u00e7\u00e3o da tua superf\u00edcie e da temperatura, podemos aconselhar-te sobre o aparelho a utilizar.","og_url":"https:\/\/www.rafraichisseur-air.fr\/pt-pt\/ar-condicionado-movel-industrial\/","og_site_name":"Foxair","article_publisher":"https:\/\/www.facebook.com\/foxair.france","article_modified_time":"2024-07-08T14:37:48+00:00","og_image":[{"url":"https:\/\/www.rafraichisseur-air.fr\/wp-content\/uploads\/elementor\/thumbs\/local-entrepot-p4om3zycgmvqohjhftyewyigt5g13huqhcbq7ak50w.jpg"}],"twitter_card":"summary_large_image","twitter_misc":{"Tempo estimado de leitura":"3 minutos"},"schema":{"@context":"https:\/\/schema.org","@graph":[{"@type":"WebPage","@id":"https:\/\/www.rafraichisseur-air.fr\/pt-pt\/ar-condicionado-movel-industrial\/","url":"https:\/\/www.rafraichisseur-air.fr\/pt-pt\/ar-condicionado-movel-industrial\/","name":"Ar condicionado m\u00f3vel industrial: arrefece as tuas superf\u00edcies","isPartOf":{"@id":"https:\/\/www.rafraichisseur-air.fr\/pt-pt\/#website"},"primaryImageOfPage":{"@id":"https:\/\/www.rafraichisseur-air.fr\/pt-pt\/ar-condicionado-movel-industrial\/#primaryimage"},"image":{"@id":"https:\/\/www.rafraichisseur-air.fr\/pt-pt\/ar-condicionado-movel-industrial\/#primaryimage"},"thumbnailUrl":"https:\/\/www.rafraichisseur-air.fr\/wp-content\/uploads\/elementor\/thumbs\/local-entrepot-p4om3zycgmvqohjhftyewyigt5g13huqhcbq7ak50w.jpg","datePublished":"2017-07-05T09:11:44+00:00","dateModified":"2024-07-08T14:37:48+00:00","description":"A FOXAIR disp\u00f5e de uma gama de refrigeradores de ar. Em fun\u00e7\u00e3o da tua superf\u00edcie e da temperatura, podemos aconselhar-te sobre o aparelho a utilizar.","inLanguage":"pt-PT","potentialAction":[{"@type":"ReadAction","target":["https:\/\/www.rafraichisseur-air.fr\/pt-pt\/ar-condicionado-movel-industrial\/"]}]},{"@type":"ImageObject","inLanguage":"pt-PT","@id":"https:\/\/www.rafraichisseur-air.fr\/pt-pt\/ar-condicionado-movel-industrial\/#primaryimage","url":"https:\/\/www.rafraichisseur-air.fr\/wp-content\/uploads\/elementor\/thumbs\/local-entrepot-p4om3zycgmvqohjhftyewyigt5g13huqhcbq7ak50w.jpg","contentUrl":"https:\/\/www.rafraichisseur-air.fr\/wp-content\/uploads\/elementor\/thumbs\/local-entrepot-p4om3zycgmvqohjhftyewyigt5g13huqhcbq7ak50w.jpg"},{"@type":"WebSite","@id":"https:\/\/www.rafraichisseur-air.fr\/pt-pt\/#website","url":"https:\/\/www.rafraichisseur-air.fr\/pt-pt\/","name":"Foxair","description":"Rafra\u00eechisseur d&#039;air par \u00e9vaporation","potentialAction":[{"@type":"SearchAction","target":{"@type":"EntryPoint","urlTemplate":"https:\/\/www.rafraichisseur-air.fr\/pt-pt\/?s={search_term_string}"},"query-input":"required name=search_term_string"}],"inLanguage":"pt-PT"}]}},"_links":{"self":[{"href":"https:\/\/www.rafraichisseur-air.fr\/pt-pt\/wp-json\/wp\/v2\/pages\/33226"}],"collection":[{"href":"https:\/\/www.rafraichisseur-air.fr\/pt-pt\/wp-json\/wp\/v2\/pages"}],"about":[{"href":"https:\/\/www.rafraichisseur-air.fr\/pt-pt\/wp-json\/wp\/v2\/types\/page"}],"author":[{"embeddable":true,"href":"https:\/\/www.rafraichisseur-air.fr\/pt-pt\/wp-json\/wp\/v2\/users\/1"}],"replies":[{"embeddable":true,"href":"https:\/\/www.rafraichisseur-air.fr\/pt-pt\/wp-json\/wp\/v2\/comments?post=33226"}],"version-history":[{"count":0,"href":"https:\/\/www.rafraichisseur-air.fr\/pt-pt\/wp-json\/wp\/v2\/pages\/33226\/revisions"}],"wp:attachment":[{"href":"https:\/\/www.rafraichisseur-air.fr\/pt-pt\/wp-json\/wp\/v2\/media?parent=33226"}],"curies":[{"name":"wp","href":"https:\/\/api.w.org\/{rel}","templated":true}]}}