{"id":33122,"date":"2021-09-03T09:21:49","date_gmt":"2021-09-03T08:21:49","guid":{"rendered":"https:\/\/www.rafraichisseur-air.fr\/aluguer-de-ar-condicionado-para-eventos\/"},"modified":"2024-07-08T15:36:50","modified_gmt":"2024-07-08T14:36:50","slug":"aluguer-de-ar-condicionado-para-eventos","status":"publish","type":"page","link":"https:\/\/www.rafraichisseur-air.fr\/pt-pt\/aluguer-de-ar-condicionado-para-eventos\/","title":{"rendered":"Aluguer de ar condicionado para eventos"},"content":{"rendered":"\t\t<div data-elementor-type=\"wp-page\" data-elementor-id=\"33122\" class=\"elementor elementor-33122 elementor-19971\">\n\t\t\t\t\t\t<section class=\"elementor-section elementor-top-section elementor-element elementor-element-5212bd7 elementor-section-full_width elementor-section-height-default elementor-section-height-default parallax_section_no qodef_elementor_container_no\" data-id=\"5212bd7\" data-element_type=\"section\" data-settings=\"{&quot;background_background&quot;:&quot;classic&quot;,&quot;shape_divider_bottom&quot;:&quot;opacity-tilt&quot;}\">\n\t\t\t\t\t\t\t<div class=\"elementor-background-overlay\"><\/div>\n\t\t\t\t\t\t<div class=\"elementor-shape elementor-shape-bottom\" data-negative=\"false\">\n\t\t\t<svg xmlns=\"http:\/\/www.w3.org\/2000\/svg\" viewBox=\"0 0 2600 131.1\" preserveAspectRatio=\"none\">\n\t<path class=\"elementor-shape-fill\" d=\"M0 0L2600 0 2600 69.1 0 0z\"\/>\n\t<path class=\"elementor-shape-fill\" style=\"opacity:0.5\" d=\"M0 0L2600 0 2600 69.1 0 69.1z\"\/>\n\t<path class=\"elementor-shape-fill\" style=\"opacity:0.25\" d=\"M2600 0L0 0 0 130.1 2600 69.1z\"\/>\n<\/svg>\t\t<\/div>\n\t\t\t\t\t<div class=\"elementor-container elementor-column-gap-default\">\n\t\t\t\t\t<div class=\"elementor-column elementor-col-100 elementor-top-column elementor-element elementor-element-2c17834f\" data-id=\"2c17834f\" data-element_type=\"column\">\n\t\t\t<div class=\"elementor-widget-wrap elementor-element-populated\">\n\t\t\t\t\t\t<section class=\"elementor-section elementor-inner-section elementor-element elementor-element-49bb7994 qodef_elementor_container_inner elementor-section-boxed elementor-section-height-default elementor-section-height-default parallax_section_no\" data-id=\"49bb7994\" data-element_type=\"section\">\n\t\t\t\t\t\t<div class=\"elementor-container elementor-column-gap-default\">\n\t\t\t\t\t<div class=\"elementor-column elementor-col-100 elementor-inner-column elementor-element elementor-element-5861dc7f\" data-id=\"5861dc7f\" data-element_type=\"column\">\n\t\t\t<div class=\"elementor-widget-wrap elementor-element-populated\">\n\t\t\t\t\t\t<div class=\"elementor-element elementor-element-57713469 elementor-invisible elementor-widget elementor-widget-heading\" data-id=\"57713469\" data-element_type=\"widget\" data-settings=\"{&quot;_animation&quot;:&quot;slideInLeft&quot;}\" data-widget_type=\"heading.default\">\n\t\t\t\t<div class=\"elementor-widget-container\">\n\t\t\t<h1 class=\"elementor-heading-title elementor-size-default\">Aluguer de ar condicionado para eventos: FoxAir ao teu servi\u00e7o<\/h1>\t\t<\/div>\n\t\t\t\t<\/div>\n\t\t\t\t<div class=\"elementor-element elementor-element-42913c71 elementor-widget elementor-widget-spacer\" data-id=\"42913c71\" data-element_type=\"widget\" data-widget_type=\"spacer.default\">\n\t\t\t\t<div class=\"elementor-widget-container\">\n\t\t\t\t\t<div class=\"elementor-spacer\">\n\t\t\t<div class=\"elementor-spacer-inner\"><\/div>\n\t\t<\/div>\n\t\t\t\t<\/div>\n\t\t\t\t<\/div>\n\t\t\t\t\t<\/div>\n\t\t<\/div>\n\t\t\t\t\t<\/div>\n\t\t<\/section>\n\t\t\t\t\t<\/div>\n\t\t<\/div>\n\t\t\t\t\t<\/div>\n\t\t<\/section>\n\t\t\t\t<section class=\"elementor-section elementor-top-section elementor-element elementor-element-ea5220b elementor-section-full_width elementor-section-height-default elementor-section-height-default parallax_section_no qodef_elementor_container_no\" data-id=\"ea5220b\" data-element_type=\"section\" data-settings=\"{&quot;background_background&quot;:&quot;classic&quot;,&quot;shape_divider_top&quot;:&quot;tilt&quot;}\">\n\t\t\t\t\t<div class=\"elementor-shape elementor-shape-top\" data-negative=\"false\">\n\t\t\t<svg xmlns=\"http:\/\/www.w3.org\/2000\/svg\" viewBox=\"0 0 1000 100\" preserveAspectRatio=\"none\">\n\t<path class=\"elementor-shape-fill\" d=\"M0,6V0h1000v100L0,6z\"\/>\n<\/svg>\t\t<\/div>\n\t\t\t\t\t<div class=\"elementor-container elementor-column-gap-default\">\n\t\t\t\t\t<div class=\"elementor-column elementor-col-100 elementor-top-column elementor-element elementor-element-7969ce49\" data-id=\"7969ce49\" data-element_type=\"column\">\n\t\t\t<div class=\"elementor-widget-wrap elementor-element-populated\">\n\t\t\t\t\t\t<section class=\"elementor-section elementor-inner-section elementor-element elementor-element-5d50f41b qodef_elementor_container_inner elementor-section-boxed elementor-section-height-default elementor-section-height-default parallax_section_no\" data-id=\"5d50f41b\" data-element_type=\"section\">\n\t\t\t\t\t\t<div class=\"elementor-container elementor-column-gap-default\">\n\t\t\t\t\t<div class=\"elementor-column elementor-col-100 elementor-inner-column elementor-element elementor-element-517cc1d\" data-id=\"517cc1d\" data-element_type=\"column\" data-settings=\"{&quot;animation&quot;:&quot;none&quot;}\">\n\t\t\t<div class=\"elementor-widget-wrap elementor-element-populated\">\n\t\t\t\t\t\t<div class=\"elementor-element elementor-element-611c29ee elementor-widget elementor-widget-text-editor\" data-id=\"611c29ee\" data-element_type=\"widget\" data-widget_type=\"text-editor.default\">\n\t\t\t\t<div class=\"elementor-widget-container\">\n\t\t\t\t\t\t\t\nDurante todo o ano, o sector dos eventos organiza reuni\u00f5es p\u00fablicas ou profissionais em recintos fechados que requerem uma <strong>solu\u00e7\u00e3o de climatiza\u00e7\u00e3o<\/strong> adequada.\n\n\u00c9 por isso que a FoxAir, especialista em ar condicionado profissional, oferece um servi\u00e7o <strong>de aluguer de ar condicionado para eventos<\/strong>. A nossa empresa pode ajudar-te a atingir o melhor desempenho poss\u00edvel. Descobre as vantagens da nossa solu\u00e7\u00e3o chave-na-m\u00e3o.\n\t\t\t\t\t\t<\/div>\n\t\t\t\t<\/div>\n\t\t\t\t\t<\/div>\n\t\t<\/div>\n\t\t\t\t\t<\/div>\n\t\t<\/section>\n\t\t\t\t\t<\/div>\n\t\t<\/div>\n\t\t\t\t\t<\/div>\n\t\t<\/section>\n\t\t\t\t<section style=\"background-image: url(https:\/\/www.rafraichisseur-air.fr\/wp-content\/uploads\/2021\/02\/background-foxair-3.jpg); min-height: 0px\" class=\"qodef-parallax-section-holder qodef-parallax-section-holder-touch-disabled elementor-section elementor-top-section elementor-element elementor-element-524ed871 parallax_section_holder elementor-section-boxed elementor-section-height-default elementor-section-height-default qodef_elementor_container_no\" data-qodef-parallax-speed=\"0\" data-id=\"524ed871\" data-element_type=\"section\" data-settings=\"{&quot;background_background&quot;:&quot;classic&quot;,&quot;shape_divider_bottom&quot;:&quot;tilt&quot;,&quot;shape_divider_top&quot;:&quot;tilt&quot;,&quot;qode_parallax_image&quot;:{&quot;url&quot;:&quot;https:\\\/\\\/www.rafraichisseur-air.fr\\\/wp-content\\\/uploads\\\/2021\\\/02\\\/background-foxair-3.jpg&quot;,&quot;id&quot;:17062,&quot;size&quot;:&quot;&quot;}}\">\n\t\t\t\t\t<div class=\"elementor-shape elementor-shape-top\" data-negative=\"false\">\n\t\t\t<svg xmlns=\"http:\/\/www.w3.org\/2000\/svg\" viewBox=\"0 0 1000 100\" preserveAspectRatio=\"none\">\n\t<path class=\"elementor-shape-fill\" d=\"M0,6V0h1000v100L0,6z\"\/>\n<\/svg>\t\t<\/div>\n\t\t\t\t<div class=\"elementor-shape elementor-shape-bottom\" data-negative=\"false\">\n\t\t\t<svg xmlns=\"http:\/\/www.w3.org\/2000\/svg\" viewBox=\"0 0 1000 100\" preserveAspectRatio=\"none\">\n\t<path class=\"elementor-shape-fill\" d=\"M0,6V0h1000v100L0,6z\"\/>\n<\/svg>\t\t<\/div>\n\t\t\t\t\t<div class=\"elementor-container elementor-column-gap-default\">\n\t\t\t\t\t<div class=\"elementor-column elementor-col-50 elementor-top-column elementor-element elementor-element-2269f20a\" data-id=\"2269f20a\" data-element_type=\"column\">\n\t\t\t<div class=\"elementor-widget-wrap elementor-element-populated\">\n\t\t\t\t\t\t<section class=\"elementor-section elementor-inner-section elementor-element elementor-element-3fd3b01 elementor-section-content-top qodef_elementor_container_inner elementor-section-boxed elementor-section-height-default elementor-section-height-default parallax_section_no\" data-id=\"3fd3b01\" data-element_type=\"section\">\n\t\t\t\t\t\t<div class=\"elementor-container elementor-column-gap-default\">\n\t\t\t\t\t<div class=\"elementor-column elementor-col-100 elementor-inner-column elementor-element elementor-element-4e19d094\" data-id=\"4e19d094\" data-element_type=\"column\">\n\t\t\t<div class=\"elementor-widget-wrap\">\n\t\t\t\t\t\t\t<\/div>\n\t\t<\/div>\n\t\t\t\t\t<\/div>\n\t\t<\/section>\n\t\t\t\t\t<\/div>\n\t\t<\/div>\n\t\t\t\t<div class=\"elementor-column elementor-col-50 elementor-top-column elementor-element elementor-element-73cc0856\" data-id=\"73cc0856\" data-element_type=\"column\">\n\t\t\t<div class=\"elementor-widget-wrap elementor-element-populated\">\n\t\t\t\t\t\t<section class=\"elementor-section elementor-inner-section elementor-element elementor-element-1b84231b elementor-section-content-top qodef_elementor_container_inner elementor-section-boxed elementor-section-height-default elementor-section-height-default parallax_section_no\" data-id=\"1b84231b\" data-element_type=\"section\">\n\t\t\t\t\t\t<div class=\"elementor-container elementor-column-gap-default\">\n\t\t\t\t\t<div class=\"elementor-column elementor-col-100 elementor-inner-column elementor-element elementor-element-386e45df\" data-id=\"386e45df\" data-element_type=\"column\">\n\t\t\t<div class=\"elementor-widget-wrap elementor-element-populated\">\n\t\t\t\t\t\t<div class=\"elementor-element elementor-element-4341139b elementor-widget elementor-widget-text-editor\" data-id=\"4341139b\" data-element_type=\"widget\" id=\"devis\" data-widget_type=\"text-editor.default\">\n\t\t\t\t<div class=\"elementor-widget-container\">\n\t\t\t\t\t\t\t<p>Solicita um or\u00e7amento r\u00e1pido<\/p>\n\t\t\t\t\t\t<\/div>\n\t\t\t\t<\/div>\n\t\t\t\t<div class=\"elementor-element elementor-element-2eed92e2 elementor-align-center elementor-widget elementor-widget-button\" data-id=\"2eed92e2\" data-element_type=\"widget\" data-widget_type=\"button.default\">\n\t\t\t\t<div class=\"elementor-widget-container\">\n\t\t\t\t\t<div class=\"elementor-button-wrapper\">\n\t\t\t<a class=\"elementor-button elementor-button-link elementor-size-sm elementor-animation-pop\" href=\"tel:+33478844000\">\n\t\t\t\t\t\t<span class=\"elementor-button-content-wrapper\">\n\t\t\t\t\t\t\t\t\t<span class=\"elementor-button-text\"><i class=\"menu_icon icon-phone fa\"><\/i>  +33 4 78 84 40 00<\/span>\n\t\t\t\t\t<\/span>\n\t\t\t\t\t<\/a>\n\t\t<\/div>\n\t\t\t\t<\/div>\n\t\t\t\t<\/div>\n\t\t\t\t<div class=\"elementor-element elementor-element-39e9178f elementor-widget elementor-widget-text-editor\" data-id=\"39e9178f\" data-element_type=\"widget\" data-widget_type=\"text-editor.default\">\n\t\t\t\t<div class=\"elementor-widget-container\">\n\t\t\t\t\t\t\t<p>Formul\u00e1rio de or\u00e7amento<\/p>\n\t\t\t\t\t\t<\/div>\n\t\t\t\t<\/div>\n\t\t\t\t<div class=\"elementor-element elementor-element-7980cb3c elementor-widget elementor-widget-text-editor\" data-id=\"7980cb3c\" data-element_type=\"widget\" data-widget_type=\"text-editor.default\">\n\t\t\t\t<div class=\"elementor-widget-container\">\n\t\t\t\t\t\t\t<p>\n<div class=\"wpcf7 no-js\" id=\"wpcf7-f35847-o1\" lang=\"pt-PT\" dir=\"ltr\">\n<div class=\"screen-reader-response\"><p role=\"status\" aria-live=\"polite\" aria-atomic=\"true\"><\/p> <ul><\/ul><\/div>\n<form action=\"\/pt-pt\/wp-json\/wp\/v2\/pages\/33122#wpcf7-f35847-o1\" method=\"post\" class=\"wpcf7-form init\" aria-label=\"Formul\u00e1rio de contacto\" novalidate=\"novalidate\" data-status=\"init\">\n<div style=\"display: none;\">\n<input type=\"hidden\" name=\"_wpcf7\" value=\"35847\" \/>\n<input type=\"hidden\" name=\"_wpcf7_version\" value=\"5.9.6\" \/>\n<input type=\"hidden\" name=\"_wpcf7_locale\" value=\"pt_PT\" \/>\n<input type=\"hidden\" name=\"_wpcf7_unit_tag\" value=\"wpcf7-f35847-o1\" \/>\n<input type=\"hidden\" name=\"_wpcf7_container_post\" value=\"0\" \/>\n<input type=\"hidden\" name=\"_wpcf7_posted_data_hash\" value=\"\" \/>\n<input type=\"hidden\" name=\"_wpcf7_recaptcha_response\" value=\"\" \/>\n<\/div>\n<p><span class=\"wpcf7-form-control-wrap\" data-name=\"Empresa\"><input size=\"40\" maxlength=\"80\" class=\"wpcf7-form-control wpcf7-text wpcf7-validates-as-required\" aria-required=\"true\" aria-invalid=\"false\" value=\"Empresa *\" type=\"text\" name=\"Empresa\" \/><\/span>\n<\/p>\n<p><span class=\"wpcf7-form-control-wrap\" data-name=\"Nome\"><input size=\"40\" maxlength=\"80\" class=\"wpcf7-form-control wpcf7-text wpcf7-validates-as-required\" aria-required=\"true\" aria-invalid=\"false\" placeholder=\"Nome *\" value=\"\" type=\"text\" name=\"Nome\" \/><\/span>\n<\/p>\n<p><span class=\"wpcf7-form-control-wrap\" data-name=\"Telefone\"><input size=\"40\" maxlength=\"80\" class=\"wpcf7-form-control wpcf7-text wpcf7-validates-as-required\" aria-required=\"true\" aria-invalid=\"false\" value=\"Telefone *\" type=\"text\" name=\"Telefone\" \/><\/span>\n<\/p>\n<p><span class=\"wpcf7-form-control-wrap\" data-name=\"Email\"><input size=\"40\" maxlength=\"80\" class=\"wpcf7-form-control wpcf7-email wpcf7-validates-as-required wpcf7-text wpcf7-validates-as-email\" aria-required=\"true\" aria-invalid=\"false\" value=\"E-mail *\" type=\"email\" name=\"Email\" \/><\/span>\n<\/p>\n<p><span class=\"wpcf7-form-control-wrap\" data-name=\"Mensagem\"><textarea cols=\"40\" rows=\"10\" maxlength=\"400\" class=\"wpcf7-form-control wpcf7-textarea\" aria-invalid=\"false\" placeholder=\"Mensagem\" name=\"Mensagem\"><\/textarea><\/span>\n<\/p>\n<p><span class=\"wpcf7-form-control-wrap\" data-name=\"acceptance-808\"><span class=\"wpcf7-form-control wpcf7-acceptance\"><span class=\"wpcf7-list-item\"><label><input type=\"checkbox\" name=\"acceptance-808\" value=\"1\" aria-invalid=\"false\" \/><span class=\"wpcf7-list-item-label\">Ao enviar este formul\u00e1rio, concordo que as informa\u00e7\u00f5es nele introduzidas possam ser utilizadas, exploradas ou processadas para permitir que eu seja novamente contactado ou no \u00e2mbito da rela\u00e7\u00e3o comercial decorrente deste pedido.<\/span><\/label><\/span><\/span><\/span>\n<\/p>\n<p><input class=\"wpcf7-form-control wpcf7-submit has-spinner\" type=\"submit\" value=\"Envia\" \/>\n<\/p><p style=\"display: none !important;\" class=\"akismet-fields-container\" data-prefix=\"_wpcf7_ak_\"><label>&#916;<textarea name=\"_wpcf7_ak_hp_textarea\" cols=\"45\" rows=\"8\" maxlength=\"100\"><\/textarea><\/label><input type=\"hidden\" id=\"ak_js_1\" name=\"_wpcf7_ak_js\" value=\"136\"\/><script>document.getElementById( \"ak_js_1\" ).setAttribute( \"value\", ( new Date() ).getTime() );<\/script><\/p><div class=\"wpcf7-response-output\" aria-hidden=\"true\"><\/div>\n<\/form>\n<\/div>\n<\/p>\n\t\t\t\t\t\t<\/div>\n\t\t\t\t<\/div>\n\t\t\t\t\t<\/div>\n\t\t<\/div>\n\t\t\t\t\t<\/div>\n\t\t<\/section>\n\t\t\t\t\t<\/div>\n\t\t<\/div>\n\t\t\t\t\t<\/div>\n\t\t<\/section>\n\t\t\t\t<section class=\"elementor-section elementor-top-section elementor-element elementor-element-1d9e4740 elementor-section-full_width elementor-section-height-default elementor-section-height-default parallax_section_no qodef_elementor_container_no\" data-id=\"1d9e4740\" data-element_type=\"section\" data-settings=\"{&quot;background_background&quot;:&quot;classic&quot;}\">\n\t\t\t\t\t\t<div class=\"elementor-container elementor-column-gap-default\">\n\t\t\t\t\t<div class=\"elementor-column elementor-col-100 elementor-top-column elementor-element elementor-element-539f0495\" data-id=\"539f0495\" data-element_type=\"column\">\n\t\t\t<div class=\"elementor-widget-wrap elementor-element-populated\">\n\t\t\t\t\t\t<section class=\"elementor-section elementor-inner-section elementor-element elementor-element-6adeaa5f elementor-section-content-top qodef_elementor_container_inner elementor-section-boxed elementor-section-height-default elementor-section-height-default parallax_section_no\" data-id=\"6adeaa5f\" data-element_type=\"section\">\n\t\t\t\t\t\t<div class=\"elementor-container elementor-column-gap-default\">\n\t\t\t\t\t<div class=\"elementor-column elementor-col-50 elementor-inner-column elementor-element elementor-element-7a40b396\" data-id=\"7a40b396\" data-element_type=\"column\" data-settings=\"{&quot;background_background&quot;:&quot;classic&quot;}\">\n\t\t\t<div class=\"elementor-widget-wrap elementor-element-populated\">\n\t\t\t\t\t\t<div class=\"elementor-element elementor-element-70deb4d5 elementor-widget elementor-widget-image\" data-id=\"70deb4d5\" data-element_type=\"widget\" data-widget_type=\"image.default\">\n\t\t\t\t<div class=\"elementor-widget-container\">\n\t\t\t\t\t\t\t\t\t\t\t\t\t<img decoding=\"async\" src=\"https:\/\/www.rafraichisseur-air.fr\/wp-content\/uploads\/elementor\/thumbs\/evenement-kubus-swiss-rafraichisseur-air-pckae1qf8bvgth35htj22izsj9fv4al6nviqqmxbc0.jpg\" title=\"evenement-kubus-swiss-rafraichisseur-air\" alt=\"evenement-kubus-swiss-rafraichisseur-air\" loading=\"lazy\" \/>\t\t\t\t\t\t\t\t\t\t\t\t\t<\/div>\n\t\t\t\t<\/div>\n\t\t\t\t<div class=\"elementor-element elementor-element-64f4e4e elementor-widget elementor-widget-image\" data-id=\"64f4e4e\" data-element_type=\"widget\" data-widget_type=\"image.default\">\n\t\t\t\t<div class=\"elementor-widget-container\">\n\t\t\t\t\t\t\t\t\t\t\t\t\t<img decoding=\"async\" src=\"https:\/\/www.rafraichisseur-air.fr\/wp-content\/uploads\/elementor\/thumbs\/kubus-swiss-rafraichisseur-air-evenement-pckadzuqunsw695vsspsxjgvchp4owdpzm7rs303og.jpg\" title=\"kubus-swiss-rafraichisseur-air-evenement\" alt=\"kubus-swiss-rafraichisseur-air-evenement\" loading=\"lazy\" \/>\t\t\t\t\t\t\t\t\t\t\t\t\t<\/div>\n\t\t\t\t<\/div>\n\t\t\t\t\t<\/div>\n\t\t<\/div>\n\t\t\t\t<div class=\"elementor-column elementor-col-50 elementor-inner-column elementor-element elementor-element-275435cb\" data-id=\"275435cb\" data-element_type=\"column\">\n\t\t\t<div class=\"elementor-widget-wrap elementor-element-populated\">\n\t\t\t\t\t\t<div class=\"elementor-element elementor-element-6c014a03 elementor-widget elementor-widget-text-editor\" data-id=\"6c014a03\" data-element_type=\"widget\" data-widget_type=\"text-editor.default\">\n\t\t\t\t<div class=\"elementor-widget-container\">\n\t\t\t\t\t\t\t<h2>Porqu\u00ea escolher o aluguer profissional de ar condicionado para os teus eventos?<\/h2>\n\t\t\t\t\t\t<\/div>\n\t\t\t\t<\/div>\n\t\t\t\t<div class=\"elementor-element elementor-element-bbc70f4 elementor-widget elementor-widget-spacer\" data-id=\"bbc70f4\" data-element_type=\"widget\" data-widget_type=\"spacer.default\">\n\t\t\t\t<div class=\"elementor-widget-container\">\n\t\t\t\t\t<div class=\"elementor-spacer\">\n\t\t\t<div class=\"elementor-spacer-inner\"><\/div>\n\t\t<\/div>\n\t\t\t\t<\/div>\n\t\t\t\t<\/div>\n\t\t\t\t<div class=\"elementor-element elementor-element-425d7ddd elementor-widget elementor-widget-text-editor\" data-id=\"425d7ddd\" data-element_type=\"widget\" data-widget_type=\"text-editor.default\">\n\t\t\t\t<div class=\"elementor-widget-container\">\n\t\t\t\t\t\t\t<p><strong>O aluguer de ambientadores<\/strong> \u00e9 a solu\u00e7\u00e3o ideal se a utiliza\u00e7\u00e3o do equipamento se limitar \u00e0 dura\u00e7\u00e3o de um evento pontual ou sazonal.<\/p>\n<p>As nossas f\u00f3rmulas de aluguer s\u00e3o muito mais econ\u00f3micas do que a compra definitiva de uma m\u00e1quina e permitem-lhe beneficiar do pre\u00e7o mais justo, evitando os custos inerentes ao armazenamento do equipamento durante longos meses. \u00c9 por isso que tantos profissionais nos procuram todos os anos para <strong>contratar os nossos ambientadores<\/strong>.<\/p>\n<p>A dura\u00e7\u00e3o do contrato ser\u00e1 determinada de acordo com as suas necessidades e apresentaremos um or\u00e7amento personalizado para a sua aprova\u00e7\u00e3o.<\/p>\n<p>Mas n\u00e3o nos limitamos a fornecer o equipamento: a nossa equipa estuda a configura\u00e7\u00e3o das instala\u00e7\u00f5es (\u00e0 dist\u00e2ncia, com base em planos e fotografias, ou no local) e elabora um plano de layout personalizado, seleccionando os modelos mais adequados da <a href=\"https:\/\/www.rafraichisseur-air.fr\/gamme-refroidisseur-d-air\/\">nossa gama<\/a>. Desta forma, podes ter a certeza de obter o melhor dos nossos produtos e podes concentrar-te na organiza\u00e7\u00e3o do teu evento com tranquilidade.<\/p>\n\t\t\t\t\t\t<\/div>\n\t\t\t\t<\/div>\n\t\t\t\t\t<\/div>\n\t\t<\/div>\n\t\t\t\t\t<\/div>\n\t\t<\/section>\n\t\t\t\t\t<\/div>\n\t\t<\/div>\n\t\t\t\t\t<\/div>\n\t\t<\/section>\n\t\t\t\t<section class=\"elementor-section elementor-top-section elementor-element elementor-element-6ef1c9bc elementor-section-full_width elementor-section-height-default elementor-section-height-default parallax_section_no qodef_elementor_container_no\" data-id=\"6ef1c9bc\" data-element_type=\"section\" data-settings=\"{&quot;background_background&quot;:&quot;classic&quot;,&quot;shape_divider_top&quot;:&quot;tilt&quot;}\">\n\t\t\t\t\t<div class=\"elementor-shape elementor-shape-top\" data-negative=\"false\">\n\t\t\t<svg xmlns=\"http:\/\/www.w3.org\/2000\/svg\" viewBox=\"0 0 1000 100\" preserveAspectRatio=\"none\">\n\t<path class=\"elementor-shape-fill\" d=\"M0,6V0h1000v100L0,6z\"\/>\n<\/svg>\t\t<\/div>\n\t\t\t\t\t<div class=\"elementor-container elementor-column-gap-default\">\n\t\t\t\t\t<div class=\"elementor-column elementor-col-100 elementor-top-column elementor-element elementor-element-7e5dd406\" data-id=\"7e5dd406\" data-element_type=\"column\">\n\t\t\t<div class=\"elementor-widget-wrap elementor-element-populated\">\n\t\t\t\t\t\t<section class=\"elementor-section elementor-inner-section elementor-element elementor-element-636d6af2 elementor-section-content-top qodef_elementor_container_inner elementor-section-boxed elementor-section-height-default elementor-section-height-default parallax_section_no\" data-id=\"636d6af2\" data-element_type=\"section\">\n\t\t\t\t\t\t<div class=\"elementor-container elementor-column-gap-default\">\n\t\t\t\t\t<div class=\"elementor-column elementor-col-50 elementor-inner-column elementor-element elementor-element-13c1cb95\" data-id=\"13c1cb95\" data-element_type=\"column\">\n\t\t\t<div class=\"elementor-widget-wrap elementor-element-populated\">\n\t\t\t\t\t\t<div class=\"elementor-element elementor-element-7f2b7b67 elementor-widget elementor-widget-text-editor\" data-id=\"7f2b7b67\" data-element_type=\"widget\" data-widget_type=\"text-editor.default\">\n\t\t\t\t<div class=\"elementor-widget-container\">\n\t\t\t\t\t\t\t<h2>FoxAir e Kubus Swiss: uma parceria de sucesso<\/h2>\n\t\t\t\t\t\t<\/div>\n\t\t\t\t<\/div>\n\t\t\t\t<div class=\"elementor-element elementor-element-25e164d7 elementor-widget elementor-widget-spacer\" data-id=\"25e164d7\" data-element_type=\"widget\" data-widget_type=\"spacer.default\">\n\t\t\t\t<div class=\"elementor-widget-container\">\n\t\t\t\t\t<div class=\"elementor-spacer\">\n\t\t\t<div class=\"elementor-spacer-inner\"><\/div>\n\t\t<\/div>\n\t\t\t\t<\/div>\n\t\t\t\t<\/div>\n\t\t\t\t<div class=\"elementor-element elementor-element-4600ea1e elementor-widget elementor-widget-text-editor\" data-id=\"4600ea1e\" data-element_type=\"widget\" data-widget_type=\"text-editor.default\">\n\t\t\t\t<div class=\"elementor-widget-container\">\n\t\t\t\t\t\t\t<p>Durante o ver\u00e3o de 2021, a FoxAir alugou v\u00e1rios <strong>ambientadores profissionais<\/strong> \u00e0 Kubik Swiss, uma marca especializada no aluguer de m\u00faltiplos ecr\u00e3s gigantes para eventos profissionais. A marca foi respons\u00e1vel pela organiza\u00e7\u00e3o de um evento que reuniu um grande n\u00famero de pessoas no mesmo espa\u00e7o: a transmiss\u00e3o do jogo de futebol Su\u00ed\u00e7a-It\u00e1lia, no \u00e2mbito do Euro de futebol.<\/p>\n<p>A nossa equipa deslocou-se ao local para garantir que tudo corria bem e que o equipamento estava distribu\u00eddo de forma a evitar o sobreaquecimento dos ecr\u00e3s, garantindo ao mesmo tempo um bom conforto t\u00e9rmico para o p\u00fablico. Quanto mais quente e seco for o ar interior, maior \u00e9 o risco de sobreaquecimento dos equipamentos el\u00e9ctricos (ecr\u00e3s, servidores, m\u00e1quinas, etc.). A acumula\u00e7\u00e3o de eletricidade est\u00e1tica pode mesmo provocar um inc\u00eandio!<\/p>\n<p>Com a instala\u00e7\u00e3o personalizada das unidades FoxAir, n\u00e3o h\u00e1 perigo! Os nossos ambientadores aumentam a humidade do ar e baixam a temperatura de forma natural, fazendo passar o ar quente e seco por um filtro h\u00famido para o arrefecer sem a utiliza\u00e7\u00e3o de poluentes.<\/p>\n<p>M\u00f3veis gra\u00e7as aos seus rod\u00edzios, s\u00e3o f\u00e1ceis de instalar e de deslocar e consomem muito pouca energia. Ser\u00e3o ainda mais eficazes se a temperatura for elevada e a humidade baixa. Ao contr\u00e1rio dos modelos mais comuns, os nossos modelos profissionais foram concebidos para grandes \u00e1reas: um \u00fanico aparelho pode arrefecer entre 100 e 450 m\u00b2, dependendo do modelo.<\/p>\n\t\t\t\t\t\t<\/div>\n\t\t\t\t<\/div>\n\t\t\t\t\t<\/div>\n\t\t<\/div>\n\t\t\t\t<div class=\"elementor-column elementor-col-50 elementor-inner-column elementor-element elementor-element-6b074811\" data-id=\"6b074811\" data-element_type=\"column\" data-settings=\"{&quot;background_background&quot;:&quot;classic&quot;}\">\n\t\t\t<div class=\"elementor-widget-wrap elementor-element-populated\">\n\t\t\t\t\t\t<div class=\"elementor-element elementor-element-388ec291 elementor-widget elementor-widget-image\" data-id=\"388ec291\" data-element_type=\"widget\" data-widget_type=\"image.default\">\n\t\t\t\t<div class=\"elementor-widget-container\">\n\t\t\t\t\t\t\t\t\t\t\t\t\t<img decoding=\"async\" src=\"https:\/\/www.rafraichisseur-air.fr\/wp-content\/uploads\/elementor\/thumbs\/kubus-swiss-evenement-rafraichisseur-air-pckae3m61piwopbw0o2nfo7fspluv7833q01zzsz1s.jpg\" title=\"kubus-swiss-evenement-rafraichisseur-air\" alt=\"kubus-swiss-evenement-rafraichisseur-air\" loading=\"lazy\" \/>\t\t\t\t\t\t\t\t\t\t\t\t\t<\/div>\n\t\t\t\t<\/div>\n\t\t\t\t<div class=\"elementor-element elementor-element-cdd0e87 elementor-widget elementor-widget-image\" data-id=\"cdd0e87\" data-element_type=\"widget\" data-widget_type=\"image.default\">\n\t\t\t\t<div class=\"elementor-widget-container\">\n\t\t\t\t\t\t\t\t\t\t\t\t\t<img decoding=\"async\" src=\"https:\/\/www.rafraichisseur-air.fr\/wp-content\/uploads\/elementor\/thumbs\/kubus-swiss-evenement-rafraichisseur-pckae6fom7mrnj7sk7aj55htkv7yiaja43yiftosj4.jpg\" title=\"kubus-swiss-evenement-rafraichisseur\" alt=\"kubus-swiss-evenement-rafraichisseur\" loading=\"lazy\" \/>\t\t\t\t\t\t\t\t\t\t\t\t\t<\/div>\n\t\t\t\t<\/div>\n\t\t\t\t\t<\/div>\n\t\t<\/div>\n\t\t\t\t\t<\/div>\n\t\t<\/section>\n\t\t\t\t\t<\/div>\n\t\t<\/div>\n\t\t\t\t\t<\/div>\n\t\t<\/section>\n\t\t\t\t<section style=\"background-image: url(https:\/\/www.rafraichisseur-air.fr\/wp-content\/uploads\/2021\/02\/background-foxair-3.jpg); min-height: 0px\" class=\"qodef-parallax-section-holder qodef-parallax-section-holder-touch-disabled elementor-section elementor-top-section elementor-element elementor-element-76a60ab8 elementor-section-full_width parallax_section_holder ctabackground elementor-section-height-default elementor-section-height-default qodef_elementor_container_no\" data-qodef-parallax-speed=\"0\" data-id=\"76a60ab8\" data-element_type=\"section\" data-settings=\"{&quot;background_background&quot;:&quot;classic&quot;,&quot;shape_divider_top&quot;:&quot;tilt&quot;,&quot;qode_parallax_image&quot;:{&quot;url&quot;:&quot;https:\\\/\\\/www.rafraichisseur-air.fr\\\/wp-content\\\/uploads\\\/2021\\\/02\\\/background-foxair-3.jpg&quot;,&quot;id&quot;:17062,&quot;size&quot;:&quot;&quot;}}\">\n\t\t\t\t\t<div class=\"elementor-shape elementor-shape-top\" data-negative=\"false\">\n\t\t\t<svg xmlns=\"http:\/\/www.w3.org\/2000\/svg\" viewBox=\"0 0 1000 100\" preserveAspectRatio=\"none\">\n\t<path class=\"elementor-shape-fill\" d=\"M0,6V0h1000v100L0,6z\"\/>\n<\/svg>\t\t<\/div>\n\t\t\t\t\t<div class=\"elementor-container elementor-column-gap-default\">\n\t\t\t\t\t<div class=\"elementor-column elementor-col-100 elementor-top-column elementor-element elementor-element-29de62a0\" data-id=\"29de62a0\" data-element_type=\"column\">\n\t\t\t<div class=\"elementor-widget-wrap elementor-element-populated\">\n\t\t\t\t\t\t<section class=\"elementor-section elementor-inner-section elementor-element elementor-element-26c4bd58 elementor-section-content-top qodef_elementor_container_inner elementor-section-boxed elementor-section-height-default elementor-section-height-default parallax_section_no\" data-id=\"26c4bd58\" data-element_type=\"section\">\n\t\t\t\t\t\t<div class=\"elementor-container elementor-column-gap-wider\">\n\t\t\t\t\t<div class=\"elementor-column elementor-col-50 elementor-inner-column elementor-element elementor-element-534f78e5\" data-id=\"534f78e5\" data-element_type=\"column\">\n\t\t\t<div class=\"elementor-widget-wrap\">\n\t\t\t\t\t\t\t<\/div>\n\t\t<\/div>\n\t\t\t\t<div class=\"elementor-column elementor-col-50 elementor-inner-column elementor-element elementor-element-6deff1fb\" data-id=\"6deff1fb\" data-element_type=\"column\">\n\t\t\t<div class=\"elementor-widget-wrap elementor-element-populated\">\n\t\t\t\t\t\t<div class=\"elementor-element elementor-element-59db062 elementor-widget elementor-widget-text-editor\" data-id=\"59db062\" data-element_type=\"widget\" data-widget_type=\"text-editor.default\">\n\t\t\t\t<div class=\"elementor-widget-container\">\n\t\t\t\t\t\t\t<p>Queres falar-nos do teu projeto ou obter um or\u00e7amento gratuito?  <\/p>\n\t\t\t\t\t\t<\/div>\n\t\t\t\t<\/div>\n\t\t\t\t<div class=\"elementor-element elementor-element-3261d99c elementor-widget elementor-widget-text-editor\" data-id=\"3261d99c\" data-element_type=\"widget\" data-widget_type=\"text-editor.default\">\n\t\t\t\t<div class=\"elementor-widget-container\">\n\t\t\t\t\t\t\t<p>Gostar\u00edamos de ouvir-te!  <\/p>\n\t\t\t\t\t\t<\/div>\n\t\t\t\t<\/div>\n\t\t\t\t<div class=\"elementor-element elementor-element-60d86d57 elementor-align-center elementor-widget elementor-widget-button\" data-id=\"60d86d57\" data-element_type=\"widget\" data-widget_type=\"button.default\">\n\t\t\t\t<div class=\"elementor-widget-container\">\n\t\t\t\t\t<div class=\"elementor-button-wrapper\">\n\t\t\t<a class=\"elementor-button elementor-button-link elementor-size-sm elementor-animation-pop\" href=\"tel:+33478844000\">\n\t\t\t\t\t\t<span class=\"elementor-button-content-wrapper\">\n\t\t\t\t\t\t\t\t\t<span class=\"elementor-button-text\"><i class=\"menu_icon icon-phone fa\"><\/i>  +33 4 78 84 40 00<\/span>\n\t\t\t\t\t<\/span>\n\t\t\t\t\t<\/a>\n\t\t<\/div>\n\t\t\t\t<\/div>\n\t\t\t\t<\/div>\n\t\t\t\t<div class=\"elementor-element elementor-element-6a56f0b1 elementor-align-center elementor-widget elementor-widget-button\" data-id=\"6a56f0b1\" data-element_type=\"widget\" data-widget_type=\"button.default\">\n\t\t\t\t<div class=\"elementor-widget-container\">\n\t\t\t\t\t<div class=\"elementor-button-wrapper\">\n\t\t\t<a class=\"elementor-button elementor-button-link elementor-size-sm elementor-animation-pop\" href=\"#devis\">\n\t\t\t\t\t\t<span class=\"elementor-button-content-wrapper\">\n\t\t\t\t\t\t\t\t\t<span class=\"elementor-button-text\">Solicita um or\u00e7amento<\/span>\n\t\t\t\t\t<\/span>\n\t\t\t\t\t<\/a>\n\t\t<\/div>\n\t\t\t\t<\/div>\n\t\t\t\t<\/div>\n\t\t\t\t<div class=\"elementor-element elementor-element-9d14246 elementor-widget elementor-widget-spacer\" data-id=\"9d14246\" data-element_type=\"widget\" data-widget_type=\"spacer.default\">\n\t\t\t\t<div class=\"elementor-widget-container\">\n\t\t\t\t\t<div class=\"elementor-spacer\">\n\t\t\t<div class=\"elementor-spacer-inner\"><\/div>\n\t\t<\/div>\n\t\t\t\t<\/div>\n\t\t\t\t<\/div>\n\t\t\t\t\t<\/div>\n\t\t<\/div>\n\t\t\t\t\t<\/div>\n\t\t<\/section>\n\t\t\t\t\t<\/div>\n\t\t<\/div>\n\t\t\t\t\t<\/div>\n\t\t<\/section>\n\t\t\t\t<\/div>\n\t\t","protected":false},"excerpt":{"rendered":"<p>Aluguer de ar condicionado para eventos: FoxAir ao teu servi\u00e7o Durante todo o ano, o sector dos eventos organiza reuni\u00f5es p\u00fablicas&#8230;<\/p>\n","protected":false},"author":1,"featured_media":0,"parent":0,"menu_order":0,"comment_status":"closed","ping_status":"closed","template":"full-width.php","meta":{"footnotes":""},"yoast_head":"<!-- This site is optimized with the Yoast SEO plugin v23.0 - https:\/\/yoast.com\/wordpress\/plugins\/seo\/ -->\n<title>Aluguer de ar condicionado para eventos: uma oferta \u00e0 medida<\/title>\n<meta name=\"description\" content=\"Descobre a oferta de aluguer de ar condicionado para eventos da FoxAir e beneficia de um servi\u00e7o ao pre\u00e7o mais justo e com o melhor desempenho. Aluga os nossos refrigeradores de ar industriais para os teus eventos e poupa dinheiro. A nossa equipa pode ajudar-te a tirar o m\u00e1ximo partido dela.\" \/>\n<meta name=\"robots\" content=\"index, follow, max-snippet:-1, max-image-preview:large, max-video-preview:-1\" \/>\n<link rel=\"canonical\" href=\"https:\/\/www.rafraichisseur-air.fr\/pt-pt\/aluguer-de-ar-condicionado-para-eventos\/\" \/>\n<meta property=\"og:locale\" content=\"pt_PT\" \/>\n<meta property=\"og:type\" content=\"article\" \/>\n<meta property=\"og:title\" content=\"Aluguer de ar condicionado para eventos: uma oferta \u00e0 medida\" \/>\n<meta property=\"og:description\" content=\"Descobre a oferta de aluguer de ar condicionado para eventos da FoxAir e beneficia de um servi\u00e7o ao pre\u00e7o mais justo e com o melhor desempenho. Aluga os nossos refrigeradores de ar industriais para os teus eventos e poupa dinheiro. A nossa equipa pode ajudar-te a tirar o m\u00e1ximo partido dela.\" \/>\n<meta property=\"og:url\" content=\"https:\/\/www.rafraichisseur-air.fr\/pt-pt\/aluguer-de-ar-condicionado-para-eventos\/\" \/>\n<meta property=\"og:site_name\" content=\"Foxair\" \/>\n<meta property=\"article:publisher\" content=\"https:\/\/www.facebook.com\/foxair.france\" \/>\n<meta property=\"article:modified_time\" content=\"2024-07-08T14:36:50+00:00\" \/>\n<meta property=\"og:image\" content=\"https:\/\/www.rafraichisseur-air.fr\/wp-content\/uploads\/elementor\/thumbs\/evenement-kubus-swiss-rafraichisseur-air-pckae1qf8bvgth35htj22izsj9fv4al6nviqqmxbc0.jpg\" \/>\n<meta name=\"twitter:card\" content=\"summary_large_image\" \/>\n<meta name=\"twitter:label1\" content=\"Tempo estimado de leitura\" \/>\n\t<meta name=\"twitter:data1\" content=\"3 minutos\" \/>\n<script type=\"application\/ld+json\" class=\"yoast-schema-graph\">{\"@context\":\"https:\/\/schema.org\",\"@graph\":[{\"@type\":\"WebPage\",\"@id\":\"https:\/\/www.rafraichisseur-air.fr\/pt-pt\/aluguer-de-ar-condicionado-para-eventos\/\",\"url\":\"https:\/\/www.rafraichisseur-air.fr\/pt-pt\/aluguer-de-ar-condicionado-para-eventos\/\",\"name\":\"Aluguer de ar condicionado para eventos: uma oferta \u00e0 medida\",\"isPartOf\":{\"@id\":\"https:\/\/www.rafraichisseur-air.fr\/pt-pt\/#website\"},\"primaryImageOfPage\":{\"@id\":\"https:\/\/www.rafraichisseur-air.fr\/pt-pt\/aluguer-de-ar-condicionado-para-eventos\/#primaryimage\"},\"image\":{\"@id\":\"https:\/\/www.rafraichisseur-air.fr\/pt-pt\/aluguer-de-ar-condicionado-para-eventos\/#primaryimage\"},\"thumbnailUrl\":\"https:\/\/www.rafraichisseur-air.fr\/wp-content\/uploads\/elementor\/thumbs\/evenement-kubus-swiss-rafraichisseur-air-pckae1qf8bvgth35htj22izsj9fv4al6nviqqmxbc0.jpg\",\"datePublished\":\"2021-09-03T08:21:49+00:00\",\"dateModified\":\"2024-07-08T14:36:50+00:00\",\"description\":\"Descobre a oferta de aluguer de ar condicionado para eventos da FoxAir e beneficia de um servi\u00e7o ao pre\u00e7o mais justo e com o melhor desempenho. Aluga os nossos refrigeradores de ar industriais para os teus eventos e poupa dinheiro. A nossa equipa pode ajudar-te a tirar o m\u00e1ximo partido dela.\",\"inLanguage\":\"pt-PT\",\"potentialAction\":[{\"@type\":\"ReadAction\",\"target\":[\"https:\/\/www.rafraichisseur-air.fr\/pt-pt\/aluguer-de-ar-condicionado-para-eventos\/\"]}]},{\"@type\":\"ImageObject\",\"inLanguage\":\"pt-PT\",\"@id\":\"https:\/\/www.rafraichisseur-air.fr\/pt-pt\/aluguer-de-ar-condicionado-para-eventos\/#primaryimage\",\"url\":\"https:\/\/www.rafraichisseur-air.fr\/wp-content\/uploads\/elementor\/thumbs\/evenement-kubus-swiss-rafraichisseur-air-pckae1qf8bvgth35htj22izsj9fv4al6nviqqmxbc0.jpg\",\"contentUrl\":\"https:\/\/www.rafraichisseur-air.fr\/wp-content\/uploads\/elementor\/thumbs\/evenement-kubus-swiss-rafraichisseur-air-pckae1qf8bvgth35htj22izsj9fv4al6nviqqmxbc0.jpg\"},{\"@type\":\"WebSite\",\"@id\":\"https:\/\/www.rafraichisseur-air.fr\/pt-pt\/#website\",\"url\":\"https:\/\/www.rafraichisseur-air.fr\/pt-pt\/\",\"name\":\"Foxair\",\"description\":\"Rafra\u00eechisseur d&#039;air par \u00e9vaporation\",\"potentialAction\":[{\"@type\":\"SearchAction\",\"target\":{\"@type\":\"EntryPoint\",\"urlTemplate\":\"https:\/\/www.rafraichisseur-air.fr\/pt-pt\/?s={search_term_string}\"},\"query-input\":\"required name=search_term_string\"}],\"inLanguage\":\"pt-PT\"}]}<\/script>\n<!-- \/ Yoast SEO plugin. -->","yoast_head_json":{"title":"Aluguer de ar condicionado para eventos: uma oferta \u00e0 medida","description":"Descobre a oferta de aluguer de ar condicionado para eventos da FoxAir e beneficia de um servi\u00e7o ao pre\u00e7o mais justo e com o melhor desempenho. Aluga os nossos refrigeradores de ar industriais para os teus eventos e poupa dinheiro. A nossa equipa pode ajudar-te a tirar o m\u00e1ximo partido dela.","robots":{"index":"index","follow":"follow","max-snippet":"max-snippet:-1","max-image-preview":"max-image-preview:large","max-video-preview":"max-video-preview:-1"},"canonical":"https:\/\/www.rafraichisseur-air.fr\/pt-pt\/aluguer-de-ar-condicionado-para-eventos\/","og_locale":"pt_PT","og_type":"article","og_title":"Aluguer de ar condicionado para eventos: uma oferta \u00e0 medida","og_description":"Descobre a oferta de aluguer de ar condicionado para eventos da FoxAir e beneficia de um servi\u00e7o ao pre\u00e7o mais justo e com o melhor desempenho. Aluga os nossos refrigeradores de ar industriais para os teus eventos e poupa dinheiro. A nossa equipa pode ajudar-te a tirar o m\u00e1ximo partido dela.","og_url":"https:\/\/www.rafraichisseur-air.fr\/pt-pt\/aluguer-de-ar-condicionado-para-eventos\/","og_site_name":"Foxair","article_publisher":"https:\/\/www.facebook.com\/foxair.france","article_modified_time":"2024-07-08T14:36:50+00:00","og_image":[{"url":"https:\/\/www.rafraichisseur-air.fr\/wp-content\/uploads\/elementor\/thumbs\/evenement-kubus-swiss-rafraichisseur-air-pckae1qf8bvgth35htj22izsj9fv4al6nviqqmxbc0.jpg"}],"twitter_card":"summary_large_image","twitter_misc":{"Tempo estimado de leitura":"3 minutos"},"schema":{"@context":"https:\/\/schema.org","@graph":[{"@type":"WebPage","@id":"https:\/\/www.rafraichisseur-air.fr\/pt-pt\/aluguer-de-ar-condicionado-para-eventos\/","url":"https:\/\/www.rafraichisseur-air.fr\/pt-pt\/aluguer-de-ar-condicionado-para-eventos\/","name":"Aluguer de ar condicionado para eventos: uma oferta \u00e0 medida","isPartOf":{"@id":"https:\/\/www.rafraichisseur-air.fr\/pt-pt\/#website"},"primaryImageOfPage":{"@id":"https:\/\/www.rafraichisseur-air.fr\/pt-pt\/aluguer-de-ar-condicionado-para-eventos\/#primaryimage"},"image":{"@id":"https:\/\/www.rafraichisseur-air.fr\/pt-pt\/aluguer-de-ar-condicionado-para-eventos\/#primaryimage"},"thumbnailUrl":"https:\/\/www.rafraichisseur-air.fr\/wp-content\/uploads\/elementor\/thumbs\/evenement-kubus-swiss-rafraichisseur-air-pckae1qf8bvgth35htj22izsj9fv4al6nviqqmxbc0.jpg","datePublished":"2021-09-03T08:21:49+00:00","dateModified":"2024-07-08T14:36:50+00:00","description":"Descobre a oferta de aluguer de ar condicionado para eventos da FoxAir e beneficia de um servi\u00e7o ao pre\u00e7o mais justo e com o melhor desempenho. Aluga os nossos refrigeradores de ar industriais para os teus eventos e poupa dinheiro. A nossa equipa pode ajudar-te a tirar o m\u00e1ximo partido dela.","inLanguage":"pt-PT","potentialAction":[{"@type":"ReadAction","target":["https:\/\/www.rafraichisseur-air.fr\/pt-pt\/aluguer-de-ar-condicionado-para-eventos\/"]}]},{"@type":"ImageObject","inLanguage":"pt-PT","@id":"https:\/\/www.rafraichisseur-air.fr\/pt-pt\/aluguer-de-ar-condicionado-para-eventos\/#primaryimage","url":"https:\/\/www.rafraichisseur-air.fr\/wp-content\/uploads\/elementor\/thumbs\/evenement-kubus-swiss-rafraichisseur-air-pckae1qf8bvgth35htj22izsj9fv4al6nviqqmxbc0.jpg","contentUrl":"https:\/\/www.rafraichisseur-air.fr\/wp-content\/uploads\/elementor\/thumbs\/evenement-kubus-swiss-rafraichisseur-air-pckae1qf8bvgth35htj22izsj9fv4al6nviqqmxbc0.jpg"},{"@type":"WebSite","@id":"https:\/\/www.rafraichisseur-air.fr\/pt-pt\/#website","url":"https:\/\/www.rafraichisseur-air.fr\/pt-pt\/","name":"Foxair","description":"Rafra\u00eechisseur d&#039;air par \u00e9vaporation","potentialAction":[{"@type":"SearchAction","target":{"@type":"EntryPoint","urlTemplate":"https:\/\/www.rafraichisseur-air.fr\/pt-pt\/?s={search_term_string}"},"query-input":"required name=search_term_string"}],"inLanguage":"pt-PT"}]}},"_links":{"self":[{"href":"https:\/\/www.rafraichisseur-air.fr\/pt-pt\/wp-json\/wp\/v2\/pages\/33122"}],"collection":[{"href":"https:\/\/www.rafraichisseur-air.fr\/pt-pt\/wp-json\/wp\/v2\/pages"}],"about":[{"href":"https:\/\/www.rafraichisseur-air.fr\/pt-pt\/wp-json\/wp\/v2\/types\/page"}],"author":[{"embeddable":true,"href":"https:\/\/www.rafraichisseur-air.fr\/pt-pt\/wp-json\/wp\/v2\/users\/1"}],"replies":[{"embeddable":true,"href":"https:\/\/www.rafraichisseur-air.fr\/pt-pt\/wp-json\/wp\/v2\/comments?post=33122"}],"version-history":[{"count":0,"href":"https:\/\/www.rafraichisseur-air.fr\/pt-pt\/wp-json\/wp\/v2\/pages\/33122\/revisions"}],"wp:attachment":[{"href":"https:\/\/www.rafraichisseur-air.fr\/pt-pt\/wp-json\/wp\/v2\/media?parent=33122"}],"curies":[{"name":"wp","href":"https:\/\/api.w.org\/{rel}","templated":true}]}}