{"id":32892,"date":"2018-03-28T10:07:31","date_gmt":"2018-03-28T09:07:31","guid":{"rendered":"https:\/\/www.rafraichisseur-air.fr\/o-ar-condicionado-adiabatico-movel-e-facil-de-instalar-e-de-deslocar\/"},"modified":"2025-11-05T08:55:48","modified_gmt":"2025-11-05T07:55:48","slug":"o-ar-condicionado-adiabatico-movel-e-facil-de-instalar-e-de-deslocar","status":"publish","type":"page","link":"https:\/\/www.rafraichisseur-air.fr\/pt-pt\/o-ar-condicionado-adiabatico-movel-e-facil-de-instalar-e-de-deslocar\/","title":{"rendered":"Ar condicionado adiab\u00e1tico m\u00f3vel"},"content":{"rendered":"\t\t<div data-elementor-type=\"wp-page\" data-elementor-id=\"32892\" class=\"elementor elementor-32892 elementor-12772\">\n\t\t\t\t\t\t<section class=\"elementor-section elementor-top-section elementor-element elementor-element-4aad996a elementor-section-full_width elementor-section-height-default elementor-section-height-default parallax_section_no qodef_elementor_container_no\" data-id=\"4aad996a\" data-element_type=\"section\" data-settings=\"{&quot;background_background&quot;:&quot;classic&quot;,&quot;shape_divider_bottom&quot;:&quot;opacity-tilt&quot;}\">\n\t\t\t\t\t\t\t<div class=\"elementor-background-overlay\"><\/div>\n\t\t\t\t\t\t<div class=\"elementor-shape elementor-shape-bottom\" data-negative=\"false\">\n\t\t\t<svg xmlns=\"http:\/\/www.w3.org\/2000\/svg\" viewBox=\"0 0 2600 131.1\" preserveAspectRatio=\"none\">\n\t<path class=\"elementor-shape-fill\" d=\"M0 0L2600 0 2600 69.1 0 0z\"\/>\n\t<path class=\"elementor-shape-fill\" style=\"opacity:0.5\" d=\"M0 0L2600 0 2600 69.1 0 69.1z\"\/>\n\t<path class=\"elementor-shape-fill\" style=\"opacity:0.25\" d=\"M2600 0L0 0 0 130.1 2600 69.1z\"\/>\n<\/svg>\t\t<\/div>\n\t\t\t\t\t<div class=\"elementor-container elementor-column-gap-default\">\n\t\t\t\t\t<div class=\"elementor-column elementor-col-100 elementor-top-column elementor-element elementor-element-54337459\" data-id=\"54337459\" data-element_type=\"column\">\n\t\t\t<div class=\"elementor-widget-wrap elementor-element-populated\">\n\t\t\t\t\t\t<section class=\"elementor-section elementor-inner-section elementor-element elementor-element-4c932e48 qodef_elementor_container_inner elementor-section-boxed elementor-section-height-default elementor-section-height-default parallax_section_no\" data-id=\"4c932e48\" data-element_type=\"section\">\n\t\t\t\t\t\t<div class=\"elementor-container elementor-column-gap-default\">\n\t\t\t\t\t<div class=\"elementor-column elementor-col-100 elementor-inner-column elementor-element elementor-element-73cf2557\" data-id=\"73cf2557\" data-element_type=\"column\">\n\t\t\t<div class=\"elementor-widget-wrap elementor-element-populated\">\n\t\t\t\t\t\t<div class=\"elementor-element elementor-element-279de990 elementor-invisible elementor-widget elementor-widget-heading\" data-id=\"279de990\" data-element_type=\"widget\" data-settings=\"{&quot;_animation&quot;:&quot;slideInLeft&quot;}\" data-widget_type=\"heading.default\">\n\t\t\t\t<div class=\"elementor-widget-container\">\n\t\t\t<h1 class=\"elementor-heading-title elementor-size-default\">Ar condicionado adiab\u00e1tico m\u00f3vel:<br> uma solu\u00e7\u00e3o de arrefecimento flex\u00edvel e amiga do ambiente <br><\/h1>\t\t<\/div>\n\t\t\t\t<\/div>\n\t\t\t\t<div class=\"elementor-element elementor-element-6b446713 elementor-widget elementor-widget-spacer\" data-id=\"6b446713\" data-element_type=\"widget\" data-widget_type=\"spacer.default\">\n\t\t\t\t<div class=\"elementor-widget-container\">\n\t\t\t\t\t<div class=\"elementor-spacer\">\n\t\t\t<div class=\"elementor-spacer-inner\"><\/div>\n\t\t<\/div>\n\t\t\t\t<\/div>\n\t\t\t\t<\/div>\n\t\t\t\t\t<\/div>\n\t\t<\/div>\n\t\t\t\t\t<\/div>\n\t\t<\/section>\n\t\t\t\t\t<\/div>\n\t\t<\/div>\n\t\t\t\t\t<\/div>\n\t\t<\/section>\n\t\t\t\t<section class=\"elementor-section elementor-top-section elementor-element elementor-element-1c018807 elementor-section-full_width elementor-section-height-default elementor-section-height-default parallax_section_no qodef_elementor_container_no\" data-id=\"1c018807\" data-element_type=\"section\" data-settings=\"{&quot;background_background&quot;:&quot;classic&quot;,&quot;shape_divider_top&quot;:&quot;tilt&quot;}\">\n\t\t\t\t\t<div class=\"elementor-shape elementor-shape-top\" data-negative=\"false\">\n\t\t\t<svg xmlns=\"http:\/\/www.w3.org\/2000\/svg\" viewBox=\"0 0 1000 100\" preserveAspectRatio=\"none\">\n\t<path class=\"elementor-shape-fill\" d=\"M0,6V0h1000v100L0,6z\"\/>\n<\/svg>\t\t<\/div>\n\t\t\t\t\t<div class=\"elementor-container elementor-column-gap-default\">\n\t\t\t\t\t<div class=\"elementor-column elementor-col-100 elementor-top-column elementor-element elementor-element-4f96d746\" data-id=\"4f96d746\" data-element_type=\"column\">\n\t\t\t<div class=\"elementor-widget-wrap elementor-element-populated\">\n\t\t\t\t\t\t<section class=\"elementor-section elementor-inner-section elementor-element elementor-element-52d58adf qodef_elementor_container_inner elementor-section-boxed elementor-section-height-default elementor-section-height-default parallax_section_no\" data-id=\"52d58adf\" data-element_type=\"section\">\n\t\t\t\t\t\t<div class=\"elementor-container elementor-column-gap-default\">\n\t\t\t\t\t<div class=\"elementor-column elementor-col-100 elementor-inner-column elementor-element elementor-element-11d005f0\" data-id=\"11d005f0\" data-element_type=\"column\" data-settings=\"{&quot;animation&quot;:&quot;none&quot;}\">\n\t\t\t<div class=\"elementor-widget-wrap elementor-element-populated\">\n\t\t\t\t\t\t<div class=\"elementor-element elementor-element-36f26ec elementor-widget elementor-widget-text-editor\" data-id=\"36f26ec\" data-element_type=\"widget\" data-widget_type=\"text-editor.default\">\n\t\t\t\t<div class=\"elementor-widget-container\">\n\t\t\t\t\t\t\tUma alternativa perfeita aos aparelhos de ar condicionado tradicionais, este dispositivo \u00e9 inspirado no processo natural de evapora\u00e7\u00e3o. <strong>O ar condicionado adiab\u00e1tico m\u00f3vel<\/strong> pode ser utilizado para arrefecer instala\u00e7\u00f5es comerciais, oficinas de produ\u00e7\u00e3o ou \u00e1reas de eventos.\n\t\t\t\t\t\t<\/div>\n\t\t\t\t<\/div>\n\t\t\t\t\t<\/div>\n\t\t<\/div>\n\t\t\t\t\t<\/div>\n\t\t<\/section>\n\t\t\t\t\t<\/div>\n\t\t<\/div>\n\t\t\t\t\t<\/div>\n\t\t<\/section>\n\t\t\t\t<section class=\"elementor-section elementor-top-section elementor-element elementor-element-43bcdb82 elementor-section-full_width elementor-section-height-default elementor-section-height-default parallax_section_no qodef_elementor_container_no\" data-id=\"43bcdb82\" data-element_type=\"section\" data-settings=\"{&quot;background_background&quot;:&quot;classic&quot;,&quot;shape_divider_top&quot;:&quot;tilt&quot;}\">\n\t\t\t\t\t<div class=\"elementor-shape elementor-shape-top\" data-negative=\"false\">\n\t\t\t<svg xmlns=\"http:\/\/www.w3.org\/2000\/svg\" viewBox=\"0 0 1000 100\" preserveAspectRatio=\"none\">\n\t<path class=\"elementor-shape-fill\" d=\"M0,6V0h1000v100L0,6z\"\/>\n<\/svg>\t\t<\/div>\n\t\t\t\t\t<div class=\"elementor-container elementor-column-gap-default\">\n\t\t\t\t\t<div class=\"elementor-column elementor-col-100 elementor-top-column elementor-element elementor-element-2cbe52a3\" data-id=\"2cbe52a3\" data-element_type=\"column\">\n\t\t\t<div class=\"elementor-widget-wrap elementor-element-populated\">\n\t\t\t\t\t\t<section class=\"elementor-section elementor-inner-section elementor-element elementor-element-46662c9a elementor-section-content-top qodef_elementor_container_inner elementor-section-boxed elementor-section-height-default elementor-section-height-default parallax_section_no\" data-id=\"46662c9a\" data-element_type=\"section\">\n\t\t\t\t\t\t<div class=\"elementor-container elementor-column-gap-default\">\n\t\t\t\t\t<div class=\"elementor-column elementor-col-50 elementor-inner-column elementor-element elementor-element-130055a7\" data-id=\"130055a7\" data-element_type=\"column\" data-settings=\"{&quot;background_background&quot;:&quot;classic&quot;}\">\n\t\t\t<div class=\"elementor-widget-wrap elementor-element-populated\">\n\t\t\t\t\t\t<div class=\"elementor-element elementor-element-1c8ba3eb elementor-widget elementor-widget-image\" data-id=\"1c8ba3eb\" data-element_type=\"widget\" data-widget_type=\"image.default\">\n\t\t\t\t<div class=\"elementor-widget-container\">\n\t\t\t\t\t\t\t\t\t\t\t\t\t<img fetchpriority=\"high\" decoding=\"async\" width=\"500\" height=\"400\" src=\"https:\/\/www.rafraichisseur-air.fr\/wp-content\/uploads\/2024\/07\/structure.jpg\" class=\"attachment-full size-full wp-image-34439\" alt=\"\" srcset=\"https:\/\/www.rafraichisseur-air.fr\/wp-content\/uploads\/2024\/07\/structure.jpg 500w, https:\/\/www.rafraichisseur-air.fr\/wp-content\/uploads\/2024\/07\/structure-300x240.jpg 300w\" sizes=\"(max-width: 500px) 100vw, 500px\" \/>\t\t\t\t\t\t\t\t\t\t\t\t\t<\/div>\n\t\t\t\t<\/div>\n\t\t\t\t\t<\/div>\n\t\t<\/div>\n\t\t\t\t<div class=\"elementor-column elementor-col-50 elementor-inner-column elementor-element elementor-element-18383c40\" data-id=\"18383c40\" data-element_type=\"column\">\n\t\t\t<div class=\"elementor-widget-wrap elementor-element-populated\">\n\t\t\t\t\t\t<div class=\"elementor-element elementor-element-24a4926e elementor-widget elementor-widget-text-editor\" data-id=\"24a4926e\" data-element_type=\"widget\" data-widget_type=\"text-editor.default\">\n\t\t\t\t<div class=\"elementor-widget-container\">\n\t\t\t\t\t\t\t<h2>Qual \u00e9 a alternativa ao ar condicionado industrial?<\/h2>\n\t\t\t\t\t\t<\/div>\n\t\t\t\t<\/div>\n\t\t\t\t<div class=\"elementor-element elementor-element-2704bfe2 elementor-widget elementor-widget-spacer\" data-id=\"2704bfe2\" data-element_type=\"widget\" data-widget_type=\"spacer.default\">\n\t\t\t\t<div class=\"elementor-widget-container\">\n\t\t\t\t\t<div class=\"elementor-spacer\">\n\t\t\t<div class=\"elementor-spacer-inner\"><\/div>\n\t\t<\/div>\n\t\t\t\t<\/div>\n\t\t\t\t<\/div>\n\t\t\t\t<div class=\"elementor-element elementor-element-25b38f9a elementor-widget elementor-widget-text-editor\" data-id=\"25b38f9a\" data-element_type=\"widget\" data-widget_type=\"text-editor.default\">\n\t\t\t\t<div class=\"elementor-widget-container\">\n\t\t\t\t\t\t\t<p>Os clientes profissionais e industriais procuram frequentemente solu\u00e7\u00f5es econ\u00f3micas para a refrigera\u00e7\u00e3o das suas instala\u00e7\u00f5es. <a href=\"https:\/\/www.rafraichisseur-air.fr\/pt-pt\/ar-condicionado-adiabatico\/\">O ar condicionado adiab\u00e1tico<\/a> funciona simplesmente com um dep\u00f3sito de \u00e1gua e uma liga\u00e7\u00e3o el\u00e9ctrica. <strong>O arrefecimento adiab\u00e1tico <\/strong> \u00e9 amigo do ambiente, r\u00e1pido e f\u00e1cil de utilizar. N\u00e3o requer uma instala\u00e7\u00e3o complexa ou trabalhos dispendiosos.<\/p>\n<p>Os chillers industriais FoxAir ajudam a combater os picos de calor do ver\u00e3o. M\u00f3veis, s\u00e3o tamb\u00e9m adequados para um refresco ocasional quando h\u00e1 um pico de atividade ou de visitantes num local.<\/p>\n\t\t\t\t\t\t<\/div>\n\t\t\t\t<\/div>\n\t\t\t\t\t<\/div>\n\t\t<\/div>\n\t\t\t\t\t<\/div>\n\t\t<\/section>\n\t\t\t\t\t<\/div>\n\t\t<\/div>\n\t\t\t\t\t<\/div>\n\t\t<\/section>\n\t\t\t\t<section class=\"elementor-section elementor-top-section elementor-element elementor-element-7722ca5a elementor-section-full_width elementor-section-height-default elementor-section-height-default parallax_section_no qodef_elementor_container_no\" data-id=\"7722ca5a\" data-element_type=\"section\" data-settings=\"{&quot;background_background&quot;:&quot;classic&quot;,&quot;shape_divider_top&quot;:&quot;tilt&quot;}\">\n\t\t\t\t\t<div class=\"elementor-shape elementor-shape-top\" data-negative=\"false\">\n\t\t\t<svg xmlns=\"http:\/\/www.w3.org\/2000\/svg\" viewBox=\"0 0 1000 100\" preserveAspectRatio=\"none\">\n\t<path class=\"elementor-shape-fill\" d=\"M0,6V0h1000v100L0,6z\"\/>\n<\/svg>\t\t<\/div>\n\t\t\t\t\t<div class=\"elementor-container elementor-column-gap-default\">\n\t\t\t\t\t<div class=\"elementor-column elementor-col-100 elementor-top-column elementor-element elementor-element-61a29850\" data-id=\"61a29850\" data-element_type=\"column\">\n\t\t\t<div class=\"elementor-widget-wrap elementor-element-populated\">\n\t\t\t\t\t\t<section class=\"elementor-section elementor-inner-section elementor-element elementor-element-36da4fdf elementor-section-content-top qodef_elementor_container_inner elementor-section-boxed elementor-section-height-default elementor-section-height-default parallax_section_no\" data-id=\"36da4fdf\" data-element_type=\"section\">\n\t\t\t\t\t\t<div class=\"elementor-container elementor-column-gap-default\">\n\t\t\t\t\t<div class=\"elementor-column elementor-col-50 elementor-inner-column elementor-element elementor-element-4eb69bcc\" data-id=\"4eb69bcc\" data-element_type=\"column\">\n\t\t\t<div class=\"elementor-widget-wrap elementor-element-populated\">\n\t\t\t\t\t\t<div class=\"elementor-element elementor-element-4d6c443 elementor-widget elementor-widget-text-editor\" data-id=\"4d6c443\" data-element_type=\"widget\" data-widget_type=\"text-editor.default\">\n\t\t\t\t<div class=\"elementor-widget-container\">\n\t\t\t\t\t\t\t<h2>As solu\u00e7\u00f5es de arrefecimento da FoxAir conquistam os principais intervenientes da ind\u00fastria<\/h2>\n\t\t\t\t\t\t<\/div>\n\t\t\t\t<\/div>\n\t\t\t\t<div class=\"elementor-element elementor-element-0da1596 elementor-widget elementor-widget-spacer\" data-id=\"0da1596\" data-element_type=\"widget\" data-widget_type=\"spacer.default\">\n\t\t\t\t<div class=\"elementor-widget-container\">\n\t\t\t\t\t<div class=\"elementor-spacer\">\n\t\t\t<div class=\"elementor-spacer-inner\"><\/div>\n\t\t<\/div>\n\t\t\t\t<\/div>\n\t\t\t\t<\/div>\n\t\t\t\t<div class=\"elementor-element elementor-element-2ce69929 elementor-widget elementor-widget-text-editor\" data-id=\"2ce69929\" data-element_type=\"widget\" data-widget_type=\"text-editor.default\">\n\t\t\t\t<div class=\"elementor-widget-container\">\n\t\t\t\t\t\t\t<p>A FoxAir concebeu recentemente um projeto \u00e0 medida para um dos seus maiores parceiros: Volvo \/ Renault Trucks. O pedido \u00e9 simples: instala\u00e7\u00e3o de <strong>refrigeradores industriais m\u00f3veis<\/strong>, em regime de aluguer ou de compra, consoante os locais em causa.<\/p>\n<p>A Volvo Su\u00e9cia j\u00e1 testou anteriormente <strong>os sistemas de ar condicionado adiab\u00e1tico<\/strong> FoxAir. A empresa ficou muito entusiasmada com este processo, que considerou altamente eficiente e econ\u00f3mico. Confiante na estabilidade e no desempenho do produto, o grupo est\u00e1 agora a planear um lan\u00e7amento internacional em grande escala.<\/p>\n<p>Em It\u00e1lia, Espanha, Portugal e noutros pa\u00edses, a Volvo \/ Renault Trucks planeia instalar <strong>refrigeradores adiab\u00e1ticos<\/strong> nas f\u00e1bricas de produ\u00e7\u00e3o e nos centros de manuten\u00e7\u00e3o (Renault Truck Centers e Volvo Centers).<\/p>\n\t\t\t\t\t\t<\/div>\n\t\t\t\t<\/div>\n\t\t\t\t\t<\/div>\n\t\t<\/div>\n\t\t\t\t<div class=\"elementor-column elementor-col-50 elementor-inner-column elementor-element elementor-element-5fbdfc5e\" data-id=\"5fbdfc5e\" data-element_type=\"column\" data-settings=\"{&quot;background_background&quot;:&quot;classic&quot;}\">\n\t\t\t<div class=\"elementor-widget-wrap elementor-element-populated\">\n\t\t\t\t\t\t<div class=\"elementor-element elementor-element-2d41d15e elementor-widget elementor-widget-image\" data-id=\"2d41d15e\" data-element_type=\"widget\" data-widget_type=\"image.default\">\n\t\t\t\t<div class=\"elementor-widget-container\">\n\t\t\t\t\t\t\t\t\t\t\t\t\t<img decoding=\"async\" src=\"https:\/\/www.rafraichisseur-air.fr\/wp-content\/uploads\/elementor\/thumbs\/foxair5-qqihb191opte81mou8y1kfin0w19ra9f0hxx3vnceg.jpg\" title=\"foxair5\" alt=\"foxair5\" loading=\"lazy\" \/>\t\t\t\t\t\t\t\t\t\t\t\t\t<\/div>\n\t\t\t\t<\/div>\n\t\t\t\t\t<\/div>\n\t\t<\/div>\n\t\t\t\t\t<\/div>\n\t\t<\/section>\n\t\t\t\t\t<\/div>\n\t\t<\/div>\n\t\t\t\t\t<\/div>\n\t\t<\/section>\n\t\t\t\t<section class=\"elementor-section elementor-top-section elementor-element elementor-element-6097b25c elementor-section-full_width elementor-section-height-default elementor-section-height-default parallax_section_no qodef_elementor_container_no\" data-id=\"6097b25c\" data-element_type=\"section\" data-settings=\"{&quot;background_background&quot;:&quot;classic&quot;,&quot;shape_divider_top&quot;:&quot;tilt&quot;}\">\n\t\t\t\t\t<div class=\"elementor-shape elementor-shape-top\" data-negative=\"false\">\n\t\t\t<svg xmlns=\"http:\/\/www.w3.org\/2000\/svg\" viewBox=\"0 0 1000 100\" preserveAspectRatio=\"none\">\n\t<path class=\"elementor-shape-fill\" d=\"M0,6V0h1000v100L0,6z\"\/>\n<\/svg>\t\t<\/div>\n\t\t\t\t\t<div class=\"elementor-container elementor-column-gap-default\">\n\t\t\t\t\t<div class=\"elementor-column elementor-col-100 elementor-top-column elementor-element elementor-element-2c7b7ac8\" data-id=\"2c7b7ac8\" data-element_type=\"column\">\n\t\t\t<div class=\"elementor-widget-wrap elementor-element-populated\">\n\t\t\t\t\t\t<section class=\"elementor-section elementor-inner-section elementor-element elementor-element-799d524e qodef_elementor_container_inner elementor-section-boxed elementor-section-height-default elementor-section-height-default parallax_section_no\" data-id=\"799d524e\" data-element_type=\"section\">\n\t\t\t\t\t\t<div class=\"elementor-container elementor-column-gap-default\">\n\t\t\t\t\t<div class=\"elementor-column elementor-col-100 elementor-inner-column elementor-element elementor-element-130c9f42\" data-id=\"130c9f42\" data-element_type=\"column\" data-settings=\"{&quot;animation&quot;:&quot;none&quot;}\">\n\t\t\t<div class=\"elementor-widget-wrap elementor-element-populated\">\n\t\t\t\t\t\t<div class=\"elementor-element elementor-element-42d7616a elementor-widget elementor-widget-text-editor\" data-id=\"42d7616a\" data-element_type=\"widget\" data-widget_type=\"text-editor.default\">\n\t\t\t\t<div class=\"elementor-widget-container\">\n\t\t\t\t\t\t\t<h2>Quando deve ser utilizado um arrefecedor adiab\u00e1tico m\u00f3vel?<\/h2>\n\t\t\t\t\t\t<\/div>\n\t\t\t\t<\/div>\n\t\t\t\t\t<\/div>\n\t\t<\/div>\n\t\t\t\t\t<\/div>\n\t\t<\/section>\n\t\t\t\t\t<\/div>\n\t\t<\/div>\n\t\t\t\t\t<\/div>\n\t\t<\/section>\n\t\t\t\t<section class=\"elementor-section elementor-top-section elementor-element elementor-element-ad2acb4 elementor-section-full_width elementor-section-height-default elementor-section-height-default parallax_section_no qodef_elementor_container_no\" data-id=\"ad2acb4\" data-element_type=\"section\" data-settings=\"{&quot;background_background&quot;:&quot;classic&quot;,&quot;shape_divider_top&quot;:&quot;tilt&quot;}\">\n\t\t\t\t\t<div class=\"elementor-shape elementor-shape-top\" data-negative=\"false\">\n\t\t\t<svg xmlns=\"http:\/\/www.w3.org\/2000\/svg\" viewBox=\"0 0 1000 100\" preserveAspectRatio=\"none\">\n\t<path class=\"elementor-shape-fill\" d=\"M0,6V0h1000v100L0,6z\"\/>\n<\/svg>\t\t<\/div>\n\t\t\t\t\t<div class=\"elementor-container elementor-column-gap-default\">\n\t\t\t\t\t<div class=\"elementor-column elementor-col-100 elementor-top-column elementor-element elementor-element-454ff664\" data-id=\"454ff664\" data-element_type=\"column\">\n\t\t\t<div class=\"elementor-widget-wrap elementor-element-populated\">\n\t\t\t\t\t\t<section class=\"elementor-section elementor-inner-section elementor-element elementor-element-298b197b qodef_elementor_container_inner elementor-section-boxed elementor-section-height-default elementor-section-height-default parallax_section_no\" data-id=\"298b197b\" data-element_type=\"section\">\n\t\t\t\t\t\t<div class=\"elementor-container elementor-column-gap-default\">\n\t\t\t\t\t<div class=\"elementor-column elementor-col-100 elementor-inner-column elementor-element elementor-element-2bf3e443\" data-id=\"2bf3e443\" data-element_type=\"column\" data-settings=\"{&quot;animation&quot;:&quot;none&quot;}\">\n\t\t\t<div class=\"elementor-widget-wrap elementor-element-populated\">\n\t\t\t\t\t\t<div class=\"elementor-element elementor-element-7016f51b elementor-widget elementor-widget-text-editor\" data-id=\"7016f51b\" data-element_type=\"widget\" data-widget_type=\"text-editor.default\">\n\t\t\t\t<div class=\"elementor-widget-container\">\n\t\t\t\t\t\t\t<p>Com o calor do ver\u00e3o, proteger os empregados e os utilizadores significa encontrar solu\u00e7\u00f5es inovadoras. Cada radiador FoxAir melhora imediatamente o conforto e o desempenho das tuas equipas.<\/p>\n\t\t\t\t\t\t<\/div>\n\t\t\t\t<\/div>\n\t\t\t\t\t<\/div>\n\t\t<\/div>\n\t\t\t\t\t<\/div>\n\t\t<\/section>\n\t\t\t\t\t<\/div>\n\t\t<\/div>\n\t\t\t\t\t<\/div>\n\t\t<\/section>\n\t\t\t\t<section style=\"background-image: url(https:\/\/www.rafraichisseur-air.fr\/wp-content\/uploads\/2021\/02\/background-foxair-3.jpg); min-height: 0px\" class=\"qodef-parallax-section-holder qodef-parallax-section-holder-touch-disabled elementor-section elementor-top-section elementor-element elementor-element-643477cb elementor-section-full_width parallax_section_holder ctabackground elementor-section-height-default elementor-section-height-default qodef_elementor_container_no\" data-qodef-parallax-speed=\"0\" data-id=\"643477cb\" data-element_type=\"section\" data-settings=\"{&quot;background_background&quot;:&quot;classic&quot;,&quot;shape_divider_top&quot;:&quot;tilt&quot;,&quot;qode_parallax_image&quot;:{&quot;url&quot;:&quot;https:\\\/\\\/www.rafraichisseur-air.fr\\\/wp-content\\\/uploads\\\/2021\\\/02\\\/background-foxair-3.jpg&quot;,&quot;id&quot;:17062,&quot;size&quot;:&quot;&quot;}}\">\n\t\t\t\t\t<div class=\"elementor-shape elementor-shape-top\" data-negative=\"false\">\n\t\t\t<svg xmlns=\"http:\/\/www.w3.org\/2000\/svg\" viewBox=\"0 0 1000 100\" preserveAspectRatio=\"none\">\n\t<path class=\"elementor-shape-fill\" d=\"M0,6V0h1000v100L0,6z\"\/>\n<\/svg>\t\t<\/div>\n\t\t\t\t\t<div class=\"elementor-container elementor-column-gap-default\">\n\t\t\t\t\t<div class=\"elementor-column elementor-col-100 elementor-top-column elementor-element elementor-element-b635b79\" data-id=\"b635b79\" data-element_type=\"column\">\n\t\t\t<div class=\"elementor-widget-wrap elementor-element-populated\">\n\t\t\t\t\t\t<section class=\"elementor-section elementor-inner-section elementor-element elementor-element-3887c011 elementor-section-content-top qodef_elementor_container_inner elementor-section-boxed elementor-section-height-default elementor-section-height-default parallax_section_no\" data-id=\"3887c011\" data-element_type=\"section\">\n\t\t\t\t\t\t<div class=\"elementor-container elementor-column-gap-wider\">\n\t\t\t\t\t<div class=\"elementor-column elementor-col-50 elementor-inner-column elementor-element elementor-element-4625b728\" data-id=\"4625b728\" data-element_type=\"column\">\n\t\t\t<div class=\"elementor-widget-wrap\">\n\t\t\t\t\t\t\t<\/div>\n\t\t<\/div>\n\t\t\t\t<div class=\"elementor-column elementor-col-50 elementor-inner-column elementor-element elementor-element-2b7b528e\" data-id=\"2b7b528e\" data-element_type=\"column\">\n\t\t\t<div class=\"elementor-widget-wrap elementor-element-populated\">\n\t\t\t\t\t\t<div class=\"elementor-element elementor-element-5e1b19d3 elementor-widget elementor-widget-text-editor\" data-id=\"5e1b19d3\" data-element_type=\"widget\" data-widget_type=\"text-editor.default\">\n\t\t\t\t<div class=\"elementor-widget-container\">\n\t\t\t\t\t\t\t<p>Mant\u00e9m facilmente a temperatura recomendada nas tuas salas e espa\u00e7os de trabalho gra\u00e7as a um sistema fi\u00e1vel, amigo do ambiente, acess\u00edvel e flex\u00edvel.  <\/p>\n\t\t\t\t\t\t<\/div>\n\t\t\t\t<\/div>\n\t\t\t\t<div class=\"elementor-element elementor-element-737d9678 elementor-widget elementor-widget-text-editor\" data-id=\"737d9678\" data-element_type=\"widget\" data-widget_type=\"text-editor.default\">\n\t\t\t\t<div class=\"elementor-widget-container\">\n\t\t\t\t\t\t\t<p>Contacta a FoxAir para obteres mais informa\u00e7\u00f5es.<\/p>\n\t\t\t\t\t\t<\/div>\n\t\t\t\t<\/div>\n\t\t\t\t<div class=\"elementor-element elementor-element-1cb4fb18 elementor-align-center elementor-widget elementor-widget-button\" data-id=\"1cb4fb18\" data-element_type=\"widget\" data-widget_type=\"button.default\">\n\t\t\t\t<div class=\"elementor-widget-container\">\n\t\t\t\t\t<div class=\"elementor-button-wrapper\">\n\t\t\t<a class=\"elementor-button elementor-button-link elementor-size-sm elementor-animation-pop\" href=\"tel:+33478844000\">\n\t\t\t\t\t\t<span class=\"elementor-button-content-wrapper\">\n\t\t\t\t\t\t\t\t\t<span class=\"elementor-button-text\"><i class=\"menu_icon icon-phone fa\"><\/i>  +33 4 78 84 40 00<\/span>\n\t\t\t\t\t<\/span>\n\t\t\t\t\t<\/a>\n\t\t<\/div>\n\t\t\t\t<\/div>\n\t\t\t\t<\/div>\n\t\t\t\t<div class=\"elementor-element elementor-element-7ae23e8 elementor-align-center elementor-widget elementor-widget-button\" data-id=\"7ae23e8\" data-element_type=\"widget\" data-widget_type=\"button.default\">\n\t\t\t\t<div class=\"elementor-widget-container\">\n\t\t\t\t\t<div class=\"elementor-button-wrapper\">\n\t\t\t<a class=\"elementor-button elementor-button-link elementor-size-sm elementor-animation-pop\" href=\"https:\/\/www.rafraichisseur-air.fr\/pt-pt\/contacto\/\">\n\t\t\t\t\t\t<span class=\"elementor-button-content-wrapper\">\n\t\t\t\t\t\t\t\t\t<span class=\"elementor-button-text\">Solicita um or\u00e7amento<\/span>\n\t\t\t\t\t<\/span>\n\t\t\t\t\t<\/a>\n\t\t<\/div>\n\t\t\t\t<\/div>\n\t\t\t\t<\/div>\n\t\t\t\t<div class=\"elementor-element elementor-element-51611160 elementor-widget elementor-widget-spacer\" data-id=\"51611160\" data-element_type=\"widget\" data-widget_type=\"spacer.default\">\n\t\t\t\t<div class=\"elementor-widget-container\">\n\t\t\t\t\t<div class=\"elementor-spacer\">\n\t\t\t<div class=\"elementor-spacer-inner\"><\/div>\n\t\t<\/div>\n\t\t\t\t<\/div>\n\t\t\t\t<\/div>\n\t\t\t\t\t<\/div>\n\t\t<\/div>\n\t\t\t\t\t<\/div>\n\t\t<\/section>\n\t\t\t\t\t<\/div>\n\t\t<\/div>\n\t\t\t\t\t<\/div>\n\t\t<\/section>\n\t\t\t\t<\/div>\n\t\t","protected":false},"excerpt":{"rendered":"<p>Ar condicionado adiab\u00e1tico m\u00f3vel: uma solu\u00e7\u00e3o de arrefecimento flex\u00edvel e amiga do ambiente Uma alternativa perfeita aos aparelhos de ar condicionado&#8230;<\/p>\n","protected":false},"author":1,"featured_media":0,"parent":0,"menu_order":0,"comment_status":"closed","ping_status":"closed","template":"full-width.php","meta":{"footnotes":""},"yoast_head":"<!-- This site is optimized with the Yoast SEO plugin v23.0 - https:\/\/yoast.com\/wordpress\/plugins\/seo\/ -->\n<title>Ar condicionado adiab\u00e1tico m\u00f3vel FoxAir: descobre os nossos produtos<\/title>\n<meta name=\"description\" content=\"Descobre os benef\u00edcios do ar condicionado adiab\u00e1tico m\u00f3vel para arrefecer locais de produ\u00e7\u00e3o ou locais de eventos. A FoxAir oferece-te solu\u00e7\u00f5es simples, ecol\u00f3gicas e econ\u00f3micas feitas \u00e0 medida.\" \/>\n<meta name=\"robots\" content=\"index, follow, max-snippet:-1, max-image-preview:large, max-video-preview:-1\" \/>\n<link rel=\"canonical\" href=\"https:\/\/www.rafraichisseur-air.fr\/pt-pt\/o-ar-condicionado-adiabatico-movel-e-facil-de-instalar-e-de-deslocar\/\" \/>\n<meta property=\"og:locale\" content=\"pt_PT\" \/>\n<meta property=\"og:type\" content=\"article\" \/>\n<meta property=\"og:title\" content=\"Ar condicionado adiab\u00e1tico m\u00f3vel FoxAir: descobre os nossos produtos\" \/>\n<meta property=\"og:description\" content=\"Descobre os benef\u00edcios do ar condicionado adiab\u00e1tico m\u00f3vel para arrefecer locais de produ\u00e7\u00e3o ou locais de eventos. A FoxAir oferece-te solu\u00e7\u00f5es simples, ecol\u00f3gicas e econ\u00f3micas feitas \u00e0 medida.\" \/>\n<meta property=\"og:url\" content=\"https:\/\/www.rafraichisseur-air.fr\/pt-pt\/o-ar-condicionado-adiabatico-movel-e-facil-de-instalar-e-de-deslocar\/\" \/>\n<meta property=\"og:site_name\" content=\"Foxair\" \/>\n<meta property=\"article:publisher\" content=\"https:\/\/www.facebook.com\/foxair.france\" \/>\n<meta property=\"article:modified_time\" content=\"2025-11-05T07:55:48+00:00\" \/>\n<meta property=\"og:image\" content=\"https:\/\/www.rafraichisseur-air.fr\/wp-content\/uploads\/2024\/07\/structure.jpg\" \/>\n<meta name=\"twitter:card\" content=\"summary_large_image\" \/>\n<meta name=\"twitter:label1\" content=\"Tempo estimado de leitura\" \/>\n\t<meta name=\"twitter:data1\" content=\"2 minutos\" \/>\n<script type=\"application\/ld+json\" class=\"yoast-schema-graph\">{\"@context\":\"https:\/\/schema.org\",\"@graph\":[{\"@type\":\"WebPage\",\"@id\":\"https:\/\/www.rafraichisseur-air.fr\/pt-pt\/o-ar-condicionado-adiabatico-movel-e-facil-de-instalar-e-de-deslocar\/\",\"url\":\"https:\/\/www.rafraichisseur-air.fr\/pt-pt\/o-ar-condicionado-adiabatico-movel-e-facil-de-instalar-e-de-deslocar\/\",\"name\":\"Ar condicionado adiab\u00e1tico m\u00f3vel FoxAir: descobre os nossos produtos\",\"isPartOf\":{\"@id\":\"https:\/\/www.rafraichisseur-air.fr\/pt-pt\/#website\"},\"primaryImageOfPage\":{\"@id\":\"https:\/\/www.rafraichisseur-air.fr\/pt-pt\/o-ar-condicionado-adiabatico-movel-e-facil-de-instalar-e-de-deslocar\/#primaryimage\"},\"image\":{\"@id\":\"https:\/\/www.rafraichisseur-air.fr\/pt-pt\/o-ar-condicionado-adiabatico-movel-e-facil-de-instalar-e-de-deslocar\/#primaryimage\"},\"thumbnailUrl\":\"https:\/\/www.rafraichisseur-air.fr\/wp-content\/uploads\/2024\/07\/structure.jpg\",\"datePublished\":\"2018-03-28T09:07:31+00:00\",\"dateModified\":\"2025-11-05T07:55:48+00:00\",\"description\":\"Descobre os benef\u00edcios do ar condicionado adiab\u00e1tico m\u00f3vel para arrefecer locais de produ\u00e7\u00e3o ou locais de eventos. A FoxAir oferece-te solu\u00e7\u00f5es simples, ecol\u00f3gicas e econ\u00f3micas feitas \u00e0 medida.\",\"inLanguage\":\"pt-PT\",\"potentialAction\":[{\"@type\":\"ReadAction\",\"target\":[\"https:\/\/www.rafraichisseur-air.fr\/pt-pt\/o-ar-condicionado-adiabatico-movel-e-facil-de-instalar-e-de-deslocar\/\"]}]},{\"@type\":\"ImageObject\",\"inLanguage\":\"pt-PT\",\"@id\":\"https:\/\/www.rafraichisseur-air.fr\/pt-pt\/o-ar-condicionado-adiabatico-movel-e-facil-de-instalar-e-de-deslocar\/#primaryimage\",\"url\":\"https:\/\/www.rafraichisseur-air.fr\/wp-content\/uploads\/2024\/07\/structure.jpg\",\"contentUrl\":\"https:\/\/www.rafraichisseur-air.fr\/wp-content\/uploads\/2024\/07\/structure.jpg\"},{\"@type\":\"WebSite\",\"@id\":\"https:\/\/www.rafraichisseur-air.fr\/pt-pt\/#website\",\"url\":\"https:\/\/www.rafraichisseur-air.fr\/pt-pt\/\",\"name\":\"Foxair\",\"description\":\"Rafra\u00eechisseur d&#039;air par \u00e9vaporation\",\"potentialAction\":[{\"@type\":\"SearchAction\",\"target\":{\"@type\":\"EntryPoint\",\"urlTemplate\":\"https:\/\/www.rafraichisseur-air.fr\/pt-pt\/?s={search_term_string}\"},\"query-input\":\"required name=search_term_string\"}],\"inLanguage\":\"pt-PT\"}]}<\/script>\n<!-- \/ Yoast SEO plugin. -->","yoast_head_json":{"title":"Ar condicionado adiab\u00e1tico m\u00f3vel FoxAir: descobre os nossos produtos","description":"Descobre os benef\u00edcios do ar condicionado adiab\u00e1tico m\u00f3vel para arrefecer locais de produ\u00e7\u00e3o ou locais de eventos. A FoxAir oferece-te solu\u00e7\u00f5es simples, ecol\u00f3gicas e econ\u00f3micas feitas \u00e0 medida.","robots":{"index":"index","follow":"follow","max-snippet":"max-snippet:-1","max-image-preview":"max-image-preview:large","max-video-preview":"max-video-preview:-1"},"canonical":"https:\/\/www.rafraichisseur-air.fr\/pt-pt\/o-ar-condicionado-adiabatico-movel-e-facil-de-instalar-e-de-deslocar\/","og_locale":"pt_PT","og_type":"article","og_title":"Ar condicionado adiab\u00e1tico m\u00f3vel FoxAir: descobre os nossos produtos","og_description":"Descobre os benef\u00edcios do ar condicionado adiab\u00e1tico m\u00f3vel para arrefecer locais de produ\u00e7\u00e3o ou locais de eventos. A FoxAir oferece-te solu\u00e7\u00f5es simples, ecol\u00f3gicas e econ\u00f3micas feitas \u00e0 medida.","og_url":"https:\/\/www.rafraichisseur-air.fr\/pt-pt\/o-ar-condicionado-adiabatico-movel-e-facil-de-instalar-e-de-deslocar\/","og_site_name":"Foxair","article_publisher":"https:\/\/www.facebook.com\/foxair.france","article_modified_time":"2025-11-05T07:55:48+00:00","og_image":[{"url":"https:\/\/www.rafraichisseur-air.fr\/wp-content\/uploads\/2024\/07\/structure.jpg"}],"twitter_card":"summary_large_image","twitter_misc":{"Tempo estimado de leitura":"2 minutos"},"schema":{"@context":"https:\/\/schema.org","@graph":[{"@type":"WebPage","@id":"https:\/\/www.rafraichisseur-air.fr\/pt-pt\/o-ar-condicionado-adiabatico-movel-e-facil-de-instalar-e-de-deslocar\/","url":"https:\/\/www.rafraichisseur-air.fr\/pt-pt\/o-ar-condicionado-adiabatico-movel-e-facil-de-instalar-e-de-deslocar\/","name":"Ar condicionado adiab\u00e1tico m\u00f3vel FoxAir: descobre os nossos produtos","isPartOf":{"@id":"https:\/\/www.rafraichisseur-air.fr\/pt-pt\/#website"},"primaryImageOfPage":{"@id":"https:\/\/www.rafraichisseur-air.fr\/pt-pt\/o-ar-condicionado-adiabatico-movel-e-facil-de-instalar-e-de-deslocar\/#primaryimage"},"image":{"@id":"https:\/\/www.rafraichisseur-air.fr\/pt-pt\/o-ar-condicionado-adiabatico-movel-e-facil-de-instalar-e-de-deslocar\/#primaryimage"},"thumbnailUrl":"https:\/\/www.rafraichisseur-air.fr\/wp-content\/uploads\/2024\/07\/structure.jpg","datePublished":"2018-03-28T09:07:31+00:00","dateModified":"2025-11-05T07:55:48+00:00","description":"Descobre os benef\u00edcios do ar condicionado adiab\u00e1tico m\u00f3vel para arrefecer locais de produ\u00e7\u00e3o ou locais de eventos. A FoxAir oferece-te solu\u00e7\u00f5es simples, ecol\u00f3gicas e econ\u00f3micas feitas \u00e0 medida.","inLanguage":"pt-PT","potentialAction":[{"@type":"ReadAction","target":["https:\/\/www.rafraichisseur-air.fr\/pt-pt\/o-ar-condicionado-adiabatico-movel-e-facil-de-instalar-e-de-deslocar\/"]}]},{"@type":"ImageObject","inLanguage":"pt-PT","@id":"https:\/\/www.rafraichisseur-air.fr\/pt-pt\/o-ar-condicionado-adiabatico-movel-e-facil-de-instalar-e-de-deslocar\/#primaryimage","url":"https:\/\/www.rafraichisseur-air.fr\/wp-content\/uploads\/2024\/07\/structure.jpg","contentUrl":"https:\/\/www.rafraichisseur-air.fr\/wp-content\/uploads\/2024\/07\/structure.jpg"},{"@type":"WebSite","@id":"https:\/\/www.rafraichisseur-air.fr\/pt-pt\/#website","url":"https:\/\/www.rafraichisseur-air.fr\/pt-pt\/","name":"Foxair","description":"Rafra\u00eechisseur d&#039;air par \u00e9vaporation","potentialAction":[{"@type":"SearchAction","target":{"@type":"EntryPoint","urlTemplate":"https:\/\/www.rafraichisseur-air.fr\/pt-pt\/?s={search_term_string}"},"query-input":"required name=search_term_string"}],"inLanguage":"pt-PT"}]}},"_links":{"self":[{"href":"https:\/\/www.rafraichisseur-air.fr\/pt-pt\/wp-json\/wp\/v2\/pages\/32892"}],"collection":[{"href":"https:\/\/www.rafraichisseur-air.fr\/pt-pt\/wp-json\/wp\/v2\/pages"}],"about":[{"href":"https:\/\/www.rafraichisseur-air.fr\/pt-pt\/wp-json\/wp\/v2\/types\/page"}],"author":[{"embeddable":true,"href":"https:\/\/www.rafraichisseur-air.fr\/pt-pt\/wp-json\/wp\/v2\/users\/1"}],"replies":[{"embeddable":true,"href":"https:\/\/www.rafraichisseur-air.fr\/pt-pt\/wp-json\/wp\/v2\/comments?post=32892"}],"version-history":[{"count":10,"href":"https:\/\/www.rafraichisseur-air.fr\/pt-pt\/wp-json\/wp\/v2\/pages\/32892\/revisions"}],"predecessor-version":[{"id":60852,"href":"https:\/\/www.rafraichisseur-air.fr\/pt-pt\/wp-json\/wp\/v2\/pages\/32892\/revisions\/60852"}],"wp:attachment":[{"href":"https:\/\/www.rafraichisseur-air.fr\/pt-pt\/wp-json\/wp\/v2\/media?parent=32892"}],"curies":[{"name":"wp","href":"https:\/\/api.w.org\/{rel}","templated":true}]}}