{"id":32213,"date":"2023-06-02T09:56:41","date_gmt":"2023-06-02T08:56:41","guid":{"rendered":"https:\/\/www.rafraichisseur-air.fr\/alquiler-temporal-de-aire-acondicionado-2\/"},"modified":"2024-07-08T14:46:29","modified_gmt":"2024-07-08T13:46:29","slug":"alquiler-temporal-de-aire-acondicionado-2","status":"publish","type":"page","link":"https:\/\/www.rafraichisseur-air.fr\/es\/alquiler-temporal-de-aire-acondicionado-2\/","title":{"rendered":"Alquiler temporal de aire acondicionado"},"content":{"rendered":"\t\t<div data-elementor-type=\"wp-page\" data-elementor-id=\"32213\" class=\"elementor elementor-32213 elementor-27495\">\n\t\t\t\t\t\t<section class=\"elementor-section elementor-top-section elementor-element elementor-element-5212bd7 elementor-section-full_width elementor-section-height-default elementor-section-height-default parallax_section_no qodef_elementor_container_no\" data-id=\"5212bd7\" data-element_type=\"section\" data-settings=\"{&quot;background_background&quot;:&quot;classic&quot;,&quot;shape_divider_bottom&quot;:&quot;opacity-tilt&quot;}\">\n\t\t\t\t\t\t\t<div class=\"elementor-background-overlay\"><\/div>\n\t\t\t\t\t\t<div class=\"elementor-shape elementor-shape-bottom\" data-negative=\"false\">\n\t\t\t<svg xmlns=\"http:\/\/www.w3.org\/2000\/svg\" viewBox=\"0 0 2600 131.1\" preserveAspectRatio=\"none\">\n\t<path class=\"elementor-shape-fill\" d=\"M0 0L2600 0 2600 69.1 0 0z\"\/>\n\t<path class=\"elementor-shape-fill\" style=\"opacity:0.5\" d=\"M0 0L2600 0 2600 69.1 0 69.1z\"\/>\n\t<path class=\"elementor-shape-fill\" style=\"opacity:0.25\" d=\"M2600 0L0 0 0 130.1 2600 69.1z\"\/>\n<\/svg>\t\t<\/div>\n\t\t\t\t\t<div class=\"elementor-container elementor-column-gap-default\">\n\t\t\t\t\t<div class=\"elementor-column elementor-col-100 elementor-top-column elementor-element elementor-element-2c17834f\" data-id=\"2c17834f\" data-element_type=\"column\">\n\t\t\t<div class=\"elementor-widget-wrap elementor-element-populated\">\n\t\t\t\t\t\t<section class=\"elementor-section elementor-inner-section elementor-element elementor-element-49bb7994 qodef_elementor_container_inner elementor-section-boxed elementor-section-height-default elementor-section-height-default parallax_section_no\" data-id=\"49bb7994\" data-element_type=\"section\">\n\t\t\t\t\t\t<div class=\"elementor-container elementor-column-gap-default\">\n\t\t\t\t\t<div class=\"elementor-column elementor-col-100 elementor-inner-column elementor-element elementor-element-5861dc7f\" data-id=\"5861dc7f\" data-element_type=\"column\">\n\t\t\t<div class=\"elementor-widget-wrap elementor-element-populated\">\n\t\t\t\t\t\t<div class=\"elementor-element elementor-element-57713469 elementor-invisible elementor-widget elementor-widget-heading\" data-id=\"57713469\" data-element_type=\"widget\" data-settings=\"{&quot;_animation&quot;:&quot;slideInLeft&quot;}\" data-widget_type=\"heading.default\">\n\t\t\t\t<div class=\"elementor-widget-container\">\n\t\t\t<h1 class=\"elementor-heading-title elementor-size-default\">Alquiler temporal de aire acondicionado :  <br>La soluci\u00f3n ideal para los profesionales<\/h1>\t\t<\/div>\n\t\t\t\t<\/div>\n\t\t\t\t<div class=\"elementor-element elementor-element-42913c71 elementor-widget elementor-widget-spacer\" data-id=\"42913c71\" data-element_type=\"widget\" data-widget_type=\"spacer.default\">\n\t\t\t\t<div class=\"elementor-widget-container\">\n\t\t\t\t\t<div class=\"elementor-spacer\">\n\t\t\t<div class=\"elementor-spacer-inner\"><\/div>\n\t\t<\/div>\n\t\t\t\t<\/div>\n\t\t\t\t<\/div>\n\t\t\t\t\t<\/div>\n\t\t<\/div>\n\t\t\t\t\t<\/div>\n\t\t<\/section>\n\t\t\t\t\t<\/div>\n\t\t<\/div>\n\t\t\t\t\t<\/div>\n\t\t<\/section>\n\t\t\t\t<section class=\"elementor-section elementor-top-section elementor-element elementor-element-ea5220b elementor-section-full_width elementor-section-height-default elementor-section-height-default parallax_section_no qodef_elementor_container_no\" data-id=\"ea5220b\" data-element_type=\"section\" data-settings=\"{&quot;background_background&quot;:&quot;classic&quot;,&quot;shape_divider_top&quot;:&quot;tilt&quot;}\">\n\t\t\t\t\t<div class=\"elementor-shape elementor-shape-top\" data-negative=\"false\">\n\t\t\t<svg xmlns=\"http:\/\/www.w3.org\/2000\/svg\" viewBox=\"0 0 1000 100\" preserveAspectRatio=\"none\">\n\t<path class=\"elementor-shape-fill\" d=\"M0,6V0h1000v100L0,6z\"\/>\n<\/svg>\t\t<\/div>\n\t\t\t\t\t<div class=\"elementor-container elementor-column-gap-default\">\n\t\t\t\t\t<div class=\"elementor-column elementor-col-100 elementor-top-column elementor-element elementor-element-7969ce49\" data-id=\"7969ce49\" data-element_type=\"column\">\n\t\t\t<div class=\"elementor-widget-wrap elementor-element-populated\">\n\t\t\t\t\t\t<section class=\"elementor-section elementor-inner-section elementor-element elementor-element-5d50f41b qodef_elementor_container_inner elementor-section-boxed elementor-section-height-default elementor-section-height-default parallax_section_no\" data-id=\"5d50f41b\" data-element_type=\"section\">\n\t\t\t\t\t\t<div class=\"elementor-container elementor-column-gap-default\">\n\t\t\t\t\t<div class=\"elementor-column elementor-col-100 elementor-inner-column elementor-element elementor-element-517cc1d\" data-id=\"517cc1d\" data-element_type=\"column\" data-settings=\"{&quot;animation&quot;:&quot;none&quot;}\">\n\t\t\t<div class=\"elementor-widget-wrap elementor-element-populated\">\n\t\t\t\t\t\t<div class=\"elementor-element elementor-element-611c29ee elementor-widget elementor-widget-text-editor\" data-id=\"611c29ee\" data-element_type=\"widget\" data-widget_type=\"text-editor.default\">\n\t\t\t\t<div class=\"elementor-widget-container\">\n\t\t\t\t\t\t\t<p>\u00bfBuscas un servicio de <strong>alquiler temporal de aire acondicionado<\/strong> para tu gran local comercial? Descubre los enfriadores de aire adiab\u00e1ticos m\u00f3viles <a href=\"https:\/\/www.rafraichisseur-air.fr\/es\/beneficios\/\">FoxAir<\/a>, una opci\u00f3n eficaz y pr\u00e1ctica para garantizar tu confort t\u00e9rmico.<\/p>\n<p>Con su tecnolog\u00eda <a href=\"https:\/\/www.rafraichisseur-air.fr\/es\/equipa-tus-instalaciones-con-un-sistema-eficiente-de-refrigeracion-evaporativa\/\">de enfriamiento evaporativo<\/a>, estos climatizadores m\u00f3viles ofrecen una alternativa a los sistemas de aire acondicionado tradicionales.<\/p>\n\t\t\t\t\t\t<\/div>\n\t\t\t\t<\/div>\n\t\t\t\t\t<\/div>\n\t\t<\/div>\n\t\t\t\t\t<\/div>\n\t\t<\/section>\n\t\t\t\t\t<\/div>\n\t\t<\/div>\n\t\t\t\t\t<\/div>\n\t\t<\/section>\n\t\t\t\t<section style=\"background-image: url(https:\/\/www.rafraichisseur-air.fr\/wp-content\/uploads\/2021\/02\/background-foxair-3.jpg); min-height: 0px\" class=\"qodef-parallax-section-holder qodef-parallax-section-holder-touch-disabled elementor-section elementor-top-section elementor-element elementor-element-524ed871 parallax_section_holder elementor-section-boxed elementor-section-height-default elementor-section-height-default qodef_elementor_container_no\" data-qodef-parallax-speed=\"0\" data-id=\"524ed871\" data-element_type=\"section\" data-settings=\"{&quot;background_background&quot;:&quot;classic&quot;,&quot;shape_divider_bottom&quot;:&quot;tilt&quot;,&quot;shape_divider_top&quot;:&quot;tilt&quot;,&quot;qode_parallax_image&quot;:{&quot;url&quot;:&quot;https:\\\/\\\/www.rafraichisseur-air.fr\\\/wp-content\\\/uploads\\\/2021\\\/02\\\/background-foxair-3.jpg&quot;,&quot;id&quot;:17062,&quot;size&quot;:&quot;&quot;}}\">\n\t\t\t\t\t<div class=\"elementor-shape elementor-shape-top\" data-negative=\"false\">\n\t\t\t<svg xmlns=\"http:\/\/www.w3.org\/2000\/svg\" viewBox=\"0 0 1000 100\" preserveAspectRatio=\"none\">\n\t<path class=\"elementor-shape-fill\" d=\"M0,6V0h1000v100L0,6z\"\/>\n<\/svg>\t\t<\/div>\n\t\t\t\t<div class=\"elementor-shape elementor-shape-bottom\" data-negative=\"false\">\n\t\t\t<svg xmlns=\"http:\/\/www.w3.org\/2000\/svg\" viewBox=\"0 0 1000 100\" preserveAspectRatio=\"none\">\n\t<path class=\"elementor-shape-fill\" d=\"M0,6V0h1000v100L0,6z\"\/>\n<\/svg>\t\t<\/div>\n\t\t\t\t\t<div class=\"elementor-container elementor-column-gap-default\">\n\t\t\t\t\t<div class=\"elementor-column elementor-col-50 elementor-top-column elementor-element elementor-element-2269f20a\" data-id=\"2269f20a\" data-element_type=\"column\">\n\t\t\t<div class=\"elementor-widget-wrap elementor-element-populated\">\n\t\t\t\t\t\t<section class=\"elementor-section elementor-inner-section elementor-element elementor-element-3fd3b01 elementor-section-content-top qodef_elementor_container_inner elementor-section-boxed elementor-section-height-default elementor-section-height-default parallax_section_no\" data-id=\"3fd3b01\" data-element_type=\"section\">\n\t\t\t\t\t\t<div class=\"elementor-container elementor-column-gap-default\">\n\t\t\t\t\t<div class=\"elementor-column elementor-col-100 elementor-inner-column elementor-element elementor-element-4e19d094\" data-id=\"4e19d094\" data-element_type=\"column\">\n\t\t\t<div class=\"elementor-widget-wrap\">\n\t\t\t\t\t\t\t<\/div>\n\t\t<\/div>\n\t\t\t\t\t<\/div>\n\t\t<\/section>\n\t\t\t\t\t<\/div>\n\t\t<\/div>\n\t\t\t\t<div class=\"elementor-column elementor-col-50 elementor-top-column elementor-element elementor-element-73cc0856\" data-id=\"73cc0856\" data-element_type=\"column\">\n\t\t\t<div class=\"elementor-widget-wrap elementor-element-populated\">\n\t\t\t\t\t\t<section class=\"elementor-section elementor-inner-section elementor-element elementor-element-1b84231b elementor-section-content-top qodef_elementor_container_inner elementor-section-boxed elementor-section-height-default elementor-section-height-default parallax_section_no\" data-id=\"1b84231b\" data-element_type=\"section\">\n\t\t\t\t\t\t<div class=\"elementor-container elementor-column-gap-default\">\n\t\t\t\t\t<div class=\"elementor-column elementor-col-100 elementor-inner-column elementor-element elementor-element-386e45df\" data-id=\"386e45df\" data-element_type=\"column\">\n\t\t\t<div class=\"elementor-widget-wrap elementor-element-populated\">\n\t\t\t\t\t\t<div class=\"elementor-element elementor-element-4341139b elementor-widget elementor-widget-text-editor\" data-id=\"4341139b\" data-element_type=\"widget\" id=\"devis\" data-widget_type=\"text-editor.default\">\n\t\t\t\t<div class=\"elementor-widget-container\">\n\t\t\t\t\t\t\t<p>Solicita un presupuesto r\u00e1pido<\/p>\n\t\t\t\t\t\t<\/div>\n\t\t\t\t<\/div>\n\t\t\t\t<div class=\"elementor-element elementor-element-2eed92e2 elementor-align-center elementor-widget elementor-widget-button\" data-id=\"2eed92e2\" data-element_type=\"widget\" data-widget_type=\"button.default\">\n\t\t\t\t<div class=\"elementor-widget-container\">\n\t\t\t\t\t<div class=\"elementor-button-wrapper\">\n\t\t\t<a class=\"elementor-button elementor-button-link elementor-size-sm elementor-animation-pop\" href=\"tel:+33478844000\">\n\t\t\t\t\t\t<span class=\"elementor-button-content-wrapper\">\n\t\t\t\t\t\t\t\t\t<span class=\"elementor-button-text\"><i class=\"menu_icon icon-phone fa\"><\/i>  +33 4 78 84 40 00<\/span>\n\t\t\t\t\t<\/span>\n\t\t\t\t\t<\/a>\n\t\t<\/div>\n\t\t\t\t<\/div>\n\t\t\t\t<\/div>\n\t\t\t\t<div class=\"elementor-element elementor-element-39e9178f elementor-widget elementor-widget-text-editor\" data-id=\"39e9178f\" data-element_type=\"widget\" data-widget_type=\"text-editor.default\">\n\t\t\t\t<div class=\"elementor-widget-container\">\n\t\t\t\t\t\t\t<p>Formulario de presupuesto<\/p>\n\t\t\t\t\t\t<\/div>\n\t\t\t\t<\/div>\n\t\t\t\t<div class=\"elementor-element elementor-element-7980cb3c elementor-widget elementor-widget-text-editor\" data-id=\"7980cb3c\" data-element_type=\"widget\" data-widget_type=\"text-editor.default\">\n\t\t\t\t<div class=\"elementor-widget-container\">\n\t\t\t\t\t\t\t<p>\n<div class=\"wpcf7 no-js\" id=\"wpcf7-f13808-o1\" lang=\"es-ES\" dir=\"ltr\">\n<div class=\"screen-reader-response\"><p role=\"status\" aria-live=\"polite\" aria-atomic=\"true\"><\/p> <ul><\/ul><\/div>\n<form action=\"\/es\/wp-json\/wp\/v2\/pages\/32213#wpcf7-f13808-o1\" method=\"post\" class=\"wpcf7-form init\" aria-label=\"Formulario de contacto\" novalidate=\"novalidate\" data-status=\"init\">\n<div style=\"display: none;\">\n<input type=\"hidden\" name=\"_wpcf7\" value=\"13808\" \/>\n<input type=\"hidden\" name=\"_wpcf7_version\" value=\"5.9.6\" \/>\n<input type=\"hidden\" name=\"_wpcf7_locale\" value=\"es_ES\" \/>\n<input type=\"hidden\" name=\"_wpcf7_unit_tag\" value=\"wpcf7-f13808-o1\" \/>\n<input type=\"hidden\" name=\"_wpcf7_container_post\" value=\"0\" \/>\n<input type=\"hidden\" name=\"_wpcf7_posted_data_hash\" value=\"\" \/>\n<input type=\"hidden\" name=\"_wpcf7_recaptcha_response\" value=\"\" \/>\n<\/div>\n<p><span class=\"wpcf7-form-control-wrap\" data-name=\"Empresa\"><input size=\"40\" maxlength=\"80\" class=\"wpcf7-form-control wpcf7-text wpcf7-validates-as-required\" aria-required=\"true\" aria-invalid=\"false\" value=\"Empresa *\" type=\"text\" name=\"Empresa\" \/><\/span>\n<\/p>\n<p><span class=\"wpcf7-form-control-wrap\" data-name=\"Nombre\"><input size=\"40\" maxlength=\"80\" class=\"wpcf7-form-control wpcf7-text wpcf7-validates-as-required\" aria-required=\"true\" aria-invalid=\"false\" value=\"Nombre *\" type=\"text\" name=\"Nombre\" \/><\/span>\n<\/p>\n<p><span class=\"wpcf7-form-control-wrap\" data-name=\"Telefono\"><input size=\"40\" maxlength=\"80\" class=\"wpcf7-form-control wpcf7-text wpcf7-validates-as-required\" aria-required=\"true\" aria-invalid=\"false\" value=\"Tel\u00e9fono *\" type=\"text\" name=\"Telefono\" \/><\/span>\n<\/p>\n<p><span class=\"wpcf7-form-control-wrap\" data-name=\"Email\"><input size=\"40\" maxlength=\"80\" class=\"wpcf7-form-control wpcf7-email wpcf7-validates-as-required wpcf7-text wpcf7-validates-as-email\" aria-required=\"true\" aria-invalid=\"false\" value=\"Correo electr\u00f3nico *\" type=\"email\" name=\"Email\" \/><\/span>\n<\/p>\n<p><span class=\"wpcf7-form-control-wrap\" data-name=\"Mensaje\"><textarea cols=\"40\" rows=\"10\" maxlength=\"400\" class=\"wpcf7-form-control wpcf7-textarea\" aria-invalid=\"false\" placeholder=\"Mensaje\" name=\"Mensaje\"><\/textarea><\/span>\n<\/p>\n<p><span class=\"wpcf7-form-control-wrap\" data-name=\"acceptance-808\"><span class=\"wpcf7-form-control wpcf7-acceptance\"><span class=\"wpcf7-list-item\"><label><input type=\"checkbox\" name=\"acceptance-808\" value=\"1\" aria-invalid=\"false\" \/><span class=\"wpcf7-list-item-label\">Al enviar este formulario, acepto que la informaci\u00f3n introducida en este formulario pueda ser utilizada, explotada o procesada para que pueda volver a ponerme en contacto contigo o como parte de la relaci\u00f3n comercial derivada de esta solicitud.<\/span><\/label><\/span><\/span><\/span>\n<\/p>\n<p><input class=\"wpcf7-form-control wpcf7-submit has-spinner\" type=\"submit\" value=\"Env\u00eda\" \/>\n<\/p><p style=\"display: none !important;\" class=\"akismet-fields-container\" data-prefix=\"_wpcf7_ak_\"><label>&#916;<textarea name=\"_wpcf7_ak_hp_textarea\" cols=\"45\" rows=\"8\" maxlength=\"100\"><\/textarea><\/label><input type=\"hidden\" id=\"ak_js_1\" name=\"_wpcf7_ak_js\" value=\"216\"\/><script>document.getElementById( \"ak_js_1\" ).setAttribute( \"value\", ( new Date() ).getTime() );<\/script><\/p><div class=\"wpcf7-response-output\" aria-hidden=\"true\"><\/div>\n<\/form>\n<\/div>\n<\/p>\n\t\t\t\t\t\t<\/div>\n\t\t\t\t<\/div>\n\t\t\t\t\t<\/div>\n\t\t<\/div>\n\t\t\t\t\t<\/div>\n\t\t<\/section>\n\t\t\t\t\t<\/div>\n\t\t<\/div>\n\t\t\t\t\t<\/div>\n\t\t<\/section>\n\t\t\t\t<section class=\"elementor-section elementor-top-section elementor-element elementor-element-1d9e4740 elementor-section-full_width elementor-section-height-default elementor-section-height-default parallax_section_no qodef_elementor_container_no\" data-id=\"1d9e4740\" data-element_type=\"section\" data-settings=\"{&quot;background_background&quot;:&quot;classic&quot;}\">\n\t\t\t\t\t\t<div class=\"elementor-container elementor-column-gap-default\">\n\t\t\t\t\t<div class=\"elementor-column elementor-col-100 elementor-top-column elementor-element elementor-element-539f0495\" data-id=\"539f0495\" data-element_type=\"column\">\n\t\t\t<div class=\"elementor-widget-wrap elementor-element-populated\">\n\t\t\t\t\t\t<section class=\"elementor-section elementor-inner-section elementor-element elementor-element-6adeaa5f elementor-section-content-top qodef_elementor_container_inner elementor-section-boxed elementor-section-height-default elementor-section-height-default parallax_section_no\" data-id=\"6adeaa5f\" data-element_type=\"section\">\n\t\t\t\t\t\t<div class=\"elementor-container elementor-column-gap-default\">\n\t\t\t\t\t<div class=\"elementor-column elementor-col-50 elementor-inner-column elementor-element elementor-element-7a40b396\" data-id=\"7a40b396\" data-element_type=\"column\" data-settings=\"{&quot;background_background&quot;:&quot;classic&quot;}\">\n\t\t\t<div class=\"elementor-widget-wrap elementor-element-populated\">\n\t\t\t\t\t\t<div class=\"elementor-element elementor-element-70deb4d5 elementor-widget elementor-widget-image\" data-id=\"70deb4d5\" data-element_type=\"widget\" data-widget_type=\"image.default\">\n\t\t\t\t<div class=\"elementor-widget-container\">\n\t\t\t\t\t\t\t\t\t\t\t\t\t\t<a href=\"https:\/\/www.rafraichisseur-air.fr\/wp-content\/uploads\/2015\/05\/application-foxair-entrepot2.jpg\" data-elementor-open-lightbox=\"yes\" data-elementor-lightbox-title=\"Climatisation Mobile FoxAir dans un entrep\u00f4t industriel\" data-e-action-hash=\"#elementor-action%3Aaction%3Dlightbox%26settings%3DeyJpZCI6MTM1NTMsInVybCI6Imh0dHBzOlwvXC93d3cucmFmcmFpY2hpc3NldXItYWlyLmZyXC93cC1jb250ZW50XC91cGxvYWRzXC8yMDE1XC8wNVwvYXBwbGljYXRpb24tZm94YWlyLWVudHJlcG90Mi5qcGcifQ%3D%3D\">\n\t\t\t\t\t\t\t<img decoding=\"async\" src=\"https:\/\/www.rafraichisseur-air.fr\/wp-content\/uploads\/elementor\/thumbs\/application-foxair-entrepot2-p4olv3fdq4oypgh2fhemspea8rbv6pi9l9v5jxrdyo.jpg\" title=\"Climatisation Mobile FoxAir dans un entrep\u00f4t industriel\" alt=\"Climatisation Mobile FoxAir dans un entrep\u00f4t industriel\" loading=\"lazy\" \/>\t\t\t\t\t\t\t\t<\/a>\n\t\t\t\t\t\t\t\t\t\t\t\t\t<\/div>\n\t\t\t\t<\/div>\n\t\t\t\t\t<\/div>\n\t\t<\/div>\n\t\t\t\t<div class=\"elementor-column elementor-col-50 elementor-inner-column elementor-element elementor-element-275435cb\" data-id=\"275435cb\" data-element_type=\"column\">\n\t\t\t<div class=\"elementor-widget-wrap elementor-element-populated\">\n\t\t\t\t\t\t<div class=\"elementor-element elementor-element-6c014a03 elementor-widget elementor-widget-text-editor\" data-id=\"6c014a03\" data-element_type=\"widget\" data-widget_type=\"text-editor.default\">\n\t\t\t\t<div class=\"elementor-widget-container\">\n\t\t\t\t\t\t\t<h2>Climatizadores adiab\u00e1ticos profesionales para grandes superficies<\/h2>\n\t\t\t\t\t\t<\/div>\n\t\t\t\t<\/div>\n\t\t\t\t<div class=\"elementor-element elementor-element-5dce7fbe elementor-widget elementor-widget-spacer\" data-id=\"5dce7fbe\" data-element_type=\"widget\" data-widget_type=\"spacer.default\">\n\t\t\t\t<div class=\"elementor-widget-container\">\n\t\t\t\t\t<div class=\"elementor-spacer\">\n\t\t\t<div class=\"elementor-spacer-inner\"><\/div>\n\t\t<\/div>\n\t\t\t\t<\/div>\n\t\t\t\t<\/div>\n\t\t\t\t<div class=\"elementor-element elementor-element-425d7ddd elementor-widget elementor-widget-text-editor\" data-id=\"425d7ddd\" data-element_type=\"widget\" data-widget_type=\"text-editor.default\">\n\t\t\t\t<div class=\"elementor-widget-container\">\n\t\t\t\t\t\t\t<p><strong>Los enfriadores de aire adiab\u00e1ticos<\/strong> FoxAir est\u00e1n especialmente dise\u00f1ados para enfriar superficies muy grandes. Con una capacidad de cobertura que oscila entre 90 y 360 m\u00b2 por aparato, seg\u00fan el modelo elegido, se adaptan perfectamente a los grandes locales comerciales. Adem\u00e1s, se pueden combinar distintos modelos dentro del espacio para una cobertura \u00f3ptima.<\/p>\n<p>Estos refrigeradores adiab\u00e1ticos industriales se distinguen por su funcionamiento respetuoso con el medio ambiente. No utilizan refrigerantes ni productos qu\u00edmicos para enfriar el aire. En su lugar, se llena un dep\u00f3sito de agua de gran capacidad y se enchufa el aparato a la red el\u00e9ctrica. El ventilador aspira aire seco y caliente y lo hace pasar por un filtro humedecido con agua del dep\u00f3sito, lo que provoca su evaporaci\u00f3n antes de redistribuirlo enfriado.<\/p>\n<p>Cuanto mayor sea la temperatura ambiente y m\u00e1s seco est\u00e9 el aire, mayor ser\u00e1 la reducci\u00f3n de temperatura conseguida. Adem\u00e1s, estos refrigeradores aumentan el nivel de humedad de los locales, proporcionando un mayor confort t\u00e9rmico.<\/p>\n\t\t\t\t\t\t<\/div>\n\t\t\t\t<\/div>\n\t\t\t\t\t<\/div>\n\t\t<\/div>\n\t\t\t\t\t<\/div>\n\t\t<\/section>\n\t\t\t\t\t<\/div>\n\t\t<\/div>\n\t\t\t\t\t<\/div>\n\t\t<\/section>\n\t\t\t\t<section class=\"elementor-section elementor-top-section elementor-element elementor-element-6ef1c9bc elementor-section-full_width elementor-section-height-default elementor-section-height-default parallax_section_no qodef_elementor_container_no\" data-id=\"6ef1c9bc\" data-element_type=\"section\" data-settings=\"{&quot;background_background&quot;:&quot;classic&quot;,&quot;shape_divider_top&quot;:&quot;tilt&quot;}\">\n\t\t\t\t\t<div class=\"elementor-shape elementor-shape-top\" data-negative=\"false\">\n\t\t\t<svg xmlns=\"http:\/\/www.w3.org\/2000\/svg\" viewBox=\"0 0 1000 100\" preserveAspectRatio=\"none\">\n\t<path class=\"elementor-shape-fill\" d=\"M0,6V0h1000v100L0,6z\"\/>\n<\/svg>\t\t<\/div>\n\t\t\t\t\t<div class=\"elementor-container elementor-column-gap-default\">\n\t\t\t\t\t<div class=\"elementor-column elementor-col-100 elementor-top-column elementor-element elementor-element-7e5dd406\" data-id=\"7e5dd406\" data-element_type=\"column\">\n\t\t\t<div class=\"elementor-widget-wrap elementor-element-populated\">\n\t\t\t\t\t\t<section class=\"elementor-section elementor-inner-section elementor-element elementor-element-636d6af2 elementor-section-content-top qodef_elementor_container_inner elementor-section-boxed elementor-section-height-default elementor-section-height-default parallax_section_no\" data-id=\"636d6af2\" data-element_type=\"section\">\n\t\t\t\t\t\t<div class=\"elementor-container elementor-column-gap-default\">\n\t\t\t\t\t<div class=\"elementor-column elementor-col-50 elementor-inner-column elementor-element elementor-element-13c1cb95\" data-id=\"13c1cb95\" data-element_type=\"column\">\n\t\t\t<div class=\"elementor-widget-wrap elementor-element-populated\">\n\t\t\t\t\t\t<div class=\"elementor-element elementor-element-7f2b7b67 elementor-widget elementor-widget-text-editor\" data-id=\"7f2b7b67\" data-element_type=\"widget\" data-widget_type=\"text-editor.default\">\n\t\t\t\t<div class=\"elementor-widget-container\">\n\t\t\t\t\t\t\t<h2>Alquiler de climatizadores m\u00f3viles FoxAir: una soluci\u00f3n flexible y personalizada<\/h2>\n\t\t\t\t\t\t<\/div>\n\t\t\t\t<\/div>\n\t\t\t\t<div class=\"elementor-element elementor-element-25e164d7 elementor-widget elementor-widget-spacer\" data-id=\"25e164d7\" data-element_type=\"widget\" data-widget_type=\"spacer.default\">\n\t\t\t\t<div class=\"elementor-widget-container\">\n\t\t\t\t\t<div class=\"elementor-spacer\">\n\t\t\t<div class=\"elementor-spacer-inner\"><\/div>\n\t\t<\/div>\n\t\t\t\t<\/div>\n\t\t\t\t<\/div>\n\t\t\t\t<div class=\"elementor-element elementor-element-4600ea1e elementor-widget elementor-widget-text-editor\" data-id=\"4600ea1e\" data-element_type=\"widget\" data-widget_type=\"text-editor.default\">\n\t\t\t\t<div class=\"elementor-widget-container\">\n\t\t\t\t\t\t\t<p>El <strong>alquiler de aire acondicionado industrial<\/strong> FoxAir simplifica el proceso ofreci\u00e9ndote una soluci\u00f3n adaptada a tus necesidades. Tanto si necesitas una soluci\u00f3n temporal, estacional o para un evento, contratar enfriadores de aire adiab\u00e1ticos es una alternativa ideal para garantizar tu confort t\u00e9rmico, al tiempo que proteges tus equipos del sobrecalentamiento.<\/p>\n<p>Al optar por el alquiler, te beneficias de un precio racional, adaptado a la frecuencia de uso del equipo. Adem\u00e1s, no tendr\u00e1s que pagar m\u00e1s por el almacenamiento. As\u00ed ahorras dinero.<\/p>\n<p>En algunos casos, el alquiler de equipos tambi\u00e9n puede servir para probar uno o varios modelos antes de realizar la compra definitiva. De este modo, puedes estar seguro de que el equipo te dar\u00e1 plena satisfacci\u00f3n.<\/p>\n\t\t\t\t\t\t<\/div>\n\t\t\t\t<\/div>\n\t\t\t\t\t<\/div>\n\t\t<\/div>\n\t\t\t\t<div class=\"elementor-column elementor-col-50 elementor-inner-column elementor-element elementor-element-6b074811\" data-id=\"6b074811\" data-element_type=\"column\" data-settings=\"{&quot;background_background&quot;:&quot;classic&quot;}\">\n\t\t\t<div class=\"elementor-widget-wrap elementor-element-populated\">\n\t\t\t\t\t\t<div class=\"elementor-element elementor-element-388ec291 elementor-widget elementor-widget-image\" data-id=\"388ec291\" data-element_type=\"widget\" data-widget_type=\"image.default\">\n\t\t\t\t<div class=\"elementor-widget-container\">\n\t\t\t\t\t\t\t\t\t\t\t\t\t<img fetchpriority=\"high\" decoding=\"async\" width=\"1200\" height=\"1685\" src=\"https:\/\/www.rafraichisseur-air.fr\/wp-content\/uploads\/2023\/06\/foxair-slide2.png\" class=\"attachment-full size-full wp-image-27499\" alt=\"\" srcset=\"https:\/\/www.rafraichisseur-air.fr\/wp-content\/uploads\/2023\/06\/foxair-slide2.png 1200w, https:\/\/www.rafraichisseur-air.fr\/wp-content\/uploads\/2023\/06\/foxair-slide2-214x300.png 214w, https:\/\/www.rafraichisseur-air.fr\/wp-content\/uploads\/2023\/06\/foxair-slide2-729x1024.png 729w, https:\/\/www.rafraichisseur-air.fr\/wp-content\/uploads\/2023\/06\/foxair-slide2-768x1078.png 768w, https:\/\/www.rafraichisseur-air.fr\/wp-content\/uploads\/2023\/06\/foxair-slide2-1094x1536.png 1094w\" sizes=\"(max-width: 1200px) 100vw, 1200px\" \/>\t\t\t\t\t\t\t\t\t\t\t\t\t<\/div>\n\t\t\t\t<\/div>\n\t\t\t\t\t<\/div>\n\t\t<\/div>\n\t\t\t\t\t<\/div>\n\t\t<\/section>\n\t\t\t\t\t<\/div>\n\t\t<\/div>\n\t\t\t\t\t<\/div>\n\t\t<\/section>\n\t\t\t\t<section class=\"elementor-section elementor-top-section elementor-element elementor-element-2cfa9b3 elementor-section-full_width elementor-section-height-default elementor-section-height-default parallax_section_no qodef_elementor_container_no\" data-id=\"2cfa9b3\" data-element_type=\"section\" data-settings=\"{&quot;background_background&quot;:&quot;classic&quot;,&quot;shape_divider_top&quot;:&quot;tilt&quot;}\">\n\t\t\t\t\t<div class=\"elementor-shape elementor-shape-top\" data-negative=\"false\">\n\t\t\t<svg xmlns=\"http:\/\/www.w3.org\/2000\/svg\" viewBox=\"0 0 1000 100\" preserveAspectRatio=\"none\">\n\t<path class=\"elementor-shape-fill\" d=\"M0,6V0h1000v100L0,6z\"\/>\n<\/svg>\t\t<\/div>\n\t\t\t\t\t<div class=\"elementor-container elementor-column-gap-default\">\n\t\t\t\t\t<div class=\"elementor-column elementor-col-100 elementor-top-column elementor-element elementor-element-27d0af3\" data-id=\"27d0af3\" data-element_type=\"column\">\n\t\t\t<div class=\"elementor-widget-wrap elementor-element-populated\">\n\t\t\t\t\t\t<section class=\"elementor-section elementor-inner-section elementor-element elementor-element-68d56ac elementor-section-content-top qodef_elementor_container_inner elementor-section-boxed elementor-section-height-default elementor-section-height-default parallax_section_no\" data-id=\"68d56ac\" data-element_type=\"section\">\n\t\t\t\t\t\t<div class=\"elementor-container elementor-column-gap-default\">\n\t\t\t\t\t<div class=\"elementor-column elementor-col-50 elementor-inner-column elementor-element elementor-element-73ac9e7\" data-id=\"73ac9e7\" data-element_type=\"column\" data-settings=\"{&quot;background_background&quot;:&quot;classic&quot;}\">\n\t\t\t<div class=\"elementor-widget-wrap elementor-element-populated\">\n\t\t\t\t\t\t<div class=\"elementor-element elementor-element-04b8ca3 elementor-widget elementor-widget-image\" data-id=\"04b8ca3\" data-element_type=\"widget\" data-widget_type=\"image.default\">\n\t\t\t\t<div class=\"elementor-widget-container\">\n\t\t\t\t\t\t\t\t\t\t\t\t\t\t<a href=\"https:\/\/www.rafraichisseur-air.fr\/wp-content\/uploads\/2021\/03\/rafraichir-grandes-surfaces-1.jpg\" data-elementor-open-lightbox=\"yes\" data-elementor-lightbox-title=\"rafraichir-grandes-surfaces\" data-e-action-hash=\"#elementor-action%3Aaction%3Dlightbox%26settings%3DeyJpZCI6MTg2ODksInVybCI6Imh0dHBzOlwvXC93d3cucmFmcmFpY2hpc3NldXItYWlyLmZyXC93cC1jb250ZW50XC91cGxvYWRzXC8yMDIxXC8wM1wvcmFmcmFpY2hpci1ncmFuZGVzLXN1cmZhY2VzLTEuanBnIn0%3D\">\n\t\t\t\t\t\t\t<img decoding=\"async\" width=\"649\" height=\"800\" src=\"https:\/\/www.rafraichisseur-air.fr\/wp-content\/uploads\/2021\/03\/rafraichir-grandes-surfaces-1.jpg\" class=\"attachment-full size-full wp-image-18689\" alt=\"\" srcset=\"https:\/\/www.rafraichisseur-air.fr\/wp-content\/uploads\/2021\/03\/rafraichir-grandes-surfaces-1.jpg 649w, https:\/\/www.rafraichisseur-air.fr\/wp-content\/uploads\/2021\/03\/rafraichir-grandes-surfaces-1-243x300.jpg 243w\" sizes=\"(max-width: 649px) 100vw, 649px\" \/>\t\t\t\t\t\t\t\t<\/a>\n\t\t\t\t\t\t\t\t\t\t\t\t\t<\/div>\n\t\t\t\t<\/div>\n\t\t\t\t\t<\/div>\n\t\t<\/div>\n\t\t\t\t<div class=\"elementor-column elementor-col-50 elementor-inner-column elementor-element elementor-element-173f0ac\" data-id=\"173f0ac\" data-element_type=\"column\">\n\t\t\t<div class=\"elementor-widget-wrap elementor-element-populated\">\n\t\t\t\t\t\t<div class=\"elementor-element elementor-element-e4af6ff elementor-widget elementor-widget-spacer\" data-id=\"e4af6ff\" data-element_type=\"widget\" data-widget_type=\"spacer.default\">\n\t\t\t\t<div class=\"elementor-widget-container\">\n\t\t\t\t\t<div class=\"elementor-spacer\">\n\t\t\t<div class=\"elementor-spacer-inner\"><\/div>\n\t\t<\/div>\n\t\t\t\t<\/div>\n\t\t\t\t<\/div>\n\t\t\t\t<div class=\"elementor-element elementor-element-df03166 elementor-widget elementor-widget-text-editor\" data-id=\"df03166\" data-element_type=\"widget\" data-widget_type=\"text-editor.default\">\n\t\t\t\t<div class=\"elementor-widget-container\">\n\t\t\t\t\t\t\t<p>El equipo FoxAir est\u00e1 contigo en cada paso del camino. Nuestros t\u00e9cnicos te asesorar\u00e1n en la elecci\u00f3n de los equipos y elaborar\u00e1n un plano de distribuci\u00f3n personalizado, teniendo en cuenta la configuraci\u00f3n espec\u00edfica de tu edificio y las limitaciones de tu empresa. Incluso pueden desplazarse in situ si es necesario. As\u00ed, desde las primeras horas de uso, notar\u00e1s una clara mejora de tu confort t\u00e9rmico.<\/p>\n<p>Tambi\u00e9n nos aseguramos de que tu <strong>sistema de<\/strong> refrigeraci\u00f3n funcione con una eficiencia \u00f3ptima, proporcion\u00e1ndote asistencia t\u00e9cnica continua y asesoramiento experto.<\/p>\n<p>El alquiler de aeroevaporadores industriales FoxAir ofrece una soluci\u00f3n adaptada a las necesidades de los grandes locales y talleres industriales que albergan l\u00edneas de producci\u00f3n. Puedes elegir un contrato de alquiler semanal, lo que te permitir\u00e1 beneficiarte del aire acondicionado cuando las temperaturas sean m\u00e1s altas, sin tener que alquilar el aparato cuando no lo necesites.<\/p>\n<p>Nuestro proceso de alquiler es transparente y personalizado. Tenemos en cuenta factores como la superficie a cubrir, la potencia requerida y el tipo y n\u00famero de aparatos necesarios para proporcionarte un presupuesto detallado. Adem\u00e1s, cuanto m\u00e1s largo sea el periodo de alquiler, mejor ser\u00e1 el precio por semana gracias a nuestra escala m\u00f3vil de tarifas.<\/p>\n\t\t\t\t\t\t<\/div>\n\t\t\t\t<\/div>\n\t\t\t\t\t<\/div>\n\t\t<\/div>\n\t\t\t\t\t<\/div>\n\t\t<\/section>\n\t\t\t\t\t<\/div>\n\t\t<\/div>\n\t\t\t\t\t<\/div>\n\t\t<\/section>\n\t\t\t\t<section class=\"elementor-section elementor-top-section elementor-element elementor-element-b9ede02 elementor-section-full_width elementor-section-height-default elementor-section-height-default parallax_section_no qodef_elementor_container_no\" data-id=\"b9ede02\" data-element_type=\"section\" data-settings=\"{&quot;background_background&quot;:&quot;classic&quot;,&quot;shape_divider_top&quot;:&quot;tilt&quot;}\">\n\t\t\t\t\t<div class=\"elementor-shape elementor-shape-top\" data-negative=\"false\">\n\t\t\t<svg xmlns=\"http:\/\/www.w3.org\/2000\/svg\" viewBox=\"0 0 1000 100\" preserveAspectRatio=\"none\">\n\t<path class=\"elementor-shape-fill\" d=\"M0,6V0h1000v100L0,6z\"\/>\n<\/svg>\t\t<\/div>\n\t\t\t\t\t<div class=\"elementor-container elementor-column-gap-default\">\n\t\t\t\t\t<div class=\"elementor-column elementor-col-100 elementor-top-column elementor-element elementor-element-730201d\" data-id=\"730201d\" data-element_type=\"column\">\n\t\t\t<div class=\"elementor-widget-wrap elementor-element-populated\">\n\t\t\t\t\t\t<section class=\"elementor-section elementor-inner-section elementor-element elementor-element-caee000 elementor-section-content-top qodef_elementor_container_inner elementor-section-boxed elementor-section-height-default elementor-section-height-default parallax_section_no\" data-id=\"caee000\" data-element_type=\"section\">\n\t\t\t\t\t\t<div class=\"elementor-container elementor-column-gap-default\">\n\t\t\t\t\t<div class=\"elementor-column elementor-col-50 elementor-inner-column elementor-element elementor-element-d57784d\" data-id=\"d57784d\" data-element_type=\"column\">\n\t\t\t<div class=\"elementor-widget-wrap elementor-element-populated\">\n\t\t\t\t\t\t<div class=\"elementor-element elementor-element-1e44bc6 elementor-widget elementor-widget-text-editor\" data-id=\"1e44bc6\" data-element_type=\"widget\" data-widget_type=\"text-editor.default\">\n\t\t\t\t<div class=\"elementor-widget-container\">\n\t\t\t\t\t\t\t<h2>Aprovecha el aire acondicionado temporal sin limitaciones<\/h2>\n<p><strong>Alquilar climatizadores adiab\u00e1ticos m\u00f3viles<\/strong> FoxAir ofrece muchas ventajas a los profesionales. Cuando alquilas nuestros equipos, te beneficias de :<\/p>\n\t\t\t\t\t\t<\/div>\n\t\t\t\t<\/div>\n\t\t\t\t<div class=\"elementor-element elementor-element-7249b3b elementor-widget elementor-widget-spacer\" data-id=\"7249b3b\" data-element_type=\"widget\" data-widget_type=\"spacer.default\">\n\t\t\t\t<div class=\"elementor-widget-container\">\n\t\t\t\t\t<div class=\"elementor-spacer\">\n\t\t\t<div class=\"elementor-spacer-inner\"><\/div>\n\t\t<\/div>\n\t\t\t\t<\/div>\n\t\t\t\t<\/div>\n\t\t\t\t\t<\/div>\n\t\t<\/div>\n\t\t\t\t<div class=\"elementor-column elementor-col-50 elementor-inner-column elementor-element elementor-element-f6251c5\" data-id=\"f6251c5\" data-element_type=\"column\">\n\t\t\t<div class=\"elementor-widget-wrap elementor-element-populated\">\n\t\t\t\t\t\t<div class=\"elementor-element elementor-element-e60fa1a elementor-widget elementor-widget-icon-box\" data-id=\"e60fa1a\" data-element_type=\"widget\" data-widget_type=\"icon-box.default\">\n\t\t\t\t<div class=\"elementor-widget-container\">\n\t\t\t\t\t<div class=\"elementor-icon-box-wrapper\">\n\n\t\t\t\n\t\t\t\t\t\t<div class=\"elementor-icon-box-content\">\n\n\t\t\t\t\n\t\t\t\t\t\t\t\t\t<p class=\"elementor-icon-box-description\">\n\t\t\t\t\t\t<ul>\n  <li>Una <strong>soluci\u00f3n temporal de climatizaci\u00f3n<\/strong> adaptada a tus necesidades espec\u00edficas<\/li>\n  <li>La oportunidad de probar el equipo antes de comprarlo directamente<\/li>\n  <li>Un servicio a medida con el apoyo de nuestro equipo durante todo el periodo de alquiler<\/li>\n  <li>Gesti\u00f3n flexible del presupuesto gracias a precios adaptados a la frecuencia de uso<\/li>\n  <li>Rendimiento optimizado gracias a un plan de implantaci\u00f3n personalizado y al asesoramiento de expertos<\/li>\n<\/ul>\n\t\t\t\t\t<\/p>\n\t\t\t\t\n\t\t\t<\/div>\n\t\t\t\n\t\t<\/div>\n\t\t\t\t<\/div>\n\t\t\t\t<\/div>\n\t\t\t\t<div class=\"elementor-element elementor-element-5277928 elementor-widget elementor-widget-spacer\" data-id=\"5277928\" data-element_type=\"widget\" data-widget_type=\"spacer.default\">\n\t\t\t\t<div class=\"elementor-widget-container\">\n\t\t\t\t\t<div class=\"elementor-spacer\">\n\t\t\t<div class=\"elementor-spacer-inner\"><\/div>\n\t\t<\/div>\n\t\t\t\t<\/div>\n\t\t\t\t<\/div>\n\t\t\t\t\t<\/div>\n\t\t<\/div>\n\t\t\t\t\t<\/div>\n\t\t<\/section>\n\t\t\t\t\t<\/div>\n\t\t<\/div>\n\t\t\t\t\t<\/div>\n\t\t<\/section>\n\t\t\t\t<section style=\"background-image: url(https:\/\/www.rafraichisseur-air.fr\/wp-content\/uploads\/2021\/02\/background-foxair-3.jpg); min-height: 0px\" class=\"qodef-parallax-section-holder qodef-parallax-section-holder-touch-disabled elementor-section elementor-top-section elementor-element elementor-element-76a60ab8 elementor-section-full_width parallax_section_holder ctabackground elementor-section-height-default elementor-section-height-default qodef_elementor_container_no\" data-qodef-parallax-speed=\"0\" data-id=\"76a60ab8\" data-element_type=\"section\" data-settings=\"{&quot;background_background&quot;:&quot;classic&quot;,&quot;shape_divider_top&quot;:&quot;tilt&quot;,&quot;qode_parallax_image&quot;:{&quot;url&quot;:&quot;https:\\\/\\\/www.rafraichisseur-air.fr\\\/wp-content\\\/uploads\\\/2021\\\/02\\\/background-foxair-3.jpg&quot;,&quot;id&quot;:17062,&quot;size&quot;:&quot;&quot;}}\">\n\t\t\t\t\t<div class=\"elementor-shape elementor-shape-top\" data-negative=\"false\">\n\t\t\t<svg xmlns=\"http:\/\/www.w3.org\/2000\/svg\" viewBox=\"0 0 1000 100\" preserveAspectRatio=\"none\">\n\t<path class=\"elementor-shape-fill\" d=\"M0,6V0h1000v100L0,6z\"\/>\n<\/svg>\t\t<\/div>\n\t\t\t\t\t<div class=\"elementor-container elementor-column-gap-default\">\n\t\t\t\t\t<div class=\"elementor-column elementor-col-100 elementor-top-column elementor-element elementor-element-29de62a0\" data-id=\"29de62a0\" data-element_type=\"column\">\n\t\t\t<div class=\"elementor-widget-wrap elementor-element-populated\">\n\t\t\t\t\t\t<section class=\"elementor-section elementor-inner-section elementor-element elementor-element-26c4bd58 elementor-section-content-top qodef_elementor_container_inner elementor-section-boxed elementor-section-height-default elementor-section-height-default parallax_section_no\" data-id=\"26c4bd58\" data-element_type=\"section\">\n\t\t\t\t\t\t<div class=\"elementor-container elementor-column-gap-wider\">\n\t\t\t\t\t<div class=\"elementor-column elementor-col-50 elementor-inner-column elementor-element elementor-element-534f78e5\" data-id=\"534f78e5\" data-element_type=\"column\">\n\t\t\t<div class=\"elementor-widget-wrap\">\n\t\t\t\t\t\t\t<\/div>\n\t\t<\/div>\n\t\t\t\t<div class=\"elementor-column elementor-col-50 elementor-inner-column elementor-element elementor-element-6deff1fb\" data-id=\"6deff1fb\" data-element_type=\"column\">\n\t\t\t<div class=\"elementor-widget-wrap elementor-element-populated\">\n\t\t\t\t\t\t<div class=\"elementor-element elementor-element-3261d99c elementor-widget elementor-widget-text-editor\" data-id=\"3261d99c\" data-element_type=\"widget\" data-widget_type=\"text-editor.default\">\n\t\t\t\t<div class=\"elementor-widget-container\">\n\t\t\t\t\t\t\t<p>No busques m\u00e1s y encuentra una soluci\u00f3n eficaz para la <strong>refrigeraci\u00f3n temporal de tus locales comerciales<\/strong>. Contrata los servicios de FoxAir y disfruta de un confort t\u00e9rmico \u00f3ptimo al tiempo que proteges tus equipos del sobrecalentamiento.<\/p>\n<p>Ponte en contacto con nosotros hoy mismo para obtener m\u00e1s informaci\u00f3n sobre nuestra oferta de <strong>alquiler temporal de aire<\/strong> acondicionado. Nuestro equipo estar\u00e1 encantado de responder a tus preguntas y ayudarte a encontrar la soluci\u00f3n de aire acondicionado adecuada a tus necesidades.<\/p>\n\t\t\t\t\t\t<\/div>\n\t\t\t\t<\/div>\n\t\t\t\t<div class=\"elementor-element elementor-element-60d86d57 elementor-align-center elementor-widget elementor-widget-button\" data-id=\"60d86d57\" data-element_type=\"widget\" data-widget_type=\"button.default\">\n\t\t\t\t<div class=\"elementor-widget-container\">\n\t\t\t\t\t<div class=\"elementor-button-wrapper\">\n\t\t\t<a class=\"elementor-button elementor-button-link elementor-size-sm elementor-animation-pop\" href=\"tel:+33478844000\">\n\t\t\t\t\t\t<span class=\"elementor-button-content-wrapper\">\n\t\t\t\t\t\t\t\t\t<span class=\"elementor-button-text\"><i class=\"menu_icon icon-phone fa\"><\/i>  +33 4 78 84 40 00<\/span>\n\t\t\t\t\t<\/span>\n\t\t\t\t\t<\/a>\n\t\t<\/div>\n\t\t\t\t<\/div>\n\t\t\t\t<\/div>\n\t\t\t\t<div class=\"elementor-element elementor-element-6a56f0b1 elementor-align-center elementor-widget elementor-widget-button\" data-id=\"6a56f0b1\" data-element_type=\"widget\" data-widget_type=\"button.default\">\n\t\t\t\t<div class=\"elementor-widget-container\">\n\t\t\t\t\t<div class=\"elementor-button-wrapper\">\n\t\t\t<a class=\"elementor-button elementor-button-link elementor-size-sm elementor-animation-pop\" href=\"#devis\">\n\t\t\t\t\t\t<span class=\"elementor-button-content-wrapper\">\n\t\t\t\t\t\t\t\t\t<span class=\"elementor-button-text\">Pide un presupuesto<\/span>\n\t\t\t\t\t<\/span>\n\t\t\t\t\t<\/a>\n\t\t<\/div>\n\t\t\t\t<\/div>\n\t\t\t\t<\/div>\n\t\t\t\t<div class=\"elementor-element elementor-element-9d14246 elementor-widget elementor-widget-spacer\" data-id=\"9d14246\" data-element_type=\"widget\" data-widget_type=\"spacer.default\">\n\t\t\t\t<div class=\"elementor-widget-container\">\n\t\t\t\t\t<div class=\"elementor-spacer\">\n\t\t\t<div class=\"elementor-spacer-inner\"><\/div>\n\t\t<\/div>\n\t\t\t\t<\/div>\n\t\t\t\t<\/div>\n\t\t\t\t\t<\/div>\n\t\t<\/div>\n\t\t\t\t\t<\/div>\n\t\t<\/section>\n\t\t\t\t\t<\/div>\n\t\t<\/div>\n\t\t\t\t\t<\/div>\n\t\t<\/section>\n\t\t\t\t<\/div>\n\t\t","protected":false},"excerpt":{"rendered":"<p>Alquiler temporal de aire acondicionado : La soluci\u00f3n ideal para los profesionales \u00bfBuscas un servicio de alquiler temporal de aire acondicionado&#8230;<\/p>\n","protected":false},"author":1,"featured_media":0,"parent":0,"menu_order":0,"comment_status":"closed","ping_status":"closed","template":"full-width.php","meta":{"footnotes":""},"yoast_head":"<!-- This site is optimized with the Yoast SEO plugin v23.0 - https:\/\/yoast.com\/wordpress\/plugins\/seo\/ -->\n<title>Alquiler temporal de aire acondicionado FoxAir - Descubre nuestra oferta<\/title>\n<meta name=\"description\" content=\"Contrata aire acondicionado temporal con los enfriadores de aire adiab\u00e1ticos m\u00f3viles FoxAir. Soluci\u00f3n ideal para los profesionales, que garantiza el confort t\u00e9rmico y la protecci\u00f3n de los equipos. Ponte en contacto con nosotros hoy mismo.\" \/>\n<meta name=\"robots\" content=\"index, follow, max-snippet:-1, max-image-preview:large, max-video-preview:-1\" \/>\n<link rel=\"canonical\" href=\"https:\/\/www.rafraichisseur-air.fr\/es\/alquiler-temporal-de-aire-acondicionado-2\/\" \/>\n<meta property=\"og:locale\" content=\"es_ES\" \/>\n<meta property=\"og:type\" content=\"article\" \/>\n<meta property=\"og:title\" content=\"Alquiler temporal de aire acondicionado FoxAir - Descubre nuestra oferta\" \/>\n<meta property=\"og:description\" content=\"Contrata aire acondicionado temporal con los enfriadores de aire adiab\u00e1ticos m\u00f3viles FoxAir. Soluci\u00f3n ideal para los profesionales, que garantiza el confort t\u00e9rmico y la protecci\u00f3n de los equipos. Ponte en contacto con nosotros hoy mismo.\" \/>\n<meta property=\"og:url\" content=\"https:\/\/www.rafraichisseur-air.fr\/es\/alquiler-temporal-de-aire-acondicionado-2\/\" \/>\n<meta property=\"og:site_name\" content=\"Foxair\" \/>\n<meta property=\"article:publisher\" content=\"https:\/\/www.facebook.com\/foxair.france\" \/>\n<meta property=\"article:modified_time\" content=\"2024-07-08T13:46:29+00:00\" \/>\n<meta property=\"og:image\" content=\"https:\/\/www.rafraichisseur-air.fr\/wp-content\/uploads\/elementor\/thumbs\/application-foxair-entrepot2-p4olv3fdq4oypgh2fhemspea8rbv6pi9l9v5jxrdyo.jpg\" \/>\n<meta name=\"twitter:card\" content=\"summary_large_image\" \/>\n<meta name=\"twitter:label1\" content=\"Tiempo de lectura\" \/>\n\t<meta name=\"twitter:data1\" content=\"4 minutos\" \/>\n<script type=\"application\/ld+json\" class=\"yoast-schema-graph\">{\"@context\":\"https:\/\/schema.org\",\"@graph\":[{\"@type\":\"WebPage\",\"@id\":\"https:\/\/www.rafraichisseur-air.fr\/es\/alquiler-temporal-de-aire-acondicionado-2\/\",\"url\":\"https:\/\/www.rafraichisseur-air.fr\/es\/alquiler-temporal-de-aire-acondicionado-2\/\",\"name\":\"Alquiler temporal de aire acondicionado FoxAir - Descubre nuestra oferta\",\"isPartOf\":{\"@id\":\"https:\/\/www.rafraichisseur-air.fr\/es\/#website\"},\"primaryImageOfPage\":{\"@id\":\"https:\/\/www.rafraichisseur-air.fr\/es\/alquiler-temporal-de-aire-acondicionado-2\/#primaryimage\"},\"image\":{\"@id\":\"https:\/\/www.rafraichisseur-air.fr\/es\/alquiler-temporal-de-aire-acondicionado-2\/#primaryimage\"},\"thumbnailUrl\":\"https:\/\/www.rafraichisseur-air.fr\/wp-content\/uploads\/elementor\/thumbs\/application-foxair-entrepot2-p4olv3fdq4oypgh2fhemspea8rbv6pi9l9v5jxrdyo.jpg\",\"datePublished\":\"2023-06-02T08:56:41+00:00\",\"dateModified\":\"2024-07-08T13:46:29+00:00\",\"description\":\"Contrata aire acondicionado temporal con los enfriadores de aire adiab\u00e1ticos m\u00f3viles FoxAir. Soluci\u00f3n ideal para los profesionales, que garantiza el confort t\u00e9rmico y la protecci\u00f3n de los equipos. Ponte en contacto con nosotros hoy mismo.\",\"inLanguage\":\"es\",\"potentialAction\":[{\"@type\":\"ReadAction\",\"target\":[\"https:\/\/www.rafraichisseur-air.fr\/es\/alquiler-temporal-de-aire-acondicionado-2\/\"]}]},{\"@type\":\"ImageObject\",\"inLanguage\":\"es\",\"@id\":\"https:\/\/www.rafraichisseur-air.fr\/es\/alquiler-temporal-de-aire-acondicionado-2\/#primaryimage\",\"url\":\"https:\/\/www.rafraichisseur-air.fr\/wp-content\/uploads\/elementor\/thumbs\/application-foxair-entrepot2-p4olv3fdq4oypgh2fhemspea8rbv6pi9l9v5jxrdyo.jpg\",\"contentUrl\":\"https:\/\/www.rafraichisseur-air.fr\/wp-content\/uploads\/elementor\/thumbs\/application-foxair-entrepot2-p4olv3fdq4oypgh2fhemspea8rbv6pi9l9v5jxrdyo.jpg\"},{\"@type\":\"WebSite\",\"@id\":\"https:\/\/www.rafraichisseur-air.fr\/es\/#website\",\"url\":\"https:\/\/www.rafraichisseur-air.fr\/es\/\",\"name\":\"Foxair\",\"description\":\"Rafra\u00eechisseur d&#039;air par \u00e9vaporation\",\"potentialAction\":[{\"@type\":\"SearchAction\",\"target\":{\"@type\":\"EntryPoint\",\"urlTemplate\":\"https:\/\/www.rafraichisseur-air.fr\/es\/?s={search_term_string}\"},\"query-input\":\"required name=search_term_string\"}],\"inLanguage\":\"es\"}]}<\/script>\n<!-- \/ Yoast SEO plugin. -->","yoast_head_json":{"title":"Alquiler temporal de aire acondicionado FoxAir - Descubre nuestra oferta","description":"Contrata aire acondicionado temporal con los enfriadores de aire adiab\u00e1ticos m\u00f3viles FoxAir. Soluci\u00f3n ideal para los profesionales, que garantiza el confort t\u00e9rmico y la protecci\u00f3n de los equipos. Ponte en contacto con nosotros hoy mismo.","robots":{"index":"index","follow":"follow","max-snippet":"max-snippet:-1","max-image-preview":"max-image-preview:large","max-video-preview":"max-video-preview:-1"},"canonical":"https:\/\/www.rafraichisseur-air.fr\/es\/alquiler-temporal-de-aire-acondicionado-2\/","og_locale":"es_ES","og_type":"article","og_title":"Alquiler temporal de aire acondicionado FoxAir - Descubre nuestra oferta","og_description":"Contrata aire acondicionado temporal con los enfriadores de aire adiab\u00e1ticos m\u00f3viles FoxAir. Soluci\u00f3n ideal para los profesionales, que garantiza el confort t\u00e9rmico y la protecci\u00f3n de los equipos. Ponte en contacto con nosotros hoy mismo.","og_url":"https:\/\/www.rafraichisseur-air.fr\/es\/alquiler-temporal-de-aire-acondicionado-2\/","og_site_name":"Foxair","article_publisher":"https:\/\/www.facebook.com\/foxair.france","article_modified_time":"2024-07-08T13:46:29+00:00","og_image":[{"url":"https:\/\/www.rafraichisseur-air.fr\/wp-content\/uploads\/elementor\/thumbs\/application-foxair-entrepot2-p4olv3fdq4oypgh2fhemspea8rbv6pi9l9v5jxrdyo.jpg"}],"twitter_card":"summary_large_image","twitter_misc":{"Tiempo de lectura":"4 minutos"},"schema":{"@context":"https:\/\/schema.org","@graph":[{"@type":"WebPage","@id":"https:\/\/www.rafraichisseur-air.fr\/es\/alquiler-temporal-de-aire-acondicionado-2\/","url":"https:\/\/www.rafraichisseur-air.fr\/es\/alquiler-temporal-de-aire-acondicionado-2\/","name":"Alquiler temporal de aire acondicionado FoxAir - Descubre nuestra oferta","isPartOf":{"@id":"https:\/\/www.rafraichisseur-air.fr\/es\/#website"},"primaryImageOfPage":{"@id":"https:\/\/www.rafraichisseur-air.fr\/es\/alquiler-temporal-de-aire-acondicionado-2\/#primaryimage"},"image":{"@id":"https:\/\/www.rafraichisseur-air.fr\/es\/alquiler-temporal-de-aire-acondicionado-2\/#primaryimage"},"thumbnailUrl":"https:\/\/www.rafraichisseur-air.fr\/wp-content\/uploads\/elementor\/thumbs\/application-foxair-entrepot2-p4olv3fdq4oypgh2fhemspea8rbv6pi9l9v5jxrdyo.jpg","datePublished":"2023-06-02T08:56:41+00:00","dateModified":"2024-07-08T13:46:29+00:00","description":"Contrata aire acondicionado temporal con los enfriadores de aire adiab\u00e1ticos m\u00f3viles FoxAir. Soluci\u00f3n ideal para los profesionales, que garantiza el confort t\u00e9rmico y la protecci\u00f3n de los equipos. Ponte en contacto con nosotros hoy mismo.","inLanguage":"es","potentialAction":[{"@type":"ReadAction","target":["https:\/\/www.rafraichisseur-air.fr\/es\/alquiler-temporal-de-aire-acondicionado-2\/"]}]},{"@type":"ImageObject","inLanguage":"es","@id":"https:\/\/www.rafraichisseur-air.fr\/es\/alquiler-temporal-de-aire-acondicionado-2\/#primaryimage","url":"https:\/\/www.rafraichisseur-air.fr\/wp-content\/uploads\/elementor\/thumbs\/application-foxair-entrepot2-p4olv3fdq4oypgh2fhemspea8rbv6pi9l9v5jxrdyo.jpg","contentUrl":"https:\/\/www.rafraichisseur-air.fr\/wp-content\/uploads\/elementor\/thumbs\/application-foxair-entrepot2-p4olv3fdq4oypgh2fhemspea8rbv6pi9l9v5jxrdyo.jpg"},{"@type":"WebSite","@id":"https:\/\/www.rafraichisseur-air.fr\/es\/#website","url":"https:\/\/www.rafraichisseur-air.fr\/es\/","name":"Foxair","description":"Rafra\u00eechisseur d&#039;air par \u00e9vaporation","potentialAction":[{"@type":"SearchAction","target":{"@type":"EntryPoint","urlTemplate":"https:\/\/www.rafraichisseur-air.fr\/es\/?s={search_term_string}"},"query-input":"required name=search_term_string"}],"inLanguage":"es"}]}},"_links":{"self":[{"href":"https:\/\/www.rafraichisseur-air.fr\/es\/wp-json\/wp\/v2\/pages\/32213"}],"collection":[{"href":"https:\/\/www.rafraichisseur-air.fr\/es\/wp-json\/wp\/v2\/pages"}],"about":[{"href":"https:\/\/www.rafraichisseur-air.fr\/es\/wp-json\/wp\/v2\/types\/page"}],"author":[{"embeddable":true,"href":"https:\/\/www.rafraichisseur-air.fr\/es\/wp-json\/wp\/v2\/users\/1"}],"replies":[{"embeddable":true,"href":"https:\/\/www.rafraichisseur-air.fr\/es\/wp-json\/wp\/v2\/comments?post=32213"}],"version-history":[{"count":0,"href":"https:\/\/www.rafraichisseur-air.fr\/es\/wp-json\/wp\/v2\/pages\/32213\/revisions"}],"wp:attachment":[{"href":"https:\/\/www.rafraichisseur-air.fr\/es\/wp-json\/wp\/v2\/media?parent=32213"}],"curies":[{"name":"wp","href":"https:\/\/api.w.org\/{rel}","templated":true}]}}