{"id":32205,"date":"2023-06-02T10:08:54","date_gmt":"2023-06-02T09:08:54","guid":{"rendered":"https:\/\/www.rafraichisseur-air.fr\/alquiler-de-aire-acondicionado-sin-instalacion-permanente\/"},"modified":"2024-07-08T14:46:31","modified_gmt":"2024-07-08T13:46:31","slug":"alquiler-de-aire-acondicionado-sin-instalacion-permanente","status":"publish","type":"page","link":"https:\/\/www.rafraichisseur-air.fr\/es\/alquiler-de-aire-acondicionado-sin-instalacion-permanente\/","title":{"rendered":"Alquiler de aire acondicionado sin instalaci\u00f3n permanente"},"content":{"rendered":"\t\t<div data-elementor-type=\"wp-page\" data-elementor-id=\"32205\" class=\"elementor elementor-32205 elementor-27503\">\n\t\t\t\t\t\t<section class=\"elementor-section elementor-top-section elementor-element elementor-element-5212bd7 elementor-section-full_width elementor-section-height-default elementor-section-height-default parallax_section_no qodef_elementor_container_no\" data-id=\"5212bd7\" data-element_type=\"section\" data-settings=\"{&quot;background_background&quot;:&quot;classic&quot;,&quot;shape_divider_bottom&quot;:&quot;opacity-tilt&quot;}\">\n\t\t\t\t\t\t\t<div class=\"elementor-background-overlay\"><\/div>\n\t\t\t\t\t\t<div class=\"elementor-shape elementor-shape-bottom\" data-negative=\"false\">\n\t\t\t<svg xmlns=\"http:\/\/www.w3.org\/2000\/svg\" viewBox=\"0 0 2600 131.1\" preserveAspectRatio=\"none\">\n\t<path class=\"elementor-shape-fill\" d=\"M0 0L2600 0 2600 69.1 0 0z\"\/>\n\t<path class=\"elementor-shape-fill\" style=\"opacity:0.5\" d=\"M0 0L2600 0 2600 69.1 0 69.1z\"\/>\n\t<path class=\"elementor-shape-fill\" style=\"opacity:0.25\" d=\"M2600 0L0 0 0 130.1 2600 69.1z\"\/>\n<\/svg>\t\t<\/div>\n\t\t\t\t\t<div class=\"elementor-container elementor-column-gap-default\">\n\t\t\t\t\t<div class=\"elementor-column elementor-col-100 elementor-top-column elementor-element elementor-element-2c17834f\" data-id=\"2c17834f\" data-element_type=\"column\">\n\t\t\t<div class=\"elementor-widget-wrap elementor-element-populated\">\n\t\t\t\t\t\t<section class=\"elementor-section elementor-inner-section elementor-element elementor-element-49bb7994 qodef_elementor_container_inner elementor-section-boxed elementor-section-height-default elementor-section-height-default parallax_section_no\" data-id=\"49bb7994\" data-element_type=\"section\">\n\t\t\t\t\t\t<div class=\"elementor-container elementor-column-gap-default\">\n\t\t\t\t\t<div class=\"elementor-column elementor-col-100 elementor-inner-column elementor-element elementor-element-5861dc7f\" data-id=\"5861dc7f\" data-element_type=\"column\">\n\t\t\t<div class=\"elementor-widget-wrap elementor-element-populated\">\n\t\t\t\t\t\t<div class=\"elementor-element elementor-element-57713469 elementor-invisible elementor-widget elementor-widget-heading\" data-id=\"57713469\" data-element_type=\"widget\" data-settings=\"{&quot;_animation&quot;:&quot;slideInLeft&quot;}\" data-widget_type=\"heading.default\">\n\t\t\t\t<div class=\"elementor-widget-container\">\n\t\t\t<h1 class=\"elementor-heading-title elementor-size-default\">Alquiler de aire acondicionado sin instalaci\u00f3n permanente: la soluci\u00f3n profesional FoxAir<\/h1>\t\t<\/div>\n\t\t\t\t<\/div>\n\t\t\t\t<div class=\"elementor-element elementor-element-42913c71 elementor-widget elementor-widget-spacer\" data-id=\"42913c71\" data-element_type=\"widget\" data-widget_type=\"spacer.default\">\n\t\t\t\t<div class=\"elementor-widget-container\">\n\t\t\t\t\t<div class=\"elementor-spacer\">\n\t\t\t<div class=\"elementor-spacer-inner\"><\/div>\n\t\t<\/div>\n\t\t\t\t<\/div>\n\t\t\t\t<\/div>\n\t\t\t\t\t<\/div>\n\t\t<\/div>\n\t\t\t\t\t<\/div>\n\t\t<\/section>\n\t\t\t\t\t<\/div>\n\t\t<\/div>\n\t\t\t\t\t<\/div>\n\t\t<\/section>\n\t\t\t\t<section class=\"elementor-section elementor-top-section elementor-element elementor-element-ea5220b elementor-section-full_width elementor-section-height-default elementor-section-height-default parallax_section_no qodef_elementor_container_no\" data-id=\"ea5220b\" data-element_type=\"section\" data-settings=\"{&quot;background_background&quot;:&quot;classic&quot;,&quot;shape_divider_top&quot;:&quot;tilt&quot;}\">\n\t\t\t\t\t<div class=\"elementor-shape elementor-shape-top\" data-negative=\"false\">\n\t\t\t<svg xmlns=\"http:\/\/www.w3.org\/2000\/svg\" viewBox=\"0 0 1000 100\" preserveAspectRatio=\"none\">\n\t<path class=\"elementor-shape-fill\" d=\"M0,6V0h1000v100L0,6z\"\/>\n<\/svg>\t\t<\/div>\n\t\t\t\t\t<div class=\"elementor-container elementor-column-gap-default\">\n\t\t\t\t\t<div class=\"elementor-column elementor-col-100 elementor-top-column elementor-element elementor-element-7969ce49\" data-id=\"7969ce49\" data-element_type=\"column\">\n\t\t\t<div class=\"elementor-widget-wrap elementor-element-populated\">\n\t\t\t\t\t\t<section class=\"elementor-section elementor-inner-section elementor-element elementor-element-5d50f41b qodef_elementor_container_inner elementor-section-boxed elementor-section-height-default elementor-section-height-default parallax_section_no\" data-id=\"5d50f41b\" data-element_type=\"section\">\n\t\t\t\t\t\t<div class=\"elementor-container elementor-column-gap-default\">\n\t\t\t\t\t<div class=\"elementor-column elementor-col-100 elementor-inner-column elementor-element elementor-element-517cc1d\" data-id=\"517cc1d\" data-element_type=\"column\" data-settings=\"{&quot;animation&quot;:&quot;none&quot;}\">\n\t\t\t<div class=\"elementor-widget-wrap elementor-element-populated\">\n\t\t\t\t\t\t<div class=\"elementor-element elementor-element-611c29ee elementor-widget elementor-widget-text-editor\" data-id=\"611c29ee\" data-element_type=\"widget\" data-widget_type=\"text-editor.default\">\n\t\t\t\t<div class=\"elementor-widget-container\">\n\t\t\t\t\t\t\t<p>\u00bfBuscas un servicio de <strong>alquiler de aire acondicionado sin instalaci\u00f3n permanente<\/strong> para tu nave industrial? Descubre los ambientadores adiab\u00e1ticos m\u00f3viles <a href=\"https:\/\/www.rafraichisseur-air.fr\/es\/beneficios\/\">FoxAir<\/a>.<\/p>\n<p>Nuestros aparatos est\u00e1n especialmente dise\u00f1ados para satisfacer las necesidades de los profesionales que desean enfriar superficies muy grandes, de 90 a 360 m\u00b2 por aparato, seg\u00fan el modelo elegido.<\/p>\n\t\t\t\t\t\t<\/div>\n\t\t\t\t<\/div>\n\t\t\t\t\t<\/div>\n\t\t<\/div>\n\t\t\t\t\t<\/div>\n\t\t<\/section>\n\t\t\t\t\t<\/div>\n\t\t<\/div>\n\t\t\t\t\t<\/div>\n\t\t<\/section>\n\t\t\t\t<section style=\"background-image: url(https:\/\/www.rafraichisseur-air.fr\/wp-content\/uploads\/2021\/02\/background-foxair-3.jpg); min-height: 0px\" class=\"qodef-parallax-section-holder qodef-parallax-section-holder-touch-disabled elementor-section elementor-top-section elementor-element elementor-element-524ed871 parallax_section_holder elementor-section-boxed elementor-section-height-default elementor-section-height-default qodef_elementor_container_no\" data-qodef-parallax-speed=\"0\" data-id=\"524ed871\" data-element_type=\"section\" data-settings=\"{&quot;background_background&quot;:&quot;classic&quot;,&quot;shape_divider_bottom&quot;:&quot;tilt&quot;,&quot;shape_divider_top&quot;:&quot;tilt&quot;,&quot;qode_parallax_image&quot;:{&quot;url&quot;:&quot;https:\\\/\\\/www.rafraichisseur-air.fr\\\/wp-content\\\/uploads\\\/2021\\\/02\\\/background-foxair-3.jpg&quot;,&quot;id&quot;:17062,&quot;size&quot;:&quot;&quot;}}\">\n\t\t\t\t\t<div class=\"elementor-shape elementor-shape-top\" data-negative=\"false\">\n\t\t\t<svg xmlns=\"http:\/\/www.w3.org\/2000\/svg\" viewBox=\"0 0 1000 100\" preserveAspectRatio=\"none\">\n\t<path class=\"elementor-shape-fill\" d=\"M0,6V0h1000v100L0,6z\"\/>\n<\/svg>\t\t<\/div>\n\t\t\t\t<div class=\"elementor-shape elementor-shape-bottom\" data-negative=\"false\">\n\t\t\t<svg xmlns=\"http:\/\/www.w3.org\/2000\/svg\" viewBox=\"0 0 1000 100\" preserveAspectRatio=\"none\">\n\t<path class=\"elementor-shape-fill\" d=\"M0,6V0h1000v100L0,6z\"\/>\n<\/svg>\t\t<\/div>\n\t\t\t\t\t<div class=\"elementor-container elementor-column-gap-default\">\n\t\t\t\t\t<div class=\"elementor-column elementor-col-50 elementor-top-column elementor-element elementor-element-2269f20a\" data-id=\"2269f20a\" data-element_type=\"column\">\n\t\t\t<div class=\"elementor-widget-wrap elementor-element-populated\">\n\t\t\t\t\t\t<section class=\"elementor-section elementor-inner-section elementor-element elementor-element-3fd3b01 elementor-section-content-top qodef_elementor_container_inner elementor-section-boxed elementor-section-height-default elementor-section-height-default parallax_section_no\" data-id=\"3fd3b01\" data-element_type=\"section\">\n\t\t\t\t\t\t<div class=\"elementor-container elementor-column-gap-default\">\n\t\t\t\t\t<div class=\"elementor-column elementor-col-100 elementor-inner-column elementor-element elementor-element-4e19d094\" data-id=\"4e19d094\" data-element_type=\"column\">\n\t\t\t<div class=\"elementor-widget-wrap\">\n\t\t\t\t\t\t\t<\/div>\n\t\t<\/div>\n\t\t\t\t\t<\/div>\n\t\t<\/section>\n\t\t\t\t\t<\/div>\n\t\t<\/div>\n\t\t\t\t<div class=\"elementor-column elementor-col-50 elementor-top-column elementor-element elementor-element-73cc0856\" data-id=\"73cc0856\" data-element_type=\"column\">\n\t\t\t<div class=\"elementor-widget-wrap elementor-element-populated\">\n\t\t\t\t\t\t<section class=\"elementor-section elementor-inner-section elementor-element elementor-element-1b84231b elementor-section-content-top qodef_elementor_container_inner elementor-section-boxed elementor-section-height-default elementor-section-height-default parallax_section_no\" data-id=\"1b84231b\" data-element_type=\"section\">\n\t\t\t\t\t\t<div class=\"elementor-container elementor-column-gap-default\">\n\t\t\t\t\t<div class=\"elementor-column elementor-col-100 elementor-inner-column elementor-element elementor-element-386e45df\" data-id=\"386e45df\" data-element_type=\"column\">\n\t\t\t<div class=\"elementor-widget-wrap elementor-element-populated\">\n\t\t\t\t\t\t<div class=\"elementor-element elementor-element-4341139b elementor-widget elementor-widget-text-editor\" data-id=\"4341139b\" data-element_type=\"widget\" id=\"devis\" data-widget_type=\"text-editor.default\">\n\t\t\t\t<div class=\"elementor-widget-container\">\n\t\t\t\t\t\t\t<p>Solicita un presupuesto r\u00e1pido<\/p>\n\t\t\t\t\t\t<\/div>\n\t\t\t\t<\/div>\n\t\t\t\t<div class=\"elementor-element elementor-element-2eed92e2 elementor-align-center elementor-widget elementor-widget-button\" data-id=\"2eed92e2\" data-element_type=\"widget\" data-widget_type=\"button.default\">\n\t\t\t\t<div class=\"elementor-widget-container\">\n\t\t\t\t\t<div class=\"elementor-button-wrapper\">\n\t\t\t<a class=\"elementor-button elementor-button-link elementor-size-sm elementor-animation-pop\" href=\"tel:+33478844000\">\n\t\t\t\t\t\t<span class=\"elementor-button-content-wrapper\">\n\t\t\t\t\t\t\t\t\t<span class=\"elementor-button-text\"><i class=\"menu_icon icon-phone fa\"><\/i>  +33 4 78 84 40 00<\/span>\n\t\t\t\t\t<\/span>\n\t\t\t\t\t<\/a>\n\t\t<\/div>\n\t\t\t\t<\/div>\n\t\t\t\t<\/div>\n\t\t\t\t<div class=\"elementor-element elementor-element-39e9178f elementor-widget elementor-widget-text-editor\" data-id=\"39e9178f\" data-element_type=\"widget\" data-widget_type=\"text-editor.default\">\n\t\t\t\t<div class=\"elementor-widget-container\">\n\t\t\t\t\t\t\t<p>Formulario de presupuesto<\/p>\n\t\t\t\t\t\t<\/div>\n\t\t\t\t<\/div>\n\t\t\t\t<div class=\"elementor-element elementor-element-7980cb3c elementor-widget elementor-widget-text-editor\" data-id=\"7980cb3c\" data-element_type=\"widget\" data-widget_type=\"text-editor.default\">\n\t\t\t\t<div class=\"elementor-widget-container\">\n\t\t\t\t\t\t\t<p>\n<div class=\"wpcf7 no-js\" id=\"wpcf7-f13808-o1\" lang=\"es-ES\" dir=\"ltr\">\n<div class=\"screen-reader-response\"><p role=\"status\" aria-live=\"polite\" aria-atomic=\"true\"><\/p> <ul><\/ul><\/div>\n<form action=\"\/es\/wp-json\/wp\/v2\/pages\/32205#wpcf7-f13808-o1\" method=\"post\" class=\"wpcf7-form init\" aria-label=\"Formulario de contacto\" novalidate=\"novalidate\" data-status=\"init\">\n<div style=\"display: none;\">\n<input type=\"hidden\" name=\"_wpcf7\" value=\"13808\" \/>\n<input type=\"hidden\" name=\"_wpcf7_version\" value=\"5.9.6\" \/>\n<input type=\"hidden\" name=\"_wpcf7_locale\" value=\"es_ES\" \/>\n<input type=\"hidden\" name=\"_wpcf7_unit_tag\" value=\"wpcf7-f13808-o1\" \/>\n<input type=\"hidden\" name=\"_wpcf7_container_post\" value=\"0\" \/>\n<input type=\"hidden\" name=\"_wpcf7_posted_data_hash\" value=\"\" \/>\n<input type=\"hidden\" name=\"_wpcf7_recaptcha_response\" value=\"\" \/>\n<\/div>\n<p><span class=\"wpcf7-form-control-wrap\" data-name=\"Empresa\"><input size=\"40\" maxlength=\"80\" class=\"wpcf7-form-control wpcf7-text wpcf7-validates-as-required\" aria-required=\"true\" aria-invalid=\"false\" value=\"Empresa *\" type=\"text\" name=\"Empresa\" \/><\/span>\n<\/p>\n<p><span class=\"wpcf7-form-control-wrap\" data-name=\"Nombre\"><input size=\"40\" maxlength=\"80\" class=\"wpcf7-form-control wpcf7-text wpcf7-validates-as-required\" aria-required=\"true\" aria-invalid=\"false\" value=\"Nombre *\" type=\"text\" name=\"Nombre\" \/><\/span>\n<\/p>\n<p><span class=\"wpcf7-form-control-wrap\" data-name=\"Telefono\"><input size=\"40\" maxlength=\"80\" class=\"wpcf7-form-control wpcf7-text wpcf7-validates-as-required\" aria-required=\"true\" aria-invalid=\"false\" value=\"Tel\u00e9fono *\" type=\"text\" name=\"Telefono\" \/><\/span>\n<\/p>\n<p><span class=\"wpcf7-form-control-wrap\" data-name=\"Email\"><input size=\"40\" maxlength=\"80\" class=\"wpcf7-form-control wpcf7-email wpcf7-validates-as-required wpcf7-text wpcf7-validates-as-email\" aria-required=\"true\" aria-invalid=\"false\" value=\"Correo electr\u00f3nico *\" type=\"email\" name=\"Email\" \/><\/span>\n<\/p>\n<p><span class=\"wpcf7-form-control-wrap\" data-name=\"Mensaje\"><textarea cols=\"40\" rows=\"10\" maxlength=\"400\" class=\"wpcf7-form-control wpcf7-textarea\" aria-invalid=\"false\" placeholder=\"Mensaje\" name=\"Mensaje\"><\/textarea><\/span>\n<\/p>\n<p><span class=\"wpcf7-form-control-wrap\" data-name=\"acceptance-808\"><span class=\"wpcf7-form-control wpcf7-acceptance\"><span class=\"wpcf7-list-item\"><label><input type=\"checkbox\" name=\"acceptance-808\" value=\"1\" aria-invalid=\"false\" \/><span class=\"wpcf7-list-item-label\">Al enviar este formulario, acepto que la informaci\u00f3n introducida en este formulario pueda ser utilizada, explotada o procesada para que pueda volver a ponerme en contacto contigo o como parte de la relaci\u00f3n comercial derivada de esta solicitud.<\/span><\/label><\/span><\/span><\/span>\n<\/p>\n<p><input class=\"wpcf7-form-control wpcf7-submit has-spinner\" type=\"submit\" value=\"Env\u00eda\" \/>\n<\/p><p style=\"display: none !important;\" class=\"akismet-fields-container\" data-prefix=\"_wpcf7_ak_\"><label>&#916;<textarea name=\"_wpcf7_ak_hp_textarea\" cols=\"45\" rows=\"8\" maxlength=\"100\"><\/textarea><\/label><input type=\"hidden\" id=\"ak_js_1\" name=\"_wpcf7_ak_js\" value=\"175\"\/><script>document.getElementById( \"ak_js_1\" ).setAttribute( \"value\", ( new Date() ).getTime() );<\/script><\/p><div class=\"wpcf7-response-output\" aria-hidden=\"true\"><\/div>\n<\/form>\n<\/div>\n<\/p>\n\t\t\t\t\t\t<\/div>\n\t\t\t\t<\/div>\n\t\t\t\t\t<\/div>\n\t\t<\/div>\n\t\t\t\t\t<\/div>\n\t\t<\/section>\n\t\t\t\t\t<\/div>\n\t\t<\/div>\n\t\t\t\t\t<\/div>\n\t\t<\/section>\n\t\t\t\t<section class=\"elementor-section elementor-top-section elementor-element elementor-element-1d9e4740 elementor-section-full_width elementor-section-height-default elementor-section-height-default parallax_section_no qodef_elementor_container_no\" data-id=\"1d9e4740\" data-element_type=\"section\" data-settings=\"{&quot;background_background&quot;:&quot;classic&quot;}\">\n\t\t\t\t\t\t<div class=\"elementor-container elementor-column-gap-default\">\n\t\t\t\t\t<div class=\"elementor-column elementor-col-100 elementor-top-column elementor-element elementor-element-539f0495\" data-id=\"539f0495\" data-element_type=\"column\">\n\t\t\t<div class=\"elementor-widget-wrap elementor-element-populated\">\n\t\t\t\t\t\t<section class=\"elementor-section elementor-inner-section elementor-element elementor-element-6adeaa5f elementor-section-content-top qodef_elementor_container_inner elementor-section-boxed elementor-section-height-default elementor-section-height-default parallax_section_no\" data-id=\"6adeaa5f\" data-element_type=\"section\">\n\t\t\t\t\t\t<div class=\"elementor-container elementor-column-gap-default\">\n\t\t\t\t\t<div class=\"elementor-column elementor-col-50 elementor-inner-column elementor-element elementor-element-275435cb\" data-id=\"275435cb\" data-element_type=\"column\">\n\t\t\t<div class=\"elementor-widget-wrap elementor-element-populated\">\n\t\t\t\t\t\t<div class=\"elementor-element elementor-element-6c014a03 elementor-widget elementor-widget-text-editor\" data-id=\"6c014a03\" data-element_type=\"widget\" data-widget_type=\"text-editor.default\">\n\t\t\t\t<div class=\"elementor-widget-container\">\n\t\t\t\t\t\t\t<h2>Climatizadores m\u00f3viles para un aire acondicionado sin estr\u00e9s<\/h2>\n\t\t\t\t\t\t<\/div>\n\t\t\t\t<\/div>\n\t\t\t\t<div class=\"elementor-element elementor-element-5dce7fbe elementor-widget elementor-widget-spacer\" data-id=\"5dce7fbe\" data-element_type=\"widget\" data-widget_type=\"spacer.default\">\n\t\t\t\t<div class=\"elementor-widget-container\">\n\t\t\t\t\t<div class=\"elementor-spacer\">\n\t\t\t<div class=\"elementor-spacer-inner\"><\/div>\n\t\t<\/div>\n\t\t\t\t<\/div>\n\t\t\t\t<\/div>\n\t\t\t\t<div class=\"elementor-element elementor-element-425d7ddd elementor-widget elementor-widget-text-editor\" data-id=\"425d7ddd\" data-element_type=\"widget\" data-widget_type=\"text-editor.default\">\n\t\t\t\t<div class=\"elementor-widget-container\">\n\t\t\t\t\t\t\t<p><strong>Los enfriadores de aire<\/strong> FoxAir son una soluci\u00f3n ideal para espacios de configuraci\u00f3n at\u00edpica en los que no es adecuada la climatizaci\u00f3n fija convencional. Gracias a sus ruedas, estos aparatos pueden colocarse en cualquier zona, cubriendo todo el espacio. Est\u00e1n dise\u00f1ados para enfriar el aire por evaporaci\u00f3n, sin utilizar refrigerantes ni productos qu\u00edmicos.<\/p>\n<p>El <strong>funcionamiento de los ambientadores<\/strong> FoxAir es sencillo: llena el dep\u00f3sito de agua de gran capacidad y ench\u00fafalos a la red el\u00e9ctrica. El ventilador aspira aire seco y caliente, lo hace pasar por un filtro humedecido con agua del dep\u00f3sito y luego lo redistribuye enfriado. Cuanto m\u00e1s alta sea la temperatura y m\u00e1s seco est\u00e9 el aire, mayor ser\u00e1 el descenso de la temperatura. Adem\u00e1s, estas unidades aumentan el nivel de humedad de la habitaci\u00f3n, proporcionando un mayor confort t\u00e9rmico.<\/p>\n\t\t\t\t\t\t<\/div>\n\t\t\t\t<\/div>\n\t\t\t\t\t<\/div>\n\t\t<\/div>\n\t\t\t\t<div class=\"elementor-column elementor-col-50 elementor-inner-column elementor-element elementor-element-7a40b396\" data-id=\"7a40b396\" data-element_type=\"column\" data-settings=\"{&quot;background_background&quot;:&quot;classic&quot;}\">\n\t\t\t<div class=\"elementor-widget-wrap elementor-element-populated\">\n\t\t\t\t\t\t<div class=\"elementor-element elementor-element-70deb4d5 elementor-widget elementor-widget-image\" data-id=\"70deb4d5\" data-element_type=\"widget\" data-widget_type=\"image.default\">\n\t\t\t\t<div class=\"elementor-widget-container\">\n\t\t\t\t\t\t\t\t\t\t\t\t\t<img fetchpriority=\"high\" decoding=\"async\" width=\"649\" height=\"800\" src=\"https:\/\/www.rafraichisseur-air.fr\/wp-content\/uploads\/2021\/03\/rafraichir-grandes-surfaces-1.jpg\" class=\"attachment-full size-full wp-image-18689\" alt=\"\" srcset=\"https:\/\/www.rafraichisseur-air.fr\/wp-content\/uploads\/2021\/03\/rafraichir-grandes-surfaces-1.jpg 649w, https:\/\/www.rafraichisseur-air.fr\/wp-content\/uploads\/2021\/03\/rafraichir-grandes-surfaces-1-243x300.jpg 243w\" sizes=\"(max-width: 649px) 100vw, 649px\" \/>\t\t\t\t\t\t\t\t\t\t\t\t\t<\/div>\n\t\t\t\t<\/div>\n\t\t\t\t\t<\/div>\n\t\t<\/div>\n\t\t\t\t\t<\/div>\n\t\t<\/section>\n\t\t\t\t\t<\/div>\n\t\t<\/div>\n\t\t\t\t\t<\/div>\n\t\t<\/section>\n\t\t\t\t<section class=\"elementor-section elementor-top-section elementor-element elementor-element-6ef1c9bc elementor-section-full_width elementor-section-height-default elementor-section-height-default parallax_section_no qodef_elementor_container_no\" data-id=\"6ef1c9bc\" data-element_type=\"section\" data-settings=\"{&quot;background_background&quot;:&quot;classic&quot;,&quot;shape_divider_top&quot;:&quot;tilt&quot;}\">\n\t\t\t\t\t<div class=\"elementor-shape elementor-shape-top\" data-negative=\"false\">\n\t\t\t<svg xmlns=\"http:\/\/www.w3.org\/2000\/svg\" viewBox=\"0 0 1000 100\" preserveAspectRatio=\"none\">\n\t<path class=\"elementor-shape-fill\" d=\"M0,6V0h1000v100L0,6z\"\/>\n<\/svg>\t\t<\/div>\n\t\t\t\t\t<div class=\"elementor-container elementor-column-gap-default\">\n\t\t\t\t\t<div class=\"elementor-column elementor-col-100 elementor-top-column elementor-element elementor-element-7e5dd406\" data-id=\"7e5dd406\" data-element_type=\"column\">\n\t\t\t<div class=\"elementor-widget-wrap elementor-element-populated\">\n\t\t\t\t\t\t<section class=\"elementor-section elementor-inner-section elementor-element elementor-element-636d6af2 elementor-section-content-top qodef_elementor_container_inner elementor-section-boxed elementor-section-height-default elementor-section-height-default parallax_section_no\" data-id=\"636d6af2\" data-element_type=\"section\" data-settings=\"{&quot;background_background&quot;:&quot;classic&quot;}\">\n\t\t\t\t\t\t<div class=\"elementor-container elementor-column-gap-default\">\n\t\t\t\t\t<div class=\"elementor-column elementor-col-50 elementor-inner-column elementor-element elementor-element-6b074811\" data-id=\"6b074811\" data-element_type=\"column\" data-settings=\"{&quot;background_background&quot;:&quot;classic&quot;}\">\n\t\t\t<div class=\"elementor-widget-wrap elementor-element-populated\">\n\t\t\t\t\t\t<div class=\"elementor-element elementor-element-388ec291 elementor-widget elementor-widget-image\" data-id=\"388ec291\" data-element_type=\"widget\" data-widget_type=\"image.default\">\n\t\t\t\t<div class=\"elementor-widget-container\">\n\t\t\t\t\t\t\t\t\t\t\t\t\t<img decoding=\"async\" width=\"1200\" height=\"1685\" src=\"https:\/\/www.rafraichisseur-air.fr\/wp-content\/uploads\/2023\/06\/foxair-slide2.png\" class=\"attachment-full size-full wp-image-27499\" alt=\"\" srcset=\"https:\/\/www.rafraichisseur-air.fr\/wp-content\/uploads\/2023\/06\/foxair-slide2.png 1200w, https:\/\/www.rafraichisseur-air.fr\/wp-content\/uploads\/2023\/06\/foxair-slide2-214x300.png 214w, https:\/\/www.rafraichisseur-air.fr\/wp-content\/uploads\/2023\/06\/foxair-slide2-729x1024.png 729w, https:\/\/www.rafraichisseur-air.fr\/wp-content\/uploads\/2023\/06\/foxair-slide2-768x1078.png 768w, https:\/\/www.rafraichisseur-air.fr\/wp-content\/uploads\/2023\/06\/foxair-slide2-1094x1536.png 1094w\" sizes=\"(max-width: 1200px) 100vw, 1200px\" \/>\t\t\t\t\t\t\t\t\t\t\t\t\t<\/div>\n\t\t\t\t<\/div>\n\t\t\t\t\t<\/div>\n\t\t<\/div>\n\t\t\t\t<div class=\"elementor-column elementor-col-50 elementor-inner-column elementor-element elementor-element-13c1cb95\" data-id=\"13c1cb95\" data-element_type=\"column\">\n\t\t\t<div class=\"elementor-widget-wrap elementor-element-populated\">\n\t\t\t\t\t\t<div class=\"elementor-element elementor-element-7f2b7b67 elementor-widget elementor-widget-text-editor\" data-id=\"7f2b7b67\" data-element_type=\"widget\" data-widget_type=\"text-editor.default\">\n\t\t\t\t<div class=\"elementor-widget-container\">\n\t\t\t\t\t\t\t<h2>Alquiler de aire acondicionado industrial m\u00f3vil adaptado a tus necesidades<\/h2>\n\t\t\t\t\t\t<\/div>\n\t\t\t\t<\/div>\n\t\t\t\t<div class=\"elementor-element elementor-element-25e164d7 elementor-widget elementor-widget-spacer\" data-id=\"25e164d7\" data-element_type=\"widget\" data-widget_type=\"spacer.default\">\n\t\t\t\t<div class=\"elementor-widget-container\">\n\t\t\t\t\t<div class=\"elementor-spacer\">\n\t\t\t<div class=\"elementor-spacer-inner\"><\/div>\n\t\t<\/div>\n\t\t\t\t<\/div>\n\t\t\t\t<\/div>\n\t\t\t\t<div class=\"elementor-element elementor-element-4600ea1e elementor-widget elementor-widget-text-editor\" data-id=\"4600ea1e\" data-element_type=\"widget\" data-widget_type=\"text-editor.default\">\n\t\t\t\t<div class=\"elementor-widget-container\">\n\t\t\t\t\t\t\t<p><strong>Alquilar un climatizador m\u00f3vil industrial<\/strong> garantiza un descenso significativo de la temperatura, protegiendo tus m\u00e1quinas y mejorando el bienestar de tus empleados. Si optas por contratar un sistema de aire acondicionado m\u00f3vil profesional, evitar\u00e1s aver\u00edas y retrasos en la producci\u00f3n.<\/p>\n<p>Los refrigeradores FoxAir son la soluci\u00f3n ideal para proporcionar un confort t\u00e9rmico superior en edificios que albergan maquinaria sofisticada o sensible. Son especialmente adecuados para un uso ocasional durante obras o eventos estacionales, o para probarlos antes de plantearse una compra permanente.<\/p>\n\t\t\t\t\t\t<\/div>\n\t\t\t\t<\/div>\n\t\t\t\t\t<\/div>\n\t\t<\/div>\n\t\t\t\t\t<\/div>\n\t\t<\/section>\n\t\t\t\t\t<\/div>\n\t\t<\/div>\n\t\t\t\t\t<\/div>\n\t\t<\/section>\n\t\t\t\t<section style=\"background-image: url(https:\/\/www.rafraichisseur-air.fr\/wp-content\/uploads\/2021\/02\/background-foxair-3.jpg); min-height: 0px\" class=\"qodef-parallax-section-holder qodef-parallax-section-holder-touch-disabled elementor-section elementor-top-section elementor-element elementor-element-76a60ab8 elementor-section-full_width parallax_section_holder ctabackground elementor-section-height-default elementor-section-height-default qodef_elementor_container_no\" data-qodef-parallax-speed=\"0\" data-id=\"76a60ab8\" data-element_type=\"section\" data-settings=\"{&quot;background_background&quot;:&quot;classic&quot;,&quot;shape_divider_top&quot;:&quot;tilt&quot;,&quot;qode_parallax_image&quot;:{&quot;url&quot;:&quot;https:\\\/\\\/www.rafraichisseur-air.fr\\\/wp-content\\\/uploads\\\/2021\\\/02\\\/background-foxair-3.jpg&quot;,&quot;id&quot;:17062,&quot;size&quot;:&quot;&quot;}}\">\n\t\t\t\t\t<div class=\"elementor-shape elementor-shape-top\" data-negative=\"false\">\n\t\t\t<svg xmlns=\"http:\/\/www.w3.org\/2000\/svg\" viewBox=\"0 0 1000 100\" preserveAspectRatio=\"none\">\n\t<path class=\"elementor-shape-fill\" d=\"M0,6V0h1000v100L0,6z\"\/>\n<\/svg>\t\t<\/div>\n\t\t\t\t\t<div class=\"elementor-container elementor-column-gap-default\">\n\t\t\t\t\t<div class=\"elementor-column elementor-col-100 elementor-top-column elementor-element elementor-element-29de62a0\" data-id=\"29de62a0\" data-element_type=\"column\">\n\t\t\t<div class=\"elementor-widget-wrap elementor-element-populated\">\n\t\t\t\t\t\t<section class=\"elementor-section elementor-inner-section elementor-element elementor-element-26c4bd58 elementor-section-content-top qodef_elementor_container_inner elementor-section-boxed elementor-section-height-default elementor-section-height-default parallax_section_no\" data-id=\"26c4bd58\" data-element_type=\"section\">\n\t\t\t\t\t\t<div class=\"elementor-container elementor-column-gap-wider\">\n\t\t\t\t\t<div class=\"elementor-column elementor-col-50 elementor-inner-column elementor-element elementor-element-534f78e5\" data-id=\"534f78e5\" data-element_type=\"column\">\n\t\t\t<div class=\"elementor-widget-wrap\">\n\t\t\t\t\t\t\t<\/div>\n\t\t<\/div>\n\t\t\t\t<div class=\"elementor-column elementor-col-50 elementor-inner-column elementor-element elementor-element-6deff1fb\" data-id=\"6deff1fb\" data-element_type=\"column\">\n\t\t\t<div class=\"elementor-widget-wrap elementor-element-populated\">\n\t\t\t\t\t\t<div class=\"elementor-element elementor-element-59db062 elementor-widget elementor-widget-text-editor\" data-id=\"59db062\" data-element_type=\"widget\" data-widget_type=\"text-editor.default\">\n\t\t\t\t<div class=\"elementor-widget-container\">\n\t\t\t\t\t\t\t<p>Contacta con nosotros<\/p>\n\t\t\t\t\t\t<\/div>\n\t\t\t\t<\/div>\n\t\t\t\t<div class=\"elementor-element elementor-element-3261d99c elementor-widget elementor-widget-text-editor\" data-id=\"3261d99c\" data-element_type=\"widget\" data-widget_type=\"text-editor.default\">\n\t\t\t\t<div class=\"elementor-widget-container\">\n\t\t\t\t\t\t\t<p>Al elegir un aparato FoxAir, tambi\u00e9n contribuyes a <a href=\"https:\/\/www.rafraichisseur-air.fr\/climatisation-ecologique\/\">reducir tu huella de carbono<\/a> gracias a su funcionamiento natural y sin productos qu\u00edmicos. Ponte en contacto con nosotros hoy mismo para obtener m\u00e1s informaci\u00f3n.<\/p>\n\t\t\t\t\t\t<\/div>\n\t\t\t\t<\/div>\n\t\t\t\t<div class=\"elementor-element elementor-element-60d86d57 elementor-align-center elementor-widget elementor-widget-button\" data-id=\"60d86d57\" data-element_type=\"widget\" data-widget_type=\"button.default\">\n\t\t\t\t<div class=\"elementor-widget-container\">\n\t\t\t\t\t<div class=\"elementor-button-wrapper\">\n\t\t\t<a class=\"elementor-button elementor-button-link elementor-size-sm elementor-animation-pop\" href=\"tel:+33478844000\">\n\t\t\t\t\t\t<span class=\"elementor-button-content-wrapper\">\n\t\t\t\t\t\t\t\t\t<span class=\"elementor-button-text\"><i class=\"menu_icon icon-phone fa\"><\/i>  +33 4 78 84 40 00<\/span>\n\t\t\t\t\t<\/span>\n\t\t\t\t\t<\/a>\n\t\t<\/div>\n\t\t\t\t<\/div>\n\t\t\t\t<\/div>\n\t\t\t\t<div class=\"elementor-element elementor-element-6a56f0b1 elementor-align-center elementor-widget elementor-widget-button\" data-id=\"6a56f0b1\" data-element_type=\"widget\" data-widget_type=\"button.default\">\n\t\t\t\t<div class=\"elementor-widget-container\">\n\t\t\t\t\t<div class=\"elementor-button-wrapper\">\n\t\t\t<a class=\"elementor-button elementor-button-link elementor-size-sm elementor-animation-pop\" href=\"#devis\">\n\t\t\t\t\t\t<span class=\"elementor-button-content-wrapper\">\n\t\t\t\t\t\t\t\t\t<span class=\"elementor-button-text\">Pide un presupuesto<\/span>\n\t\t\t\t\t<\/span>\n\t\t\t\t\t<\/a>\n\t\t<\/div>\n\t\t\t\t<\/div>\n\t\t\t\t<\/div>\n\t\t\t\t<div class=\"elementor-element elementor-element-9d14246 elementor-widget elementor-widget-spacer\" data-id=\"9d14246\" data-element_type=\"widget\" data-widget_type=\"spacer.default\">\n\t\t\t\t<div class=\"elementor-widget-container\">\n\t\t\t\t\t<div class=\"elementor-spacer\">\n\t\t\t<div class=\"elementor-spacer-inner\"><\/div>\n\t\t<\/div>\n\t\t\t\t<\/div>\n\t\t\t\t<\/div>\n\t\t\t\t\t<\/div>\n\t\t<\/div>\n\t\t\t\t\t<\/div>\n\t\t<\/section>\n\t\t\t\t\t<\/div>\n\t\t<\/div>\n\t\t\t\t\t<\/div>\n\t\t<\/section>\n\t\t\t\t<\/div>\n\t\t","protected":false},"excerpt":{"rendered":"<p>Alquiler de aire acondicionado sin instalaci\u00f3n permanente: la soluci\u00f3n profesional FoxAir \u00bfBuscas un servicio de alquiler de aire acondicionado sin instalaci\u00f3n&#8230;<\/p>\n","protected":false},"author":1,"featured_media":0,"parent":0,"menu_order":0,"comment_status":"closed","ping_status":"closed","template":"full-width.php","meta":{"footnotes":""},"yoast_head":"<!-- This site is optimized with the Yoast SEO plugin v23.0 - https:\/\/yoast.com\/wordpress\/plugins\/seo\/ -->\n<title>Alquiler de aire acondicionado sin instalaci\u00f3n permanente - FoxAir<\/title>\n<meta name=\"description\" content=\"Descubre el alquiler de aire acondicionado sin instalaci\u00f3n permanente con los ambientadores m\u00f3viles FoxAir. Refresca tus grandes naves industriales de forma profesional y respetuosa con el medio ambiente. Contacta con nosotros para un estudio gratuito y un contrato a medida.\" \/>\n<meta name=\"robots\" content=\"index, follow, max-snippet:-1, max-image-preview:large, max-video-preview:-1\" \/>\n<link rel=\"canonical\" href=\"https:\/\/www.rafraichisseur-air.fr\/es\/alquiler-de-aire-acondicionado-sin-instalacion-permanente\/\" \/>\n<meta property=\"og:locale\" content=\"es_ES\" \/>\n<meta property=\"og:type\" content=\"article\" \/>\n<meta property=\"og:title\" content=\"Alquiler de aire acondicionado sin instalaci\u00f3n permanente - FoxAir\" \/>\n<meta property=\"og:description\" content=\"Descubre el alquiler de aire acondicionado sin instalaci\u00f3n permanente con los ambientadores m\u00f3viles FoxAir. Refresca tus grandes naves industriales de forma profesional y respetuosa con el medio ambiente. Contacta con nosotros para un estudio gratuito y un contrato a medida.\" \/>\n<meta property=\"og:url\" content=\"https:\/\/www.rafraichisseur-air.fr\/es\/alquiler-de-aire-acondicionado-sin-instalacion-permanente\/\" \/>\n<meta property=\"og:site_name\" content=\"Foxair\" \/>\n<meta property=\"article:publisher\" content=\"https:\/\/www.facebook.com\/foxair.france\" \/>\n<meta property=\"article:modified_time\" content=\"2024-07-08T13:46:31+00:00\" \/>\n<meta property=\"og:image\" content=\"https:\/\/www.rafraichisseur-air.fr\/wp-content\/uploads\/2021\/03\/rafraichir-grandes-surfaces-1.jpg\" \/>\n<meta name=\"twitter:card\" content=\"summary_large_image\" \/>\n<meta name=\"twitter:label1\" content=\"Tiempo de lectura\" \/>\n\t<meta name=\"twitter:data1\" content=\"2 minutos\" \/>\n<script type=\"application\/ld+json\" class=\"yoast-schema-graph\">{\"@context\":\"https:\/\/schema.org\",\"@graph\":[{\"@type\":\"WebPage\",\"@id\":\"https:\/\/www.rafraichisseur-air.fr\/es\/alquiler-de-aire-acondicionado-sin-instalacion-permanente\/\",\"url\":\"https:\/\/www.rafraichisseur-air.fr\/es\/alquiler-de-aire-acondicionado-sin-instalacion-permanente\/\",\"name\":\"Alquiler de aire acondicionado sin instalaci\u00f3n permanente - FoxAir\",\"isPartOf\":{\"@id\":\"https:\/\/www.rafraichisseur-air.fr\/es\/#website\"},\"primaryImageOfPage\":{\"@id\":\"https:\/\/www.rafraichisseur-air.fr\/es\/alquiler-de-aire-acondicionado-sin-instalacion-permanente\/#primaryimage\"},\"image\":{\"@id\":\"https:\/\/www.rafraichisseur-air.fr\/es\/alquiler-de-aire-acondicionado-sin-instalacion-permanente\/#primaryimage\"},\"thumbnailUrl\":\"https:\/\/www.rafraichisseur-air.fr\/wp-content\/uploads\/2021\/03\/rafraichir-grandes-surfaces-1.jpg\",\"datePublished\":\"2023-06-02T09:08:54+00:00\",\"dateModified\":\"2024-07-08T13:46:31+00:00\",\"description\":\"Descubre el alquiler de aire acondicionado sin instalaci\u00f3n permanente con los ambientadores m\u00f3viles FoxAir. Refresca tus grandes naves industriales de forma profesional y respetuosa con el medio ambiente. Contacta con nosotros para un estudio gratuito y un contrato a medida.\",\"inLanguage\":\"es\",\"potentialAction\":[{\"@type\":\"ReadAction\",\"target\":[\"https:\/\/www.rafraichisseur-air.fr\/es\/alquiler-de-aire-acondicionado-sin-instalacion-permanente\/\"]}]},{\"@type\":\"ImageObject\",\"inLanguage\":\"es\",\"@id\":\"https:\/\/www.rafraichisseur-air.fr\/es\/alquiler-de-aire-acondicionado-sin-instalacion-permanente\/#primaryimage\",\"url\":\"https:\/\/www.rafraichisseur-air.fr\/wp-content\/uploads\/2021\/03\/rafraichir-grandes-surfaces-1.jpg\",\"contentUrl\":\"https:\/\/www.rafraichisseur-air.fr\/wp-content\/uploads\/2021\/03\/rafraichir-grandes-surfaces-1.jpg\"},{\"@type\":\"WebSite\",\"@id\":\"https:\/\/www.rafraichisseur-air.fr\/es\/#website\",\"url\":\"https:\/\/www.rafraichisseur-air.fr\/es\/\",\"name\":\"Foxair\",\"description\":\"Rafra\u00eechisseur d&#039;air par \u00e9vaporation\",\"potentialAction\":[{\"@type\":\"SearchAction\",\"target\":{\"@type\":\"EntryPoint\",\"urlTemplate\":\"https:\/\/www.rafraichisseur-air.fr\/es\/?s={search_term_string}\"},\"query-input\":\"required name=search_term_string\"}],\"inLanguage\":\"es\"}]}<\/script>\n<!-- \/ Yoast SEO plugin. -->","yoast_head_json":{"title":"Alquiler de aire acondicionado sin instalaci\u00f3n permanente - FoxAir","description":"Descubre el alquiler de aire acondicionado sin instalaci\u00f3n permanente con los ambientadores m\u00f3viles FoxAir. Refresca tus grandes naves industriales de forma profesional y respetuosa con el medio ambiente. Contacta con nosotros para un estudio gratuito y un contrato a medida.","robots":{"index":"index","follow":"follow","max-snippet":"max-snippet:-1","max-image-preview":"max-image-preview:large","max-video-preview":"max-video-preview:-1"},"canonical":"https:\/\/www.rafraichisseur-air.fr\/es\/alquiler-de-aire-acondicionado-sin-instalacion-permanente\/","og_locale":"es_ES","og_type":"article","og_title":"Alquiler de aire acondicionado sin instalaci\u00f3n permanente - FoxAir","og_description":"Descubre el alquiler de aire acondicionado sin instalaci\u00f3n permanente con los ambientadores m\u00f3viles FoxAir. Refresca tus grandes naves industriales de forma profesional y respetuosa con el medio ambiente. Contacta con nosotros para un estudio gratuito y un contrato a medida.","og_url":"https:\/\/www.rafraichisseur-air.fr\/es\/alquiler-de-aire-acondicionado-sin-instalacion-permanente\/","og_site_name":"Foxair","article_publisher":"https:\/\/www.facebook.com\/foxair.france","article_modified_time":"2024-07-08T13:46:31+00:00","og_image":[{"url":"https:\/\/www.rafraichisseur-air.fr\/wp-content\/uploads\/2021\/03\/rafraichir-grandes-surfaces-1.jpg"}],"twitter_card":"summary_large_image","twitter_misc":{"Tiempo de lectura":"2 minutos"},"schema":{"@context":"https:\/\/schema.org","@graph":[{"@type":"WebPage","@id":"https:\/\/www.rafraichisseur-air.fr\/es\/alquiler-de-aire-acondicionado-sin-instalacion-permanente\/","url":"https:\/\/www.rafraichisseur-air.fr\/es\/alquiler-de-aire-acondicionado-sin-instalacion-permanente\/","name":"Alquiler de aire acondicionado sin instalaci\u00f3n permanente - FoxAir","isPartOf":{"@id":"https:\/\/www.rafraichisseur-air.fr\/es\/#website"},"primaryImageOfPage":{"@id":"https:\/\/www.rafraichisseur-air.fr\/es\/alquiler-de-aire-acondicionado-sin-instalacion-permanente\/#primaryimage"},"image":{"@id":"https:\/\/www.rafraichisseur-air.fr\/es\/alquiler-de-aire-acondicionado-sin-instalacion-permanente\/#primaryimage"},"thumbnailUrl":"https:\/\/www.rafraichisseur-air.fr\/wp-content\/uploads\/2021\/03\/rafraichir-grandes-surfaces-1.jpg","datePublished":"2023-06-02T09:08:54+00:00","dateModified":"2024-07-08T13:46:31+00:00","description":"Descubre el alquiler de aire acondicionado sin instalaci\u00f3n permanente con los ambientadores m\u00f3viles FoxAir. Refresca tus grandes naves industriales de forma profesional y respetuosa con el medio ambiente. Contacta con nosotros para un estudio gratuito y un contrato a medida.","inLanguage":"es","potentialAction":[{"@type":"ReadAction","target":["https:\/\/www.rafraichisseur-air.fr\/es\/alquiler-de-aire-acondicionado-sin-instalacion-permanente\/"]}]},{"@type":"ImageObject","inLanguage":"es","@id":"https:\/\/www.rafraichisseur-air.fr\/es\/alquiler-de-aire-acondicionado-sin-instalacion-permanente\/#primaryimage","url":"https:\/\/www.rafraichisseur-air.fr\/wp-content\/uploads\/2021\/03\/rafraichir-grandes-surfaces-1.jpg","contentUrl":"https:\/\/www.rafraichisseur-air.fr\/wp-content\/uploads\/2021\/03\/rafraichir-grandes-surfaces-1.jpg"},{"@type":"WebSite","@id":"https:\/\/www.rafraichisseur-air.fr\/es\/#website","url":"https:\/\/www.rafraichisseur-air.fr\/es\/","name":"Foxair","description":"Rafra\u00eechisseur d&#039;air par \u00e9vaporation","potentialAction":[{"@type":"SearchAction","target":{"@type":"EntryPoint","urlTemplate":"https:\/\/www.rafraichisseur-air.fr\/es\/?s={search_term_string}"},"query-input":"required name=search_term_string"}],"inLanguage":"es"}]}},"_links":{"self":[{"href":"https:\/\/www.rafraichisseur-air.fr\/es\/wp-json\/wp\/v2\/pages\/32205"}],"collection":[{"href":"https:\/\/www.rafraichisseur-air.fr\/es\/wp-json\/wp\/v2\/pages"}],"about":[{"href":"https:\/\/www.rafraichisseur-air.fr\/es\/wp-json\/wp\/v2\/types\/page"}],"author":[{"embeddable":true,"href":"https:\/\/www.rafraichisseur-air.fr\/es\/wp-json\/wp\/v2\/users\/1"}],"replies":[{"embeddable":true,"href":"https:\/\/www.rafraichisseur-air.fr\/es\/wp-json\/wp\/v2\/comments?post=32205"}],"version-history":[{"count":0,"href":"https:\/\/www.rafraichisseur-air.fr\/es\/wp-json\/wp\/v2\/pages\/32205\/revisions"}],"wp:attachment":[{"href":"https:\/\/www.rafraichisseur-air.fr\/es\/wp-json\/wp\/v2\/media?parent=32205"}],"curies":[{"name":"wp","href":"https:\/\/api.w.org\/{rel}","templated":true}]}}