{"id":31772,"date":"2021-03-05T12:03:45","date_gmt":"2021-03-05T11:03:45","guid":{"rendered":"https:\/\/www.rafraichisseur-air.fr\/noticias\/"},"modified":"2024-07-08T13:47:42","modified_gmt":"2024-07-08T12:47:42","slug":"noticias","status":"publish","type":"page","link":"https:\/\/www.rafraichisseur-air.fr\/es\/noticias\/","title":{"rendered":"Noticias"},"content":{"rendered":"\t\t<div data-elementor-type=\"wp-page\" data-elementor-id=\"31772\" class=\"elementor elementor-31772 elementor-17387\">\n\t\t\t\t\t\t<section class=\"elementor-section elementor-top-section elementor-element elementor-element-40b01b1e elementor-section-full_width elementor-section-height-default elementor-section-height-default parallax_section_no qodef_elementor_container_no\" data-id=\"40b01b1e\" data-element_type=\"section\" data-settings=\"{&quot;background_background&quot;:&quot;classic&quot;,&quot;shape_divider_bottom&quot;:&quot;opacity-tilt&quot;}\">\n\t\t\t\t\t\t\t<div class=\"elementor-background-overlay\"><\/div>\n\t\t\t\t\t\t<div class=\"elementor-shape elementor-shape-bottom\" data-negative=\"false\">\n\t\t\t<svg xmlns=\"http:\/\/www.w3.org\/2000\/svg\" viewBox=\"0 0 2600 131.1\" preserveAspectRatio=\"none\">\n\t<path class=\"elementor-shape-fill\" d=\"M0 0L2600 0 2600 69.1 0 0z\"\/>\n\t<path class=\"elementor-shape-fill\" style=\"opacity:0.5\" d=\"M0 0L2600 0 2600 69.1 0 69.1z\"\/>\n\t<path class=\"elementor-shape-fill\" style=\"opacity:0.25\" d=\"M2600 0L0 0 0 130.1 2600 69.1z\"\/>\n<\/svg>\t\t<\/div>\n\t\t\t\t\t<div class=\"elementor-container elementor-column-gap-default\">\n\t\t\t\t\t<div class=\"elementor-column elementor-col-100 elementor-top-column elementor-element elementor-element-4d506936\" data-id=\"4d506936\" data-element_type=\"column\">\n\t\t\t<div class=\"elementor-widget-wrap elementor-element-populated\">\n\t\t\t\t\t\t<section class=\"elementor-section elementor-inner-section elementor-element elementor-element-364c5ddd qodef_elementor_container_inner elementor-section-boxed elementor-section-height-default elementor-section-height-default parallax_section_no\" data-id=\"364c5ddd\" data-element_type=\"section\">\n\t\t\t\t\t\t<div class=\"elementor-container elementor-column-gap-default\">\n\t\t\t\t\t<div class=\"elementor-column elementor-col-100 elementor-inner-column elementor-element elementor-element-1b66c78f\" data-id=\"1b66c78f\" data-element_type=\"column\">\n\t\t\t<div class=\"elementor-widget-wrap elementor-element-populated\">\n\t\t\t\t\t\t<div class=\"elementor-element elementor-element-72e70818 elementor-invisible elementor-widget elementor-widget-heading\" data-id=\"72e70818\" data-element_type=\"widget\" data-settings=\"{&quot;_animation&quot;:&quot;slideInLeft&quot;}\" data-widget_type=\"heading.default\">\n\t\t\t\t<div class=\"elementor-widget-container\">\n\t\t\t<h1 class=\"elementor-heading-title elementor-size-default\">Noticias<\/h1>\t\t<\/div>\n\t\t\t\t<\/div>\n\t\t\t\t<div class=\"elementor-element elementor-element-60ea21a1 elementor-widget elementor-widget-spacer\" data-id=\"60ea21a1\" data-element_type=\"widget\" data-widget_type=\"spacer.default\">\n\t\t\t\t<div class=\"elementor-widget-container\">\n\t\t\t\t\t<div class=\"elementor-spacer\">\n\t\t\t<div class=\"elementor-spacer-inner\"><\/div>\n\t\t<\/div>\n\t\t\t\t<\/div>\n\t\t\t\t<\/div>\n\t\t\t\t\t<\/div>\n\t\t<\/div>\n\t\t\t\t\t<\/div>\n\t\t<\/section>\n\t\t\t\t\t<\/div>\n\t\t<\/div>\n\t\t\t\t\t<\/div>\n\t\t<\/section>\n\t\t\t\t<section class=\"elementor-section elementor-top-section elementor-element elementor-element-a14dfb0 elementor-section-boxed elementor-section-height-default elementor-section-height-default parallax_section_no qodef_elementor_container_no\" data-id=\"a14dfb0\" data-element_type=\"section\" data-settings=\"{&quot;background_background&quot;:&quot;classic&quot;,&quot;shape_divider_top&quot;:&quot;tilt&quot;}\">\n\t\t\t\t\t<div class=\"elementor-shape elementor-shape-top\" data-negative=\"false\">\n\t\t\t<svg xmlns=\"http:\/\/www.w3.org\/2000\/svg\" viewBox=\"0 0 1000 100\" preserveAspectRatio=\"none\">\n\t<path class=\"elementor-shape-fill\" d=\"M0,6V0h1000v100L0,6z\"\/>\n<\/svg>\t\t<\/div>\n\t\t\t\t\t<div class=\"elementor-container elementor-column-gap-default\">\n\t\t\t\t\t<div class=\"elementor-column elementor-col-100 elementor-top-column elementor-element elementor-element-45163b9f\" data-id=\"45163b9f\" data-element_type=\"column\">\n\t\t\t<div class=\"elementor-widget-wrap elementor-element-populated\">\n\t\t\t\t\t\t<div class=\"elementor-element elementor-element-e7de48a elementor-widget elementor-widget-qodef_blog_list\" data-id=\"e7de48a\" data-element_type=\"widget\" data-widget_type=\"qodef_blog_list.default\">\n\t\t\t\t<div class=\"elementor-widget-container\">\n\t\t\t<div class=\"qodef-blog-list-holder qodef-boxes qodef-three-columns\">\n\t<ul class=\"qodef-blog-list\">\n\t<li class=\"qodef-blog-list-item clearfix\">\n\t<div class=\"qodef-blog-list-item-inner\">\n\t\t<a href=\"https:\/\/www.rafraichisseur-air.fr\/es\/como-funciona-un-refrigerador-de-aire-copia\/\">\n\t\t\t<span class=\"qodef-item-image\" style=\"background:url(https:\/\/www.rafraichisseur-air.fr\/wp-content\/uploads\/2024\/07\/structure.jpg);\">\t\n\t\t\t<\/span>\n\t\t<\/a>\n\t\t<div class=\"qodef-item-text-holder\">\n\t\t\t<span class=\"qodef-item-title\">\n\t\t\t\t<a href=\"https:\/\/www.rafraichisseur-air.fr\/es\/como-funciona-un-refrigerador-de-aire-copia\/\" >\n\t\t\t\t\tContrataci\u00f3n t\u00e9cnico comercial climatizaci\u00f3n verde CDI V\u00e9nissieux | FoxAir\t\t\t\t<\/a>\n\t\t\t<\/span>\n\t\t\t\n\t\t\t<div class=\"qodef-item-info-section\">\n\t\t\t\t<div class=\"qodef-post-info-date\">\n\t\n\t\t19 marzo 2026\n\t\t<\/div>\t\t\t<\/div>\n\t\t\t\n\t\t\t\t\t\t\t<p class=\"qodef-excerpt\">FoxAir recluta un T\u00e9cnico Comercial | CDI &#8211; V\u00e9nissieux (69) Noticias \/ FoxAir est\u00e1 contratando a un Representante T\u00e9cnico de Ventas......<\/p>\n\t\t\t\t\t<\/div>\n\t<\/div>\t\n<\/li><li class=\"qodef-blog-list-item clearfix\">\n\t<div class=\"qodef-blog-list-item-inner\">\n\t\t<a href=\"https:\/\/www.rafraichisseur-air.fr\/es\/es-eficaz-un-ambientador\/\">\n\t\t\t<span class=\"qodef-item-image\" style=\"background:url(https:\/\/www.rafraichisseur-air.fr\/wp-content\/uploads\/2021\/02\/foxair-temoignage.jpg);\">\t\n\t\t\t<\/span>\n\t\t<\/a>\n\t\t<div class=\"qodef-item-text-holder\">\n\t\t\t<span class=\"qodef-item-title\">\n\t\t\t\t<a href=\"https:\/\/www.rafraichisseur-air.fr\/es\/es-eficaz-un-ambientador\/\" >\n\t\t\t\t\t\u00bfEs eficaz un ambientador?\t\t\t\t<\/a>\n\t\t\t<\/span>\n\t\t\t\n\t\t\t<div class=\"qodef-item-info-section\">\n\t\t\t\t<div class=\"qodef-post-info-date\">\n\t\n\t\t28 mayo 2024\n\t\t<\/div>\t\t\t<\/div>\n\t\t\t\n\t\t\t\t\t\t\t<p class=\"qodef-excerpt\">\u00bfEs eficaz un ambientador para profesionales? Noticias \/ Eficacia de los ambientadores Cuando se trata de ambientadores, surgen muchas preguntas sobre......<\/p>\n\t\t\t\t\t<\/div>\n\t<\/div>\t\n<\/li><li class=\"qodef-blog-list-item clearfix\">\n\t<div class=\"qodef-blog-list-item-inner\">\n\t\t<a href=\"https:\/\/www.rafraichisseur-air.fr\/es\/aire-acondicionado-para-carpas-marca-la-diferencia-en-tus-eventos\/\">\n\t\t\t<span class=\"qodef-item-image\" style=\"background:url(https:\/\/www.rafraichisseur-air.fr\/wp-content\/uploads\/2022\/09\/foxair-rafraichisseur-air-chapiteau.jpg);\">\t\n\t\t\t<\/span>\n\t\t<\/a>\n\t\t<div class=\"qodef-item-text-holder\">\n\t\t\t<span class=\"qodef-item-title\">\n\t\t\t\t<a href=\"https:\/\/www.rafraichisseur-air.fr\/es\/aire-acondicionado-para-carpas-marca-la-diferencia-en-tus-eventos\/\" >\n\t\t\t\t\tAire acondicionado para carpas: \u00a1marca la diferencia en tus eventos!\t\t\t\t<\/a>\n\t\t\t<\/span>\n\t\t\t\n\t\t\t<div class=\"qodef-item-info-section\">\n\t\t\t\t<div class=\"qodef-post-info-date\">\n\t\n\t\t1 septiembre 2022\n\t\t<\/div>\t\t\t<\/div>\n\t\t\t\n\t\t\t\t\t\t\t<p class=\"qodef-excerpt\">Aire acondicionado para carpas: \u00a1marca la diferencia en tus eventos! Noticias \/ Aire acondicionado para carpas El verano es sin\u00f3nimo de......<\/p>\n\t\t\t\t\t<\/div>\n\t<\/div>\t\n<\/li><li class=\"qodef-blog-list-item clearfix\">\n\t<div class=\"qodef-blog-list-item-inner\">\n\t\t<a href=\"https:\/\/www.rafraichisseur-air.fr\/es\/codigo-laboral-y-olas-de-calor-obligacion-de-climatizar-los-locales\/\">\n\t\t\t<span class=\"qodef-item-image\" style=\"background:url(https:\/\/www.rafraichisseur-air.fr\/wp-content\/uploads\/2022\/07\/canicule-code-du-travail.jpg);\">\t\n\t\t\t<\/span>\n\t\t<\/a>\n\t\t<div class=\"qodef-item-text-holder\">\n\t\t\t<span class=\"qodef-item-title\">\n\t\t\t\t<a href=\"https:\/\/www.rafraichisseur-air.fr\/es\/codigo-laboral-y-olas-de-calor-obligacion-de-climatizar-los-locales\/\" >\n\t\t\t\t\tC\u00f3digo laboral y olas de calor: obligaci\u00f3n de climatizar los locales\t\t\t\t<\/a>\n\t\t\t<\/span>\n\t\t\t\n\t\t\t<div class=\"qodef-item-info-section\">\n\t\t\t\t<div class=\"qodef-post-info-date\">\n\t\n\t\t22 julio 2022\n\t\t<\/div>\t\t\t<\/div>\n\t\t\t\n\t\t\t\t\t\t\t<p class=\"qodef-excerpt\">C\u00f3digo laboral y olas de calor: obligaci\u00f3n de climatizar los locales Noticias \/ C\u00f3digo laboral y olas de calor Cuando hace......<\/p>\n\t\t\t\t\t<\/div>\n\t<\/div>\t\n<\/li><li class=\"qodef-blog-list-item clearfix\">\n\t<div class=\"qodef-blog-list-item-inner\">\n\t\t<a href=\"https:\/\/www.rafraichisseur-air.fr\/es\/como-funciona-un-enfriador-de-aire\/\">\n\t\t\t<span class=\"qodef-item-image\" style=\"background:url(https:\/\/www.rafraichisseur-air.fr\/wp-content\/uploads\/2021\/03\/rafraichisseur-dair-helice.jpg);\">\t\n\t\t\t<\/span>\n\t\t<\/a>\n\t\t<div class=\"qodef-item-text-holder\">\n\t\t\t<span class=\"qodef-item-title\">\n\t\t\t\t<a href=\"https:\/\/www.rafraichisseur-air.fr\/es\/como-funciona-un-enfriador-de-aire\/\" >\n\t\t\t\t\t\u00bfC\u00f3mo funciona un enfriador de aire?\t\t\t\t<\/a>\n\t\t\t<\/span>\n\t\t\t\n\t\t\t<div class=\"qodef-item-info-section\">\n\t\t\t\t<div class=\"qodef-post-info-date\">\n\t\n\t\t29 junio 2021\n\t\t<\/div>\t\t\t<\/div>\n\t\t\t\n\t\t\t\t\t\t\t<p class=\"qodef-excerpt\">C\u00f3mo funciona un refrigerador de aire : Uso, ventajas e inconvenientes Noticias \/ \u00bfC\u00f3mo funciona un enfriador de aire? Con el......<\/p>\n\t\t\t\t\t<\/div>\n\t<\/div>\t\n<\/li><li class=\"qodef-blog-list-item clearfix\">\n\t<div class=\"qodef-blog-list-item-inner\">\n\t\t<a href=\"https:\/\/www.rafraichisseur-air.fr\/es\/como-puede-un-intercambiador-de-calor-adiabatico-mejorar-el-rendimiento-de-un-aparato-basico\/\">\n\t\t\t<span class=\"qodef-item-image\" style=\"background:url(https:\/\/www.rafraichisseur-air.fr\/wp-content\/uploads\/2018\/04\/image3.jpg);\">\t\n\t\t\t<\/span>\n\t\t<\/a>\n\t\t<div class=\"qodef-item-text-holder\">\n\t\t\t<span class=\"qodef-item-title\">\n\t\t\t\t<a href=\"https:\/\/www.rafraichisseur-air.fr\/es\/como-puede-un-intercambiador-de-calor-adiabatico-mejorar-el-rendimiento-de-un-aparato-basico\/\" >\n\t\t\t\t\t\u00bfC\u00f3mo puede un intercambiador de calor adiab\u00e1tico mejorar el rendimiento de un aparato b\u00e1sico?\t\t\t\t<\/a>\n\t\t\t<\/span>\n\t\t\t\n\t\t\t<div class=\"qodef-item-info-section\">\n\t\t\t\t<div class=\"qodef-post-info-date\">\n\t\n\t\t1 junio 2021\n\t\t<\/div>\t\t\t<\/div>\n\t\t\t\n\t\t\t\t\t\t\t<p class=\"qodef-excerpt\">C\u00f3mo mejorar el rendimiento de un aparato b\u00e1sico utilizando\u00bfel intercambiador de calor adiab\u00e1tico? Noticias \/ Ventilador de refrigeraci\u00f3n por aire El......<\/p>\n\t\t\t\t\t<\/div>\n\t<\/div>\t\n<\/li><li class=\"qodef-blog-list-item clearfix\">\n\t<div class=\"qodef-blog-list-item-inner\">\n\t\t<a href=\"https:\/\/www.rafraichisseur-air.fr\/es\/cual-es-la-diferencia-entre-un-ventilador-y-un-enfriador-de-aire-nuestras-respuestas\/\">\n\t\t\t<span class=\"qodef-item-image\" style=\"background:url(https:\/\/www.rafraichisseur-air.fr\/wp-content\/uploads\/2015\/05\/application-foxair-concessionnaire1.jpg);\">\t\n\t\t\t<\/span>\n\t\t<\/a>\n\t\t<div class=\"qodef-item-text-holder\">\n\t\t\t<span class=\"qodef-item-title\">\n\t\t\t\t<a href=\"https:\/\/www.rafraichisseur-air.fr\/es\/cual-es-la-diferencia-entre-un-ventilador-y-un-enfriador-de-aire-nuestras-respuestas\/\" >\n\t\t\t\t\t\u00bfCu\u00e1l es la diferencia entre un ventilador y un enfriador de aire? Nuestras respuestas\t\t\t\t<\/a>\n\t\t\t<\/span>\n\t\t\t\n\t\t\t<div class=\"qodef-item-info-section\">\n\t\t\t\t<div class=\"qodef-post-info-date\">\n\t\n\t\t10 diciembre 2020\n\t\t<\/div>\t\t\t<\/div>\n\t\t\t\n\t\t\t\t\t\t\t<p class=\"qodef-excerpt\">\u00bfCu\u00e1l es la diferencia entre un ventilador y un enfriador de aire? Nuestras respuestas Noticias \/ Ventilador de refrigeraci\u00f3n por aire......<\/p>\n\t\t\t\t\t<\/div>\n\t<\/div>\t\n<\/li><li class=\"qodef-blog-list-item clearfix\">\n\t<div class=\"qodef-blog-list-item-inner\">\n\t\t<a href=\"https:\/\/www.rafraichisseur-air.fr\/es\/como-utilizar-un-ambientador-principios-de-funcionamiento\/\">\n\t\t\t<span class=\"qodef-item-image\" style=\"background:url(https:\/\/www.rafraichisseur-air.fr\/wp-content\/uploads\/2012\/07\/foxair-pndfrance3.jpg);\">\t\n\t\t\t<\/span>\n\t\t<\/a>\n\t\t<div class=\"qodef-item-text-holder\">\n\t\t\t<span class=\"qodef-item-title\">\n\t\t\t\t<a href=\"https:\/\/www.rafraichisseur-air.fr\/es\/como-utilizar-un-ambientador-principios-de-funcionamiento\/\" >\n\t\t\t\t\tC\u00f3mo utilizar un ambientador: Principios de funcionamiento\t\t\t\t<\/a>\n\t\t\t<\/span>\n\t\t\t\n\t\t\t<div class=\"qodef-item-info-section\">\n\t\t\t\t<div class=\"qodef-post-info-date\">\n\t\n\t\t1 diciembre 2020\n\t\t<\/div>\t\t\t<\/div>\n\t\t\t\n\t\t\t\t\t\t\t<p class=\"qodef-excerpt\">C\u00f3mo utilizar un ambientador : Principios de funcionamiento Noticias \/ \u00bfC\u00f3mo se utiliza un refrigerador de aire? M\u00e1s f\u00e1cil de instalar......<\/p>\n\t\t\t\t\t<\/div>\n\t<\/div>\t\n<\/li><li class=\"qodef-blog-list-item clearfix\">\n\t<div class=\"qodef-blog-list-item-inner\">\n\t\t<a href=\"https:\/\/www.rafraichisseur-air.fr\/es\/el-aire-acondicionado-y-el-coronavirus-los-ambientadores-una-solucion-segura\/\">\n\t\t\t<span class=\"qodef-item-image\" style=\"background:url(https:\/\/www.rafraichisseur-air.fr\/wp-content\/uploads\/2020\/05\/foxair-desinfection-air.jpg);\">\t\n\t\t\t<\/span>\n\t\t<\/a>\n\t\t<div class=\"qodef-item-text-holder\">\n\t\t\t<span class=\"qodef-item-title\">\n\t\t\t\t<a href=\"https:\/\/www.rafraichisseur-air.fr\/es\/el-aire-acondicionado-y-el-coronavirus-los-ambientadores-una-solucion-segura\/\" >\n\t\t\t\t\tEl aire acondicionado y el Coronavirus: Los ambientadores, una soluci\u00f3n segura\t\t\t\t<\/a>\n\t\t\t<\/span>\n\t\t\t\n\t\t\t<div class=\"qodef-item-info-section\">\n\t\t\t\t<div class=\"qodef-post-info-date\">\n\t\n\t\t8 julio 2020\n\t\t<\/div>\t\t\t<\/div>\n\t\t\t\n\t\t\t\t\t\t\t<p class=\"qodef-excerpt\">Aire acondicionado y Coronavirus : Refrigeradores de aire, una soluci\u00f3n segura Noticias \/ Coronavirus del aire acondicionado En este periodo de......<\/p>\n\t\t\t\t\t<\/div>\n\t<\/div>\t\n<\/li><li class=\"qodef-blog-list-item clearfix\">\n\t<div class=\"qodef-blog-list-item-inner\">\n\t\t<a href=\"https:\/\/www.rafraichisseur-air.fr\/es\/refrigeracion-industrial-en-alquiler-toda-una-serie-de-ventajas\/\">\n\t\t\t<span class=\"qodef-item-image\" style=\"background:url(https:\/\/www.rafraichisseur-air.fr\/wp-content\/uploads\/2012\/07\/foxair-pndfrance3.jpg);\">\t\n\t\t\t<\/span>\n\t\t<\/a>\n\t\t<div class=\"qodef-item-text-holder\">\n\t\t\t<span class=\"qodef-item-title\">\n\t\t\t\t<a href=\"https:\/\/www.rafraichisseur-air.fr\/es\/refrigeracion-industrial-en-alquiler-toda-una-serie-de-ventajas\/\" >\n\t\t\t\t\tRefrigeraci\u00f3n industrial en alquiler: toda una serie de ventajas\t\t\t\t<\/a>\n\t\t\t<\/span>\n\t\t\t\n\t\t\t<div class=\"qodef-item-info-section\">\n\t\t\t\t<div class=\"qodef-post-info-date\">\n\t\n\t\t4 junio 2020\n\t\t<\/div>\t\t\t<\/div>\n\t\t\t\n\t\t\t\t\t\t\t<p class=\"qodef-excerpt\">Refrigeraci\u00f3n industrial de alquiler : Una serie de ventajas Noticias \/ Alquiler de fr\u00edo industrial Ya sea para un uso estacional......<\/p>\n\t\t\t\t\t<\/div>\n\t<\/div>\t\n<\/li><li class=\"qodef-blog-list-item clearfix\">\n\t<div class=\"qodef-blog-list-item-inner\">\n\t\t<a href=\"https:\/\/www.rafraichisseur-air.fr\/es\/desinfectar-el-aire-de-tus-locales-higienizar-refrescando\/\">\n\t\t\t<span class=\"qodef-item-image\" style=\"background:url(https:\/\/www.rafraichisseur-air.fr\/wp-content\/uploads\/2020\/05\/foxair-desinfection-air.jpg);\">\t\n\t\t\t<\/span>\n\t\t<\/a>\n\t\t<div class=\"qodef-item-text-holder\">\n\t\t\t<span class=\"qodef-item-title\">\n\t\t\t\t<a href=\"https:\/\/www.rafraichisseur-air.fr\/es\/desinfectar-el-aire-de-tus-locales-higienizar-refrescando\/\" >\n\t\t\t\t\tDesinfectar el aire de tus locales: higienizar refrescando\t\t\t\t<\/a>\n\t\t\t<\/span>\n\t\t\t\n\t\t\t<div class=\"qodef-item-info-section\">\n\t\t\t\t<div class=\"qodef-post-info-date\">\n\t\n\t\t12 mayo 2020\n\t\t<\/div>\t\t\t<\/div>\n\t\t\t\n\t\t\t\t\t\t\t<p class=\"qodef-excerpt\">Desinfecci\u00f3n del aire en tus locales : Purificar refrescando Noticias \/ Desinfecci\u00f3n del aire Foxair, una soluci\u00f3n eficaz contra el Covid-19......<\/p>\n\t\t\t\t\t<\/div>\n\t<\/div>\t\n<\/li><li class=\"qodef-blog-list-item clearfix\">\n\t<div class=\"qodef-blog-list-item-inner\">\n\t\t<a href=\"https:\/\/www.rafraichisseur-air.fr\/es\/regulacion-del-aire-acondicionado-en-el-lugar-de-trabajo-que-dice-la-ley\/\">\n\t\t\t<span class=\"qodef-item-image\" style=\"background:url(https:\/\/www.rafraichisseur-air.fr\/wp-content\/uploads\/2020\/01\/temperature-elevee.jpg);\">\t\n\t\t\t<\/span>\n\t\t<\/a>\n\t\t<div class=\"qodef-item-text-holder\">\n\t\t\t<span class=\"qodef-item-title\">\n\t\t\t\t<a href=\"https:\/\/www.rafraichisseur-air.fr\/es\/regulacion-del-aire-acondicionado-en-el-lugar-de-trabajo-que-dice-la-ley\/\" >\n\t\t\t\t\tRegulaci\u00f3n del aire acondicionado en el lugar de trabajo: qu\u00e9 dice la ley\t\t\t\t<\/a>\n\t\t\t<\/span>\n\t\t\t\n\t\t\t<div class=\"qodef-item-info-section\">\n\t\t\t\t<div class=\"qodef-post-info-date\">\n\t\n\t\t17 abril 2020\n\t\t<\/div>\t\t\t<\/div>\n\t\t\t\n\t\t\t\t\t\t\t<p class=\"qodef-excerpt\">Normativa sobre aire acondicionado en el trabajo: lo que dice la ley Noticias \/ Normativa sobre aire acondicionado en el trabajo......<\/p>\n\t\t\t\t\t<\/div>\n\t<\/div>\t\n<\/li><li class=\"qodef-blog-list-item clearfix\">\n\t<div class=\"qodef-blog-list-item-inner\">\n\t\t<a href=\"https:\/\/www.rafraichisseur-air.fr\/es\/ventiladores-silenciosos-nuestros-modelos-ec\/\">\n\t\t\t<span class=\"qodef-item-image\" style=\"background:url(https:\/\/www.rafraichisseur-air.fr\/wp-content\/uploads\/2012\/07\/foxair-pndfrance3.jpg);\">\t\n\t\t\t<\/span>\n\t\t<\/a>\n\t\t<div class=\"qodef-item-text-holder\">\n\t\t\t<span class=\"qodef-item-title\">\n\t\t\t\t<a href=\"https:\/\/www.rafraichisseur-air.fr\/es\/ventiladores-silenciosos-nuestros-modelos-ec\/\" >\n\t\t\t\t\tVentiladores silenciosos: Nuestros modelos EC\t\t\t\t<\/a>\n\t\t\t<\/span>\n\t\t\t\n\t\t\t<div class=\"qodef-item-info-section\">\n\t\t\t\t<div class=\"qodef-post-info-date\">\n\t\n\t\t3 marzo 2020\n\t\t<\/div>\t\t\t<\/div>\n\t\t\t\n\t\t\t\t\t\t\t<p class=\"qodef-excerpt\">Ventilador silencioso : Nuestros modelos CE Noticias \/ Ventilador silencioso \u00bfBuscas una soluci\u00f3n de climatizaci\u00f3n eficaz para tu nave industrial? FoxAir,......<\/p>\n\t\t\t\t\t<\/div>\n\t<\/div>\t\n<\/li><li class=\"qodef-blog-list-item clearfix\">\n\t<div class=\"qodef-blog-list-item-inner\">\n\t\t<a href=\"https:\/\/www.rafraichisseur-air.fr\/es\/aire-acondicionado-ecologico-con-refrigeradores-foxair\/\">\n\t\t\t<span class=\"qodef-item-image\" style=\"background:url(https:\/\/www.rafraichisseur-air.fr\/wp-content\/uploads\/2015\/05\/application-foxair-concessionnaire1.jpg);\">\t\n\t\t\t<\/span>\n\t\t<\/a>\n\t\t<div class=\"qodef-item-text-holder\">\n\t\t\t<span class=\"qodef-item-title\">\n\t\t\t\t<a href=\"https:\/\/www.rafraichisseur-air.fr\/es\/aire-acondicionado-ecologico-con-refrigeradores-foxair\/\" >\n\t\t\t\t\tAire acondicionado ecol\u00f3gico con refrigeradores FoxAir\t\t\t\t<\/a>\n\t\t\t<\/span>\n\t\t\t\n\t\t\t<div class=\"qodef-item-info-section\">\n\t\t\t\t<div class=\"qodef-post-info-date\">\n\t\n\t\t3 marzo 2020\n\t\t<\/div>\t\t\t<\/div>\n\t\t\t\n\t\t\t\t\t\t\t<p class=\"qodef-excerpt\">Aire acondicionado ecol\u00f3gico con refrigeradores FoxAir Noticias \/ Climatizaci\u00f3n ecol\u00f3gica En un momento en que el medio ambiente es m\u00e1s que......<\/p>\n\t\t\t\t\t<\/div>\n\t<\/div>\t\n<\/li><li class=\"qodef-blog-list-item clearfix\">\n\t<div class=\"qodef-blog-list-item-inner\">\n\t\t<a href=\"https:\/\/www.rafraichisseur-air.fr\/es\/a-que-temperatura-puedes-negarte-a-trabajar\/\">\n\t\t\t<span class=\"qodef-item-image\" style=\"background:url(https:\/\/www.rafraichisseur-air.fr\/wp-content\/uploads\/2020\/01\/temperature-elevee.jpg);\">\t\n\t\t\t<\/span>\n\t\t<\/a>\n\t\t<div class=\"qodef-item-text-holder\">\n\t\t\t<span class=\"qodef-item-title\">\n\t\t\t\t<a href=\"https:\/\/www.rafraichisseur-air.fr\/es\/a-que-temperatura-puedes-negarte-a-trabajar\/\" >\n\t\t\t\t\t\u00bfA qu\u00e9 temperatura puedes negarte a trabajar?\t\t\t\t<\/a>\n\t\t\t<\/span>\n\t\t\t\n\t\t\t<div class=\"qodef-item-info-section\">\n\t\t\t\t<div class=\"qodef-post-info-date\">\n\t\n\t\t28 enero 2020\n\t\t<\/div>\t\t\t<\/div>\n\t\t\t\n\t\t\t\t\t\t\t<p class=\"qodef-excerpt\">\u00bfA qu\u00e9 temperatura puedes negarte a trabajar? Noticias \/ \u00bfA qu\u00e9 temperatura puedes negarte a trabajar? Los empresarios tienen el deber......<\/p>\n\t\t\t\t\t<\/div>\n\t<\/div>\t\n<\/li><li class=\"qodef-blog-list-item clearfix\">\n\t<div class=\"qodef-blog-list-item-inner\">\n\t\t<a href=\"https:\/\/www.rafraichisseur-air.fr\/es\/cual-es-la-diferencia-entre-una-enfriadora-y-un-acondicionador-de-aire\/\">\n\t\t\t<span class=\"qodef-item-image\" style=\"background:url(https:\/\/www.rafraichisseur-air.fr\/wp-content\/uploads\/2020\/01\/facebook-differences-avec-climatiseur.jpg);\">\t\n\t\t\t<\/span>\n\t\t<\/a>\n\t\t<div class=\"qodef-item-text-holder\">\n\t\t\t<span class=\"qodef-item-title\">\n\t\t\t\t<a href=\"https:\/\/www.rafraichisseur-air.fr\/es\/cual-es-la-diferencia-entre-una-enfriadora-y-un-acondicionador-de-aire\/\" >\n\t\t\t\t\t\u00bfCu\u00e1l es la diferencia entre una enfriadora y un acondicionador de aire?\t\t\t\t<\/a>\n\t\t\t<\/span>\n\t\t\t\n\t\t\t<div class=\"qodef-item-info-section\">\n\t\t\t\t<div class=\"qodef-post-info-date\">\n\t\n\t\t28 enero 2020\n\t\t<\/div>\t\t\t<\/div>\n\t\t\t\n\t\t\t\t\t\t\t<p class=\"qodef-excerpt\">\u00bfCu\u00e1l es la diferencia entre una enfriadora y un acondicionador de aire? Noticias \/ La diferencia entre una enfriadora y un......<\/p>\n\t\t\t\t\t<\/div>\n\t<\/div>\t\n<\/li><li class=\"qodef-blog-list-item clearfix\">\n\t<div class=\"qodef-blog-list-item-inner\">\n\t\t<a href=\"https:\/\/www.rafraichisseur-air.fr\/es\/ambientadores-como-funcionan-nuestras-explicaciones\/\">\n\t\t\t<span class=\"qodef-item-image\" style=\"background:url(https:\/\/www.rafraichisseur-air.fr\/wp-content\/uploads\/2015\/05\/application-foxair-concessionnaire1.jpg);\">\t\n\t\t\t<\/span>\n\t\t<\/a>\n\t\t<div class=\"qodef-item-text-holder\">\n\t\t\t<span class=\"qodef-item-title\">\n\t\t\t\t<a href=\"https:\/\/www.rafraichisseur-air.fr\/es\/ambientadores-como-funcionan-nuestras-explicaciones\/\" >\n\t\t\t\t\tAmbientadores: \u00bfC\u00f3mo funcionan? Nuestras explicaciones\t\t\t\t<\/a>\n\t\t\t<\/span>\n\t\t\t\n\t\t\t<div class=\"qodef-item-info-section\">\n\t\t\t\t<div class=\"qodef-post-info-date\">\n\t\n\t\t13 enero 2020\n\t\t<\/div>\t\t\t<\/div>\n\t\t\t\n\t\t\t\t\t\t\t<p class=\"qodef-excerpt\">Ambientadores: \u00bfC\u00f3mo funcionan? Nuestras explicaciones Noticias \/ Ambientadores: \u00bfC\u00f3mo funcionan? Eficiente y menos caro que un aire acondicionado, un enfriador de......<\/p>\n\t\t\t\t\t<\/div>\n\t<\/div>\t\n<\/li><li class=\"qodef-blog-list-item clearfix\">\n\t<div class=\"qodef-blog-list-item-inner\">\n\t\t<a href=\"https:\/\/www.rafraichisseur-air.fr\/es\/comprar-un-refrigerador-de-aire-que-criterios-debes-seguir-para-elegir-uno\/\">\n\t\t\t<span class=\"qodef-item-image\" style=\"background:url(https:\/\/www.rafraichisseur-air.fr\/wp-content\/uploads\/2012\/07\/foxair-pndfrance3.jpg);\">\t\n\t\t\t<\/span>\n\t\t<\/a>\n\t\t<div class=\"qodef-item-text-holder\">\n\t\t\t<span class=\"qodef-item-title\">\n\t\t\t\t<a href=\"https:\/\/www.rafraichisseur-air.fr\/es\/comprar-un-refrigerador-de-aire-que-criterios-debes-seguir-para-elegir-uno\/\" >\n\t\t\t\t\tComprar un refrigerador de aire: \u00bfQu\u00e9 criterios debes seguir para elegir uno?\t\t\t\t<\/a>\n\t\t\t<\/span>\n\t\t\t\n\t\t\t<div class=\"qodef-item-info-section\">\n\t\t\t\t<div class=\"qodef-post-info-date\">\n\t\n\t\t31 octubre 2019\n\t\t<\/div>\t\t\t<\/div>\n\t\t\t\n\t\t\t\t\t\t\t<p class=\"qodef-excerpt\">Comprar un enfriador de aire : \u00bfCu\u00e1les son los criterios para elegirlo? Noticias \/ Comprar un enfriador de aire Est\u00e1 decidido:......<\/p>\n\t\t\t\t\t<\/div>\n\t<\/div>\t\n<\/li><li class=\"qodef-blog-list-item clearfix\">\n\t<div class=\"qodef-blog-list-item-inner\">\n\t\t<a href=\"https:\/\/www.rafraichisseur-air.fr\/es\/refrigerador-o-humidificador-te-explicamos-la-diferencia\/\">\n\t\t\t<span class=\"qodef-item-image\" style=\"background:url(https:\/\/www.rafraichisseur-air.fr\/wp-content\/uploads\/2018\/05\/ventilateur-industriel-foxair.jpg);\">\t\n\t\t\t<\/span>\n\t\t<\/a>\n\t\t<div class=\"qodef-item-text-holder\">\n\t\t\t<span class=\"qodef-item-title\">\n\t\t\t\t<a href=\"https:\/\/www.rafraichisseur-air.fr\/es\/refrigerador-o-humidificador-te-explicamos-la-diferencia\/\" >\n\t\t\t\t\tRefrigerador o humidificador: \u00a1te explicamos la diferencia!\t\t\t\t<\/a>\n\t\t\t<\/span>\n\t\t\t\n\t\t\t<div class=\"qodef-item-info-section\">\n\t\t\t\t<div class=\"qodef-post-info-date\">\n\t\n\t\t31 octubre 2019\n\t\t<\/div>\t\t\t<\/div>\n\t\t\t\n\t\t\t\t\t\t\t<p class=\"qodef-excerpt\">Enfriador o humidificador : \u00a1Te explicaremos la diferencia! Noticias \/ Refrigerador o humidificador \u00bfQuieres equipar tus locales para el confort de......<\/p>\n\t\t\t\t\t<\/div>\n\t<\/div>\t\n<\/li><li class=\"qodef-blog-list-item clearfix\">\n\t<div class=\"qodef-blog-list-item-inner\">\n\t\t<a href=\"https:\/\/www.rafraichisseur-air.fr\/es\/como-funciona-un-enfriador-de-aire-nuestras-respuestas\/\">\n\t\t\t<span class=\"qodef-item-image\" style=\"background:url(https:\/\/www.rafraichisseur-air.fr\/wp-content\/uploads\/2020\/01\/refroidisseur-aie-eau.jpg);\">\t\n\t\t\t<\/span>\n\t\t<\/a>\n\t\t<div class=\"qodef-item-text-holder\">\n\t\t\t<span class=\"qodef-item-title\">\n\t\t\t\t<a href=\"https:\/\/www.rafraichisseur-air.fr\/es\/como-funciona-un-enfriador-de-aire-nuestras-respuestas\/\" >\n\t\t\t\t\t\u00bfC\u00f3mo funciona un enfriador de aire? Nuestras respuestas\t\t\t\t<\/a>\n\t\t\t<\/span>\n\t\t\t\n\t\t\t<div class=\"qodef-item-info-section\">\n\t\t\t\t<div class=\"qodef-post-info-date\">\n\t\n\t\t31 octubre 2019\n\t\t<\/div>\t\t\t<\/div>\n\t\t\t\n\t\t\t\t\t\t\t<p class=\"qodef-excerpt\">\u00bfC\u00f3mo funciona un enfriador de aire? Nuestras respuestas Noticias \/ Desinfecci\u00f3n del aire A medida que el calor del verano se......<\/p>\n\t\t\t\t\t<\/div>\n\t<\/div>\t\n<\/li><li class=\"qodef-blog-list-item clearfix\">\n\t<div class=\"qodef-blog-list-item-inner\">\n\t\t<a href=\"https:\/\/www.rafraichisseur-air.fr\/es\/cual-es-la-diferencia-entre-un-acondicionador-de-aire-y-una-nevera\/\">\n\t\t\t<span class=\"qodef-item-image\" style=\"background:url(https:\/\/www.rafraichisseur-air.fr\/wp-content\/uploads\/2020\/01\/facebook-differences-avec-climatiseur.jpg);\">\t\n\t\t\t<\/span>\n\t\t<\/a>\n\t\t<div class=\"qodef-item-text-holder\">\n\t\t\t<span class=\"qodef-item-title\">\n\t\t\t\t<a href=\"https:\/\/www.rafraichisseur-air.fr\/es\/cual-es-la-diferencia-entre-un-acondicionador-de-aire-y-una-nevera\/\" >\n\t\t\t\t\t\u00bfCu\u00e1l es la diferencia entre un acondicionador de aire y una nevera?\t\t\t\t<\/a>\n\t\t\t<\/span>\n\t\t\t\n\t\t\t<div class=\"qodef-item-info-section\">\n\t\t\t\t<div class=\"qodef-post-info-date\">\n\t\n\t\t15 julio 2019\n\t\t<\/div>\t\t\t<\/div>\n\t\t\t\n\t\t\t\t\t\t\t<p class=\"qodef-excerpt\">\u00bfCu\u00e1l es la diferencia entre un acondicionador de aire y una nevera? Noticias \/ Diferencia entre climatizadores y refrigeradores Cuando suben......<\/p>\n\t\t\t\t\t<\/div>\n\t<\/div>\t\n<\/li><li class=\"qodef-blog-list-item clearfix\">\n\t<div class=\"qodef-blog-list-item-inner\">\n\t\t<a href=\"https:\/\/www.rafraichisseur-air.fr\/es\/consejos-de-foxair-para-encontrar-un-enfriador-de-aire-eficiente\/\">\n\t\t\t<span class=\"qodef-item-image\" style=\"background:url(https:\/\/www.rafraichisseur-air.fr\/wp-content\/uploads\/2018\/05\/ventilateur-industriel-foxair.jpg);\">\t\n\t\t\t<\/span>\n\t\t<\/a>\n\t\t<div class=\"qodef-item-text-holder\">\n\t\t\t<span class=\"qodef-item-title\">\n\t\t\t\t<a href=\"https:\/\/www.rafraichisseur-air.fr\/es\/consejos-de-foxair-para-encontrar-un-enfriador-de-aire-eficiente\/\" >\n\t\t\t\t\tConsejos de FoxAir para encontrar un enfriador de aire eficiente\t\t\t\t<\/a>\n\t\t\t<\/span>\n\t\t\t\n\t\t\t<div class=\"qodef-item-info-section\">\n\t\t\t\t<div class=\"qodef-post-info-date\">\n\t\n\t\t15 julio 2019\n\t\t<\/div>\t\t\t<\/div>\n\t\t\t\n\t\t\t\t\t\t\t<p class=\"qodef-excerpt\">Consejos de FoxAir para encontrar un enfriador de aire eficiente Noticias \/ Refrigeradores de aire eficientes Con la ola de calor......<\/p>\n\t\t\t\t\t<\/div>\n\t<\/div>\t\n<\/li><li class=\"qodef-blog-list-item clearfix\">\n\t<div class=\"qodef-blog-list-item-inner\">\n\t\t<a href=\"https:\/\/www.rafraichisseur-air.fr\/es\/como-se-mide-la-eficacia-de-un-refrigerador-de-aire\/\">\n\t\t\t<span class=\"qodef-item-image\" style=\"background:url(https:\/\/www.rafraichisseur-air.fr\/wp-content\/uploads\/2019\/03\/Quel-rafra\u00eechisseur-d\u2019air-choisir.jpg);\">\t\n\t\t\t<\/span>\n\t\t<\/a>\n\t\t<div class=\"qodef-item-text-holder\">\n\t\t\t<span class=\"qodef-item-title\">\n\t\t\t\t<a href=\"https:\/\/www.rafraichisseur-air.fr\/es\/como-se-mide-la-eficacia-de-un-refrigerador-de-aire\/\" >\n\t\t\t\t\t\u00bfC\u00f3mo se mide la eficacia de un refrigerador de aire?\t\t\t\t<\/a>\n\t\t\t<\/span>\n\t\t\t\n\t\t\t<div class=\"qodef-item-info-section\">\n\t\t\t\t<div class=\"qodef-post-info-date\">\n\t\n\t\t18 junio 2019\n\t\t<\/div>\t\t\t<\/div>\n\t\t\t\n\t\t\t\t\t\t\t<p class=\"qodef-excerpt\">\u00bfC\u00f3mo se mide la eficacia de un refrigerador de aire? Noticias \/ Eficacia de los enfriadores de aire A medida que......<\/p>\n\t\t\t\t\t<\/div>\n\t<\/div>\t\n<\/li><li class=\"qodef-blog-list-item clearfix\">\n\t<div class=\"qodef-blog-list-item-inner\">\n\t\t<a href=\"https:\/\/www.rafraichisseur-air.fr\/es\/el-codigo-de-trabajo-y-el-aire-acondicionado-nuestras-neveras-al-rescate\/\">\n\t\t\t<span class=\"qodef-item-image\" style=\"background:url(https:\/\/www.rafraichisseur-air.fr\/wp-content\/uploads\/2019\/06\/code-du-travail.jpg);\">\t\n\t\t\t<\/span>\n\t\t<\/a>\n\t\t<div class=\"qodef-item-text-holder\">\n\t\t\t<span class=\"qodef-item-title\">\n\t\t\t\t<a href=\"https:\/\/www.rafraichisseur-air.fr\/es\/el-codigo-de-trabajo-y-el-aire-acondicionado-nuestras-neveras-al-rescate\/\" >\n\t\t\t\t\tEl C\u00f3digo de Trabajo y el aire acondicionado: nuestras neveras al rescate\t\t\t\t<\/a>\n\t\t\t<\/span>\n\t\t\t\n\t\t\t<div class=\"qodef-item-info-section\">\n\t\t\t\t<div class=\"qodef-post-info-date\">\n\t\n\t\t4 junio 2019\n\t\t<\/div>\t\t\t<\/div>\n\t\t\t\n\t\t\t\t\t\t\t<p class=\"qodef-excerpt\">C\u00f3digo del trabajo y aire acondicionado : Nuestras neveras al rescate Noticias \/ C\u00f3digo laboral y aire acondicionado on la llegada......<\/p>\n\t\t\t\t\t<\/div>\n\t<\/div>\t\n<\/li><li class=\"qodef-blog-list-item clearfix\">\n\t<div class=\"qodef-blog-list-item-inner\">\n\t\t<a href=\"https:\/\/www.rafraichisseur-air.fr\/es\/aire-acondicionado-para-carpas-mantente-fresco-este-verano-incluso-al-aire-libre\/\">\n\t\t\t<span class=\"qodef-item-image\" style=\"background:url(https:\/\/www.rafraichisseur-air.fr\/wp-content\/uploads\/2019\/06\/foxair-facebook-chapiteau.jpg);\">\t\n\t\t\t<\/span>\n\t\t<\/a>\n\t\t<div class=\"qodef-item-text-holder\">\n\t\t\t<span class=\"qodef-item-title\">\n\t\t\t\t<a href=\"https:\/\/www.rafraichisseur-air.fr\/es\/aire-acondicionado-para-carpas-mantente-fresco-este-verano-incluso-al-aire-libre\/\" >\n\t\t\t\t\tAire acondicionado para carpas: mantente fresco este verano, incluso al aire libre\t\t\t\t<\/a>\n\t\t\t<\/span>\n\t\t\t\n\t\t\t<div class=\"qodef-item-info-section\">\n\t\t\t\t<div class=\"qodef-post-info-date\">\n\t\n\t\t4 junio 2019\n\t\t<\/div>\t\t\t<\/div>\n\t\t\t\n\t\t\t\t\t\t\t<p class=\"qodef-excerpt\">Aire acondicionado para carpas: mantente fresco este verano, incluso al aire libre Noticias \/ Climatizaci\u00f3n de carpas \u00bfBuscas un climatizador de......<\/p>\n\t\t\t\t\t<\/div>\n\t<\/div>\t\n<\/li><li class=\"qodef-blog-list-item clearfix\">\n\t<div class=\"qodef-blog-list-item-inner\">\n\t\t<a href=\"https:\/\/www.rafraichisseur-air.fr\/es\/ventilador-o-refrigerador-cual-es-la-diferencia\/\">\n\t\t\t<span class=\"qodef-item-image\" style=\"background:url(https:\/\/www.rafraichisseur-air.fr\/wp-content\/uploads\/2012\/07\/foxair-pndfrance3.jpg);\">\t\n\t\t\t<\/span>\n\t\t<\/a>\n\t\t<div class=\"qodef-item-text-holder\">\n\t\t\t<span class=\"qodef-item-title\">\n\t\t\t\t<a href=\"https:\/\/www.rafraichisseur-air.fr\/es\/ventilador-o-refrigerador-cual-es-la-diferencia\/\" >\n\t\t\t\t\tVentilador o refrigerador: \u00bfcu\u00e1l es la diferencia?\t\t\t\t<\/a>\n\t\t\t<\/span>\n\t\t\t\n\t\t\t<div class=\"qodef-item-info-section\">\n\t\t\t\t<div class=\"qodef-post-info-date\">\n\t\n\t\t18 abril 2019\n\t\t<\/div>\t\t\t<\/div>\n\t\t\t\n\t\t\t\t\t\t\t<p class=\"qodef-excerpt\">Ventilador o refrigerador : \u00bfcu\u00e1l es la diferencia? Noticias \/ Ventilador o refrigerador Mientras la temperatura sigue subiendo, \u00bfquieres equiparte hoy......<\/p>\n\t\t\t\t\t<\/div>\n\t<\/div>\t\n<\/li><li class=\"qodef-blog-list-item clearfix\">\n\t<div class=\"qodef-blog-list-item-inner\">\n\t\t<a href=\"https:\/\/www.rafraichisseur-air.fr\/es\/enfriador-o-acondicionador-de-aire-todos-nuestros-consejos\/\">\n\t\t\t<span class=\"qodef-item-image\" style=\"background:url(https:\/\/www.rafraichisseur-air.fr\/wp-content\/uploads\/2015\/06\/showroom-foxair.jpg);\">\t\n\t\t\t<\/span>\n\t\t<\/a>\n\t\t<div class=\"qodef-item-text-holder\">\n\t\t\t<span class=\"qodef-item-title\">\n\t\t\t\t<a href=\"https:\/\/www.rafraichisseur-air.fr\/es\/enfriador-o-acondicionador-de-aire-todos-nuestros-consejos\/\" >\n\t\t\t\t\t\u00bfEnfriador o acondicionador de aire? Todos nuestros consejos\t\t\t\t<\/a>\n\t\t\t<\/span>\n\t\t\t\n\t\t\t<div class=\"qodef-item-info-section\">\n\t\t\t\t<div class=\"qodef-post-info-date\">\n\t\n\t\t29 marzo 2019\n\t\t<\/div>\t\t\t<\/div>\n\t\t\t\n\t\t\t\t\t\t\t<p class=\"qodef-excerpt\">\u00bfEnfriador o acondicionador de aire? Todos nuestros consejos Noticias \/ \u00bfEnfriador o acondicionador de aire? A medida que se acerca el......<\/p>\n\t\t\t\t\t<\/div>\n\t<\/div>\t\n<\/li><li class=\"qodef-blog-list-item clearfix\">\n\t<div class=\"qodef-blog-list-item-inner\">\n\t\t<a href=\"https:\/\/www.rafraichisseur-air.fr\/es\/que-es-un-ambientador\/\">\n\t\t\t<span class=\"qodef-item-image\" style=\"background:url(https:\/\/www.rafraichisseur-air.fr\/wp-content\/uploads\/2012\/07\/foxair-pndfrance2.jpg);\">\t\n\t\t\t<\/span>\n\t\t<\/a>\n\t\t<div class=\"qodef-item-text-holder\">\n\t\t\t<span class=\"qodef-item-title\">\n\t\t\t\t<a href=\"https:\/\/www.rafraichisseur-air.fr\/es\/que-es-un-ambientador\/\" >\n\t\t\t\t\t\u00bfQu\u00e9 es un ambientador?\t\t\t\t<\/a>\n\t\t\t<\/span>\n\t\t\t\n\t\t\t<div class=\"qodef-item-info-section\">\n\t\t\t\t<div class=\"qodef-post-info-date\">\n\t\n\t\t29 marzo 2019\n\t\t<\/div>\t\t\t<\/div>\n\t\t\t\n\t\t\t\t\t\t\t<p class=\"qodef-excerpt\">\u00bfQu\u00e9 es un ambientador? Noticias \/ \u00bfQu\u00e9 es un refrigerador de aire? Ah, \u00a1la primavera! \u00c1rboles en flor, hermosos cielos azules......<\/p>\n\t\t\t\t\t<\/div>\n\t<\/div>\t\n<\/li><li class=\"qodef-blog-list-item clearfix\">\n\t<div class=\"qodef-blog-list-item-inner\">\n\t\t<a href=\"https:\/\/www.rafraichisseur-air.fr\/es\/que-refrigerador-de-aire-debo-elegir-nuestros-consejos\/\">\n\t\t\t<span class=\"qodef-item-image\" style=\"background:url(https:\/\/www.rafraichisseur-air.fr\/wp-content\/uploads\/2019\/03\/Quel-rafra\u00eechisseur-d\u2019air-choisir.jpg);\">\t\n\t\t\t<\/span>\n\t\t<\/a>\n\t\t<div class=\"qodef-item-text-holder\">\n\t\t\t<span class=\"qodef-item-title\">\n\t\t\t\t<a href=\"https:\/\/www.rafraichisseur-air.fr\/es\/que-refrigerador-de-aire-debo-elegir-nuestros-consejos\/\" >\n\t\t\t\t\t\u00bfQu\u00e9 refrigerador de aire debo elegir? Nuestros consejos\t\t\t\t<\/a>\n\t\t\t<\/span>\n\t\t\t\n\t\t\t<div class=\"qodef-item-info-section\">\n\t\t\t\t<div class=\"qodef-post-info-date\">\n\t\n\t\t29 marzo 2019\n\t\t<\/div>\t\t\t<\/div>\n\t\t\t\n\t\t\t\t\t\t\t<p class=\"qodef-excerpt\">\u00bfQu\u00e9 refrigerador de aire debo elegir? Nuestros consejos Noticias \/ \u00bfQu\u00e9 refrigerador de aire debo elegir? \u00bfEres un profesional que necesita......<\/p>\n\t\t\t\t\t<\/div>\n\t<\/div>\t\n<\/li><li class=\"qodef-blog-list-item clearfix\">\n\t<div class=\"qodef-blog-list-item-inner\">\n\t\t<a href=\"https:\/\/www.rafraichisseur-air.fr\/es\/foxair-responde-a-la-alerta-por-ola-de-calor\/\">\n\t\t\t<span class=\"qodef-item-image\" style=\"background:url(https:\/\/www.rafraichisseur-air.fr\/wp-content\/uploads\/2018\/07\/stock-foxair.jpg);\">\t\n\t\t\t<\/span>\n\t\t<\/a>\n\t\t<div class=\"qodef-item-text-holder\">\n\t\t\t<span class=\"qodef-item-title\">\n\t\t\t\t<a href=\"https:\/\/www.rafraichisseur-air.fr\/es\/foxair-responde-a-la-alerta-por-ola-de-calor\/\" >\n\t\t\t\t\t\u00a1Foxair responde a la alerta por ola de calor!\t\t\t\t<\/a>\n\t\t\t<\/span>\n\t\t\t\n\t\t\t<div class=\"qodef-item-info-section\">\n\t\t\t\t<div class=\"qodef-post-info-date\">\n\t\n\t\t31 julio 2018\n\t\t<\/div>\t\t\t<\/div>\n\t\t\t\n\t\t\t\t\t\t\t<p class=\"qodef-excerpt\">\u00a1Foxair responde a la alerta por ola de calor! Noticias \/ Alerta por ola de calor La ola de calor sigue......<\/p>\n\t\t\t\t\t<\/div>\n\t<\/div>\t\n<\/li><li class=\"qodef-blog-list-item clearfix\">\n\t<div class=\"qodef-blog-list-item-inner\">\n\t\t<a href=\"https:\/\/www.rafraichisseur-air.fr\/es\/climatizacion-industrial-silenciosa-cuando-foxair-suministra-un-enfriador-de-aire-a-wheeler-dealers-francia\/\">\n\t\t\t<span class=\"qodef-item-image\" style=\"background:url(https:\/\/www.rafraichisseur-air.fr\/wp-content\/uploads\/2012\/07\/foxair-pndfrance4.jpg);\">\t\n\t\t\t<\/span>\n\t\t<\/a>\n\t\t<div class=\"qodef-item-text-holder\">\n\t\t\t<span class=\"qodef-item-title\">\n\t\t\t\t<a href=\"https:\/\/www.rafraichisseur-air.fr\/es\/climatizacion-industrial-silenciosa-cuando-foxair-suministra-un-enfriador-de-aire-a-wheeler-dealers-francia\/\" >\n\t\t\t\t\tClimatizaci\u00f3n industrial silenciosa: cuando Foxair suministra un enfriador de aire a Wheeler Dealers Francia\t\t\t\t<\/a>\n\t\t\t<\/span>\n\t\t\t\n\t\t\t<div class=\"qodef-item-info-section\">\n\t\t\t\t<div class=\"qodef-post-info-date\">\n\t\n\t\t27 noviembre 2017\n\t\t<\/div>\t\t\t<\/div>\n\t\t\t\n\t\t\t\t\t\t\t<p class=\"qodef-excerpt\">Climatizaci\u00f3n industrial silenciosa: cuando Foxair suministra un enfriador de aire a Wheeler Dealers Francia Noticias \/ Enfriador de aire en Wheeler......<\/p>\n\t\t\t\t\t<\/div>\n\t<\/div>\t\n<\/li><li class=\"qodef-blog-list-item clearfix\">\n\t<div class=\"qodef-blog-list-item-inner\">\n\t\t<a href=\"https:\/\/www.rafraichisseur-air.fr\/es\/protege-tu-ambientador-de-los-efectos-daninos-de-la-cal\/\">\n\t\t\t<span class=\"qodef-item-image\" style=\"background:url(https:\/\/www.rafraichisseur-air.fr\/wp-content\/uploads\/2018\/04\/foxair-elis-2.jpg);\">\t\n\t\t\t<\/span>\n\t\t<\/a>\n\t\t<div class=\"qodef-item-text-holder\">\n\t\t\t<span class=\"qodef-item-title\">\n\t\t\t\t<a href=\"https:\/\/www.rafraichisseur-air.fr\/es\/protege-tu-ambientador-de-los-efectos-daninos-de-la-cal\/\" >\n\t\t\t\t\tProtege tu ambientador de los efectos da\u00f1inos de la cal.\t\t\t\t<\/a>\n\t\t\t<\/span>\n\t\t\t\n\t\t\t<div class=\"qodef-item-info-section\">\n\t\t\t\t<div class=\"qodef-post-info-date\">\n\t\n\t\t8 septiembre 2015\n\t\t<\/div>\t\t\t<\/div>\n\t\t\t\n\t\t\t\t\t\t\t<p class=\"qodef-excerpt\">Protege tu ambientador de los da\u00f1os causados por la cal Noticias \/ Protege tu ambientador de los da\u00f1os de la cal......<\/p>\n\t\t\t\t\t<\/div>\n\t<\/div>\t\n<\/li><li class=\"qodef-blog-list-item clearfix\">\n\t<div class=\"qodef-blog-list-item-inner\">\n\t\t<a href=\"https:\/\/www.rafraichisseur-air.fr\/es\/personaliza-tu-foxair-con-los-colores-de-tu-empresa\/\">\n\t\t\t<span class=\"qodef-item-image\" style=\"background:url(https:\/\/www.rafraichisseur-air.fr\/wp-content\/uploads\/2015\/05\/application-foxair-concessionnaire1.jpg);\">\t\n\t\t\t<\/span>\n\t\t<\/a>\n\t\t<div class=\"qodef-item-text-holder\">\n\t\t\t<span class=\"qodef-item-title\">\n\t\t\t\t<a href=\"https:\/\/www.rafraichisseur-air.fr\/es\/personaliza-tu-foxair-con-los-colores-de-tu-empresa\/\" >\n\t\t\t\t\t\u00a1Personaliza tu FoxAir con los colores de tu empresa!\t\t\t\t<\/a>\n\t\t\t<\/span>\n\t\t\t\n\t\t\t<div class=\"qodef-item-info-section\">\n\t\t\t\t<div class=\"qodef-post-info-date\">\n\t\n\t\t10 junio 2015\n\t\t<\/div>\t\t\t<\/div>\n\t\t\t\n\t\t\t\t\t\t\t<p class=\"qodef-excerpt\">\u00a1Personaliza tu FoxAir con los colores de tu empresa! Noticias \/ Personaliza tu FoxAir con los colores de tu empresa Si......<\/p>\n\t\t\t\t\t<\/div>\n\t<\/div>\t\n<\/li><li class=\"qodef-blog-list-item clearfix\">\n\t<div class=\"qodef-blog-list-item-inner\">\n\t\t<a href=\"https:\/\/www.rafraichisseur-air.fr\/es\/ven-a-ver-nuestra-nueva-sala-de-exposiciones\/\">\n\t\t\t<span class=\"qodef-item-image\" style=\"background:url(https:\/\/www.rafraichisseur-air.fr\/wp-content\/uploads\/2015\/06\/showroom-foxair.jpg);\">\t\n\t\t\t<\/span>\n\t\t<\/a>\n\t\t<div class=\"qodef-item-text-holder\">\n\t\t\t<span class=\"qodef-item-title\">\n\t\t\t\t<a href=\"https:\/\/www.rafraichisseur-air.fr\/es\/ven-a-ver-nuestra-nueva-sala-de-exposiciones\/\" >\n\t\t\t\t\t\u00a1Ven a ver nuestra nueva sala de exposiciones!\t\t\t\t<\/a>\n\t\t\t<\/span>\n\t\t\t\n\t\t\t<div class=\"qodef-item-info-section\">\n\t\t\t\t<div class=\"qodef-post-info-date\">\n\t\n\t\t10 junio 2015\n\t\t<\/div>\t\t\t<\/div>\n\t\t\t\n\t\t\t\t\t\t\t<p class=\"qodef-excerpt\">\u00a1Ven a ver nuestra nueva sala de exposiciones! Noticias \/ Sala de exposiciones Nuestra sala de exposici\u00f3n de 350 m\u00b2, idealmente......<\/p>\n\t\t\t\t\t<\/div>\n\t<\/div>\t\n<\/li>\t<\/ul>\t\n<\/div>\n\t\t<\/div>\n\t\t\t\t<\/div>\n\t\t\t\t\t<\/div>\n\t\t<\/div>\n\t\t\t\t\t<\/div>\n\t\t<\/section>\n\t\t\t\t<\/div>\n\t\t","protected":false},"excerpt":{"rendered":"<p>Noticias Est-ce qu&#8217;un rafraichisseur d&#8217;air est efficace ? 28 mai 2024 Est-ce qu&#8217;un rafraichisseur d&#8217;air est efficace pour les professionnels ?&#8230;<\/p>\n","protected":false},"author":1,"featured_media":0,"parent":0,"menu_order":0,"comment_status":"closed","ping_status":"closed","template":"elementor_header_footer","meta":{"footnotes":""},"yoast_head":"<!-- This site is optimized with the Yoast SEO plugin v23.0 - https:\/\/yoast.com\/wordpress\/plugins\/seo\/ -->\n<title>Noticias - Foxair<\/title>\n<meta name=\"description\" content=\"M\u00e1s informaci\u00f3n sobre Fox Air\" \/>\n<meta name=\"robots\" content=\"index, follow, max-snippet:-1, max-image-preview:large, max-video-preview:-1\" \/>\n<link rel=\"canonical\" href=\"https:\/\/www.rafraichisseur-air.fr\/es\/noticias\/\" \/>\n<meta property=\"og:locale\" content=\"es_ES\" \/>\n<meta property=\"og:type\" content=\"article\" \/>\n<meta property=\"og:title\" content=\"Noticias - Foxair\" \/>\n<meta property=\"og:description\" content=\"M\u00e1s informaci\u00f3n sobre Fox Air\" \/>\n<meta property=\"og:url\" content=\"https:\/\/www.rafraichisseur-air.fr\/es\/noticias\/\" \/>\n<meta property=\"og:site_name\" content=\"Foxair\" \/>\n<meta property=\"article:publisher\" content=\"https:\/\/www.facebook.com\/foxair.france\" \/>\n<meta property=\"article:modified_time\" content=\"2024-07-08T12:47:42+00:00\" \/>\n<meta property=\"og:image\" content=\"https:\/\/www.rafraichisseur-air.fr\/wp-content\/uploads\/2015\/05\/logo-foxair.png\" \/>\n\t<meta property=\"og:image:width\" content=\"320\" \/>\n\t<meta property=\"og:image:height\" content=\"90\" \/>\n\t<meta property=\"og:image:type\" content=\"image\/png\" \/>\n<meta name=\"twitter:card\" content=\"summary_large_image\" \/>\n<meta name=\"twitter:label1\" content=\"Tiempo de lectura\" \/>\n\t<meta name=\"twitter:data1\" content=\"6 minutos\" \/>\n<script type=\"application\/ld+json\" class=\"yoast-schema-graph\">{\"@context\":\"https:\/\/schema.org\",\"@graph\":[{\"@type\":\"WebPage\",\"@id\":\"https:\/\/www.rafraichisseur-air.fr\/es\/noticias\/\",\"url\":\"https:\/\/www.rafraichisseur-air.fr\/es\/noticias\/\",\"name\":\"Noticias - Foxair\",\"isPartOf\":{\"@id\":\"https:\/\/www.rafraichisseur-air.fr\/es\/#website\"},\"datePublished\":\"2021-03-05T11:03:45+00:00\",\"dateModified\":\"2024-07-08T12:47:42+00:00\",\"description\":\"M\u00e1s informaci\u00f3n sobre Fox Air\",\"inLanguage\":\"es\",\"potentialAction\":[{\"@type\":\"ReadAction\",\"target\":[\"https:\/\/www.rafraichisseur-air.fr\/es\/noticias\/\"]}]},{\"@type\":\"WebSite\",\"@id\":\"https:\/\/www.rafraichisseur-air.fr\/es\/#website\",\"url\":\"https:\/\/www.rafraichisseur-air.fr\/es\/\",\"name\":\"Foxair\",\"description\":\"Rafra\u00eechisseur d&#039;air par \u00e9vaporation\",\"potentialAction\":[{\"@type\":\"SearchAction\",\"target\":{\"@type\":\"EntryPoint\",\"urlTemplate\":\"https:\/\/www.rafraichisseur-air.fr\/es\/?s={search_term_string}\"},\"query-input\":\"required name=search_term_string\"}],\"inLanguage\":\"es\"}]}<\/script>\n<!-- \/ Yoast SEO plugin. -->","yoast_head_json":{"title":"Noticias - Foxair","description":"M\u00e1s informaci\u00f3n sobre Fox Air","robots":{"index":"index","follow":"follow","max-snippet":"max-snippet:-1","max-image-preview":"max-image-preview:large","max-video-preview":"max-video-preview:-1"},"canonical":"https:\/\/www.rafraichisseur-air.fr\/es\/noticias\/","og_locale":"es_ES","og_type":"article","og_title":"Noticias - Foxair","og_description":"M\u00e1s informaci\u00f3n sobre Fox Air","og_url":"https:\/\/www.rafraichisseur-air.fr\/es\/noticias\/","og_site_name":"Foxair","article_publisher":"https:\/\/www.facebook.com\/foxair.france","article_modified_time":"2024-07-08T12:47:42+00:00","og_image":[{"width":320,"height":90,"url":"https:\/\/www.rafraichisseur-air.fr\/wp-content\/uploads\/2015\/05\/logo-foxair.png","type":"image\/png"}],"twitter_card":"summary_large_image","twitter_misc":{"Tiempo de lectura":"6 minutos"},"schema":{"@context":"https:\/\/schema.org","@graph":[{"@type":"WebPage","@id":"https:\/\/www.rafraichisseur-air.fr\/es\/noticias\/","url":"https:\/\/www.rafraichisseur-air.fr\/es\/noticias\/","name":"Noticias - Foxair","isPartOf":{"@id":"https:\/\/www.rafraichisseur-air.fr\/es\/#website"},"datePublished":"2021-03-05T11:03:45+00:00","dateModified":"2024-07-08T12:47:42+00:00","description":"M\u00e1s informaci\u00f3n sobre Fox Air","inLanguage":"es","potentialAction":[{"@type":"ReadAction","target":["https:\/\/www.rafraichisseur-air.fr\/es\/noticias\/"]}]},{"@type":"WebSite","@id":"https:\/\/www.rafraichisseur-air.fr\/es\/#website","url":"https:\/\/www.rafraichisseur-air.fr\/es\/","name":"Foxair","description":"Rafra\u00eechisseur d&#039;air par \u00e9vaporation","potentialAction":[{"@type":"SearchAction","target":{"@type":"EntryPoint","urlTemplate":"https:\/\/www.rafraichisseur-air.fr\/es\/?s={search_term_string}"},"query-input":"required name=search_term_string"}],"inLanguage":"es"}]}},"_links":{"self":[{"href":"https:\/\/www.rafraichisseur-air.fr\/es\/wp-json\/wp\/v2\/pages\/31772"}],"collection":[{"href":"https:\/\/www.rafraichisseur-air.fr\/es\/wp-json\/wp\/v2\/pages"}],"about":[{"href":"https:\/\/www.rafraichisseur-air.fr\/es\/wp-json\/wp\/v2\/types\/page"}],"author":[{"embeddable":true,"href":"https:\/\/www.rafraichisseur-air.fr\/es\/wp-json\/wp\/v2\/users\/1"}],"replies":[{"embeddable":true,"href":"https:\/\/www.rafraichisseur-air.fr\/es\/wp-json\/wp\/v2\/comments?post=31772"}],"version-history":[{"count":0,"href":"https:\/\/www.rafraichisseur-air.fr\/es\/wp-json\/wp\/v2\/pages\/31772\/revisions"}],"wp:attachment":[{"href":"https:\/\/www.rafraichisseur-air.fr\/es\/wp-json\/wp\/v2\/media?parent=31772"}],"curies":[{"name":"wp","href":"https:\/\/api.w.org\/{rel}","templated":true}]}}