{"id":34542,"date":"2024-05-28T10:25:02","date_gmt":"2024-05-28T09:25:02","guid":{"rendered":"https:\/\/www.rafraichisseur-air.fr\/vermietung-von-mobilen-klimaanlagen-fuer-gewerbe\/"},"modified":"2025-06-09T10:19:36","modified_gmt":"2025-06-09T09:19:36","slug":"vermietung-von-mobilen-klimaanlagen-fuer-gewerbe","status":"publish","type":"page","link":"https:\/\/www.rafraichisseur-air.fr\/de\/vermietung-von-mobilen-klimaanlagen-fuer-gewerbe\/","title":{"rendered":"Vermietung von mobilen Klimaanlagen f\u00fcr Gewerbe"},"content":{"rendered":"\t\t<div data-elementor-type=\"wp-page\" data-elementor-id=\"34542\" class=\"elementor elementor-34542 elementor-30496\">\n\t\t\t\t\t\t<section class=\"elementor-section elementor-top-section elementor-element elementor-element-5212bd7 elementor-section-full_width elementor-section-height-default elementor-section-height-default parallax_section_no qodef_elementor_container_no\" data-id=\"5212bd7\" data-element_type=\"section\" data-settings=\"{&quot;background_background&quot;:&quot;classic&quot;,&quot;shape_divider_bottom&quot;:&quot;opacity-tilt&quot;}\">\n\t\t\t\t\t\t\t<div class=\"elementor-background-overlay\"><\/div>\n\t\t\t\t\t\t<div class=\"elementor-shape elementor-shape-bottom\" data-negative=\"false\">\n\t\t\t<svg xmlns=\"http:\/\/www.w3.org\/2000\/svg\" viewBox=\"0 0 2600 131.1\" preserveAspectRatio=\"none\">\n\t<path class=\"elementor-shape-fill\" d=\"M0 0L2600 0 2600 69.1 0 0z\"\/>\n\t<path class=\"elementor-shape-fill\" style=\"opacity:0.5\" d=\"M0 0L2600 0 2600 69.1 0 69.1z\"\/>\n\t<path class=\"elementor-shape-fill\" style=\"opacity:0.25\" d=\"M2600 0L0 0 0 130.1 2600 69.1z\"\/>\n<\/svg>\t\t<\/div>\n\t\t\t\t\t<div class=\"elementor-container elementor-column-gap-default\">\n\t\t\t\t\t<div class=\"elementor-column elementor-col-100 elementor-top-column elementor-element elementor-element-2c17834f\" data-id=\"2c17834f\" data-element_type=\"column\">\n\t\t\t<div class=\"elementor-widget-wrap elementor-element-populated\">\n\t\t\t\t\t\t<section class=\"elementor-section elementor-inner-section elementor-element elementor-element-49bb7994 qodef_elementor_container_inner elementor-section-boxed elementor-section-height-default elementor-section-height-default parallax_section_no\" data-id=\"49bb7994\" data-element_type=\"section\">\n\t\t\t\t\t\t<div class=\"elementor-container elementor-column-gap-default\">\n\t\t\t\t\t<div class=\"elementor-column elementor-col-100 elementor-inner-column elementor-element elementor-element-5861dc7f\" data-id=\"5861dc7f\" data-element_type=\"column\">\n\t\t\t<div class=\"elementor-widget-wrap elementor-element-populated\">\n\t\t\t\t\t\t<div class=\"elementor-element elementor-element-57713469 elementor-invisible elementor-widget elementor-widget-heading\" data-id=\"57713469\" data-element_type=\"widget\" data-settings=\"{&quot;_animation&quot;:&quot;slideInLeft&quot;}\" data-widget_type=\"heading.default\">\n\t\t\t\t<div class=\"elementor-widget-container\">\n\t\t\t<h1 class=\"elementor-heading-title elementor-size-default\">Vermietung von professionellen mobilen Klimaanlagen f\u00fcr Ihre gro\u00dfen R\u00e4ume<\/h1>\t\t<\/div>\n\t\t\t\t<\/div>\n\t\t\t\t<div class=\"elementor-element elementor-element-42913c71 elementor-widget elementor-widget-spacer\" data-id=\"42913c71\" data-element_type=\"widget\" data-widget_type=\"spacer.default\">\n\t\t\t\t<div class=\"elementor-widget-container\">\n\t\t\t\t\t<div class=\"elementor-spacer\">\n\t\t\t<div class=\"elementor-spacer-inner\"><\/div>\n\t\t<\/div>\n\t\t\t\t<\/div>\n\t\t\t\t<\/div>\n\t\t\t\t\t<\/div>\n\t\t<\/div>\n\t\t\t\t\t<\/div>\n\t\t<\/section>\n\t\t\t\t\t<\/div>\n\t\t<\/div>\n\t\t\t\t\t<\/div>\n\t\t<\/section>\n\t\t\t\t<section class=\"elementor-section elementor-top-section elementor-element elementor-element-ea5220b elementor-section-full_width elementor-section-height-default elementor-section-height-default parallax_section_no qodef_elementor_container_no\" data-id=\"ea5220b\" data-element_type=\"section\" data-settings=\"{&quot;background_background&quot;:&quot;classic&quot;,&quot;shape_divider_top&quot;:&quot;tilt&quot;}\">\n\t\t\t\t\t<div class=\"elementor-shape elementor-shape-top\" data-negative=\"false\">\n\t\t\t<svg xmlns=\"http:\/\/www.w3.org\/2000\/svg\" viewBox=\"0 0 1000 100\" preserveAspectRatio=\"none\">\n\t<path class=\"elementor-shape-fill\" d=\"M0,6V0h1000v100L0,6z\"\/>\n<\/svg>\t\t<\/div>\n\t\t\t\t\t<div class=\"elementor-container elementor-column-gap-default\">\n\t\t\t\t\t<div class=\"elementor-column elementor-col-100 elementor-top-column elementor-element elementor-element-7969ce49\" data-id=\"7969ce49\" data-element_type=\"column\">\n\t\t\t<div class=\"elementor-widget-wrap elementor-element-populated\">\n\t\t\t\t\t\t<section class=\"elementor-section elementor-inner-section elementor-element elementor-element-5d50f41b qodef_elementor_container_inner elementor-section-boxed elementor-section-height-default elementor-section-height-default parallax_section_no\" data-id=\"5d50f41b\" data-element_type=\"section\">\n\t\t\t\t\t\t<div class=\"elementor-container elementor-column-gap-default\">\n\t\t\t\t\t<div class=\"elementor-column elementor-col-100 elementor-inner-column elementor-element elementor-element-517cc1d\" data-id=\"517cc1d\" data-element_type=\"column\" data-settings=\"{&quot;animation&quot;:&quot;none&quot;}\">\n\t\t\t<div class=\"elementor-widget-wrap elementor-element-populated\">\n\t\t\t\t\t\t<div class=\"elementor-element elementor-element-611c29ee elementor-widget elementor-widget-text-editor\" data-id=\"611c29ee\" data-element_type=\"widget\" data-widget_type=\"text-editor.default\">\n\t\t\t\t<div class=\"elementor-widget-container\">\n\t\t\t\t\t\t\t<p style=\"text-align: center;\">Das <strong>Mieten einer mobilen Klimaanlage f\u00fcr den professionellen<\/strong> Einsatz ist eine ideale L\u00f6sung f\u00fcr Fachleute, die gro\u00dfe Fl\u00e4chen k\u00fchlen m\u00fcssen.<\/p>\n<p style=\"text-align: center;\">Ob Industrie, Druckerei, Autoh\u00e4ndler oder Veranstaltungsorganisator, unsere mobilen Klimaanlagen bieten Ihnen unvergleichliche Flexibilit\u00e4t und Effizienz.<\/p>\n<p style=\"text-align: center;\">Erfahren Sie, warum Sie sich f\u00fcr eine professionelle mobile Klimaanlage entscheiden sollten und wie diese Ihr Arbeitsumfeld verbessern kann.<\/p>\n\t\t\t\t\t\t<\/div>\n\t\t\t\t<\/div>\n\t\t\t\t\t<\/div>\n\t\t<\/div>\n\t\t\t\t\t<\/div>\n\t\t<\/section>\n\t\t\t\t\t<\/div>\n\t\t<\/div>\n\t\t\t\t\t<\/div>\n\t\t<\/section>\n\t\t\t\t<section style=\"background-image: url(https:\/\/www.rafraichisseur-air.fr\/wp-content\/uploads\/2021\/02\/background-foxair-3.jpg); min-height: 0px\" class=\"qodef-parallax-section-holder qodef-parallax-section-holder-touch-disabled elementor-section elementor-top-section elementor-element elementor-element-524ed871 parallax_section_holder elementor-section-boxed elementor-section-height-default elementor-section-height-default qodef_elementor_container_no\" data-qodef-parallax-speed=\"0\" data-id=\"524ed871\" data-element_type=\"section\" data-settings=\"{&quot;background_background&quot;:&quot;classic&quot;,&quot;shape_divider_bottom&quot;:&quot;tilt&quot;,&quot;shape_divider_top&quot;:&quot;tilt&quot;,&quot;qode_parallax_image&quot;:{&quot;url&quot;:&quot;https:\\\/\\\/www.rafraichisseur-air.fr\\\/wp-content\\\/uploads\\\/2021\\\/02\\\/background-foxair-3.jpg&quot;,&quot;id&quot;:17062,&quot;size&quot;:&quot;&quot;}}\">\n\t\t\t\t\t<div class=\"elementor-shape elementor-shape-top\" data-negative=\"false\">\n\t\t\t<svg xmlns=\"http:\/\/www.w3.org\/2000\/svg\" viewBox=\"0 0 1000 100\" preserveAspectRatio=\"none\">\n\t<path class=\"elementor-shape-fill\" d=\"M0,6V0h1000v100L0,6z\"\/>\n<\/svg>\t\t<\/div>\n\t\t\t\t<div class=\"elementor-shape elementor-shape-bottom\" data-negative=\"false\">\n\t\t\t<svg xmlns=\"http:\/\/www.w3.org\/2000\/svg\" viewBox=\"0 0 1000 100\" preserveAspectRatio=\"none\">\n\t<path class=\"elementor-shape-fill\" d=\"M0,6V0h1000v100L0,6z\"\/>\n<\/svg>\t\t<\/div>\n\t\t\t\t\t<div class=\"elementor-container elementor-column-gap-default\">\n\t\t\t\t\t<div class=\"elementor-column elementor-col-50 elementor-top-column elementor-element elementor-element-2269f20a\" data-id=\"2269f20a\" data-element_type=\"column\">\n\t\t\t<div class=\"elementor-widget-wrap elementor-element-populated\">\n\t\t\t\t\t\t<section class=\"elementor-section elementor-inner-section elementor-element elementor-element-3fd3b01 elementor-section-content-top qodef_elementor_container_inner elementor-section-boxed elementor-section-height-default elementor-section-height-default parallax_section_no\" data-id=\"3fd3b01\" data-element_type=\"section\">\n\t\t\t\t\t\t<div class=\"elementor-container elementor-column-gap-default\">\n\t\t\t\t\t<div class=\"elementor-column elementor-col-100 elementor-inner-column elementor-element elementor-element-4e19d094\" data-id=\"4e19d094\" data-element_type=\"column\">\n\t\t\t<div class=\"elementor-widget-wrap\">\n\t\t\t\t\t\t\t<\/div>\n\t\t<\/div>\n\t\t\t\t\t<\/div>\n\t\t<\/section>\n\t\t\t\t\t<\/div>\n\t\t<\/div>\n\t\t\t\t<div class=\"elementor-column elementor-col-50 elementor-top-column elementor-element elementor-element-73cc0856\" data-id=\"73cc0856\" data-element_type=\"column\">\n\t\t\t<div class=\"elementor-widget-wrap elementor-element-populated\">\n\t\t\t\t\t\t<section class=\"elementor-section elementor-inner-section elementor-element elementor-element-1b84231b elementor-section-content-top qodef_elementor_container_inner elementor-section-boxed elementor-section-height-default elementor-section-height-default parallax_section_no\" data-id=\"1b84231b\" data-element_type=\"section\">\n\t\t\t\t\t\t<div class=\"elementor-container elementor-column-gap-default\">\n\t\t\t\t\t<div class=\"elementor-column elementor-col-100 elementor-inner-column elementor-element elementor-element-386e45df\" data-id=\"386e45df\" data-element_type=\"column\">\n\t\t\t<div class=\"elementor-widget-wrap elementor-element-populated\">\n\t\t\t\t\t\t<div class=\"elementor-element elementor-element-4341139b elementor-widget elementor-widget-text-editor\" data-id=\"4341139b\" data-element_type=\"widget\" id=\"devis\" data-widget_type=\"text-editor.default\">\n\t\t\t\t<div class=\"elementor-widget-container\">\n\t\t\t\t\t\t\t<p>Fordern Sie ein schnelles Angebot an<\/p>\n\t\t\t\t\t\t<\/div>\n\t\t\t\t<\/div>\n\t\t\t\t<div class=\"elementor-element elementor-element-2eed92e2 elementor-align-center elementor-widget elementor-widget-button\" data-id=\"2eed92e2\" data-element_type=\"widget\" data-widget_type=\"button.default\">\n\t\t\t\t<div class=\"elementor-widget-container\">\n\t\t\t\t\t<div class=\"elementor-button-wrapper\">\n\t\t\t<a class=\"elementor-button elementor-button-link elementor-size-sm elementor-animation-pop\" href=\"tel:+33478844000\">\n\t\t\t\t\t\t<span class=\"elementor-button-content-wrapper\">\n\t\t\t\t\t\t\t\t\t<span class=\"elementor-button-text\"><i class=\"menu_icon icon-phone fa\"><\/i>  +33 4 78 84 40 00<\/span>\n\t\t\t\t\t<\/span>\n\t\t\t\t\t<\/a>\n\t\t<\/div>\n\t\t\t\t<\/div>\n\t\t\t\t<\/div>\n\t\t\t\t<div class=\"elementor-element elementor-element-39e9178f elementor-widget elementor-widget-text-editor\" data-id=\"39e9178f\" data-element_type=\"widget\" data-widget_type=\"text-editor.default\">\n\t\t\t\t<div class=\"elementor-widget-container\">\n\t\t\t\t\t\t\t<p>Angebotsformular<\/p>\n\t\t\t\t\t\t<\/div>\n\t\t\t\t<\/div>\n\t\t\t\t<div class=\"elementor-element elementor-element-7980cb3c elementor-widget elementor-widget-text-editor\" data-id=\"7980cb3c\" data-element_type=\"widget\" data-widget_type=\"text-editor.default\">\n\t\t\t\t<div class=\"elementor-widget-container\">\n\t\t\t\t\t\t\t<p>\n<div class=\"wpcf7 no-js\" id=\"wpcf7-f36541-o1\" lang=\"de-DE\" dir=\"ltr\">\n<div class=\"screen-reader-response\"><p role=\"status\" aria-live=\"polite\" aria-atomic=\"true\"><\/p> <ul><\/ul><\/div>\n<form action=\"\/de\/wp-json\/wp\/v2\/pages\/34542#wpcf7-f36541-o1\" method=\"post\" class=\"wpcf7-form init\" aria-label=\"Kontaktformular\" novalidate=\"novalidate\" data-status=\"init\">\n<div style=\"display: none;\">\n<input type=\"hidden\" name=\"_wpcf7\" value=\"36541\" \/>\n<input type=\"hidden\" name=\"_wpcf7_version\" value=\"5.9.6\" \/>\n<input type=\"hidden\" name=\"_wpcf7_locale\" value=\"de_DE\" \/>\n<input type=\"hidden\" name=\"_wpcf7_unit_tag\" value=\"wpcf7-f36541-o1\" \/>\n<input type=\"hidden\" name=\"_wpcf7_container_post\" value=\"0\" \/>\n<input type=\"hidden\" name=\"_wpcf7_posted_data_hash\" value=\"\" \/>\n<input type=\"hidden\" name=\"_wpcf7_recaptcha_response\" value=\"\" \/>\n<\/div>\n<p><span class=\"wpcf7-form-control-wrap\" data-name=\"Firma\"><input size=\"40\" maxlength=\"80\" class=\"wpcf7-form-control wpcf7-text wpcf7-validates-as-required\" aria-required=\"true\" aria-invalid=\"false\" placeholder=\"Unternehmen *\" value=\"\" type=\"text\" name=\"Firma\" \/><\/span>\n<\/p>\n<p><span class=\"wpcf7-form-control-wrap\" data-name=\"Name\"><input size=\"40\" maxlength=\"80\" class=\"wpcf7-form-control wpcf7-text wpcf7-validates-as-required\" aria-required=\"true\" aria-invalid=\"false\" placeholder=\"Name *\" value=\"\" type=\"text\" name=\"Name\" \/><\/span>\n<\/p>\n<p><span class=\"wpcf7-form-control-wrap\" data-name=\"Telefon\"><input size=\"40\" maxlength=\"80\" class=\"wpcf7-form-control wpcf7-text wpcf7-validates-as-required\" aria-required=\"true\" aria-invalid=\"false\" placeholder=\"Telefon *\" value=\"\" type=\"text\" name=\"Telefon\" \/><\/span>\n<\/p>\n<p><span class=\"wpcf7-form-control-wrap\" data-name=\"Email\"><input size=\"40\" maxlength=\"80\" class=\"wpcf7-form-control wpcf7-email wpcf7-validates-as-required wpcf7-text wpcf7-validates-as-email\" aria-required=\"true\" aria-invalid=\"false\" placeholder=\"Email *\" value=\"\" type=\"email\" name=\"Email\" \/><\/span>\n<\/p>\n<p><span class=\"wpcf7-form-control-wrap\" data-name=\"Nachricht\"><textarea cols=\"40\" rows=\"10\" maxlength=\"400\" class=\"wpcf7-form-control wpcf7-textarea\" aria-invalid=\"false\" placeholder=\"Nachricht\" name=\"Nachricht\"><\/textarea><\/span>\n<\/p>\n<p><span class=\"wpcf7-form-control-wrap\" data-name=\"acceptance-808\"><span class=\"wpcf7-form-control wpcf7-acceptance\"><span class=\"wpcf7-list-item\"><label><input type=\"checkbox\" name=\"acceptance-808\" value=\"1\" aria-invalid=\"false\" \/><span class=\"wpcf7-list-item-label\">Mit dem Absenden dieses Formulars erkl\u00e4re ich mich damit einverstanden, dass die in diesem Formular erfassten Informationen verwendet, ausgewertet oder verarbeitet werden, um mich wieder kontaktieren zu k\u00f6nnen oder im Rahmen der Gesch\u00e4ftsbeziehung, die sich aus dieser Anfrage ergibt.<\/span><\/label><\/span><\/span><\/span>\n<\/p>\n<p><input class=\"wpcf7-form-control wpcf7-submit has-spinner\" type=\"submit\" value=\"Senden Sie\" \/>\n<\/p><p style=\"display: none !important;\" class=\"akismet-fields-container\" data-prefix=\"_wpcf7_ak_\"><label>&#916;<textarea name=\"_wpcf7_ak_hp_textarea\" cols=\"45\" rows=\"8\" maxlength=\"100\"><\/textarea><\/label><input type=\"hidden\" id=\"ak_js_1\" name=\"_wpcf7_ak_js\" value=\"240\"\/><script>document.getElementById( \"ak_js_1\" ).setAttribute( \"value\", ( new Date() ).getTime() );<\/script><\/p><div class=\"wpcf7-response-output\" aria-hidden=\"true\"><\/div>\n<\/form>\n<\/div>\n<\/p>\n\t\t\t\t\t\t<\/div>\n\t\t\t\t<\/div>\n\t\t\t\t\t<\/div>\n\t\t<\/div>\n\t\t\t\t\t<\/div>\n\t\t<\/section>\n\t\t\t\t\t<\/div>\n\t\t<\/div>\n\t\t\t\t\t<\/div>\n\t\t<\/section>\n\t\t\t\t<section class=\"elementor-section elementor-top-section elementor-element elementor-element-1d9e4740 elementor-section-full_width elementor-section-height-default elementor-section-height-default parallax_section_no qodef_elementor_container_no\" data-id=\"1d9e4740\" data-element_type=\"section\" data-settings=\"{&quot;background_background&quot;:&quot;classic&quot;}\">\n\t\t\t\t\t\t<div class=\"elementor-container elementor-column-gap-default\">\n\t\t\t\t\t<div class=\"elementor-column elementor-col-100 elementor-top-column elementor-element elementor-element-539f0495\" data-id=\"539f0495\" data-element_type=\"column\">\n\t\t\t<div class=\"elementor-widget-wrap elementor-element-populated\">\n\t\t\t\t\t\t<section class=\"elementor-section elementor-inner-section elementor-element elementor-element-6adeaa5f elementor-section-content-top qodef_elementor_container_inner elementor-section-boxed elementor-section-height-default elementor-section-height-default parallax_section_no\" data-id=\"6adeaa5f\" data-element_type=\"section\">\n\t\t\t\t\t\t<div class=\"elementor-container elementor-column-gap-default\">\n\t\t\t\t\t<div class=\"elementor-column elementor-col-50 elementor-inner-column elementor-element elementor-element-7a40b396\" data-id=\"7a40b396\" data-element_type=\"column\" data-settings=\"{&quot;background_background&quot;:&quot;classic&quot;}\">\n\t\t\t<div class=\"elementor-widget-wrap elementor-element-populated\">\n\t\t\t\t\t\t<div class=\"elementor-element elementor-element-70deb4d5 elementor-widget elementor-widget-image\" data-id=\"70deb4d5\" data-element_type=\"widget\" data-widget_type=\"image.default\">\n\t\t\t\t<div class=\"elementor-widget-container\">\n\t\t\t\t\t\t\t\t\t\t\t\t\t\t<a href=\"https:\/\/www.rafraichisseur-air.fr\/wp-content\/uploads\/2015\/05\/application-foxair-entrepot2.jpg\" data-elementor-open-lightbox=\"yes\" data-elementor-lightbox-title=\"Climatisation Mobile FoxAir dans un entrep\u00f4t industriel\" data-e-action-hash=\"#elementor-action%3Aaction%3Dlightbox%26settings%3DeyJpZCI6MzM0NDksInVybCI6Imh0dHBzOlwvXC93d3cucmFmcmFpY2hpc3NldXItYWlyLmZyXC93cC1jb250ZW50XC91cGxvYWRzXC8yMDE1XC8wNVwvYXBwbGljYXRpb24tZm94YWlyLWVudHJlcG90Mi5qcGcifQ%3D%3D\">\n\t\t\t\t\t\t\t<img decoding=\"async\" src=\"https:\/\/www.rafraichisseur-air.fr\/wp-content\/uploads\/elementor\/thumbs\/application-foxair-entrepot2-p4olv3fdq4oypgh2fhemspea8rbv6pi9l9v5jxrdyo.jpg\" title=\"Climatisation Mobile FoxAir dans un entrep\u00f4t industriel\" alt=\"Climatisation Mobile FoxAir dans un entrep\u00f4t industriel\" loading=\"lazy\" \/>\t\t\t\t\t\t\t\t<\/a>\n\t\t\t\t\t\t\t\t\t\t\t\t\t<\/div>\n\t\t\t\t<\/div>\n\t\t\t\t\t<\/div>\n\t\t<\/div>\n\t\t\t\t<div class=\"elementor-column elementor-col-50 elementor-inner-column elementor-element elementor-element-275435cb\" data-id=\"275435cb\" data-element_type=\"column\">\n\t\t\t<div class=\"elementor-widget-wrap elementor-element-populated\">\n\t\t\t\t\t\t<div class=\"elementor-element elementor-element-6c014a03 elementor-widget elementor-widget-text-editor\" data-id=\"6c014a03\" data-element_type=\"widget\" data-widget_type=\"text-editor.default\">\n\t\t\t\t<div class=\"elementor-widget-container\">\n\t\t\t\t\t\t\t<h2>Warum sollten Sie sich f\u00fcr eine professionelle mobile Klimaanlage entscheiden?<\/h2>\n\t\t\t\t\t\t<\/div>\n\t\t\t\t<\/div>\n\t\t\t\t<div class=\"elementor-element elementor-element-5dce7fbe elementor-widget elementor-widget-spacer\" data-id=\"5dce7fbe\" data-element_type=\"widget\" data-widget_type=\"spacer.default\">\n\t\t\t\t<div class=\"elementor-widget-container\">\n\t\t\t\t\t<div class=\"elementor-spacer\">\n\t\t\t<div class=\"elementor-spacer-inner\"><\/div>\n\t\t<\/div>\n\t\t\t\t<\/div>\n\t\t\t\t<\/div>\n\t\t\t\t<div class=\"elementor-element elementor-element-425d7ddd elementor-widget elementor-widget-text-editor\" data-id=\"425d7ddd\" data-element_type=\"widget\" data-widget_type=\"text-editor.default\">\n\t\t\t\t<div class=\"elementor-widget-container\">\n\t\t\t\t\t\t\t<p>Zun\u00e4chst einmal sind diese Ger\u00e4te f\u00fcr gro\u00dfe R\u00e4ume konzipiert, die je nach Modell zwischen 90 und 360 m\u00b2 gro\u00df sind. Sie k\u00f6nnen eine angenehme Temperatur in Werkst\u00e4tten, Hangars oder Lagerh\u00e4usern aufrechterhalten, ohne dass eine teure und komplexe feste Installation erforderlich ist.<\/p>\n\n<p>Diese Art von Ger\u00e4ten ist eine effiziente Alternative zu herk\u00f6mmlichen Klimaanlagen, insbesondere in industriellen Umgebungen oder bei der Vermietung f\u00fcr Veranstaltungen oder auf Baustellen.<\/p>\n\n<ul> <li><strong>Flexible Positionierung dank der Rollen<\/strong>: Das K\u00fchlsystem ist mit robusten Rollen ausgestattet, so dass es leicht von einem Raum zum anderen bewegt werden kann. Ob f\u00fcr ein B\u00fcro, ein Wohnzimmer oder ein Schlafzimmer, Sie k\u00f6nnen seine Position nach Ihren Bed\u00fcrfnissen einstellen, was Ihnen maximale Flexibilit\u00e4t bietet. Diese mobile L\u00f6sung erm\u00f6glicht ein effizienteres Management von Hitzespitzen ohne den Einsatz von fest installierten Klimaanlagen.<\/li>\n<li><strong>Schnelle und problemlose Installation<\/strong>: Dank des intuitiven Designs ist die Installation dieses Ger\u00e4ts einfach und schnell. Sie ben\u00f6tigen keine komplizierten Werkzeuge oder besondere technische F\u00e4higkeiten, sondern k\u00f6nnen ihn in nur wenigen Minuten in Betrieb nehmen. Dieser Monoblock ist sowohl f\u00fcr den privaten als auch f\u00fcr den industriellen Gebrauch geeignet und l\u00e4sst sich leicht in ein tempor\u00e4res oder permanentes Klimatisierungssystem integrieren.<\/li>  \n\n<li><strong>K\u00fchlleistung f\u00fcr gro\u00dfe Fl\u00e4chen<\/strong>: Mit einer hohen K\u00fchlleistung ist dieses Ger\u00e4t perfekt f\u00fcr gro\u00dfe R\u00e4ume geeignet. Er h\u00e4lt die Temperatur selbst in den gr\u00f6\u00dften R\u00e4umen angenehm und sorgt so f\u00fcr einen optimalen Komfort. Dank seiner optimierten Leistung ist er genauso effizient wie einige High-End-Klimaanlagen, aber oft zu einem g\u00fcnstigeren Preis.<\/li>  \n\n<li><strong>Erh\u00f6hte thermische Behaglichkeit durch Verbesserung<\/strong> der Luftfeuchtigkeit: Neben der K\u00fchlung der Luft tr\u00e4gt dieses Ger\u00e4t auch zur Regulierung der Luftfeuchtigkeit bei, wodurch trockene Luft vermieden wird und die Atmosph\u00e4re behaglicher wird. Dies verbessert das Wohlbefinden der Bewohner erheblich. Er ist somit eine sinnvolle Erg\u00e4nzung zur Heizung im Winter oder zu einer umfassenderen Klimaanlage in polypolaren oder gemischten Umgebungen.<\/li>  \n<\/ul>\t\t\t\t\t\t<\/div>\n\t\t\t\t<\/div>\n\t\t\t\t\t<\/div>\n\t\t<\/div>\n\t\t\t\t\t<\/div>\n\t\t<\/section>\n\t\t\t\t\t<\/div>\n\t\t<\/div>\n\t\t\t\t\t<\/div>\n\t\t<\/section>\n\t\t\t\t<section class=\"elementor-section elementor-top-section elementor-element elementor-element-6ef1c9bc elementor-section-full_width elementor-section-height-default elementor-section-height-default parallax_section_no qodef_elementor_container_no\" data-id=\"6ef1c9bc\" data-element_type=\"section\" data-settings=\"{&quot;background_background&quot;:&quot;classic&quot;,&quot;shape_divider_top&quot;:&quot;tilt&quot;}\">\n\t\t\t\t\t<div class=\"elementor-shape elementor-shape-top\" data-negative=\"false\">\n\t\t\t<svg xmlns=\"http:\/\/www.w3.org\/2000\/svg\" viewBox=\"0 0 1000 100\" preserveAspectRatio=\"none\">\n\t<path class=\"elementor-shape-fill\" d=\"M0,6V0h1000v100L0,6z\"\/>\n<\/svg>\t\t<\/div>\n\t\t\t\t\t<div class=\"elementor-container elementor-column-gap-default\">\n\t\t\t\t\t<div class=\"elementor-column elementor-col-100 elementor-top-column elementor-element elementor-element-7e5dd406\" data-id=\"7e5dd406\" data-element_type=\"column\">\n\t\t\t<div class=\"elementor-widget-wrap elementor-element-populated\">\n\t\t\t\t\t\t<section class=\"elementor-section elementor-inner-section elementor-element elementor-element-636d6af2 elementor-section-content-top qodef_elementor_container_inner elementor-section-boxed elementor-section-height-default elementor-section-height-default parallax_section_no\" data-id=\"636d6af2\" data-element_type=\"section\">\n\t\t\t\t\t\t<div class=\"elementor-container elementor-column-gap-default\">\n\t\t\t\t\t<div class=\"elementor-column elementor-col-50 elementor-inner-column elementor-element elementor-element-13c1cb95\" data-id=\"13c1cb95\" data-element_type=\"column\">\n\t\t\t<div class=\"elementor-widget-wrap elementor-element-populated\">\n\t\t\t\t\t\t<div class=\"elementor-element elementor-element-7f2b7b67 elementor-widget elementor-widget-text-editor\" data-id=\"7f2b7b67\" data-element_type=\"widget\" data-widget_type=\"text-editor.default\">\n\t\t\t\t<div class=\"elementor-widget-container\">\n\t\t\t\t\t\t\t<h2>Die Vorteile der Vermietung von mobilen Klimaanlagen<\/h2>\n\t\t\t\t\t\t<\/div>\n\t\t\t\t<\/div>\n\t\t\t\t<div class=\"elementor-element elementor-element-25e164d7 elementor-widget elementor-widget-spacer\" data-id=\"25e164d7\" data-element_type=\"widget\" data-widget_type=\"spacer.default\">\n\t\t\t\t<div class=\"elementor-widget-container\">\n\t\t\t\t\t<div class=\"elementor-spacer\">\n\t\t\t<div class=\"elementor-spacer-inner\"><\/div>\n\t\t<\/div>\n\t\t\t\t<\/div>\n\t\t\t\t<\/div>\n\t\t\t\t<div class=\"elementor-element elementor-element-4600ea1e elementor-widget elementor-widget-text-editor\" data-id=\"4600ea1e\" data-element_type=\"widget\" data-widget_type=\"text-editor.default\">\n\t\t\t\t<div class=\"elementor-widget-container\">\n\t\t\t\t\t\t\t<p>Das Mieten von mobilen Klimaanlagen bietet eine kosteng\u00fcnstige und praktische L\u00f6sung f\u00fcr Ihren <strong>Klimatisierungsbedarf<\/strong>. Anstatt in teure Ausr\u00fcstung zu investieren, erm\u00f6glicht das Mieten den Zugang zu hochwertiger Ausr\u00fcstung ohne den Aufwand f\u00fcr Wartung und Lagerung. Dies erm\u00f6glicht es Ihnen, Ihre Ausgaben entsprechend der Saisonalit\u00e4t und der Nutzungsdauer anzupassen.<\/p>\n\n<p>Wenn Sie sich f\u00fcr das Mieten entscheiden, profitieren Sie auch von der sofortigen Verf\u00fcgbarkeit des Materials. Unternehmen wie FoxAir stellen sicher, dass die gemieteten Einheiten in einwandfreiem Zustand sind und garantieren Ihnen so eine optimale Leistung.<\/p>\n\n <p>Diese Option erm\u00f6glicht Einsparungen bei den Investitions- und Wartungskosten. Sie m\u00fcssen sich nicht um die Kosten k\u00fcmmern, die mit dem Kauf und der Wartung von Klimaanlagen verbunden sind, was einen erheblichen finanziellen Vorteil darstellt.<\/p>\n\n<p>Das Mieten von mobilen Klimaanlagen bietet eine flexible Nutzung je nach saisonalem Bedarf. Sie k\u00f6nnen Ihre Ausr\u00fcstung an die Temperaturschwankungen und die spezifischen Anforderungen jeder Jahreszeit anpassen, w\u00e4hrend Sie sicher sein k\u00f6nnen, dass Sie \u00fcber leistungsf\u00e4hige und zuverl\u00e4ssige Ger\u00e4te verf\u00fcgen. Diese Art von L\u00f6sung eignet sich besonders f\u00fcr professionelle oder industrielle Umgebungen, in denen der Bedarf je nach Raum oder W\u00e4rmeintensit\u00e4t variiert. Egal ob Sie ein Split-, Monoblock- oder adiabatisches System mit Stromzufuhr suchen, Sie k\u00f6nnen sich f\u00fcr Klimaanlagen mit hoher Leistung in BTU entscheiden. <\/p>\n\n<p>Mit einem umfassenden Angebot an Produkten, die in ganz Frankreich gemietet werden k\u00f6nnen, einschlie\u00dflich schneller Lieferung und Installation vor Ort, erhalten Sie einen schl\u00fcsselfertigen Service. Diese Wahl erm\u00f6glicht es Ihnen auch, den Energieverbrauch zu kontrollieren und einen optimalen thermischen Komfort zu gew\u00e4hrleisten, w\u00e4hrend die Arbeitsumgebung gesch\u00fctzt wird. <\/p>\t\t\t\t\t\t<\/div>\n\t\t\t\t<\/div>\n\t\t\t\t\t<\/div>\n\t\t<\/div>\n\t\t\t\t<div class=\"elementor-column elementor-col-50 elementor-inner-column elementor-element elementor-element-6b074811\" data-id=\"6b074811\" data-element_type=\"column\" data-settings=\"{&quot;background_background&quot;:&quot;classic&quot;}\">\n\t\t\t<div class=\"elementor-widget-wrap elementor-element-populated\">\n\t\t\t\t\t\t<div class=\"elementor-element elementor-element-388ec291 elementor-widget elementor-widget-image\" data-id=\"388ec291\" data-element_type=\"widget\" data-widget_type=\"image.default\">\n\t\t\t\t<div class=\"elementor-widget-container\">\n\t\t\t\t\t\t\t\t\t\t\t\t\t<img fetchpriority=\"high\" decoding=\"async\" width=\"1200\" height=\"900\" src=\"https:\/\/www.rafraichisseur-air.fr\/wp-content\/uploads\/2018\/04\/image3.jpg\" class=\"attachment-full size-full wp-image-34192\" alt=\"\" srcset=\"https:\/\/www.rafraichisseur-air.fr\/wp-content\/uploads\/2018\/04\/image3.jpg 1200w, https:\/\/www.rafraichisseur-air.fr\/wp-content\/uploads\/2018\/04\/image3-300x225.jpg 300w, https:\/\/www.rafraichisseur-air.fr\/wp-content\/uploads\/2018\/04\/image3-768x576.jpg 768w, https:\/\/www.rafraichisseur-air.fr\/wp-content\/uploads\/2018\/04\/image3-1024x768.jpg 1024w, https:\/\/www.rafraichisseur-air.fr\/wp-content\/uploads\/2018\/04\/image3-200x150.jpg 200w, https:\/\/www.rafraichisseur-air.fr\/wp-content\/uploads\/2018\/04\/image3-400x300.jpg 400w, https:\/\/www.rafraichisseur-air.fr\/wp-content\/uploads\/2018\/04\/image3-600x450.jpg 600w, https:\/\/www.rafraichisseur-air.fr\/wp-content\/uploads\/2018\/04\/image3-800x600.jpg 800w\" sizes=\"(max-width: 1200px) 100vw, 1200px\" \/>\t\t\t\t\t\t\t\t\t\t\t\t\t<\/div>\n\t\t\t\t<\/div>\n\t\t\t\t\t<\/div>\n\t\t<\/div>\n\t\t\t\t\t<\/div>\n\t\t<\/section>\n\t\t\t\t<section class=\"elementor-section elementor-inner-section elementor-element elementor-element-b333a12 elementor-section-content-top qodef_elementor_container_inner elementor-section-boxed elementor-section-height-default elementor-section-height-default parallax_section_no\" data-id=\"b333a12\" data-element_type=\"section\">\n\t\t\t\t\t\t<div class=\"elementor-container elementor-column-gap-default\">\n\t\t\t\t\t<div class=\"elementor-column elementor-col-50 elementor-inner-column elementor-element elementor-element-e8caead\" data-id=\"e8caead\" data-element_type=\"column\" data-settings=\"{&quot;background_background&quot;:&quot;classic&quot;}\">\n\t\t\t<div class=\"elementor-widget-wrap elementor-element-populated\">\n\t\t\t\t\t\t<div class=\"elementor-element elementor-element-f2a6b75 elementor-widget elementor-widget-image\" data-id=\"f2a6b75\" data-element_type=\"widget\" data-widget_type=\"image.default\">\n\t\t\t\t<div class=\"elementor-widget-container\">\n\t\t\t\t\t\t\t\t\t\t\t\t\t\t<a href=\"https:\/\/www.rafraichisseur-air.fr\/wp-content\/uploads\/2023\/06\/foxair-slide2.png\" data-elementor-open-lightbox=\"yes\" data-elementor-lightbox-title=\"foxair-slide2\" data-e-action-hash=\"#elementor-action%3Aaction%3Dlightbox%26settings%3DeyJpZCI6MzUxODMsInVybCI6Imh0dHBzOlwvXC93d3cucmFmcmFpY2hpc3NldXItYWlyLmZyXC93cC1jb250ZW50XC91cGxvYWRzXC8yMDIzXC8wNlwvZm94YWlyLXNsaWRlMi5wbmcifQ%3D%3D\">\n\t\t\t\t\t\t\t<img decoding=\"async\" width=\"1200\" height=\"1685\" src=\"https:\/\/www.rafraichisseur-air.fr\/wp-content\/uploads\/2023\/06\/foxair-slide2.png\" class=\"attachment-full size-full wp-image-35183\" alt=\"\" srcset=\"https:\/\/www.rafraichisseur-air.fr\/wp-content\/uploads\/2023\/06\/foxair-slide2.png 1200w, https:\/\/www.rafraichisseur-air.fr\/wp-content\/uploads\/2023\/06\/foxair-slide2-214x300.png 214w, https:\/\/www.rafraichisseur-air.fr\/wp-content\/uploads\/2023\/06\/foxair-slide2-729x1024.png 729w, https:\/\/www.rafraichisseur-air.fr\/wp-content\/uploads\/2023\/06\/foxair-slide2-768x1078.png 768w, https:\/\/www.rafraichisseur-air.fr\/wp-content\/uploads\/2023\/06\/foxair-slide2-1094x1536.png 1094w\" sizes=\"(max-width: 1200px) 100vw, 1200px\" \/>\t\t\t\t\t\t\t\t<\/a>\n\t\t\t\t\t\t\t\t\t\t\t\t\t<\/div>\n\t\t\t\t<\/div>\n\t\t\t\t\t<\/div>\n\t\t<\/div>\n\t\t\t\t<div class=\"elementor-column elementor-col-50 elementor-inner-column elementor-element elementor-element-5d431e8\" data-id=\"5d431e8\" data-element_type=\"column\">\n\t\t\t<div class=\"elementor-widget-wrap elementor-element-populated\">\n\t\t\t\t\t\t<div class=\"elementor-element elementor-element-37f2c15 elementor-widget elementor-widget-spacer\" data-id=\"37f2c15\" data-element_type=\"widget\" data-widget_type=\"spacer.default\">\n\t\t\t\t<div class=\"elementor-widget-container\">\n\t\t\t\t\t<div class=\"elementor-spacer\">\n\t\t\t<div class=\"elementor-spacer-inner\"><\/div>\n\t\t<\/div>\n\t\t\t\t<\/div>\n\t\t\t\t<\/div>\n\t\t\t\t<div class=\"elementor-element elementor-element-f98d361 elementor-widget elementor-widget-text-editor\" data-id=\"f98d361\" data-element_type=\"widget\" data-widget_type=\"text-editor.default\">\n\t\t\t\t<div class=\"elementor-widget-container\">\n\t\t\t\t\t\t\t<h2>Wie funktioniert eine professionelle mobile Klimaanlage?<\/h2>\n\t\t\t\t\t\t<\/div>\n\t\t\t\t<\/div>\n\t\t\t\t<div class=\"elementor-element elementor-element-e86a4b5 elementor-widget elementor-widget-spacer\" data-id=\"e86a4b5\" data-element_type=\"widget\" data-widget_type=\"spacer.default\">\n\t\t\t\t<div class=\"elementor-widget-container\">\n\t\t\t\t\t<div class=\"elementor-spacer\">\n\t\t\t<div class=\"elementor-spacer-inner\"><\/div>\n\t\t<\/div>\n\t\t\t\t<\/div>\n\t\t\t\t<\/div>\n\t\t\t\t<div class=\"elementor-element elementor-element-f08485d elementor-widget elementor-widget-text-editor\" data-id=\"f08485d\" data-element_type=\"widget\" data-widget_type=\"text-editor.default\">\n\t\t\t\t<div class=\"elementor-widget-container\">\n\t\t\t\t\t\t\t<p>Die <strong>professionellen<\/strong> mobilen <strong>Klimaanlagen<\/strong> von FoxAir arbeiten mit einem adiabatischen K\u00fchlprinzip. Im Gegensatz zu herk\u00f6mmlichen Klimaanlagen verwenden sie keine K\u00e4ltemittel oder Chemikalien, was sie zu einer idealen L\u00f6sung f\u00fcr B\u00fcros, Industrieanlagen oder andere sensible Umgebungen macht.<\/p>\n<p>Das Verfahren beruht auf der Verdunstung von Wasser aus einem gro\u00dfen Tank. Die warme, trockene Luft wird von einem Ventilator angesaugt und durch einen befeuchteten Filter geleitet, wo das Wasser verdunstet und die Luft abk\u00fchlt, die dann wieder im Raum verteilt wird. Dieses System ben\u00f6tigt kein K\u00fchlgas und basiert nur auf einfachen elektrischen Komponenten, die einen guten Luftstrom und einen zuverl\u00e4ssigen Betrieb gew\u00e4hrleisten.<\/p>\n<p>Diese Methode bietet die folgenden Vorteile:<\/p>\n<ul>\n<li>K\u00fchlung ohne Chemikalien oder K\u00e4ltemittel: eine saubere und umweltfreundliche Alternative, die durch zahlreiche Kundenbewertungen best\u00e4tigt wurde.<\/li>\n<li>Deutliche Temperatursenkung in trockenen Umgebungen: Das Ger\u00e4t ist so konzipiert, dass es auch unter extremen Bedingungen konstante K\u00e4lte liefert.<\/li>\n<li>Erh\u00f6hte Luftfeuchtigkeit f\u00fcr einen verbesserten thermischen Komfort: eine L\u00f6sung, die f\u00fcr gewerbliche R\u00e4ume geeignet ist, in denen Komfort eine Priorit\u00e4t ist.<\/li>\n<li>Einfacher Betrieb mit Wasserf\u00fcllung und Netzanschluss: Die Ger\u00e4te werden betriebsbereit geliefert und ein Angebot kann schnell erstellt werden, um die erforderliche Kapazit\u00e4t, den entsprechenden Produktcode und die damit verbundenen Dienstleistungen (Lieferung, Wartung usw.) zu bestimmen.<\/li>\n<\/ul>\n\t\t\t\t\t\t<\/div>\n\t\t\t\t<\/div>\n\t\t\t\t\t<\/div>\n\t\t<\/div>\n\t\t\t\t\t<\/div>\n\t\t<\/section>\n\t\t\t\t\t<\/div>\n\t\t<\/div>\n\t\t\t\t\t<\/div>\n\t\t<\/section>\n\t\t\t\t<section style=\"background-image: url(https:\/\/www.rafraichisseur-air.fr\/wp-content\/uploads\/2021\/02\/background-foxair-3.jpg); min-height: 0px\" class=\"qodef-parallax-section-holder qodef-parallax-section-holder-touch-disabled elementor-section elementor-top-section elementor-element elementor-element-76a60ab8 elementor-section-full_width parallax_section_holder ctabackground elementor-section-height-default elementor-section-height-default qodef_elementor_container_no\" data-qodef-parallax-speed=\"0\" data-id=\"76a60ab8\" data-element_type=\"section\" data-settings=\"{&quot;background_background&quot;:&quot;classic&quot;,&quot;shape_divider_top&quot;:&quot;tilt&quot;,&quot;qode_parallax_image&quot;:{&quot;url&quot;:&quot;https:\\\/\\\/www.rafraichisseur-air.fr\\\/wp-content\\\/uploads\\\/2021\\\/02\\\/background-foxair-3.jpg&quot;,&quot;id&quot;:17062,&quot;size&quot;:&quot;&quot;}}\">\n\t\t\t\t\t<div class=\"elementor-shape elementor-shape-top\" data-negative=\"false\">\n\t\t\t<svg xmlns=\"http:\/\/www.w3.org\/2000\/svg\" viewBox=\"0 0 1000 100\" preserveAspectRatio=\"none\">\n\t<path class=\"elementor-shape-fill\" d=\"M0,6V0h1000v100L0,6z\"\/>\n<\/svg>\t\t<\/div>\n\t\t\t\t\t<div class=\"elementor-container elementor-column-gap-default\">\n\t\t\t\t\t<div class=\"elementor-column elementor-col-100 elementor-top-column elementor-element elementor-element-29de62a0\" data-id=\"29de62a0\" data-element_type=\"column\">\n\t\t\t<div class=\"elementor-widget-wrap elementor-element-populated\">\n\t\t\t\t\t\t<section class=\"elementor-section elementor-inner-section elementor-element elementor-element-26c4bd58 elementor-section-content-top qodef_elementor_container_inner elementor-section-boxed elementor-section-height-default elementor-section-height-default parallax_section_no\" data-id=\"26c4bd58\" data-element_type=\"section\">\n\t\t\t\t\t\t<div class=\"elementor-container elementor-column-gap-wider\">\n\t\t\t\t\t<div class=\"elementor-column elementor-col-50 elementor-inner-column elementor-element elementor-element-534f78e5\" data-id=\"534f78e5\" data-element_type=\"column\">\n\t\t\t<div class=\"elementor-widget-wrap\">\n\t\t\t\t\t\t\t<\/div>\n\t\t<\/div>\n\t\t\t\t<div class=\"elementor-column elementor-col-50 elementor-inner-column elementor-element elementor-element-6deff1fb\" data-id=\"6deff1fb\" data-element_type=\"column\">\n\t\t\t<div class=\"elementor-widget-wrap elementor-element-populated\">\n\t\t\t\t\t\t<div class=\"elementor-element elementor-element-59db062 elementor-widget elementor-widget-text-editor\" data-id=\"59db062\" data-element_type=\"widget\" data-widget_type=\"text-editor.default\">\n\t\t\t\t<div class=\"elementor-widget-container\">\n\t\t\t\t\t\t\t<p>Holen Sie sich Ihr Angebot f\u00fcr die Vermietung von mobilen Klimaanlagen f\u00fcr den professionellen Einsatz bei Foxair.<\/p>\n\t\t\t\t\t\t<\/div>\n\t\t\t\t<\/div>\n\t\t\t\t<div class=\"elementor-element elementor-element-3261d99c elementor-widget elementor-widget-text-editor\" data-id=\"3261d99c\" data-element_type=\"widget\" data-widget_type=\"text-editor.default\">\n\t\t\t\t<div class=\"elementor-widget-container\">\n\t\t\t\t\t\t\t<p>Kontaktieren Sie uns noch heute, um mehr zu erfahren!  <\/p>\n\t\t\t\t\t\t<\/div>\n\t\t\t\t<\/div>\n\t\t\t\t<div class=\"elementor-element elementor-element-60d86d57 elementor-align-center elementor-widget elementor-widget-button\" data-id=\"60d86d57\" data-element_type=\"widget\" data-widget_type=\"button.default\">\n\t\t\t\t<div class=\"elementor-widget-container\">\n\t\t\t\t\t<div class=\"elementor-button-wrapper\">\n\t\t\t<a class=\"elementor-button elementor-button-link elementor-size-sm elementor-animation-pop\" href=\"tel:+33478844000\">\n\t\t\t\t\t\t<span class=\"elementor-button-content-wrapper\">\n\t\t\t\t\t\t\t\t\t<span class=\"elementor-button-text\"><i class=\"menu_icon icon-phone fa\"><\/i>  +33 4 78 84 40 00<\/span>\n\t\t\t\t\t<\/span>\n\t\t\t\t\t<\/a>\n\t\t<\/div>\n\t\t\t\t<\/div>\n\t\t\t\t<\/div>\n\t\t\t\t<div class=\"elementor-element elementor-element-6a56f0b1 elementor-align-center elementor-widget elementor-widget-button\" data-id=\"6a56f0b1\" data-element_type=\"widget\" data-widget_type=\"button.default\">\n\t\t\t\t<div class=\"elementor-widget-container\">\n\t\t\t\t\t<div class=\"elementor-button-wrapper\">\n\t\t\t<a class=\"elementor-button elementor-button-link elementor-size-sm elementor-animation-pop\" href=\"#devis\">\n\t\t\t\t\t\t<span class=\"elementor-button-content-wrapper\">\n\t\t\t\t\t\t\t\t\t<span class=\"elementor-button-text\">Fordern Sie ein Angebot an<\/span>\n\t\t\t\t\t<\/span>\n\t\t\t\t\t<\/a>\n\t\t<\/div>\n\t\t\t\t<\/div>\n\t\t\t\t<\/div>\n\t\t\t\t<div class=\"elementor-element elementor-element-9d14246 elementor-widget elementor-widget-spacer\" data-id=\"9d14246\" data-element_type=\"widget\" data-widget_type=\"spacer.default\">\n\t\t\t\t<div class=\"elementor-widget-container\">\n\t\t\t\t\t<div class=\"elementor-spacer\">\n\t\t\t<div class=\"elementor-spacer-inner\"><\/div>\n\t\t<\/div>\n\t\t\t\t<\/div>\n\t\t\t\t<\/div>\n\t\t\t\t\t<\/div>\n\t\t<\/div>\n\t\t\t\t\t<\/div>\n\t\t<\/section>\n\t\t\t\t\t<\/div>\n\t\t<\/div>\n\t\t\t\t\t<\/div>\n\t\t<\/section>\n\t\t\t\t<\/div>\n\t\t","protected":false},"excerpt":{"rendered":"<p>Vermietung von professionellen mobilen Klimaanlagen f\u00fcr Ihre gro\u00dfen R\u00e4ume Das Mieten einer mobilen Klimaanlage f\u00fcr den professionellen Einsatz ist eine ideale&#8230;<\/p>\n","protected":false},"author":1,"featured_media":0,"parent":0,"menu_order":0,"comment_status":"closed","ping_status":"closed","template":"full-width.php","meta":{"footnotes":""},"yoast_head":"<!-- This site is optimized with the Yoast SEO plugin v23.0 - https:\/\/yoast.com\/wordpress\/plugins\/seo\/ -->\n<title>Mieten Sie eine Klimaanlage f\u00fcr Ihr Gesch\u00e4ftsmobil - K\u00fchlen Sie Ihre R\u00e4ume<\/title>\n<meta name=\"description\" content=\"Entdecken Sie unsere Mietl\u00f6sungen f\u00fcr professionelle mobile Klimaanlagen, um Ihre gro\u00dfen Industrie- und Gewerbefl\u00e4chen effizient zu k\u00fchlen. Profitieren Sie von einer schnellen Installation und optimaler Flexibilit\u00e4t, um all Ihren Bed\u00fcrfnissen gerecht zu werden.\" \/>\n<meta name=\"robots\" content=\"index, follow, max-snippet:-1, max-image-preview:large, max-video-preview:-1\" \/>\n<link rel=\"canonical\" href=\"https:\/\/www.rafraichisseur-air.fr\/de\/vermietung-von-mobilen-klimaanlagen-fuer-gewerbe\/\" \/>\n<meta property=\"og:locale\" content=\"de_DE\" \/>\n<meta property=\"og:type\" content=\"article\" \/>\n<meta property=\"og:title\" content=\"Mieten Sie eine Klimaanlage f\u00fcr Ihr Gesch\u00e4ftsmobil - K\u00fchlen Sie Ihre R\u00e4ume\" \/>\n<meta property=\"og:description\" content=\"Entdecken Sie unsere Mietl\u00f6sungen f\u00fcr professionelle mobile Klimaanlagen, um Ihre gro\u00dfen Industrie- und Gewerbefl\u00e4chen effizient zu k\u00fchlen. Profitieren Sie von einer schnellen Installation und optimaler Flexibilit\u00e4t, um all Ihren Bed\u00fcrfnissen gerecht zu werden.\" \/>\n<meta property=\"og:url\" content=\"https:\/\/www.rafraichisseur-air.fr\/de\/vermietung-von-mobilen-klimaanlagen-fuer-gewerbe\/\" \/>\n<meta property=\"og:site_name\" content=\"Foxair\" \/>\n<meta property=\"article:publisher\" content=\"https:\/\/www.facebook.com\/foxair.france\" \/>\n<meta property=\"article:modified_time\" content=\"2025-06-09T09:19:36+00:00\" \/>\n<meta property=\"og:image\" content=\"https:\/\/www.rafraichisseur-air.fr\/wp-content\/uploads\/elementor\/thumbs\/application-foxair-entrepot2-p4olv3fdq4oypgh2fhemspea8rbv6pi9l9v5jxrdyo.jpg\" \/>\n<meta name=\"twitter:card\" content=\"summary_large_image\" \/>\n<meta name=\"twitter:label1\" content=\"Gesch\u00e4tzte Lesezeit\" \/>\n\t<meta name=\"twitter:data1\" content=\"5\u00a0Minuten\" \/>\n<script type=\"application\/ld+json\" class=\"yoast-schema-graph\">{\"@context\":\"https:\/\/schema.org\",\"@graph\":[{\"@type\":\"WebPage\",\"@id\":\"https:\/\/www.rafraichisseur-air.fr\/de\/vermietung-von-mobilen-klimaanlagen-fuer-gewerbe\/\",\"url\":\"https:\/\/www.rafraichisseur-air.fr\/de\/vermietung-von-mobilen-klimaanlagen-fuer-gewerbe\/\",\"name\":\"Mieten Sie eine Klimaanlage f\u00fcr Ihr Gesch\u00e4ftsmobil - K\u00fchlen Sie Ihre R\u00e4ume\",\"isPartOf\":{\"@id\":\"https:\/\/www.rafraichisseur-air.fr\/de\/#website\"},\"primaryImageOfPage\":{\"@id\":\"https:\/\/www.rafraichisseur-air.fr\/de\/vermietung-von-mobilen-klimaanlagen-fuer-gewerbe\/#primaryimage\"},\"image\":{\"@id\":\"https:\/\/www.rafraichisseur-air.fr\/de\/vermietung-von-mobilen-klimaanlagen-fuer-gewerbe\/#primaryimage\"},\"thumbnailUrl\":\"https:\/\/www.rafraichisseur-air.fr\/wp-content\/uploads\/elementor\/thumbs\/application-foxair-entrepot2-p4olv3fdq4oypgh2fhemspea8rbv6pi9l9v5jxrdyo.jpg\",\"datePublished\":\"2024-05-28T09:25:02+00:00\",\"dateModified\":\"2025-06-09T09:19:36+00:00\",\"description\":\"Entdecken Sie unsere Mietl\u00f6sungen f\u00fcr professionelle mobile Klimaanlagen, um Ihre gro\u00dfen Industrie- und Gewerbefl\u00e4chen effizient zu k\u00fchlen. Profitieren Sie von einer schnellen Installation und optimaler Flexibilit\u00e4t, um all Ihren Bed\u00fcrfnissen gerecht zu werden.\",\"inLanguage\":\"de\",\"potentialAction\":[{\"@type\":\"ReadAction\",\"target\":[\"https:\/\/www.rafraichisseur-air.fr\/de\/vermietung-von-mobilen-klimaanlagen-fuer-gewerbe\/\"]}]},{\"@type\":\"ImageObject\",\"inLanguage\":\"de\",\"@id\":\"https:\/\/www.rafraichisseur-air.fr\/de\/vermietung-von-mobilen-klimaanlagen-fuer-gewerbe\/#primaryimage\",\"url\":\"https:\/\/www.rafraichisseur-air.fr\/wp-content\/uploads\/elementor\/thumbs\/application-foxair-entrepot2-p4olv3fdq4oypgh2fhemspea8rbv6pi9l9v5jxrdyo.jpg\",\"contentUrl\":\"https:\/\/www.rafraichisseur-air.fr\/wp-content\/uploads\/elementor\/thumbs\/application-foxair-entrepot2-p4olv3fdq4oypgh2fhemspea8rbv6pi9l9v5jxrdyo.jpg\"},{\"@type\":\"WebSite\",\"@id\":\"https:\/\/www.rafraichisseur-air.fr\/de\/#website\",\"url\":\"https:\/\/www.rafraichisseur-air.fr\/de\/\",\"name\":\"Foxair\",\"description\":\"Rafra\u00eechisseur d&#039;air par \u00e9vaporation\",\"potentialAction\":[{\"@type\":\"SearchAction\",\"target\":{\"@type\":\"EntryPoint\",\"urlTemplate\":\"https:\/\/www.rafraichisseur-air.fr\/de\/?s={search_term_string}\"},\"query-input\":\"required name=search_term_string\"}],\"inLanguage\":\"de\"}]}<\/script>\n<!-- \/ Yoast SEO plugin. -->","yoast_head_json":{"title":"Mieten Sie eine Klimaanlage f\u00fcr Ihr Gesch\u00e4ftsmobil - K\u00fchlen Sie Ihre R\u00e4ume","description":"Entdecken Sie unsere Mietl\u00f6sungen f\u00fcr professionelle mobile Klimaanlagen, um Ihre gro\u00dfen Industrie- und Gewerbefl\u00e4chen effizient zu k\u00fchlen. Profitieren Sie von einer schnellen Installation und optimaler Flexibilit\u00e4t, um all Ihren Bed\u00fcrfnissen gerecht zu werden.","robots":{"index":"index","follow":"follow","max-snippet":"max-snippet:-1","max-image-preview":"max-image-preview:large","max-video-preview":"max-video-preview:-1"},"canonical":"https:\/\/www.rafraichisseur-air.fr\/de\/vermietung-von-mobilen-klimaanlagen-fuer-gewerbe\/","og_locale":"de_DE","og_type":"article","og_title":"Mieten Sie eine Klimaanlage f\u00fcr Ihr Gesch\u00e4ftsmobil - K\u00fchlen Sie Ihre R\u00e4ume","og_description":"Entdecken Sie unsere Mietl\u00f6sungen f\u00fcr professionelle mobile Klimaanlagen, um Ihre gro\u00dfen Industrie- und Gewerbefl\u00e4chen effizient zu k\u00fchlen. Profitieren Sie von einer schnellen Installation und optimaler Flexibilit\u00e4t, um all Ihren Bed\u00fcrfnissen gerecht zu werden.","og_url":"https:\/\/www.rafraichisseur-air.fr\/de\/vermietung-von-mobilen-klimaanlagen-fuer-gewerbe\/","og_site_name":"Foxair","article_publisher":"https:\/\/www.facebook.com\/foxair.france","article_modified_time":"2025-06-09T09:19:36+00:00","og_image":[{"url":"https:\/\/www.rafraichisseur-air.fr\/wp-content\/uploads\/elementor\/thumbs\/application-foxair-entrepot2-p4olv3fdq4oypgh2fhemspea8rbv6pi9l9v5jxrdyo.jpg"}],"twitter_card":"summary_large_image","twitter_misc":{"Gesch\u00e4tzte Lesezeit":"5\u00a0Minuten"},"schema":{"@context":"https:\/\/schema.org","@graph":[{"@type":"WebPage","@id":"https:\/\/www.rafraichisseur-air.fr\/de\/vermietung-von-mobilen-klimaanlagen-fuer-gewerbe\/","url":"https:\/\/www.rafraichisseur-air.fr\/de\/vermietung-von-mobilen-klimaanlagen-fuer-gewerbe\/","name":"Mieten Sie eine Klimaanlage f\u00fcr Ihr Gesch\u00e4ftsmobil - K\u00fchlen Sie Ihre R\u00e4ume","isPartOf":{"@id":"https:\/\/www.rafraichisseur-air.fr\/de\/#website"},"primaryImageOfPage":{"@id":"https:\/\/www.rafraichisseur-air.fr\/de\/vermietung-von-mobilen-klimaanlagen-fuer-gewerbe\/#primaryimage"},"image":{"@id":"https:\/\/www.rafraichisseur-air.fr\/de\/vermietung-von-mobilen-klimaanlagen-fuer-gewerbe\/#primaryimage"},"thumbnailUrl":"https:\/\/www.rafraichisseur-air.fr\/wp-content\/uploads\/elementor\/thumbs\/application-foxair-entrepot2-p4olv3fdq4oypgh2fhemspea8rbv6pi9l9v5jxrdyo.jpg","datePublished":"2024-05-28T09:25:02+00:00","dateModified":"2025-06-09T09:19:36+00:00","description":"Entdecken Sie unsere Mietl\u00f6sungen f\u00fcr professionelle mobile Klimaanlagen, um Ihre gro\u00dfen Industrie- und Gewerbefl\u00e4chen effizient zu k\u00fchlen. Profitieren Sie von einer schnellen Installation und optimaler Flexibilit\u00e4t, um all Ihren Bed\u00fcrfnissen gerecht zu werden.","inLanguage":"de","potentialAction":[{"@type":"ReadAction","target":["https:\/\/www.rafraichisseur-air.fr\/de\/vermietung-von-mobilen-klimaanlagen-fuer-gewerbe\/"]}]},{"@type":"ImageObject","inLanguage":"de","@id":"https:\/\/www.rafraichisseur-air.fr\/de\/vermietung-von-mobilen-klimaanlagen-fuer-gewerbe\/#primaryimage","url":"https:\/\/www.rafraichisseur-air.fr\/wp-content\/uploads\/elementor\/thumbs\/application-foxair-entrepot2-p4olv3fdq4oypgh2fhemspea8rbv6pi9l9v5jxrdyo.jpg","contentUrl":"https:\/\/www.rafraichisseur-air.fr\/wp-content\/uploads\/elementor\/thumbs\/application-foxair-entrepot2-p4olv3fdq4oypgh2fhemspea8rbv6pi9l9v5jxrdyo.jpg"},{"@type":"WebSite","@id":"https:\/\/www.rafraichisseur-air.fr\/de\/#website","url":"https:\/\/www.rafraichisseur-air.fr\/de\/","name":"Foxair","description":"Rafra\u00eechisseur d&#039;air par \u00e9vaporation","potentialAction":[{"@type":"SearchAction","target":{"@type":"EntryPoint","urlTemplate":"https:\/\/www.rafraichisseur-air.fr\/de\/?s={search_term_string}"},"query-input":"required name=search_term_string"}],"inLanguage":"de"}]}},"_links":{"self":[{"href":"https:\/\/www.rafraichisseur-air.fr\/de\/wp-json\/wp\/v2\/pages\/34542"}],"collection":[{"href":"https:\/\/www.rafraichisseur-air.fr\/de\/wp-json\/wp\/v2\/pages"}],"about":[{"href":"https:\/\/www.rafraichisseur-air.fr\/de\/wp-json\/wp\/v2\/types\/page"}],"author":[{"embeddable":true,"href":"https:\/\/www.rafraichisseur-air.fr\/de\/wp-json\/wp\/v2\/users\/1"}],"replies":[{"embeddable":true,"href":"https:\/\/www.rafraichisseur-air.fr\/de\/wp-json\/wp\/v2\/comments?post=34542"}],"version-history":[{"count":0,"href":"https:\/\/www.rafraichisseur-air.fr\/de\/wp-json\/wp\/v2\/pages\/34542\/revisions"}],"wp:attachment":[{"href":"https:\/\/www.rafraichisseur-air.fr\/de\/wp-json\/wp\/v2\/media?parent=34542"}],"curies":[{"name":"wp","href":"https:\/\/api.w.org\/{rel}","templated":true}]}}